{"id":570,"date":"2026-01-23T17:09:33","date_gmt":"2026-01-23T16:09:33","guid":{"rendered":"https:\/\/effecto-marketing.ch\/jenatsch\/garage-zuerich-wollishofen\/?page_id=570"},"modified":"2026-04-27T15:14:21","modified_gmt":"2026-04-27T13:14:21","slug":"unternehmen","status":"publish","type":"page","link":"https:\/\/jenatschgaragen.ch\/wollishofen\/unternehmen\/","title":{"rendered":"Unternehmen"},"content":{"rendered":"\t\t<div data-elementor-type=\"wp-page\" data-elementor-id=\"570\" class=\"elementor elementor-570\" data-elementor-post-type=\"page\">\n\t\t\t\t<div class=\"elementor-element elementor-element-e454d38 e-con-full e-flex e-con e-parent\" data-id=\"e454d38\" data-element_type=\"container\" data-e-type=\"container\" data-settings=\"{&quot;background_background&quot;:&quot;classic&quot;}\">\n\t\t\t\t<\/div>\n\t\t<div class=\"elementor-element elementor-element-0cb7188 e-flex e-con-boxed e-con e-parent\" data-id=\"0cb7188\" data-element_type=\"container\" data-e-type=\"container\" data-settings=\"{&quot;background_background&quot;:&quot;gradient&quot;}\">\n\t\t\t\t\t<div class=\"e-con-inner\">\n\t\t<div class=\"elementor-element elementor-element-f4105f6 e-con-full e-flex e-con e-child\" data-id=\"f4105f6\" data-element_type=\"container\" data-e-type=\"container\">\n\t\t<div class=\"elementor-element elementor-element-e49e83f e-con-full e-flex e-con e-child\" data-id=\"e49e83f\" data-element_type=\"container\" data-e-type=\"container\">\n\t\t\t\t<div class=\"elementor-element elementor-element-7c118f1 elementor-widget elementor-widget-heading\" data-id=\"7c118f1\" data-element_type=\"widget\" data-e-type=\"widget\" data-widget_type=\"heading.default\">\n\t\t\t\t\t<h1 class=\"elementor-heading-title elementor-size-default\">In Z\u00fcrich Wollishofen zu Hause.<\/h1>\t\t\t\t<\/div>\n\t\t\t\t<\/div>\n\t\t<div class=\"elementor-element elementor-element-bca325a e-con-full e-flex e-con e-child\" data-id=\"bca325a\" data-element_type=\"container\" data-e-type=\"container\">\n\t\t\t\t<div class=\"elementor-element elementor-element-7693349 elementor-widget elementor-widget-heading\" data-id=\"7693349\" data-element_type=\"widget\" data-e-type=\"widget\" data-widget_type=\"heading.default\">\n\t\t\t\t\t<h4 class=\"elementor-heading-title elementor-size-default\">Willkommen bei der Jenatschgarage Z\u00fcrich-Wollishofen.\n<\/h4>\t\t\t\t<\/div>\n\t\t\t\t<div class=\"elementor-element elementor-element-5e3cead elementor-widget elementor-widget-text-editor\" data-id=\"5e3cead\" data-element_type=\"widget\" data-e-type=\"widget\" data-widget_type=\"text-editor.default\">\n\t\t\t\t\t\t\t\t\t<p>Seit <strong data-start=\"329\" data-end=\"344\">Januar 2026<\/strong> sind wir mit der Jenatschgarage auch in Z\u00fcrich-Wollishofen f\u00fcr Sie da. Als junger Standort bauen wir auf der langj\u00e4hrigen Erfahrung und dem Qualit\u00e4tsverst\u00e4ndnis der Jenatsch-Garagen auf. Mit pers\u00f6nlichem Service, fachlicher Kompetenz und moderner Mobilit\u00e4tsberatung begleiten wir unsere Kundinnen und Kunden zuverl\u00e4ssig rund um ihre Fahrzeuge \u2013 im Quartier und dar\u00fcber hinaus.<\/p>\t\t\t\t\t\t\t\t<\/div>\n\t\t\t\t<\/div>\n\t\t\t\t<\/div>\n\t\t\t\t\t<\/div>\n\t\t\t\t<\/div>\n\t\t<div class=\"elementor-element elementor-element-2a8b634 e-flex e-con-boxed e-con e-parent\" data-id=\"2a8b634\" data-element_type=\"container\" data-e-type=\"container\" data-settings=\"{&quot;background_background&quot;:&quot;classic&quot;}\">\n\t\t\t\t\t<div class=\"e-con-inner\">\n\t\t<div class=\"elementor-element elementor-element-34f0697 e-con-full e-flex e-con e-child\" data-id=\"34f0697\" data-element_type=\"container\" data-e-type=\"container\">\n\t\t<div class=\"elementor-element elementor-element-f087eac e-con-full e-flex e-con e-child\" data-id=\"f087eac\" data-element_type=\"container\" data-e-type=\"container\">\n\t\t\t\t<div class=\"elementor-element elementor-element-fa08848 elementor-widget elementor-widget-heading\" data-id=\"fa08848\" data-element_type=\"widget\" data-e-type=\"widget\" data-widget_type=\"heading.default\">\n\t\t\t\t\t<h3 class=\"elementor-heading-title elementor-size-default\">Markenkompetenz aus Erfahrung.<\/h3>\t\t\t\t<\/div>\n\t\t\t\t<\/div>\n\t\t<div class=\"elementor-element elementor-element-6cf4a26 e-con-full e-flex e-con e-child\" data-id=\"6cf4a26\" data-element_type=\"container\" data-e-type=\"container\">\n\t\t\t\t<div class=\"elementor-element elementor-element-32c939b elementor-widget elementor-widget-text-editor\" data-id=\"32c939b\" data-element_type=\"widget\" data-e-type=\"widget\" data-widget_type=\"text-editor.default\">\n\t\t\t\t\t\t\t\t\t<p>Unsere Leidenschaft gilt den Marken <strong data-start=\"847\" data-end=\"877\">Volkswagen, Audi und \u0160koda<\/strong>. Dank unserer umfassenden Erfahrung und unserem technischen Know-how bieten wir Ihnen kompetenten Service, individuelle Beratung und passgenaue L\u00f6sungen \u2013 unabh\u00e4ngig davon, ob es um Wartung, Reparatur oder Mobilit\u00e4tsfragen geht. Unser Ziel ist es, dass Sie sicher, komfortabel und sorgenfrei unterwegs sind.<\/p>\t\t\t\t\t\t\t\t<\/div>\n\t\t\t\t<\/div>\n\t\t\t\t<\/div>\n\t\t<div class=\"elementor-element elementor-element-1ceb7d2 e-con-full e-flex e-con e-child\" data-id=\"1ceb7d2\" data-element_type=\"container\" data-e-type=\"container\">\n\t\t<div class=\"elementor-element elementor-element-c16ac55 e-con-full e-flex e-con e-child\" data-id=\"c16ac55\" data-element_type=\"container\" data-e-type=\"container\">\n\t\t<div class=\"elementor-element elementor-element-ad398df e-con-full e-flex e-con e-child\" data-id=\"ad398df\" data-element_type=\"container\" data-e-type=\"container\">\n\t\t\t\t<div class=\"elementor-element elementor-element-2261b96 elementor-widget elementor-widget-heading\" data-id=\"2261b96\" data-element_type=\"widget\" data-e-type=\"widget\" data-widget_type=\"heading.default\">\n\t\t\t\t\t<h3 class=\"elementor-heading-title elementor-size-default\">Gesch\u00e4ftsleitung<\/h3>\t\t\t\t<\/div>\n\t\t<div class=\"elementor-element elementor-element-6d19169 e-con-full e-flex e-con e-child\" data-id=\"6d19169\" data-element_type=\"container\" data-e-type=\"container\">\n\t\t<div class=\"elementor-element elementor-element-b8b2ca9 e-con-full e-flex e-con e-child\" data-id=\"b8b2ca9\" data-element_type=\"container\" data-e-type=\"container\">\n\t\t<div class=\"elementor-element elementor-element-f4e7ad5 e-con-full e-flex e-con e-child\" data-id=\"f4e7ad5\" data-element_type=\"container\" data-e-type=\"container\" data-settings=\"{&quot;background_background&quot;:&quot;classic&quot;}\">\n\t\t<div class=\"elementor-element elementor-element-75dec07 e-con-full e-flex e-con e-child\" data-id=\"75dec07\" data-element_type=\"container\" data-e-type=\"container\" data-settings=\"{&quot;background_background&quot;:&quot;classic&quot;}\">\n\t\t\t\t<div class=\"elementor-element elementor-element-ed8844e elementor-widget elementor-widget-image\" data-id=\"ed8844e\" data-element_type=\"widget\" data-e-type=\"widget\" data-widget_type=\"image.default\">\n\t\t\t\t\t\t\t\t\t\t\t\t\t\t\t<img fetchpriority=\"high\" decoding=\"async\" width=\"512\" height=\"512\" src=\"https:\/\/jenatschgaragen.ch\/wollishofen\/wp-content\/uploads\/sites\/4\/2026\/01\/favicon-Jenatsch_Garagen.png\" class=\"attachment-full size-full wp-image-137\" alt=\"\" srcset=\"https:\/\/jenatschgaragen.ch\/wollishofen\/wp-content\/uploads\/sites\/4\/2026\/01\/favicon-Jenatsch_Garagen.png 512w, https:\/\/jenatschgaragen.ch\/wollishofen\/wp-content\/uploads\/sites\/4\/2026\/01\/favicon-Jenatsch_Garagen-300x300.png 300w, https:\/\/jenatschgaragen.ch\/wollishofen\/wp-content\/uploads\/sites\/4\/2026\/01\/favicon-Jenatsch_Garagen-150x150.png 150w\" sizes=\"(max-width: 512px) 100vw, 512px\" \/>\t\t\t\t\t\t\t\t\t\t\t\t\t\t\t<\/div>\n\t\t\t\t<\/div>\n\t\t\t\t<\/div>\n\t\t<div class=\"elementor-element elementor-element-4772d7a e-con-full e-flex e-con e-child\" data-id=\"4772d7a\" data-element_type=\"container\" data-e-type=\"container\">\n\t\t\t\t<div class=\"elementor-element elementor-element-6ae46a1 elementor-widget elementor-widget-heading\" data-id=\"6ae46a1\" data-element_type=\"widget\" data-e-type=\"widget\" data-widget_type=\"heading.default\">\n\t\t\t\t\t<h4 class=\"elementor-heading-title elementor-size-default\">Hans Nadlinger<\/h4>\t\t\t\t<\/div>\n\t\t\t\t<div class=\"elementor-element elementor-element-68cb058 elementor-widget elementor-widget-text-editor\" data-id=\"68cb058\" data-element_type=\"widget\" data-e-type=\"widget\" data-widget_type=\"text-editor.default\">\n\t\t\t\t\t\t\t\t\t<p>Inhaber &amp; Gesch\u00e4ftsf\u00fchrer<\/p>\t\t\t\t\t\t\t\t<\/div>\n\t\t\t\t<div class=\"elementor-element elementor-element-a6e7a24 elementor-icon-list--layout-traditional elementor-list-item-link-full_width elementor-widget elementor-widget-icon-list\" data-id=\"a6e7a24\" data-element_type=\"widget\" data-e-type=\"widget\" data-widget_type=\"icon-list.default\">\n\t\t\t\t\t\t\t<ul class=\"elementor-icon-list-items\">\n\t\t\t\t\t\t\t<li class=\"elementor-icon-list-item\">\n\t\t\t\t\t\t\t\t\t\t\t<a href=\"tel:+41%2044%20487%2020%2000\">\n\n\t\t\t\t\t\t\t\t\t\t\t\t<span class=\"elementor-icon-list-icon\">\n\t\t\t\t\t\t\t<svg aria-hidden=\"true\" class=\"e-font-icon-svg e-fas-phone-alt\" viewBox=\"0 0 512 512\" xmlns=\"http:\/\/www.w3.org\/2000\/svg\"><path d=\"M497.39 361.8l-112-48a24 24 0 0 0-28 6.9l-49.6 60.6A370.66 370.66 0 0 1 130.6 204.11l60.6-49.6a23.94 23.94 0 0 0 6.9-28l-48-112A24.16 24.16 0 0 0 122.6.61l-104 24A24 24 0 0 0 0 48c0 256.5 207.9 464 464 464a24 24 0 0 0 23.4-18.6l24-104a24.29 24.29 0 0 0-14.01-27.6z\"><\/path><\/svg>\t\t\t\t\t\t<\/span>\n\t\t\t\t\t\t\t\t\t\t<span class=\"elementor-icon-list-text\">+41 44 487 20 00<\/span>\n\t\t\t\t\t\t\t\t\t\t\t<\/a>\n\t\t\t\t\t\t\t\t\t<\/li>\n\t\t\t\t\t\t<\/ul>\n\t\t\t\t\t\t<\/div>\n\t\t\t\t<\/div>\n\t\t\t\t<\/div>\n\t\t<div class=\"elementor-element elementor-element-fc396b7 e-con-full e-flex e-con e-child\" data-id=\"fc396b7\" data-element_type=\"container\" data-e-type=\"container\">\n\t\t<div class=\"elementor-element elementor-element-50ee8e0 e-con-full e-flex e-con e-child\" data-id=\"50ee8e0\" data-element_type=\"container\" data-e-type=\"container\" data-settings=\"{&quot;background_background&quot;:&quot;classic&quot;}\">\n\t\t<div class=\"elementor-element elementor-element-1018998 e-con-full e-flex e-con e-child\" data-id=\"1018998\" data-element_type=\"container\" data-e-type=\"container\" data-settings=\"{&quot;background_background&quot;:&quot;classic&quot;}\">\n\t\t\t\t<div class=\"elementor-element elementor-element-aecc99e elementor-widget elementor-widget-image\" data-id=\"aecc99e\" data-element_type=\"widget\" data-e-type=\"widget\" data-widget_type=\"image.default\">\n\t\t\t\t\t\t\t\t\t\t\t\t\t\t\t<img fetchpriority=\"high\" decoding=\"async\" width=\"512\" height=\"512\" src=\"https:\/\/jenatschgaragen.ch\/wollishofen\/wp-content\/uploads\/sites\/4\/2026\/01\/favicon-Jenatsch_Garagen.png\" class=\"attachment-full size-full wp-image-137\" alt=\"\" srcset=\"https:\/\/jenatschgaragen.ch\/wollishofen\/wp-content\/uploads\/sites\/4\/2026\/01\/favicon-Jenatsch_Garagen.png 512w, https:\/\/jenatschgaragen.ch\/wollishofen\/wp-content\/uploads\/sites\/4\/2026\/01\/favicon-Jenatsch_Garagen-300x300.png 300w, https:\/\/jenatschgaragen.ch\/wollishofen\/wp-content\/uploads\/sites\/4\/2026\/01\/favicon-Jenatsch_Garagen-150x150.png 150w\" sizes=\"(max-width: 512px) 100vw, 512px\" \/>\t\t\t\t\t\t\t\t\t\t\t\t\t\t\t<\/div>\n\t\t\t\t<\/div>\n\t\t\t\t<\/div>\n\t\t<div class=\"elementor-element elementor-element-9a36520 e-con-full e-flex e-con e-child\" data-id=\"9a36520\" data-element_type=\"container\" data-e-type=\"container\">\n\t\t\t\t<div class=\"elementor-element elementor-element-535e924 elementor-widget elementor-widget-heading\" data-id=\"535e924\" data-element_type=\"widget\" data-e-type=\"widget\" data-widget_type=\"heading.default\">\n\t\t\t\t\t<h4 class=\"elementor-heading-title elementor-size-default\">Betim Maliqi<\/h4>\t\t\t\t<\/div>\n\t\t\t\t<div class=\"elementor-element elementor-element-2636389 elementor-widget elementor-widget-text-editor\" data-id=\"2636389\" data-element_type=\"widget\" data-e-type=\"widget\" data-widget_type=\"text-editor.default\">\n\t\t\t\t\t\t\t\t\t<p>Serviceleiter<\/p>\t\t\t\t\t\t\t\t<\/div>\n\t\t\t\t<div class=\"elementor-element elementor-element-5d40c4f elementor-icon-list--layout-traditional elementor-list-item-link-full_width elementor-widget elementor-widget-icon-list\" data-id=\"5d40c4f\" data-element_type=\"widget\" data-e-type=\"widget\" data-widget_type=\"icon-list.default\">\n\t\t\t\t\t\t\t<ul class=\"elementor-icon-list-items\">\n\t\t\t\t\t\t\t<li class=\"elementor-icon-list-item\">\n\t\t\t\t\t\t\t\t\t\t\t<a href=\"tel:+41%2044%20487%2020%2000\">\n\n\t\t\t\t\t\t\t\t\t\t\t\t<span class=\"elementor-icon-list-icon\">\n\t\t\t\t\t\t\t<svg aria-hidden=\"true\" class=\"e-font-icon-svg e-fas-phone-alt\" viewBox=\"0 0 512 512\" xmlns=\"http:\/\/www.w3.org\/2000\/svg\"><path d=\"M497.39 361.8l-112-48a24 24 0 0 0-28 6.9l-49.6 60.6A370.66 370.66 0 0 1 130.6 204.11l60.6-49.6a23.94 23.94 0 0 0 6.9-28l-48-112A24.16 24.16 0 0 0 122.6.61l-104 24A24 24 0 0 0 0 48c0 256.5 207.9 464 464 464a24 24 0 0 0 23.4-18.6l24-104a24.29 24.29 0 0 0-14.01-27.6z\"><\/path><\/svg>\t\t\t\t\t\t<\/span>\n\t\t\t\t\t\t\t\t\t\t<span class=\"elementor-icon-list-text\">+41 44 487 20 00<\/span>\n\t\t\t\t\t\t\t\t\t\t\t<\/a>\n\t\t\t\t\t\t\t\t\t<\/li>\n\t\t\t\t\t\t\t\t<li class=\"elementor-icon-list-item\">\n\t\t\t\t\t\t\t\t\t\t\t<a href=\"mailto:betim.maliqi@jenatschgarage.ch\">\n\n\t\t\t\t\t\t\t\t\t\t\t\t<span class=\"elementor-icon-list-icon\">\n\t\t\t\t\t\t\t<svg aria-hidden=\"true\" class=\"e-font-icon-svg e-far-envelope\" viewBox=\"0 0 512 512\" xmlns=\"http:\/\/www.w3.org\/2000\/svg\"><path d=\"M464 64H48C21.49 64 0 85.49 0 112v288c0 26.51 21.49 48 48 48h416c26.51 0 48-21.49 48-48V112c0-26.51-21.49-48-48-48zm0 48v40.805c-22.422 18.259-58.168 46.651-134.587 106.49-16.841 13.247-50.201 45.072-73.413 44.701-23.208.375-56.579-31.459-73.413-44.701C106.18 199.465 70.425 171.067 48 152.805V112h416zM48 400V214.398c22.914 18.251 55.409 43.862 104.938 82.646 21.857 17.205 60.134 55.186 103.062 54.955 42.717.231 80.509-37.199 103.053-54.947 49.528-38.783 82.032-64.401 104.947-82.653V400H48z\"><\/path><\/svg>\t\t\t\t\t\t<\/span>\n\t\t\t\t\t\t\t\t\t\t<span class=\"elementor-icon-list-text\">betim.maliqi@jenatschgarage.ch<\/span>\n\t\t\t\t\t\t\t\t\t\t\t<\/a>\n\t\t\t\t\t\t\t\t\t<\/li>\n\t\t\t\t\t\t<\/ul>\n\t\t\t\t\t\t<\/div>\n\t\t\t\t<\/div>\n\t\t\t\t<\/div>\n\t\t<div class=\"elementor-element elementor-element-6a129a2 e-con-full e-flex e-con e-child\" data-id=\"6a129a2\" data-element_type=\"container\" data-e-type=\"container\">\n\t\t<div class=\"elementor-element elementor-element-6605e8a e-con-full e-flex e-con e-child\" data-id=\"6605e8a\" data-element_type=\"container\" data-e-type=\"container\" data-settings=\"{&quot;background_background&quot;:&quot;classic&quot;}\">\n\t\t<div class=\"elementor-element elementor-element-0a3b0a1 e-con-full e-flex e-con e-child\" data-id=\"0a3b0a1\" data-element_type=\"container\" data-e-type=\"container\" data-settings=\"{&quot;background_background&quot;:&quot;classic&quot;}\">\n\t\t\t\t<div class=\"elementor-element elementor-element-57ea46e elementor-widget elementor-widget-image\" data-id=\"57ea46e\" data-element_type=\"widget\" data-e-type=\"widget\" data-widget_type=\"image.default\">\n\t\t\t\t\t\t\t\t\t\t\t\t\t\t\t<img fetchpriority=\"high\" decoding=\"async\" width=\"512\" height=\"512\" src=\"https:\/\/jenatschgaragen.ch\/wollishofen\/wp-content\/uploads\/sites\/4\/2026\/01\/favicon-Jenatsch_Garagen.png\" class=\"attachment-full size-full wp-image-137\" alt=\"\" srcset=\"https:\/\/jenatschgaragen.ch\/wollishofen\/wp-content\/uploads\/sites\/4\/2026\/01\/favicon-Jenatsch_Garagen.png 512w, https:\/\/jenatschgaragen.ch\/wollishofen\/wp-content\/uploads\/sites\/4\/2026\/01\/favicon-Jenatsch_Garagen-300x300.png 300w, https:\/\/jenatschgaragen.ch\/wollishofen\/wp-content\/uploads\/sites\/4\/2026\/01\/favicon-Jenatsch_Garagen-150x150.png 150w\" sizes=\"(max-width: 512px) 100vw, 512px\" \/>\t\t\t\t\t\t\t\t\t\t\t\t\t\t\t<\/div>\n\t\t\t\t<\/div>\n\t\t\t\t<\/div>\n\t\t<div class=\"elementor-element elementor-element-a2eee43 e-con-full e-flex e-con e-child\" data-id=\"a2eee43\" data-element_type=\"container\" data-e-type=\"container\">\n\t\t\t\t<div class=\"elementor-element elementor-element-331e29a elementor-widget elementor-widget-heading\" data-id=\"331e29a\" data-element_type=\"widget\" data-e-type=\"widget\" data-widget_type=\"heading.default\">\n\t\t\t\t\t<h4 class=\"elementor-heading-title elementor-size-default\">Roberto De Marco<\/h4>\t\t\t\t<\/div>\n\t\t\t\t<div class=\"elementor-element elementor-element-e741a29 elementor-widget elementor-widget-text-editor\" data-id=\"e741a29\" data-element_type=\"widget\" data-e-type=\"widget\" data-widget_type=\"text-editor.default\">\n\t\t\t\t\t\t\t\t\t<p>Serviceberater<\/p>\t\t\t\t\t\t\t\t<\/div>\n\t\t\t\t<div class=\"elementor-element elementor-element-88cfeac elementor-icon-list--layout-traditional elementor-list-item-link-full_width elementor-widget elementor-widget-icon-list\" data-id=\"88cfeac\" data-element_type=\"widget\" data-e-type=\"widget\" data-widget_type=\"icon-list.default\">\n\t\t\t\t\t\t\t<ul class=\"elementor-icon-list-items\">\n\t\t\t\t\t\t\t<li class=\"elementor-icon-list-item\">\n\t\t\t\t\t\t\t\t\t\t\t<a href=\"tel:+41%2044%20487%2020%2000\">\n\n\t\t\t\t\t\t\t\t\t\t\t\t<span class=\"elementor-icon-list-icon\">\n\t\t\t\t\t\t\t<svg aria-hidden=\"true\" class=\"e-font-icon-svg e-fas-phone-alt\" viewBox=\"0 0 512 512\" xmlns=\"http:\/\/www.w3.org\/2000\/svg\"><path d=\"M497.39 361.8l-112-48a24 24 0 0 0-28 6.9l-49.6 60.6A370.66 370.66 0 0 1 130.6 204.11l60.6-49.6a23.94 23.94 0 0 0 6.9-28l-48-112A24.16 24.16 0 0 0 122.6.61l-104 24A24 24 0 0 0 0 48c0 256.5 207.9 464 464 464a24 24 0 0 0 23.4-18.6l24-104a24.29 24.29 0 0 0-14.01-27.6z\"><\/path><\/svg>\t\t\t\t\t\t<\/span>\n\t\t\t\t\t\t\t\t\t\t<span class=\"elementor-icon-list-text\">+41 44 487 20 00<\/span>\n\t\t\t\t\t\t\t\t\t\t\t<\/a>\n\t\t\t\t\t\t\t\t\t<\/li>\n\t\t\t\t\t\t\t\t<li class=\"elementor-icon-list-item\">\n\t\t\t\t\t\t\t\t\t\t\t<a href=\"mailto:roberto.demarco@jenatschgarage.ch\">\n\n\t\t\t\t\t\t\t\t\t\t\t\t<span class=\"elementor-icon-list-icon\">\n\t\t\t\t\t\t\t<svg aria-hidden=\"true\" class=\"e-font-icon-svg e-far-envelope\" viewBox=\"0 0 512 512\" xmlns=\"http:\/\/www.w3.org\/2000\/svg\"><path d=\"M464 64H48C21.49 64 0 85.49 0 112v288c0 26.51 21.49 48 48 48h416c26.51 0 48-21.49 48-48V112c0-26.51-21.49-48-48-48zm0 48v40.805c-22.422 18.259-58.168 46.651-134.587 106.49-16.841 13.247-50.201 45.072-73.413 44.701-23.208.375-56.579-31.459-73.413-44.701C106.18 199.465 70.425 171.067 48 152.805V112h416zM48 400V214.398c22.914 18.251 55.409 43.862 104.938 82.646 21.857 17.205 60.134 55.186 103.062 54.955 42.717.231 80.509-37.199 103.053-54.947 49.528-38.783 82.032-64.401 104.947-82.653V400H48z\"><\/path><\/svg>\t\t\t\t\t\t<\/span>\n\t\t\t\t\t\t\t\t\t\t<span class=\"elementor-icon-list-text\">roberto.demarco@jenatschgarage.ch<\/span>\n\t\t\t\t\t\t\t\t\t\t\t<\/a>\n\t\t\t\t\t\t\t\t\t<\/li>\n\t\t\t\t\t\t<\/ul>\n\t\t\t\t\t\t<\/div>\n\t\t\t\t<\/div>\n\t\t\t\t<\/div>\n\t\t<div class=\"elementor-element elementor-element-1e05cee e-con-full e-flex e-con e-child\" data-id=\"1e05cee\" data-element_type=\"container\" data-e-type=\"container\">\n\t\t<div class=\"elementor-element elementor-element-4ada241 e-con-full e-flex e-con e-child\" data-id=\"4ada241\" data-element_type=\"container\" data-e-type=\"container\" data-settings=\"{&quot;background_background&quot;:&quot;classic&quot;}\">\n\t\t<div class=\"elementor-element elementor-element-ed03358 e-con-full e-flex e-con e-child\" data-id=\"ed03358\" data-element_type=\"container\" data-e-type=\"container\" data-settings=\"{&quot;background_background&quot;:&quot;classic&quot;}\">\n\t\t\t\t<div class=\"elementor-element elementor-element-6ef898d elementor-widget elementor-widget-image\" data-id=\"6ef898d\" data-element_type=\"widget\" data-e-type=\"widget\" data-widget_type=\"image.default\">\n\t\t\t\t\t\t\t\t\t\t\t\t\t\t\t<img fetchpriority=\"high\" decoding=\"async\" width=\"512\" height=\"512\" src=\"https:\/\/jenatschgaragen.ch\/wollishofen\/wp-content\/uploads\/sites\/4\/2026\/01\/favicon-Jenatsch_Garagen.png\" class=\"attachment-full size-full wp-image-137\" alt=\"\" srcset=\"https:\/\/jenatschgaragen.ch\/wollishofen\/wp-content\/uploads\/sites\/4\/2026\/01\/favicon-Jenatsch_Garagen.png 512w, https:\/\/jenatschgaragen.ch\/wollishofen\/wp-content\/uploads\/sites\/4\/2026\/01\/favicon-Jenatsch_Garagen-300x300.png 300w, https:\/\/jenatschgaragen.ch\/wollishofen\/wp-content\/uploads\/sites\/4\/2026\/01\/favicon-Jenatsch_Garagen-150x150.png 150w\" sizes=\"(max-width: 512px) 100vw, 512px\" \/>\t\t\t\t\t\t\t\t\t\t\t\t\t\t\t<\/div>\n\t\t\t\t<\/div>\n\t\t\t\t<\/div>\n\t\t<div class=\"elementor-element elementor-element-9a9e120 e-con-full e-flex e-con e-child\" data-id=\"9a9e120\" data-element_type=\"container\" data-e-type=\"container\">\n\t\t\t\t<div class=\"elementor-element elementor-element-1b15b81 elementor-widget elementor-widget-heading\" data-id=\"1b15b81\" data-element_type=\"widget\" data-e-type=\"widget\" data-widget_type=\"heading.default\">\n\t\t\t\t\t<h4 class=\"elementor-heading-title elementor-size-default\">Wolfgang Pichler<\/h4>\t\t\t\t<\/div>\n\t\t\t\t<div class=\"elementor-element elementor-element-7349f40 elementor-widget elementor-widget-text-editor\" data-id=\"7349f40\" data-element_type=\"widget\" data-e-type=\"widget\" data-widget_type=\"text-editor.default\">\n\t\t\t\t\t\t\t\t\t<p>Verkaufsberater<\/p>\t\t\t\t\t\t\t\t<\/div>\n\t\t\t\t<div class=\"elementor-element elementor-element-4473121 elementor-icon-list--layout-traditional elementor-list-item-link-full_width elementor-widget elementor-widget-icon-list\" data-id=\"4473121\" data-element_type=\"widget\" data-e-type=\"widget\" data-widget_type=\"icon-list.default\">\n\t\t\t\t\t\t\t<ul class=\"elementor-icon-list-items\">\n\t\t\t\t\t\t\t<li class=\"elementor-icon-list-item\">\n\t\t\t\t\t\t\t\t\t\t\t<span class=\"elementor-icon-list-icon\">\n\t\t\t\t\t\t\t<svg aria-hidden=\"true\" class=\"e-font-icon-svg e-fas-phone-alt\" viewBox=\"0 0 512 512\" xmlns=\"http:\/\/www.w3.org\/2000\/svg\"><path d=\"M497.39 361.8l-112-48a24 24 0 0 0-28 6.9l-49.6 60.6A370.66 370.66 0 0 1 130.6 204.11l60.6-49.6a23.94 23.94 0 0 0 6.9-28l-48-112A24.16 24.16 0 0 0 122.6.61l-104 24A24 24 0 0 0 0 48c0 256.5 207.9 464 464 464a24 24 0 0 0 23.4-18.6l24-104a24.29 24.29 0 0 0-14.01-27.6z\"><\/path><\/svg>\t\t\t\t\t\t<\/span>\n\t\t\t\t\t\t\t\t\t\t<span class=\"elementor-icon-list-text\">+41 44 487 20 00<\/span>\n\t\t\t\t\t\t\t\t\t<\/li>\n\t\t\t\t\t\t\t\t<li class=\"elementor-icon-list-item\">\n\t\t\t\t\t\t\t\t\t\t\t<a href=\"mailto:wolfgang.pichler@jeatschgarage.ch\">\n\n\t\t\t\t\t\t\t\t\t\t\t\t<span class=\"elementor-icon-list-icon\">\n\t\t\t\t\t\t\t<svg aria-hidden=\"true\" class=\"e-font-icon-svg e-far-envelope\" viewBox=\"0 0 512 512\" xmlns=\"http:\/\/www.w3.org\/2000\/svg\"><path d=\"M464 64H48C21.49 64 0 85.49 0 112v288c0 26.51 21.49 48 48 48h416c26.51 0 48-21.49 48-48V112c0-26.51-21.49-48-48-48zm0 48v40.805c-22.422 18.259-58.168 46.651-134.587 106.49-16.841 13.247-50.201 45.072-73.413 44.701-23.208.375-56.579-31.459-73.413-44.701C106.18 199.465 70.425 171.067 48 152.805V112h416zM48 400V214.398c22.914 18.251 55.409 43.862 104.938 82.646 21.857 17.205 60.134 55.186 103.062 54.955 42.717.231 80.509-37.199 103.053-54.947 49.528-38.783 82.032-64.401 104.947-82.653V400H48z\"><\/path><\/svg>\t\t\t\t\t\t<\/span>\n\t\t\t\t\t\t\t\t\t\t<span class=\"elementor-icon-list-text\">wolfgang.pichler@jeatschgarage.ch<\/span>\n\t\t\t\t\t\t\t\t\t\t\t<\/a>\n\t\t\t\t\t\t\t\t\t<\/li>\n\t\t\t\t\t\t<\/ul>\n\t\t\t\t\t\t<\/div>\n\t\t\t\t<\/div>\n\t\t\t\t<\/div>\n\t\t\t\t<\/div>\n\t\t<div class=\"elementor-element elementor-element-358a777 e-con-full e-flex e-con e-child\" data-id=\"358a777\" data-element_type=\"container\" data-e-type=\"container\">\n\t\t<div class=\"elementor-element elementor-element-a583071 e-con-full e-flex e-con e-child\" data-id=\"a583071\" data-element_type=\"container\" data-e-type=\"container\">\n\t\t<div class=\"elementor-element elementor-element-cb76a30 e-con-full e-flex e-con e-child\" data-id=\"cb76a30\" data-element_type=\"container\" data-e-type=\"container\" data-settings=\"{&quot;background_background&quot;:&quot;classic&quot;}\">\n\t\t<div class=\"elementor-element elementor-element-b572d75 e-con-full e-flex e-con e-child\" data-id=\"b572d75\" data-element_type=\"container\" data-e-type=\"container\" data-settings=\"{&quot;background_background&quot;:&quot;classic&quot;}\">\n\t\t\t\t<div class=\"elementor-element elementor-element-67292e4 elementor-widget elementor-widget-image\" data-id=\"67292e4\" data-element_type=\"widget\" data-e-type=\"widget\" data-widget_type=\"image.default\">\n\t\t\t\t\t\t\t\t\t\t\t\t\t\t\t<img fetchpriority=\"high\" decoding=\"async\" width=\"512\" height=\"512\" src=\"https:\/\/jenatschgaragen.ch\/wollishofen\/wp-content\/uploads\/sites\/4\/2026\/01\/favicon-Jenatsch_Garagen.png\" class=\"attachment-full size-full wp-image-137\" alt=\"\" srcset=\"https:\/\/jenatschgaragen.ch\/wollishofen\/wp-content\/uploads\/sites\/4\/2026\/01\/favicon-Jenatsch_Garagen.png 512w, https:\/\/jenatschgaragen.ch\/wollishofen\/wp-content\/uploads\/sites\/4\/2026\/01\/favicon-Jenatsch_Garagen-300x300.png 300w, https:\/\/jenatschgaragen.ch\/wollishofen\/wp-content\/uploads\/sites\/4\/2026\/01\/favicon-Jenatsch_Garagen-150x150.png 150w\" sizes=\"(max-width: 512px) 100vw, 512px\" \/>\t\t\t\t\t\t\t\t\t\t\t\t\t\t\t<\/div>\n\t\t\t\t<\/div>\n\t\t\t\t<\/div>\n\t\t<div class=\"elementor-element elementor-element-e021663 e-con-full e-flex e-con e-child\" data-id=\"e021663\" data-element_type=\"container\" data-e-type=\"container\">\n\t\t\t\t<div class=\"elementor-element elementor-element-0ffdba2 elementor-widget elementor-widget-heading\" data-id=\"0ffdba2\" data-element_type=\"widget\" data-e-type=\"widget\" data-widget_type=\"heading.default\">\n\t\t\t\t\t<h4 class=\"elementor-heading-title elementor-size-default\">Kevin Cojocariu<\/h4>\t\t\t\t<\/div>\n\t\t\t\t<div class=\"elementor-element elementor-element-3459455 elementor-widget elementor-widget-text-editor\" data-id=\"3459455\" data-element_type=\"widget\" data-e-type=\"widget\" data-widget_type=\"text-editor.default\">\n\t\t\t\t\t\t\t\t\t<p>Verkaufsberater<\/p>\t\t\t\t\t\t\t\t<\/div>\n\t\t\t\t<div class=\"elementor-element elementor-element-12e0320 elementor-icon-list--layout-traditional elementor-list-item-link-full_width elementor-widget elementor-widget-icon-list\" data-id=\"12e0320\" data-element_type=\"widget\" data-e-type=\"widget\" data-widget_type=\"icon-list.default\">\n\t\t\t\t\t\t\t<ul class=\"elementor-icon-list-items\">\n\t\t\t\t\t\t\t<li class=\"elementor-icon-list-item\">\n\t\t\t\t\t\t\t\t\t\t\t<a href=\"tel:+41%2044%20487%2020%2007\">\n\n\t\t\t\t\t\t\t\t\t\t\t\t<span class=\"elementor-icon-list-icon\">\n\t\t\t\t\t\t\t<svg aria-hidden=\"true\" class=\"e-font-icon-svg e-fas-phone-alt\" viewBox=\"0 0 512 512\" xmlns=\"http:\/\/www.w3.org\/2000\/svg\"><path d=\"M497.39 361.8l-112-48a24 24 0 0 0-28 6.9l-49.6 60.6A370.66 370.66 0 0 1 130.6 204.11l60.6-49.6a23.94 23.94 0 0 0 6.9-28l-48-112A24.16 24.16 0 0 0 122.6.61l-104 24A24 24 0 0 0 0 48c0 256.5 207.9 464 464 464a24 24 0 0 0 23.4-18.6l24-104a24.29 24.29 0 0 0-14.01-27.6z\"><\/path><\/svg>\t\t\t\t\t\t<\/span>\n\t\t\t\t\t\t\t\t\t\t<span class=\"elementor-icon-list-text\">+41 44 487 20 07<\/span>\n\t\t\t\t\t\t\t\t\t\t\t<\/a>\n\t\t\t\t\t\t\t\t\t<\/li>\n\t\t\t\t\t\t\t\t<li class=\"elementor-icon-list-item\">\n\t\t\t\t\t\t\t\t\t\t\t<a href=\"mailto:kevin.cojocariu@jenatschgarage.ch\">\n\n\t\t\t\t\t\t\t\t\t\t\t\t<span class=\"elementor-icon-list-icon\">\n\t\t\t\t\t\t\t<svg aria-hidden=\"true\" class=\"e-font-icon-svg e-far-envelope\" viewBox=\"0 0 512 512\" xmlns=\"http:\/\/www.w3.org\/2000\/svg\"><path d=\"M464 64H48C21.49 64 0 85.49 0 112v288c0 26.51 21.49 48 48 48h416c26.51 0 48-21.49 48-48V112c0-26.51-21.49-48-48-48zm0 48v40.805c-22.422 18.259-58.168 46.651-134.587 106.49-16.841 13.247-50.201 45.072-73.413 44.701-23.208.375-56.579-31.459-73.413-44.701C106.18 199.465 70.425 171.067 48 152.805V112h416zM48 400V214.398c22.914 18.251 55.409 43.862 104.938 82.646 21.857 17.205 60.134 55.186 103.062 54.955 42.717.231 80.509-37.199 103.053-54.947 49.528-38.783 82.032-64.401 104.947-82.653V400H48z\"><\/path><\/svg>\t\t\t\t\t\t<\/span>\n\t\t\t\t\t\t\t\t\t\t<span class=\"elementor-icon-list-text\">kevin.cojocariu@jenatschgarage.ch<\/span>\n\t\t\t\t\t\t\t\t\t\t\t<\/a>\n\t\t\t\t\t\t\t\t\t<\/li>\n\t\t\t\t\t\t<\/ul>\n\t\t\t\t\t\t<\/div>\n\t\t\t\t<\/div>\n\t\t\t\t<\/div>\n\t\t<div class=\"elementor-element elementor-element-84300f0 e-con-full e-flex e-con e-child\" data-id=\"84300f0\" data-element_type=\"container\" data-e-type=\"container\">\n\t\t<div class=\"elementor-element elementor-element-8efc473 e-con-full e-flex e-con e-child\" data-id=\"8efc473\" data-element_type=\"container\" data-e-type=\"container\" data-settings=\"{&quot;background_background&quot;:&quot;classic&quot;}\">\n\t\t<div class=\"elementor-element elementor-element-61107b9 e-con-full e-flex e-con e-child\" data-id=\"61107b9\" data-element_type=\"container\" data-e-type=\"container\" data-settings=\"{&quot;background_background&quot;:&quot;classic&quot;}\">\n\t\t\t\t<div class=\"elementor-element elementor-element-783d498 elementor-widget elementor-widget-image\" data-id=\"783d498\" data-element_type=\"widget\" data-e-type=\"widget\" data-widget_type=\"image.default\">\n\t\t\t\t\t\t\t\t\t\t\t\t\t\t\t<img fetchpriority=\"high\" decoding=\"async\" width=\"512\" height=\"512\" src=\"https:\/\/jenatschgaragen.ch\/wollishofen\/wp-content\/uploads\/sites\/4\/2026\/01\/favicon-Jenatsch_Garagen.png\" class=\"attachment-full size-full wp-image-137\" alt=\"\" srcset=\"https:\/\/jenatschgaragen.ch\/wollishofen\/wp-content\/uploads\/sites\/4\/2026\/01\/favicon-Jenatsch_Garagen.png 512w, https:\/\/jenatschgaragen.ch\/wollishofen\/wp-content\/uploads\/sites\/4\/2026\/01\/favicon-Jenatsch_Garagen-300x300.png 300w, https:\/\/jenatschgaragen.ch\/wollishofen\/wp-content\/uploads\/sites\/4\/2026\/01\/favicon-Jenatsch_Garagen-150x150.png 150w\" sizes=\"(max-width: 512px) 100vw, 512px\" \/>\t\t\t\t\t\t\t\t\t\t\t\t\t\t\t<\/div>\n\t\t\t\t<\/div>\n\t\t\t\t<\/div>\n\t\t<div class=\"elementor-element elementor-element-5bc2a2a e-con-full e-flex e-con e-child\" data-id=\"5bc2a2a\" data-element_type=\"container\" data-e-type=\"container\">\n\t\t\t\t<div class=\"elementor-element elementor-element-2591c67 elementor-widget elementor-widget-heading\" data-id=\"2591c67\" data-element_type=\"widget\" data-e-type=\"widget\" data-widget_type=\"heading.default\">\n\t\t\t\t\t<h4 class=\"elementor-heading-title elementor-size-default\">Thomas B\u00e4chtold<\/h4>\t\t\t\t<\/div>\n\t\t\t\t<div class=\"elementor-element elementor-element-14f1d11 elementor-widget elementor-widget-text-editor\" data-id=\"14f1d11\" data-element_type=\"widget\" data-e-type=\"widget\" data-widget_type=\"text-editor.default\">\n\t\t\t\t\t\t\t\t\t<p>Werkstattleiter<\/p>\t\t\t\t\t\t\t\t<\/div>\n\t\t\t\t<div class=\"elementor-element elementor-element-179211e elementor-icon-list--layout-traditional elementor-list-item-link-full_width elementor-widget elementor-widget-icon-list\" data-id=\"179211e\" data-element_type=\"widget\" data-e-type=\"widget\" data-widget_type=\"icon-list.default\">\n\t\t\t\t\t\t\t<ul class=\"elementor-icon-list-items\">\n\t\t\t\t\t\t\t<li class=\"elementor-icon-list-item\">\n\t\t\t\t\t\t\t\t\t\t\t<span class=\"elementor-icon-list-icon\">\n\t\t\t\t\t\t\t<svg aria-hidden=\"true\" class=\"e-font-icon-svg e-fas-phone-alt\" viewBox=\"0 0 512 512\" xmlns=\"http:\/\/www.w3.org\/2000\/svg\"><path d=\"M497.39 361.8l-112-48a24 24 0 0 0-28 6.9l-49.6 60.6A370.66 370.66 0 0 1 130.6 204.11l60.6-49.6a23.94 23.94 0 0 0 6.9-28l-48-112A24.16 24.16 0 0 0 122.6.61l-104 24A24 24 0 0 0 0 48c0 256.5 207.9 464 464 464a24 24 0 0 0 23.4-18.6l24-104a24.29 24.29 0 0 0-14.01-27.6z\"><\/path><\/svg>\t\t\t\t\t\t<\/span>\n\t\t\t\t\t\t\t\t\t\t<span class=\"elementor-icon-list-text\">+41 44 487 20 00<\/span>\n\t\t\t\t\t\t\t\t\t<\/li>\n\t\t\t\t\t\t\t\t<li class=\"elementor-icon-list-item\">\n\t\t\t\t\t\t\t\t\t\t\t<a href=\"mailto:thomas.baechtold@jenatschgarage.ch\">\n\n\t\t\t\t\t\t\t\t\t\t\t\t<span class=\"elementor-icon-list-icon\">\n\t\t\t\t\t\t\t<svg aria-hidden=\"true\" class=\"e-font-icon-svg e-far-envelope\" viewBox=\"0 0 512 512\" xmlns=\"http:\/\/www.w3.org\/2000\/svg\"><path d=\"M464 64H48C21.49 64 0 85.49 0 112v288c0 26.51 21.49 48 48 48h416c26.51 0 48-21.49 48-48V112c0-26.51-21.49-48-48-48zm0 48v40.805c-22.422 18.259-58.168 46.651-134.587 106.49-16.841 13.247-50.201 45.072-73.413 44.701-23.208.375-56.579-31.459-73.413-44.701C106.18 199.465 70.425 171.067 48 152.805V112h416zM48 400V214.398c22.914 18.251 55.409 43.862 104.938 82.646 21.857 17.205 60.134 55.186 103.062 54.955 42.717.231 80.509-37.199 103.053-54.947 49.528-38.783 82.032-64.401 104.947-82.653V400H48z\"><\/path><\/svg>\t\t\t\t\t\t<\/span>\n\t\t\t\t\t\t\t\t\t\t<span class=\"elementor-icon-list-text\">thomas.baechtold@jenatschgarage.ch<\/span>\n\t\t\t\t\t\t\t\t\t\t\t<\/a>\n\t\t\t\t\t\t\t\t\t<\/li>\n\t\t\t\t\t\t<\/ul>\n\t\t\t\t\t\t<\/div>\n\t\t\t\t<\/div>\n\t\t\t\t<\/div>\n\t\t<div class=\"elementor-element elementor-element-a7dff3e e-con-full e-flex e-con e-child\" data-id=\"a7dff3e\" data-element_type=\"container\" data-e-type=\"container\">\n\t\t<div class=\"elementor-element elementor-element-9ac0689 e-con-full e-flex e-con e-child\" data-id=\"9ac0689\" data-element_type=\"container\" data-e-type=\"container\" data-settings=\"{&quot;background_background&quot;:&quot;classic&quot;}\">\n\t\t<div class=\"elementor-element elementor-element-4557172 e-con-full e-flex e-con e-child\" data-id=\"4557172\" data-element_type=\"container\" data-e-type=\"container\" data-settings=\"{&quot;background_background&quot;:&quot;classic&quot;}\">\n\t\t\t\t<div class=\"elementor-element elementor-element-f333971 elementor-widget elementor-widget-image\" data-id=\"f333971\" data-element_type=\"widget\" data-e-type=\"widget\" data-widget_type=\"image.default\">\n\t\t\t\t\t\t\t\t\t\t\t\t\t\t\t<img fetchpriority=\"high\" decoding=\"async\" width=\"512\" height=\"512\" src=\"https:\/\/jenatschgaragen.ch\/wollishofen\/wp-content\/uploads\/sites\/4\/2026\/01\/favicon-Jenatsch_Garagen.png\" class=\"attachment-full size-full wp-image-137\" alt=\"\" srcset=\"https:\/\/jenatschgaragen.ch\/wollishofen\/wp-content\/uploads\/sites\/4\/2026\/01\/favicon-Jenatsch_Garagen.png 512w, https:\/\/jenatschgaragen.ch\/wollishofen\/wp-content\/uploads\/sites\/4\/2026\/01\/favicon-Jenatsch_Garagen-300x300.png 300w, https:\/\/jenatschgaragen.ch\/wollishofen\/wp-content\/uploads\/sites\/4\/2026\/01\/favicon-Jenatsch_Garagen-150x150.png 150w\" sizes=\"(max-width: 512px) 100vw, 512px\" \/>\t\t\t\t\t\t\t\t\t\t\t\t\t\t\t<\/div>\n\t\t\t\t<\/div>\n\t\t\t\t<\/div>\n\t\t<div class=\"elementor-element elementor-element-f994e86 e-con-full e-flex e-con e-child\" data-id=\"f994e86\" data-element_type=\"container\" data-e-type=\"container\">\n\t\t\t\t<div class=\"elementor-element elementor-element-4a27e1e elementor-widget elementor-widget-heading\" data-id=\"4a27e1e\" data-element_type=\"widget\" data-e-type=\"widget\" data-widget_type=\"heading.default\">\n\t\t\t\t\t<h4 class=\"elementor-heading-title elementor-size-default\">J\u00fcrg Morf<\/h4>\t\t\t\t<\/div>\n\t\t\t\t<div class=\"elementor-element elementor-element-800b620 elementor-widget elementor-widget-text-editor\" data-id=\"800b620\" data-element_type=\"widget\" data-e-type=\"widget\" data-widget_type=\"text-editor.default\">\n\t\t\t\t\t\t\t\t\t<p>Automobil Mechaniker<\/p>\t\t\t\t\t\t\t\t<\/div>\n\t\t\t\t<div class=\"elementor-element elementor-element-26fd5e1 elementor-icon-list--layout-traditional elementor-list-item-link-full_width elementor-widget elementor-widget-icon-list\" data-id=\"26fd5e1\" data-element_type=\"widget\" data-e-type=\"widget\" data-widget_type=\"icon-list.default\">\n\t\t\t\t\t\t\t<ul class=\"elementor-icon-list-items\">\n\t\t\t\t\t\t\t<li class=\"elementor-icon-list-item\">\n\t\t\t\t\t\t\t\t\t\t\t<a href=\"tel:+41%2044%20487%2020%2000\">\n\n\t\t\t\t\t\t\t\t\t\t\t\t<span class=\"elementor-icon-list-icon\">\n\t\t\t\t\t\t\t<svg aria-hidden=\"true\" class=\"e-font-icon-svg e-fas-phone-alt\" viewBox=\"0 0 512 512\" xmlns=\"http:\/\/www.w3.org\/2000\/svg\"><path d=\"M497.39 361.8l-112-48a24 24 0 0 0-28 6.9l-49.6 60.6A370.66 370.66 0 0 1 130.6 204.11l60.6-49.6a23.94 23.94 0 0 0 6.9-28l-48-112A24.16 24.16 0 0 0 122.6.61l-104 24A24 24 0 0 0 0 48c0 256.5 207.9 464 464 464a24 24 0 0 0 23.4-18.6l24-104a24.29 24.29 0 0 0-14.01-27.6z\"><\/path><\/svg>\t\t\t\t\t\t<\/span>\n\t\t\t\t\t\t\t\t\t\t<span class=\"elementor-icon-list-text\">+41 44 487 20 00<\/span>\n\t\t\t\t\t\t\t\t\t\t\t<\/a>\n\t\t\t\t\t\t\t\t\t<\/li>\n\t\t\t\t\t\t<\/ul>\n\t\t\t\t\t\t<\/div>\n\t\t\t\t<\/div>\n\t\t\t\t<\/div>\n\t\t<div class=\"elementor-element elementor-element-a0d8bef e-con-full e-flex e-con e-child\" data-id=\"a0d8bef\" data-element_type=\"container\" data-e-type=\"container\">\n\t\t<div class=\"elementor-element elementor-element-6cb0f36 e-con-full e-flex e-con e-child\" data-id=\"6cb0f36\" data-element_type=\"container\" data-e-type=\"container\" data-settings=\"{&quot;background_background&quot;:&quot;classic&quot;}\">\n\t\t<div class=\"elementor-element elementor-element-38a3266 e-con-full e-flex e-con e-child\" data-id=\"38a3266\" data-element_type=\"container\" data-e-type=\"container\" data-settings=\"{&quot;background_background&quot;:&quot;classic&quot;}\">\n\t\t\t\t<div class=\"elementor-element elementor-element-982c6a2 elementor-widget elementor-widget-image\" data-id=\"982c6a2\" data-element_type=\"widget\" data-e-type=\"widget\" data-widget_type=\"image.default\">\n\t\t\t\t\t\t\t\t\t\t\t\t\t\t\t<img fetchpriority=\"high\" decoding=\"async\" width=\"512\" height=\"512\" src=\"https:\/\/jenatschgaragen.ch\/wollishofen\/wp-content\/uploads\/sites\/4\/2026\/01\/favicon-Jenatsch_Garagen.png\" class=\"attachment-full size-full wp-image-137\" alt=\"\" srcset=\"https:\/\/jenatschgaragen.ch\/wollishofen\/wp-content\/uploads\/sites\/4\/2026\/01\/favicon-Jenatsch_Garagen.png 512w, https:\/\/jenatschgaragen.ch\/wollishofen\/wp-content\/uploads\/sites\/4\/2026\/01\/favicon-Jenatsch_Garagen-300x300.png 300w, https:\/\/jenatschgaragen.ch\/wollishofen\/wp-content\/uploads\/sites\/4\/2026\/01\/favicon-Jenatsch_Garagen-150x150.png 150w\" sizes=\"(max-width: 512px) 100vw, 512px\" \/>\t\t\t\t\t\t\t\t\t\t\t\t\t\t\t<\/div>\n\t\t\t\t<\/div>\n\t\t\t\t<\/div>\n\t\t<div class=\"elementor-element elementor-element-2c7e4a1 e-con-full e-flex e-con e-child\" data-id=\"2c7e4a1\" data-element_type=\"container\" data-e-type=\"container\">\n\t\t\t\t<div class=\"elementor-element elementor-element-a958bb1 elementor-widget elementor-widget-heading\" data-id=\"a958bb1\" data-element_type=\"widget\" data-e-type=\"widget\" data-widget_type=\"heading.default\">\n\t\t\t\t\t<h4 class=\"elementor-heading-title elementor-size-default\">Philipp Waldner<\/h4>\t\t\t\t<\/div>\n\t\t\t\t<div class=\"elementor-element elementor-element-a311f10 elementor-widget elementor-widget-text-editor\" data-id=\"a311f10\" data-element_type=\"widget\" data-e-type=\"widget\" data-widget_type=\"text-editor.default\">\n\t\t\t\t\t\t\t\t\t<p>Automobil Mechaniker<\/p>\t\t\t\t\t\t\t\t<\/div>\n\t\t\t\t<div class=\"elementor-element elementor-element-ae27d8a elementor-icon-list--layout-traditional elementor-list-item-link-full_width elementor-widget elementor-widget-icon-list\" data-id=\"ae27d8a\" data-element_type=\"widget\" data-e-type=\"widget\" data-widget_type=\"icon-list.default\">\n\t\t\t\t\t\t\t<ul class=\"elementor-icon-list-items\">\n\t\t\t\t\t\t\t<li class=\"elementor-icon-list-item\">\n\t\t\t\t\t\t\t\t\t\t\t<a href=\"tel:+41%2044%20487%2020%2000\">\n\n\t\t\t\t\t\t\t\t\t\t\t\t<span class=\"elementor-icon-list-icon\">\n\t\t\t\t\t\t\t<svg aria-hidden=\"true\" class=\"e-font-icon-svg e-fas-phone-alt\" viewBox=\"0 0 512 512\" xmlns=\"http:\/\/www.w3.org\/2000\/svg\"><path d=\"M497.39 361.8l-112-48a24 24 0 0 0-28 6.9l-49.6 60.6A370.66 370.66 0 0 1 130.6 204.11l60.6-49.6a23.94 23.94 0 0 0 6.9-28l-48-112A24.16 24.16 0 0 0 122.6.61l-104 24A24 24 0 0 0 0 48c0 256.5 207.9 464 464 464a24 24 0 0 0 23.4-18.6l24-104a24.29 24.29 0 0 0-14.01-27.6z\"><\/path><\/svg>\t\t\t\t\t\t<\/span>\n\t\t\t\t\t\t\t\t\t\t<span class=\"elementor-icon-list-text\">+41 44 487 20 00<\/span>\n\t\t\t\t\t\t\t\t\t\t\t<\/a>\n\t\t\t\t\t\t\t\t\t<\/li>\n\t\t\t\t\t\t<\/ul>\n\t\t\t\t\t\t<\/div>\n\t\t\t\t<\/div>\n\t\t\t\t<\/div>\n\t\t\t\t<\/div>\n\t\t\t\t<\/div>\n\t\t\t\t<\/div>\n\t\t\t\t<\/div>\n\t\t\t\t\t<\/div>\n\t\t\t\t<\/div>\n\t\t<div class=\"elementor-element elementor-element-4ab00dd e-flex e-con-boxed e-con e-parent\" data-id=\"4ab00dd\" data-element_type=\"container\" data-e-type=\"container\" data-settings=\"{&quot;background_background&quot;:&quot;gradient&quot;}\">\n\t\t\t\t\t<div class=\"e-con-inner\">\n\t\t<div class=\"elementor-element elementor-element-4e49882 e-con-full e-flex e-con e-child\" data-id=\"4e49882\" data-element_type=\"container\" data-e-type=\"container\">\n\t\t\t\t<div class=\"elementor-element elementor-element-a16c4ef elementor-widget elementor-widget-heading\" data-id=\"a16c4ef\" data-element_type=\"widget\" data-e-type=\"widget\" data-widget_type=\"heading.default\">\n\t\t\t\t\t<h3 class=\"elementor-heading-title elementor-size-default\">Unsere Standorte<\/h3>\t\t\t\t<\/div>\n\t\t\t\t<div class=\"elementor-element elementor-element-9b73770 elementor-widget elementor-widget-text-editor\" data-id=\"9b73770\" data-element_type=\"widget\" data-e-type=\"widget\" data-widget_type=\"text-editor.default\">\n\t\t\t\t\t\t\t\t\t<p>Am linken und rechten Z\u00fcrichsee<\/p>\t\t\t\t\t\t\t\t<\/div>\n\t\t<div class=\"elementor-element elementor-element-096bbbd e-con-full e-flex e-con e-child\" data-id=\"096bbbd\" data-element_type=\"container\" data-e-type=\"container\">\n\t\t<div class=\"elementor-element elementor-element-5ff879e e-con-full e-flex e-con e-child\" data-id=\"5ff879e\" data-element_type=\"container\" data-e-type=\"container\">\n\t\t\t\t<div class=\"elementor-element elementor-element-24b4366 elementor-widget elementor-widget-image\" data-id=\"24b4366\" data-element_type=\"widget\" data-e-type=\"widget\" data-widget_type=\"image.default\">\n\t\t\t\t\t\t\t\t\t\t\t\t\t\t\t\t<a href=\"https:\/\/jenatschgaragen.ch\/sommerhalder\/\">\n\t\t\t\t\t\t\t<img decoding=\"async\" width=\"640\" height=\"400\" src=\"https:\/\/jenatschgaragen.ch\/wollishofen\/wp-content\/uploads\/sites\/4\/2026\/03\/Garage-Sommerhalder.jpg\" class=\"elementor-animation-float attachment-full size-full wp-image-1514\" alt=\"\" srcset=\"https:\/\/jenatschgaragen.ch\/wollishofen\/wp-content\/uploads\/sites\/4\/2026\/03\/Garage-Sommerhalder.jpg 640w, https:\/\/jenatschgaragen.ch\/wollishofen\/wp-content\/uploads\/sites\/4\/2026\/03\/Garage-Sommerhalder-300x188.jpg 300w\" sizes=\"(max-width: 640px) 100vw, 640px\" \/>\t\t\t\t\t\t\t\t<\/a>\n\t\t\t\t\t\t\t\t\t\t\t\t\t\t\t<\/div>\n\t\t<div class=\"elementor-element elementor-element-5c11594 e-con-full e-flex e-con e-child\" data-id=\"5c11594\" data-element_type=\"container\" data-e-type=\"container\">\n\t\t\t\t<div class=\"elementor-element elementor-element-4a283f5 elementor-widget elementor-widget-heading\" data-id=\"4a283f5\" data-element_type=\"widget\" data-e-type=\"widget\" data-widget_type=\"heading.default\">\n\t\t\t\t\t<h5 class=\"elementor-heading-title elementor-size-default\"><a href=\"https:\/\/jenatschgaragen.ch\/sommerhalder\/\">Garage Sommerhalder<\/a><\/h5>\t\t\t\t<\/div>\n\t\t<div class=\"elementor-element elementor-element-b470528 e-con-full e-flex e-con e-child\" data-id=\"b470528\" data-element_type=\"container\" data-e-type=\"container\">\n\t\t\t\t<div class=\"elementor-element elementor-element-8fd556c elementor-widget elementor-widget-image\" data-id=\"8fd556c\" data-element_type=\"widget\" data-e-type=\"widget\" data-widget_type=\"image.default\">\n\t\t\t\t\t\t\t\t\t\t\t\t\t\t\t<img decoding=\"async\" width=\"150\" height=\"150\" src=\"https:\/\/jenatschgaragen.ch\/wollishofen\/wp-content\/uploads\/sites\/4\/2026\/01\/logo-VW-weiss-150x150.png\" class=\"attachment-thumbnail size-thumbnail wp-image-208\" alt=\"VW\" srcset=\"https:\/\/jenatschgaragen.ch\/wollishofen\/wp-content\/uploads\/sites\/4\/2026\/01\/logo-VW-weiss-150x150.png 150w, https:\/\/jenatschgaragen.ch\/wollishofen\/wp-content\/uploads\/sites\/4\/2026\/01\/logo-VW-weiss-300x300.png 300w, https:\/\/jenatschgaragen.ch\/wollishofen\/wp-content\/uploads\/sites\/4\/2026\/01\/logo-VW-weiss.png 500w\" sizes=\"(max-width: 150px) 100vw, 150px\" \/>\t\t\t\t\t\t\t\t\t\t\t\t\t\t\t<\/div>\n\t\t\t\t<div class=\"elementor-element elementor-element-5e14f2f elementor-widget elementor-widget-text-editor\" data-id=\"5e14f2f\" data-element_type=\"widget\" data-e-type=\"widget\" data-widget_type=\"text-editor.default\">\n\t\t\t\t\t\t\t\t\t<p class=\"marginer-no\">Offizielle Markenvertretung f\u00fcr Volkswagen<\/p>\t\t\t\t\t\t\t\t<\/div>\n\t\t\t\t<\/div>\n\t\t\t\t<div class=\"elementor-element elementor-element-0d6a3e7 elementor-widget elementor-widget-text-editor\" data-id=\"0d6a3e7\" data-element_type=\"widget\" data-e-type=\"widget\" data-widget_type=\"text-editor.default\">\n\t\t\t\t\t\t\t\t\t<ul><li>Verkauf Neuwagen Volkswagen<\/li><li>Verkauf Occasionen alle Marken<\/li><li>Reparaturen<\/li><li>Service<\/li><li>Reifenwechsel<\/li><li>Elektroexpertise<\/li><\/ul>\t\t\t\t\t\t\t\t<\/div>\n\t\t\t\t<div class=\"elementor-element elementor-element-8cbeee7 elementor-widget elementor-widget-button\" data-id=\"8cbeee7\" data-element_type=\"widget\" data-e-type=\"widget\" data-widget_type=\"button.default\">\n\t\t\t\t\t\t\t\t\t\t<a class=\"elementor-button elementor-button-link elementor-size-sm\" href=\"https:\/\/jenatschgaragen.ch\/sommerhalder\/\">\n\t\t\t\t\t\t<span class=\"elementor-button-content-wrapper\">\n\t\t\t\t\t\t<span class=\"elementor-button-icon\">\n\t\t\t\t<svg aria-hidden=\"true\" class=\"e-font-icon-svg e-fas-angle-right\" viewBox=\"0 0 256 512\" xmlns=\"http:\/\/www.w3.org\/2000\/svg\"><path d=\"M224.3 273l-136 136c-9.4 9.4-24.6 9.4-33.9 0l-22.6-22.6c-9.4-9.4-9.4-24.6 0-33.9l96.4-96.4-96.4-96.4c-9.4-9.4-9.4-24.6 0-33.9L54.3 103c9.4-9.4 24.6-9.4 33.9 0l136 136c9.5 9.4 9.5 24.6.1 34z\"><\/path><\/svg>\t\t\t<\/span>\n\t\t\t\t\t\t\t\t\t<span class=\"elementor-button-text\">Weiter zur Garage Sommerhalder<\/span>\n\t\t\t\t\t<\/span>\n\t\t\t\t\t<\/a>\n\t\t\t\t\t\t\t\t<\/div>\n\t\t\t\t<\/div>\n\t\t\t\t<\/div>\n\t\t<div class=\"elementor-element elementor-element-4535ec8 e-con-full e-flex e-con e-child\" data-id=\"4535ec8\" data-element_type=\"container\" data-e-type=\"container\">\n\t\t\t\t<div class=\"elementor-element elementor-element-71d8e98 elementor-widget elementor-widget-image\" data-id=\"71d8e98\" data-element_type=\"widget\" data-e-type=\"widget\" data-widget_type=\"image.default\">\n\t\t\t\t\t\t\t\t\t\t\t\t\t\t\t\t<a href=\"https:\/\/jenatschgaragen.ch\/city\/\">\n\t\t\t\t\t\t\t<img loading=\"lazy\" decoding=\"async\" width=\"640\" height=\"400\" src=\"https:\/\/jenatschgaragen.ch\/wollishofen\/wp-content\/uploads\/sites\/4\/2026\/03\/Jenatschgarage-Zuerich-City.jpg\" class=\"elementor-animation-float attachment-full size-full wp-image-1516\" alt=\"\" srcset=\"https:\/\/jenatschgaragen.ch\/wollishofen\/wp-content\/uploads\/sites\/4\/2026\/03\/Jenatschgarage-Zuerich-City.jpg 640w, https:\/\/jenatschgaragen.ch\/wollishofen\/wp-content\/uploads\/sites\/4\/2026\/03\/Jenatschgarage-Zuerich-City-300x188.jpg 300w\" sizes=\"(max-width: 640px) 100vw, 640px\" \/>\t\t\t\t\t\t\t\t<\/a>\n\t\t\t\t\t\t\t\t\t\t\t\t\t\t\t<\/div>\n\t\t<div class=\"elementor-element elementor-element-4d1f21b e-con-full e-flex e-con e-child\" data-id=\"4d1f21b\" data-element_type=\"container\" data-e-type=\"container\">\n\t\t\t\t<div class=\"elementor-element elementor-element-1761089 elementor-widget elementor-widget-heading\" data-id=\"1761089\" data-element_type=\"widget\" data-e-type=\"widget\" data-widget_type=\"heading.default\">\n\t\t\t\t\t<h5 class=\"elementor-heading-title elementor-size-default\"><a href=\"https:\/\/jenatschgaragen.ch\/city\/\">Jenatschgarage Z\u00fcrich-City<\/a><\/h5>\t\t\t\t<\/div>\n\t\t<div class=\"elementor-element elementor-element-cbd21ff e-con-full e-flex e-con e-child\" data-id=\"cbd21ff\" data-element_type=\"container\" data-e-type=\"container\">\n\t\t\t\t<div class=\"elementor-element elementor-element-b0ea09f elementor-widget elementor-widget-image\" data-id=\"b0ea09f\" data-element_type=\"widget\" data-e-type=\"widget\" data-widget_type=\"image.default\">\n\t\t\t\t\t\t\t\t\t\t\t\t\t\t\t<img decoding=\"async\" width=\"150\" height=\"150\" src=\"https:\/\/jenatschgaragen.ch\/wollishofen\/wp-content\/uploads\/sites\/4\/2026\/01\/logo-VW-weiss-150x150.png\" class=\"attachment-thumbnail size-thumbnail wp-image-208\" alt=\"VW\" srcset=\"https:\/\/jenatschgaragen.ch\/wollishofen\/wp-content\/uploads\/sites\/4\/2026\/01\/logo-VW-weiss-150x150.png 150w, https:\/\/jenatschgaragen.ch\/wollishofen\/wp-content\/uploads\/sites\/4\/2026\/01\/logo-VW-weiss-300x300.png 300w, https:\/\/jenatschgaragen.ch\/wollishofen\/wp-content\/uploads\/sites\/4\/2026\/01\/logo-VW-weiss.png 500w\" sizes=\"(max-width: 150px) 100vw, 150px\" \/>\t\t\t\t\t\t\t\t\t\t\t\t\t\t\t<\/div>\n\t\t\t\t<div class=\"elementor-element elementor-element-be492bc elementor-widget elementor-widget-text-editor\" data-id=\"be492bc\" data-element_type=\"widget\" data-e-type=\"widget\" data-widget_type=\"text-editor.default\">\n\t\t\t\t\t\t\t\t\t<p class=\"marginer-no\">Offizielle Servicevertretung f\u00fcr Volkswagen<\/p>\t\t\t\t\t\t\t\t<\/div>\n\t\t\t\t<\/div>\n\t\t\t\t<div class=\"elementor-element elementor-element-451dda8 elementor-widget elementor-widget-text-editor\" data-id=\"451dda8\" data-element_type=\"widget\" data-e-type=\"widget\" data-widget_type=\"text-editor.default\">\n\t\t\t\t\t\t\t\t\t<ul><li>Verkauf Neuwagen alle Marken<\/li><li>Verkauf Occasionen alle Marken<\/li><li>Reparaturen<\/li><li>Service<\/li><li>Reifenwechsel<\/li><li>Elektroexpertise<\/li><li>Waschanlage<\/li><\/ul>\t\t\t\t\t\t\t\t<\/div>\n\t\t\t\t<div class=\"elementor-element elementor-element-dab018a elementor-widget elementor-widget-button\" data-id=\"dab018a\" data-element_type=\"widget\" data-e-type=\"widget\" data-widget_type=\"button.default\">\n\t\t\t\t\t\t\t\t\t\t<a class=\"elementor-button elementor-button-link elementor-size-sm\" href=\"https:\/\/jenatschgaragen.ch\/city\/\">\n\t\t\t\t\t\t<span class=\"elementor-button-content-wrapper\">\n\t\t\t\t\t\t<span class=\"elementor-button-icon\">\n\t\t\t\t<svg aria-hidden=\"true\" class=\"e-font-icon-svg e-fas-angle-right\" viewBox=\"0 0 256 512\" xmlns=\"http:\/\/www.w3.org\/2000\/svg\"><path d=\"M224.3 273l-136 136c-9.4 9.4-24.6 9.4-33.9 0l-22.6-22.6c-9.4-9.4-9.4-24.6 0-33.9l96.4-96.4-96.4-96.4c-9.4-9.4-9.4-24.6 0-33.9L54.3 103c9.4-9.4 24.6-9.4 33.9 0l136 136c9.5 9.4 9.5 24.6.1 34z\"><\/path><\/svg>\t\t\t<\/span>\n\t\t\t\t\t\t\t\t\t<span class=\"elementor-button-text\">Weiter zur Jenatsch-Garage Z\u00fcrich-City<\/span>\n\t\t\t\t\t<\/span>\n\t\t\t\t\t<\/a>\n\t\t\t\t\t\t\t\t<\/div>\n\t\t\t\t<\/div>\n\t\t\t\t<\/div>\n\t\t<div class=\"elementor-element elementor-element-5d5aa1e e-con-full e-flex e-con e-child\" data-id=\"5d5aa1e\" data-element_type=\"container\" data-e-type=\"container\">\n\t\t\t\t<div class=\"elementor-element elementor-element-82f845f elementor-widget elementor-widget-image\" data-id=\"82f845f\" data-element_type=\"widget\" data-e-type=\"widget\" data-widget_type=\"image.default\">\n\t\t\t\t\t\t\t\t\t\t\t\t\t\t\t\t<a href=\"https:\/\/jenatschgaragen.ch\/wollishofen\/\">\n\t\t\t\t\t\t\t<img loading=\"lazy\" decoding=\"async\" width=\"640\" height=\"400\" src=\"https:\/\/jenatschgaragen.ch\/wollishofen\/wp-content\/uploads\/sites\/4\/2026\/03\/Jenatschgarage-Wollishofen.jpg\" class=\"elementor-animation-float attachment-full size-full wp-image-1515\" alt=\"\" srcset=\"https:\/\/jenatschgaragen.ch\/wollishofen\/wp-content\/uploads\/sites\/4\/2026\/03\/Jenatschgarage-Wollishofen.jpg 640w, https:\/\/jenatschgaragen.ch\/wollishofen\/wp-content\/uploads\/sites\/4\/2026\/03\/Jenatschgarage-Wollishofen-300x188.jpg 300w\" sizes=\"(max-width: 640px) 100vw, 640px\" \/>\t\t\t\t\t\t\t\t<\/a>\n\t\t\t\t\t\t\t\t\t\t\t\t\t\t\t<\/div>\n\t\t<div class=\"elementor-element elementor-element-927b212 e-con-full e-flex e-con e-child\" data-id=\"927b212\" data-element_type=\"container\" data-e-type=\"container\">\n\t\t\t\t<div class=\"elementor-element elementor-element-503a958 elementor-widget elementor-widget-heading\" data-id=\"503a958\" data-element_type=\"widget\" data-e-type=\"widget\" data-widget_type=\"heading.default\">\n\t\t\t\t\t<h5 class=\"elementor-heading-title elementor-size-default\">Jenatschgarage Z\u00fcrich-Wollishofen<\/h5>\t\t\t\t<\/div>\n\t\t\t\t<div class=\"elementor-element elementor-element-ac01c43 elementor-widget elementor-widget-text-editor\" data-id=\"ac01c43\" data-element_type=\"widget\" data-e-type=\"widget\" data-widget_type=\"text-editor.default\">\n\t\t\t\t\t\t\t\t\t<p><strong>Die Experten f\u00fcr Volkswagen, Audi und Skoda<\/strong><\/p><ul><li>Verkauf Occasionen alle Marken<\/li><li>Reparaturen<\/li><li>Service<\/li><li>Reifenwechsel<\/li><li>Elektroexpertise<\/li><\/ul>\t\t\t\t\t\t\t\t<\/div>\n\t\t\t\t<\/div>\n\t\t\t\t<\/div>\n\t\t\t\t<\/div>\n\t\t\t\t<\/div>\n\t\t\t\t\t<\/div>\n\t\t\t\t<\/div>\n\t\t\t\t<\/div>\n\t\t","protected":false},"excerpt":{"rendered":"<p>In Z\u00fcrich Wollishofen zu Hause. Willkommen bei der Jenatschgarage Z\u00fcrich-Wollishofen. Seit Januar 2026 sind wir mit der Jenatschgarage auch in Z\u00fcrich-Wollishofen f\u00fcr Sie da. Als junger Standort bauen wir auf der langj\u00e4hrigen Erfahrung und dem Qualit\u00e4tsverst\u00e4ndnis der Jenatsch-Garagen auf. Mit pers\u00f6nlichem Service, fachlicher Kompetenz und moderner Mobilit\u00e4tsberatung begleiten wir unsere Kundinnen und Kunden zuverl\u00e4ssig rund [&hellip;]<\/p>\n","protected":false},"author":1,"featured_media":0,"parent":0,"menu_order":0,"comment_status":"closed","ping_status":"closed","template":"","meta":{"footnotes":""},"class_list":["post-570","page","type-page","status-publish","hentry"],"yoast_head":"<!-- This site is optimized with the Yoast SEO plugin v27.2 - https:\/\/yoast.com\/product\/yoast-seo-wordpress\/ -->\n<title>Unternehmen - Jenatschgarage Z\u00fcrich-Wollishofen<\/title>\n<meta name=\"description\" content=\"Jenatschgarage Z\u00fcrich-Wollishofen \u2013 Ihr zuverl\u00e4ssiger VW, Audi und Skoda Partner in Z\u00fcrich. Erfahren Sie mehr \u00fcber unser Team und unsere Geschichte.\" \/>\n<meta name=\"robots\" content=\"index, follow, max-snippet:-1, max-image-preview:large, max-video-preview:-1\" \/>\n<link rel=\"canonical\" href=\"https:\/\/jenatschgaragen.ch\/wollishofen\/unternehmen\/\" \/>\n<meta property=\"og:locale\" content=\"de_DE\" \/>\n<meta property=\"og:type\" content=\"article\" \/>\n<meta property=\"og:title\" content=\"Unternehmen - Jenatschgarage Z\u00fcrich-Wollishofen\" \/>\n<meta property=\"og:description\" content=\"Jenatschgarage Z\u00fcrich-Wollishofen \u2013 Ihr zuverl\u00e4ssiger VW, Audi und Skoda Partner in Z\u00fcrich. Erfahren Sie mehr \u00fcber unser Team und unsere Geschichte.\" \/>\n<meta property=\"og:url\" content=\"https:\/\/jenatschgaragen.ch\/wollishofen\/unternehmen\/\" \/>\n<meta property=\"og:site_name\" content=\"Jenatschgarage Z\u00fcrich-Wollishofen\" \/>\n<meta property=\"article:modified_time\" content=\"2026-04-27T13:14:21+00:00\" \/>\n<meta property=\"og:image\" content=\"https:\/\/jenatschgaragen.ch\/wollishofen\/wp-content\/uploads\/sites\/4\/2026\/01\/favicon-Jenatsch_Garagen.png\" \/>\n\t<meta property=\"og:image:width\" content=\"512\" \/>\n\t<meta property=\"og:image:height\" content=\"512\" \/>\n\t<meta property=\"og:image:type\" content=\"image\/png\" \/>\n<meta name=\"twitter:card\" content=\"summary_large_image\" \/>\n<meta name=\"twitter:label1\" content=\"Gesch\u00e4tzte Lesezeit\" \/>\n\t<meta name=\"twitter:data1\" content=\"5\u00a0Minuten\" \/>\n<script type=\"application\/ld+json\" class=\"yoast-schema-graph\">{\"@context\":\"https:\/\/schema.org\",\"@graph\":[{\"@type\":\"WebPage\",\"@id\":\"https:\/\/jenatschgaragen.ch\/wollishofen\/unternehmen\/\",\"url\":\"https:\/\/jenatschgaragen.ch\/wollishofen\/unternehmen\/\",\"name\":\"Unternehmen - Jenatschgarage Z\u00fcrich-Wollishofen\",\"isPartOf\":{\"@id\":\"https:\/\/jenatschgaragen.ch\/wollishofen\/#website\"},\"primaryImageOfPage\":{\"@id\":\"https:\/\/jenatschgaragen.ch\/wollishofen\/unternehmen\/#primaryimage\"},\"image\":{\"@id\":\"https:\/\/jenatschgaragen.ch\/wollishofen\/unternehmen\/#primaryimage\"},\"thumbnailUrl\":\"https:\/\/jenatschgaragen.ch\/wollishofen\/wp-content\/uploads\/sites\/4\/2026\/01\/favicon-Jenatsch_Garagen.png\",\"datePublished\":\"2026-01-23T16:09:33+00:00\",\"dateModified\":\"2026-04-27T13:14:21+00:00\",\"description\":\"Jenatschgarage Z\u00fcrich-Wollishofen \u2013 Ihr zuverl\u00e4ssiger VW, Audi und Skoda Partner in Z\u00fcrich. Erfahren Sie mehr \u00fcber unser Team und unsere Geschichte.\",\"breadcrumb\":{\"@id\":\"https:\/\/jenatschgaragen.ch\/wollishofen\/unternehmen\/#breadcrumb\"},\"inLanguage\":\"de-CH\",\"potentialAction\":[{\"@type\":\"ReadAction\",\"target\":[\"https:\/\/jenatschgaragen.ch\/wollishofen\/unternehmen\/\"]}]},{\"@type\":\"ImageObject\",\"inLanguage\":\"de-CH\",\"@id\":\"https:\/\/jenatschgaragen.ch\/wollishofen\/unternehmen\/#primaryimage\",\"url\":\"https:\/\/jenatschgaragen.ch\/wollishofen\/wp-content\/uploads\/sites\/4\/2026\/01\/favicon-Jenatsch_Garagen.png\",\"contentUrl\":\"https:\/\/jenatschgaragen.ch\/wollishofen\/wp-content\/uploads\/sites\/4\/2026\/01\/favicon-Jenatsch_Garagen.png\",\"width\":512,\"height\":512},{\"@type\":\"BreadcrumbList\",\"@id\":\"https:\/\/jenatschgaragen.ch\/wollishofen\/unternehmen\/#breadcrumb\",\"itemListElement\":[{\"@type\":\"ListItem\",\"position\":1,\"name\":\"Home\",\"item\":\"https:\/\/jenatschgaragen.ch\/wollishofen\/\"},{\"@type\":\"ListItem\",\"position\":2,\"name\":\"Unternehmen\"}]},{\"@type\":\"WebSite\",\"@id\":\"https:\/\/jenatschgaragen.ch\/wollishofen\/#website\",\"url\":\"https:\/\/jenatschgaragen.ch\/wollishofen\/\",\"name\":\"Jenatschgarage Z\u00fcrich-Wollishofen\",\"description\":\"Ihre Mobilit\u00e4ts-Experten in Z\u00fcrich-Wollishofen\\u2028\",\"publisher\":{\"@id\":\"https:\/\/jenatschgaragen.ch\/wollishofen\/#organization\"},\"potentialAction\":[{\"@type\":\"SearchAction\",\"target\":{\"@type\":\"EntryPoint\",\"urlTemplate\":\"https:\/\/jenatschgaragen.ch\/wollishofen\/?s={search_term_string}\"},\"query-input\":{\"@type\":\"PropertyValueSpecification\",\"valueRequired\":true,\"valueName\":\"search_term_string\"}}],\"inLanguage\":\"de-CH\"},{\"@type\":\"Organization\",\"@id\":\"https:\/\/jenatschgaragen.ch\/wollishofen\/#organization\",\"name\":\"Jenatschgarage Z\u00fcrich-Wollishofen\",\"url\":\"https:\/\/jenatschgaragen.ch\/wollishofen\/\",\"logo\":{\"@type\":\"ImageObject\",\"inLanguage\":\"de-CH\",\"@id\":\"https:\/\/jenatschgaragen.ch\/wollishofen\/#\/schema\/logo\/image\/\",\"url\":\"https:\/\/jenatschgaragen.ch\/wollishofen\/wp-content\/uploads\/sites\/4\/2026\/01\/logo-Jenatschgarage-Zuerich-Wollishofen.png\",\"contentUrl\":\"https:\/\/jenatschgaragen.ch\/wollishofen\/wp-content\/uploads\/sites\/4\/2026\/01\/logo-Jenatschgarage-Zuerich-Wollishofen.png\",\"width\":530,\"height\":110,\"caption\":\"Jenatschgarage Z\u00fcrich-Wollishofen\"},\"image\":{\"@id\":\"https:\/\/jenatschgaragen.ch\/wollishofen\/#\/schema\/logo\/image\/\"}}]}<\/script>\n<!-- \/ Yoast SEO plugin. -->","yoast_head_json":{"title":"Unternehmen - Jenatschgarage Z\u00fcrich-Wollishofen","description":"Jenatschgarage Z\u00fcrich-Wollishofen \u2013 Ihr zuverl\u00e4ssiger VW, Audi und Skoda Partner in Z\u00fcrich. Erfahren Sie mehr \u00fcber unser Team und unsere Geschichte.","robots":{"index":"index","follow":"follow","max-snippet":"max-snippet:-1","max-image-preview":"max-image-preview:large","max-video-preview":"max-video-preview:-1"},"canonical":"https:\/\/jenatschgaragen.ch\/wollishofen\/unternehmen\/","og_locale":"de_DE","og_type":"article","og_title":"Unternehmen - Jenatschgarage Z\u00fcrich-Wollishofen","og_description":"Jenatschgarage Z\u00fcrich-Wollishofen \u2013 Ihr zuverl\u00e4ssiger VW, Audi und Skoda Partner in Z\u00fcrich. Erfahren Sie mehr \u00fcber unser Team und unsere Geschichte.","og_url":"https:\/\/jenatschgaragen.ch\/wollishofen\/unternehmen\/","og_site_name":"Jenatschgarage Z\u00fcrich-Wollishofen","article_modified_time":"2026-04-27T13:14:21+00:00","og_image":[{"width":512,"height":512,"url":"https:\/\/jenatschgaragen.ch\/wollishofen\/wp-content\/uploads\/sites\/4\/2026\/01\/favicon-Jenatsch_Garagen.png","type":"image\/png"}],"twitter_card":"summary_large_image","twitter_misc":{"Gesch\u00e4tzte Lesezeit":"5\u00a0Minuten"},"schema":{"@context":"https:\/\/schema.org","@graph":[{"@type":"WebPage","@id":"https:\/\/jenatschgaragen.ch\/wollishofen\/unternehmen\/","url":"https:\/\/jenatschgaragen.ch\/wollishofen\/unternehmen\/","name":"Unternehmen - Jenatschgarage Z\u00fcrich-Wollishofen","isPartOf":{"@id":"https:\/\/jenatschgaragen.ch\/wollishofen\/#website"},"primaryImageOfPage":{"@id":"https:\/\/jenatschgaragen.ch\/wollishofen\/unternehmen\/#primaryimage"},"image":{"@id":"https:\/\/jenatschgaragen.ch\/wollishofen\/unternehmen\/#primaryimage"},"thumbnailUrl":"https:\/\/jenatschgaragen.ch\/wollishofen\/wp-content\/uploads\/sites\/4\/2026\/01\/favicon-Jenatsch_Garagen.png","datePublished":"2026-01-23T16:09:33+00:00","dateModified":"2026-04-27T13:14:21+00:00","description":"Jenatschgarage Z\u00fcrich-Wollishofen \u2013 Ihr zuverl\u00e4ssiger VW, Audi und Skoda Partner in Z\u00fcrich. Erfahren Sie mehr \u00fcber unser Team und unsere Geschichte.","breadcrumb":{"@id":"https:\/\/jenatschgaragen.ch\/wollishofen\/unternehmen\/#breadcrumb"},"inLanguage":"de-CH","potentialAction":[{"@type":"ReadAction","target":["https:\/\/jenatschgaragen.ch\/wollishofen\/unternehmen\/"]}]},{"@type":"ImageObject","inLanguage":"de-CH","@id":"https:\/\/jenatschgaragen.ch\/wollishofen\/unternehmen\/#primaryimage","url":"https:\/\/jenatschgaragen.ch\/wollishofen\/wp-content\/uploads\/sites\/4\/2026\/01\/favicon-Jenatsch_Garagen.png","contentUrl":"https:\/\/jenatschgaragen.ch\/wollishofen\/wp-content\/uploads\/sites\/4\/2026\/01\/favicon-Jenatsch_Garagen.png","width":512,"height":512},{"@type":"BreadcrumbList","@id":"https:\/\/jenatschgaragen.ch\/wollishofen\/unternehmen\/#breadcrumb","itemListElement":[{"@type":"ListItem","position":1,"name":"Home","item":"https:\/\/jenatschgaragen.ch\/wollishofen\/"},{"@type":"ListItem","position":2,"name":"Unternehmen"}]},{"@type":"WebSite","@id":"https:\/\/jenatschgaragen.ch\/wollishofen\/#website","url":"https:\/\/jenatschgaragen.ch\/wollishofen\/","name":"Jenatschgarage Z\u00fcrich-Wollishofen","description":"Ihre Mobilit\u00e4ts-Experten in Z\u00fcrich-Wollishofen\u2028","publisher":{"@id":"https:\/\/jenatschgaragen.ch\/wollishofen\/#organization"},"potentialAction":[{"@type":"SearchAction","target":{"@type":"EntryPoint","urlTemplate":"https:\/\/jenatschgaragen.ch\/wollishofen\/?s={search_term_string}"},"query-input":{"@type":"PropertyValueSpecification","valueRequired":true,"valueName":"search_term_string"}}],"inLanguage":"de-CH"},{"@type":"Organization","@id":"https:\/\/jenatschgaragen.ch\/wollishofen\/#organization","name":"Jenatschgarage Z\u00fcrich-Wollishofen","url":"https:\/\/jenatschgaragen.ch\/wollishofen\/","logo":{"@type":"ImageObject","inLanguage":"de-CH","@id":"https:\/\/jenatschgaragen.ch\/wollishofen\/#\/schema\/logo\/image\/","url":"https:\/\/jenatschgaragen.ch\/wollishofen\/wp-content\/uploads\/sites\/4\/2026\/01\/logo-Jenatschgarage-Zuerich-Wollishofen.png","contentUrl":"https:\/\/jenatschgaragen.ch\/wollishofen\/wp-content\/uploads\/sites\/4\/2026\/01\/logo-Jenatschgarage-Zuerich-Wollishofen.png","width":530,"height":110,"caption":"Jenatschgarage Z\u00fcrich-Wollishofen"},"image":{"@id":"https:\/\/jenatschgaragen.ch\/wollishofen\/#\/schema\/logo\/image\/"}}]}},"_links":{"self":[{"href":"https:\/\/jenatschgaragen.ch\/wollishofen\/wp-json\/wp\/v2\/pages\/570","targetHints":{"allow":["GET"]}}],"collection":[{"href":"https:\/\/jenatschgaragen.ch\/wollishofen\/wp-json\/wp\/v2\/pages"}],"about":[{"href":"https:\/\/jenatschgaragen.ch\/wollishofen\/wp-json\/wp\/v2\/types\/page"}],"author":[{"embeddable":true,"href":"https:\/\/jenatschgaragen.ch\/wollishofen\/wp-json\/wp\/v2\/users\/1"}],"replies":[{"embeddable":true,"href":"https:\/\/jenatschgaragen.ch\/wollishofen\/wp-json\/wp\/v2\/comments?post=570"}],"version-history":[{"count":70,"href":"https:\/\/jenatschgaragen.ch\/wollishofen\/wp-json\/wp\/v2\/pages\/570\/revisions"}],"predecessor-version":[{"id":1601,"href":"https:\/\/jenatschgaragen.ch\/wollishofen\/wp-json\/wp\/v2\/pages\/570\/revisions\/1601"}],"wp:attachment":[{"href":"https:\/\/jenatschgaragen.ch\/wollishofen\/wp-json\/wp\/v2\/media?parent=570"}],"curies":[{"name":"wp","href":"https:\/\/api.w.org\/{rel}","templated":true}]}}