{"id":1111,"date":"2026-02-02T14:22:25","date_gmt":"2026-02-02T13:22:25","guid":{"rendered":"https:\/\/effecto-marketing.ch\/jenatsch\/garage-zuerich-wollishofen\/?page_id=1111"},"modified":"2026-04-15T14:20:44","modified_gmt":"2026-04-15T12:20:44","slug":"zubehoer","status":"publish","type":"page","link":"https:\/\/jenatschgaragen.ch\/wollishofen\/zubehoer\/","title":{"rendered":"Zubeh\u00f6r"},"content":{"rendered":"\t\t<div data-elementor-type=\"wp-page\" data-elementor-id=\"1111\" class=\"elementor elementor-1111\" data-elementor-post-type=\"page\">\n\t\t\t\t<div class=\"elementor-element elementor-element-e9670f9 e-flex e-con-boxed e-con e-parent\" data-id=\"e9670f9\" data-element_type=\"container\" data-e-type=\"container\" data-settings=\"{&quot;background_background&quot;:&quot;classic&quot;}\">\n\t\t\t\t\t<div class=\"e-con-inner\">\n\t\t\t\t\t<\/div>\n\t\t\t\t<\/div>\n\t\t<div class=\"elementor-element elementor-element-f5be828 e-flex e-con-boxed e-con e-parent\" data-id=\"f5be828\" data-element_type=\"container\" data-e-type=\"container\">\n\t\t\t\t\t<div class=\"e-con-inner\">\n\t\t<div class=\"elementor-element elementor-element-93ab797 e-con-full e-flex e-con e-child\" data-id=\"93ab797\" data-element_type=\"container\" data-e-type=\"container\">\n\t\t<div class=\"elementor-element elementor-element-3dda2e4 e-con-full animated-fast e-flex elementor-invisible e-con e-child\" data-id=\"3dda2e4\" data-element_type=\"container\" data-e-type=\"container\" data-settings=\"{&quot;animation&quot;:&quot;fadeInLeft&quot;}\">\n\t\t\t\t<div class=\"elementor-element elementor-element-3ddbe8d elementor-widget elementor-widget-heading\" data-id=\"3ddbe8d\" data-element_type=\"widget\" data-e-type=\"widget\" data-widget_type=\"heading.default\">\n\t\t\t\t\t<h2 class=\"elementor-heading-title elementor-size-default\">Zubeh\u00f6r<\/h2>\t\t\t\t<\/div>\n\t\t\t\t<\/div>\n\t\t<div class=\"elementor-element elementor-element-8d3ce2e e-con-full animated-slow e-flex elementor-invisible e-con e-child\" data-id=\"8d3ce2e\" data-element_type=\"container\" data-e-type=\"container\" data-settings=\"{&quot;animation&quot;:&quot;fadeIn&quot;}\">\n\t\t\t\t<div class=\"elementor-element elementor-element-401621e elementor-widget elementor-widget-heading\" data-id=\"401621e\" data-element_type=\"widget\" data-e-type=\"widget\" data-widget_type=\"heading.default\">\n\t\t\t\t\t<h4 class=\"elementor-heading-title elementor-size-default\">Individuelle L\u00f6sungen f\u00fcr Ihr Fahrzeug.<\/h4>\t\t\t\t<\/div>\n\t\t\t\t<div class=\"elementor-element elementor-element-722f4f8 elementor-widget elementor-widget-text-editor\" data-id=\"722f4f8\" data-element_type=\"widget\" data-e-type=\"widget\" data-widget_type=\"text-editor.default\">\n\t\t\t\t\t\t\t\t\t<p class=\"p1\">Sie haben Ihr Fahrzeug nach Ihren pers\u00f6nlichen Vorstellungen gew\u00e4hlt und m\u00f6chten es nun gezielt erweitern oder individualisieren? Mit passendem Zubeh\u00f6r verleihen Sie Ihrem Auto den letzten Schliff und passen es optimal an Ihre Bed\u00fcrfnisse an. Wir beraten Sie gerne pers\u00f6nlich und zeigen Ihnen vielseitige M\u00f6glichkeiten f\u00fcr mehr Komfort, Funktionalit\u00e4t und Individualit\u00e4t.<\/p>\t\t\t\t\t\t\t\t<\/div>\n\t\t\t\t<\/div>\n\t\t\t\t<\/div>\n\t\t\t\t\t<\/div>\n\t\t\t\t<\/div>\n\t\t<div class=\"elementor-element elementor-element-a236f78 e-flex e-con-boxed e-con e-parent\" data-id=\"a236f78\" data-element_type=\"container\" data-e-type=\"container\">\n\t\t\t\t\t<div class=\"e-con-inner\">\n\t\t<div class=\"elementor-element elementor-element-f4ff13a e-con-full e-flex e-con e-child\" data-id=\"f4ff13a\" data-element_type=\"container\" data-e-type=\"container\">\n\t\t<div class=\"elementor-element elementor-element-8383976 e-con-full e-flex e-con e-child\" data-id=\"8383976\" data-element_type=\"container\" data-e-type=\"container\">\n\t\t<div class=\"elementor-element elementor-element-e1dd9f6 e-con-full animated-fast e-flex elementor-invisible e-con e-child\" data-id=\"e1dd9f6\" data-element_type=\"container\" data-e-type=\"container\" data-settings=\"{&quot;animation&quot;:&quot;fadeInLeft&quot;}\">\n\t\t\t\t<div class=\"elementor-element elementor-element-0685ff4 elementor-widget elementor-widget-heading\" data-id=\"0685ff4\" data-element_type=\"widget\" data-e-type=\"widget\" data-widget_type=\"heading.default\">\n\t\t\t\t\t<h3 class=\"elementor-heading-title elementor-size-default\">Passgenaue L\u00f6sungen<\/h3>\t\t\t\t<\/div>\n\t\t\t\t<\/div>\n\t\t<div class=\"elementor-element elementor-element-52fea79 e-con-full animated-slow e-flex elementor-invisible e-con e-child\" data-id=\"52fea79\" data-element_type=\"container\" data-e-type=\"container\" data-settings=\"{&quot;animation&quot;:&quot;fadeIn&quot;}\">\n\t\t\t\t<div class=\"elementor-element elementor-element-2d85dcc elementor-widget elementor-widget-text-editor\" data-id=\"2d85dcc\" data-element_type=\"widget\" data-e-type=\"widget\" data-widget_type=\"text-editor.default\">\n\t\t\t\t\t\t\t\t\t<p class=\"p1\">Unser Zubeh\u00f6rangebot umfasst eine breite Auswahl an durchdachten Produkten, die auf unterschiedliche Anforderungen und Fahrzeugtypen abgestimmt sind. So profitieren Sie von mehr Komfort, erh\u00f6hter Sicherheit und einer individuellen Ausstattung \u2013 passend zu Ihrem Alltag und Ihrem pers\u00f6nlichen Stil.<\/p>\t\t\t\t\t\t\t\t<\/div>\n\t\t\t\t<\/div>\n\t\t\t\t<\/div>\n\t\t<div class=\"elementor-element elementor-element-8de4cb6 e-con-full e-flex e-con e-child\" data-id=\"8de4cb6\" data-element_type=\"container\" data-e-type=\"container\">\n\t\t<div class=\"elementor-element elementor-element-d640f6e e-con-full e-flex elementor-invisible e-con e-child\" data-id=\"d640f6e\" data-element_type=\"container\" data-e-type=\"container\" data-settings=\"{&quot;animation&quot;:&quot;fadeInUp&quot;}\">\n\t\t\t\t<div class=\"elementor-element elementor-element-7d63ce9 elementor-widget elementor-widget-image\" data-id=\"7d63ce9\" data-element_type=\"widget\" data-e-type=\"widget\" data-widget_type=\"image.default\">\n\t\t\t\t\t\t\t\t\t\t\t\t\t\t\t<img fetchpriority=\"high\" decoding=\"async\" width=\"768\" height=\"471\" src=\"https:\/\/jenatschgaragen.ch\/wollishofen\/wp-content\/uploads\/sites\/4\/2026\/02\/dienstleistungen-aufdorf_maennedorf-original_zubehoer-01-768x471.jpg\" class=\"elementor-animation-float attachment-medium_large size-medium_large wp-image-1114\" alt=\"\" srcset=\"https:\/\/jenatschgaragen.ch\/wollishofen\/wp-content\/uploads\/sites\/4\/2026\/02\/dienstleistungen-aufdorf_maennedorf-original_zubehoer-01-768x471.jpg 768w, https:\/\/jenatschgaragen.ch\/wollishofen\/wp-content\/uploads\/sites\/4\/2026\/02\/dienstleistungen-aufdorf_maennedorf-original_zubehoer-01-300x184.jpg 300w, https:\/\/jenatschgaragen.ch\/wollishofen\/wp-content\/uploads\/sites\/4\/2026\/02\/dienstleistungen-aufdorf_maennedorf-original_zubehoer-01-1024x628.jpg 1024w, https:\/\/jenatschgaragen.ch\/wollishofen\/wp-content\/uploads\/sites\/4\/2026\/02\/dienstleistungen-aufdorf_maennedorf-original_zubehoer-01.jpg 1047w\" sizes=\"(max-width: 768px) 100vw, 768px\" \/>\t\t\t\t\t\t\t\t\t\t\t\t\t\t\t<\/div>\n\t\t<div class=\"elementor-element elementor-element-004c795 e-con-full e-flex e-con e-child\" data-id=\"004c795\" data-element_type=\"container\" data-e-type=\"container\">\n\t\t\t\t<div class=\"elementor-element elementor-element-7c5d620 elementor-widget elementor-widget-heading\" data-id=\"7c5d620\" data-element_type=\"widget\" data-e-type=\"widget\" data-widget_type=\"heading.default\">\n\t\t\t\t\t<h6 class=\"elementor-heading-title elementor-size-default\">Transportl\u00f6sungen<\/h6>\t\t\t\t<\/div>\n\t\t\t\t<div class=\"elementor-element elementor-element-b36d0b8 elementor-widget elementor-widget-text-editor\" data-id=\"b36d0b8\" data-element_type=\"widget\" data-e-type=\"widget\" data-widget_type=\"text-editor.default\">\n\t\t\t\t\t\t\t\t\t<p class=\"p1\">Ob Dach- oder Hecktr\u00e4gersysteme f\u00fcr Dachboxen, Fahrr\u00e4der, Skier oder weiteres Equipment \u2013 mit den richtigen Transportl\u00f6sungen schaffen Sie zus\u00e4tzlichen Stauraum und bleiben flexibel unterwegs. Ideal f\u00fcr Freizeit, Sport oder l\u00e4ngere Reisen.<\/p>\t\t\t\t\t\t\t\t<\/div>\n\t\t\t\t<\/div>\n\t\t\t\t<\/div>\n\t\t<div class=\"elementor-element elementor-element-e06afec e-con-full e-flex elementor-invisible e-con e-child\" data-id=\"e06afec\" data-element_type=\"container\" data-e-type=\"container\" data-settings=\"{&quot;animation&quot;:&quot;fadeInUp&quot;,&quot;animation_delay&quot;:&quot;100&quot;}\">\n\t\t\t\t<div class=\"elementor-element elementor-element-f199a77 elementor-widget elementor-widget-image\" data-id=\"f199a77\" data-element_type=\"widget\" data-e-type=\"widget\" data-widget_type=\"image.default\">\n\t\t\t\t\t\t\t\t\t\t\t\t\t\t\t<img decoding=\"async\" width=\"768\" height=\"471\" src=\"https:\/\/jenatschgaragen.ch\/wollishofen\/wp-content\/uploads\/sites\/4\/2026\/02\/dienstleistungen-aufdorf_maennedorf-original_zubehoer-02-768x471.jpg\" class=\"elementor-animation-float attachment-medium_large size-medium_large wp-image-1115\" alt=\"\" srcset=\"https:\/\/jenatschgaragen.ch\/wollishofen\/wp-content\/uploads\/sites\/4\/2026\/02\/dienstleistungen-aufdorf_maennedorf-original_zubehoer-02-768x471.jpg 768w, https:\/\/jenatschgaragen.ch\/wollishofen\/wp-content\/uploads\/sites\/4\/2026\/02\/dienstleistungen-aufdorf_maennedorf-original_zubehoer-02-300x184.jpg 300w, https:\/\/jenatschgaragen.ch\/wollishofen\/wp-content\/uploads\/sites\/4\/2026\/02\/dienstleistungen-aufdorf_maennedorf-original_zubehoer-02-1024x628.jpg 1024w, https:\/\/jenatschgaragen.ch\/wollishofen\/wp-content\/uploads\/sites\/4\/2026\/02\/dienstleistungen-aufdorf_maennedorf-original_zubehoer-02.jpg 1047w\" sizes=\"(max-width: 768px) 100vw, 768px\" \/>\t\t\t\t\t\t\t\t\t\t\t\t\t\t\t<\/div>\n\t\t<div class=\"elementor-element elementor-element-c45bef5 e-con-full e-flex e-con e-child\" data-id=\"c45bef5\" data-element_type=\"container\" data-e-type=\"container\">\n\t\t\t\t<div class=\"elementor-element elementor-element-fd1ea59 elementor-widget elementor-widget-heading\" data-id=\"fd1ea59\" data-element_type=\"widget\" data-e-type=\"widget\" data-widget_type=\"heading.default\">\n\t\t\t\t\t<h6 class=\"elementor-heading-title elementor-size-default\">Komfort &amp; Schutz<\/h6>\t\t\t\t<\/div>\n\t\t\t\t<div class=\"elementor-element elementor-element-ced906d elementor-widget elementor-widget-text-editor\" data-id=\"ced906d\" data-element_type=\"widget\" data-e-type=\"widget\" data-widget_type=\"text-editor.default\">\n\t\t\t\t\t\t\t\t\t<p class=\"p1\">Schutz- und Komfortzubeh\u00f6r wie Schmutzmatten, Abdeckungen, Lackschutzl\u00f6sungen oder Pannenhilfesets tragen dazu bei, den Innen- und Aussenbereich Ihres Fahrzeugs langfristig zu sch\u00fctzen. So bleibt Ihr Fahrzeug gepflegt und beh\u00e4lt seinen Wert.<\/p>\t\t\t\t\t\t\t\t<\/div>\n\t\t\t\t<\/div>\n\t\t\t\t<\/div>\n\t\t<div class=\"elementor-element elementor-element-12a2868 e-con-full e-flex elementor-invisible e-con e-child\" data-id=\"12a2868\" data-element_type=\"container\" data-e-type=\"container\" data-settings=\"{&quot;animation&quot;:&quot;fadeInUp&quot;,&quot;animation_delay&quot;:&quot;200&quot;}\">\n\t\t\t\t<div class=\"elementor-element elementor-element-87df53a elementor-widget elementor-widget-image\" data-id=\"87df53a\" data-element_type=\"widget\" data-e-type=\"widget\" data-widget_type=\"image.default\">\n\t\t\t\t\t\t\t\t\t\t\t\t\t\t\t<img decoding=\"async\" width=\"768\" height=\"471\" src=\"https:\/\/jenatschgaragen.ch\/wollishofen\/wp-content\/uploads\/sites\/4\/2026\/02\/dienstleistungen-aufdorf_maennedorf-original_zubehoer-03-768x471.jpg\" class=\"elementor-animation-float attachment-medium_large size-medium_large wp-image-1116\" alt=\"\" srcset=\"https:\/\/jenatschgaragen.ch\/wollishofen\/wp-content\/uploads\/sites\/4\/2026\/02\/dienstleistungen-aufdorf_maennedorf-original_zubehoer-03-768x471.jpg 768w, https:\/\/jenatschgaragen.ch\/wollishofen\/wp-content\/uploads\/sites\/4\/2026\/02\/dienstleistungen-aufdorf_maennedorf-original_zubehoer-03-300x184.jpg 300w, https:\/\/jenatschgaragen.ch\/wollishofen\/wp-content\/uploads\/sites\/4\/2026\/02\/dienstleistungen-aufdorf_maennedorf-original_zubehoer-03-1024x628.jpg 1024w, https:\/\/jenatschgaragen.ch\/wollishofen\/wp-content\/uploads\/sites\/4\/2026\/02\/dienstleistungen-aufdorf_maennedorf-original_zubehoer-03.jpg 1047w\" sizes=\"(max-width: 768px) 100vw, 768px\" \/>\t\t\t\t\t\t\t\t\t\t\t\t\t\t\t<\/div>\n\t\t<div class=\"elementor-element elementor-element-3fb82a8 e-con-full e-flex e-con e-child\" data-id=\"3fb82a8\" data-element_type=\"container\" data-e-type=\"container\">\n\t\t\t\t<div class=\"elementor-element elementor-element-cc00cdd elementor-widget elementor-widget-heading\" data-id=\"cc00cdd\" data-element_type=\"widget\" data-e-type=\"widget\" data-widget_type=\"heading.default\">\n\t\t\t\t\t<h6 class=\"elementor-heading-title elementor-size-default\">Familie &amp; Sicherheit<\/h6>\t\t\t\t<\/div>\n\t\t\t\t<div class=\"elementor-element elementor-element-26c63fb elementor-widget elementor-widget-text-editor\" data-id=\"26c63fb\" data-element_type=\"widget\" data-e-type=\"widget\" data-widget_type=\"text-editor.default\">\n\t\t\t\t\t\t\t\t\t<p class=\"p1\">F\u00fcr Familien stehen Sicherheit und Komfort an erster Stelle. Wir bieten passende L\u00f6sungen wie Kindersitze und Babyschalen mit modernen Befestigungssystemen, die optimalen Schutz f\u00fcr die j\u00fcngsten Mitfahrer gew\u00e4hrleisten.<\/p>\t\t\t\t\t\t\t\t<\/div>\n\t\t\t\t<\/div>\n\t\t\t\t<\/div>\n\t\t\t\t<\/div>\n\t\t\t\t<\/div>\n\t\t\t\t\t<\/div>\n\t\t\t\t<\/div>\n\t\t<div class=\"elementor-element elementor-element-8ff056e e-flex e-con-boxed e-con e-parent\" data-id=\"8ff056e\" data-element_type=\"container\" data-e-type=\"container\" data-settings=\"{&quot;background_background&quot;:&quot;classic&quot;}\">\n\t\t\t\t\t<div class=\"e-con-inner\">\n\t\t<div class=\"elementor-element elementor-element-fabbd02 e-con-full e-flex e-con e-child\" data-id=\"fabbd02\" data-element_type=\"container\" data-e-type=\"container\">\n\t\t<div class=\"elementor-element elementor-element-a772277 e-con-full e-flex e-con e-child\" data-id=\"a772277\" data-element_type=\"container\" data-e-type=\"container\">\n\t\t<div class=\"elementor-element elementor-element-b285be1 e-con-full e-flex e-con e-child\" data-id=\"b285be1\" data-element_type=\"container\" data-e-type=\"container\">\n\t\t\t\t<div class=\"elementor-element elementor-element-2847804 elementor-widget elementor-widget-heading\" data-id=\"2847804\" data-element_type=\"widget\" data-e-type=\"widget\" data-widget_type=\"heading.default\">\n\t\t\t\t\t<h3 class=\"elementor-heading-title elementor-size-default\">Termin vereinbaren<\/h3>\t\t\t\t<\/div>\n\t\t<div class=\"elementor-element elementor-element-b441dd7 e-con-full animated-slow e-flex elementor-invisible e-con e-child\" data-id=\"b441dd7\" data-element_type=\"container\" data-e-type=\"container\" data-settings=\"{&quot;background_background&quot;:&quot;classic&quot;,&quot;animation&quot;:&quot;fadeIn&quot;}\">\n\t\t\t\t<div class=\"elementor-element elementor-element-a179c7e elementor-widget elementor-widget-heading\" data-id=\"a179c7e\" data-element_type=\"widget\" data-e-type=\"widget\" data-widget_type=\"heading.default\">\n\t\t\t\t\t<h4 class=\"elementor-heading-title elementor-size-default\">Schnell und einfach<\/h4>\t\t\t\t<\/div>\n\t\t\t\t<div class=\"elementor-element elementor-element-6d5074e elementor-align-left elementor-widget elementor-widget-button\" data-id=\"6d5074e\" data-element_type=\"widget\" data-e-type=\"widget\" data-widget_type=\"button.default\">\n\t\t\t\t\t\t\t\t\t\t<a class=\"elementor-button elementor-button-link elementor-size-sm\" href=\"https:\/\/jenatschgarage-wollishofen.sopl.ch\/\">\n\t\t\t\t\t\t<span class=\"elementor-button-content-wrapper\">\n\t\t\t\t\t\t<span class=\"elementor-button-icon\">\n\t\t\t\t<svg aria-hidden=\"true\" class=\"e-font-icon-svg e-fas-angle-right\" viewBox=\"0 0 256 512\" xmlns=\"http:\/\/www.w3.org\/2000\/svg\"><path d=\"M224.3 273l-136 136c-9.4 9.4-24.6 9.4-33.9 0l-22.6-22.6c-9.4-9.4-9.4-24.6 0-33.9l96.4-96.4-96.4-96.4c-9.4-9.4-9.4-24.6 0-33.9L54.3 103c9.4-9.4 24.6-9.4 33.9 0l136 136c9.5 9.4 9.5 24.6.1 34z\"><\/path><\/svg>\t\t\t<\/span>\n\t\t\t\t\t\t\t\t\t<span class=\"elementor-button-text\">Online Termin vereinbaren<\/span>\n\t\t\t\t\t<\/span>\n\t\t\t\t\t<\/a>\n\t\t\t\t\t\t\t\t<\/div>\n\t\t\t\t<\/div>\n\t\t\t\t<\/div>\n\t\t<div class=\"elementor-element elementor-element-f0a0516 e-con-full animated-fast e-flex elementor-invisible e-con e-child\" data-id=\"f0a0516\" data-element_type=\"container\" data-e-type=\"container\" data-settings=\"{&quot;animation&quot;:&quot;fadeInUp&quot;}\">\n\t\t\t\t<div class=\"elementor-element elementor-element-e49cf34 elementor-widget elementor-widget-heading\" data-id=\"e49cf34\" data-element_type=\"widget\" data-e-type=\"widget\" data-widget_type=\"heading.default\">\n\t\t\t\t\t<h3 class=\"elementor-heading-title elementor-size-default\">In Z\u00fcrich Wollishofen zu Hause.<\/h3>\t\t\t\t<\/div>\n\t\t\t\t<div class=\"elementor-element elementor-element-936fecc elementor-widget elementor-widget-image\" data-id=\"936fecc\" data-element_type=\"widget\" data-e-type=\"widget\" data-widget_type=\"image.default\">\n\t\t\t\t\t\t\t\t\t\t\t\t\t\t\t<img loading=\"lazy\" decoding=\"async\" width=\"640\" height=\"400\" src=\"https:\/\/jenatschgaragen.ch\/wollishofen\/wp-content\/uploads\/sites\/4\/2026\/03\/Jenatschgarage-Wollishofen.jpg\" class=\"elementor-animation-float attachment-medium_large size-medium_large wp-image-1515\" alt=\"\" srcset=\"https:\/\/jenatschgaragen.ch\/wollishofen\/wp-content\/uploads\/sites\/4\/2026\/03\/Jenatschgarage-Wollishofen.jpg 640w, https:\/\/jenatschgaragen.ch\/wollishofen\/wp-content\/uploads\/sites\/4\/2026\/03\/Jenatschgarage-Wollishofen-300x188.jpg 300w\" sizes=\"(max-width: 640px) 100vw, 640px\" \/>\t\t\t\t\t\t\t\t\t\t\t\t\t\t\t<\/div>\n\t\t\t\t<div class=\"elementor-element elementor-element-607f258 elementor-widget elementor-widget-text-editor\" data-id=\"607f258\" data-element_type=\"widget\" data-e-type=\"widget\" data-widget_type=\"text-editor.default\">\n\t\t\t\t\t\t\t\t\t<p class=\"p1\">Bei der <strong data-start=\"152\" data-end=\"189\">Jenatschgarage Z\u00fcrich-Wollishofen<\/strong> stehen Verl\u00e4sslichkeit, pers\u00f6nliche N\u00e4he und hohe Fachkompetenz im Mittelpunkt. Als moderner Garagenbetrieb im Quartier begleiten wir unsere Kundinnen und Kunden in Z\u00fcrich-Wollishofen kompetent und unkompliziert in allen Fragen rund um ihre Mobilit\u00e4t. Wir setzen auf sorgf\u00e4ltige Arbeit, individuelle Beratung und eine offene, ehrliche Kommunikation. Unser Anspruch ist es, jeden Tag zuverl\u00e4ssige Qualit\u00e4t und pers\u00f6nlichen Service zu bieten \u2013 mit Engagement und Leidenschaft f\u00fcr moderne Mobilit\u00e4t.<\/p>\t\t\t\t\t\t\t\t<\/div>\n\t\t\t\t<\/div>\n\t\t\t\t<\/div>\n\t\t\t\t<\/div>\n\t\t\t\t\t<\/div>\n\t\t\t\t<\/div>\n\t\t\t\t<\/div>\n\t\t","protected":false},"excerpt":{"rendered":"<p>Zubeh\u00f6r Individuelle L\u00f6sungen f\u00fcr Ihr Fahrzeug. Sie haben Ihr Fahrzeug nach Ihren pers\u00f6nlichen Vorstellungen gew\u00e4hlt und m\u00f6chten es nun gezielt erweitern oder individualisieren? Mit passendem Zubeh\u00f6r verleihen Sie Ihrem Auto den letzten Schliff und passen es optimal an Ihre Bed\u00fcrfnisse an. Wir beraten Sie gerne pers\u00f6nlich und zeigen Ihnen vielseitige M\u00f6glichkeiten f\u00fcr mehr Komfort, Funktionalit\u00e4t [&hellip;]<\/p>\n","protected":false},"author":1,"featured_media":0,"parent":0,"menu_order":0,"comment_status":"closed","ping_status":"closed","template":"","meta":{"footnotes":""},"class_list":["post-1111","page","type-page","status-publish","hentry"],"yoast_head":"<!-- This site is optimized with the Yoast SEO plugin v27.2 - https:\/\/yoast.com\/product\/yoast-seo-wordpress\/ -->\n<title>Zubeh\u00f6r - Jenatschgarage Z\u00fcrich-Wollishofen<\/title>\n<meta name=\"description\" content=\"VW, Audi und Skoda Zubeh\u00f6r bei Jenatschgarage Z\u00fcrich-Wollishofen \u2013 Dachtr\u00e4ger, Schneeketten, Matten und vieles mehr direkt erh\u00e4ltlich.\" \/>\n<meta name=\"robots\" content=\"index, follow, max-snippet:-1, max-image-preview:large, max-video-preview:-1\" \/>\n<link rel=\"canonical\" href=\"https:\/\/jenatschgaragen.ch\/wollishofen\/zubehoer\/\" \/>\n<meta property=\"og:locale\" content=\"de_DE\" \/>\n<meta property=\"og:type\" content=\"article\" \/>\n<meta property=\"og:title\" content=\"Zubeh\u00f6r - Jenatschgarage Z\u00fcrich-Wollishofen\" \/>\n<meta property=\"og:description\" content=\"VW, Audi und Skoda Zubeh\u00f6r bei Jenatschgarage Z\u00fcrich-Wollishofen \u2013 Dachtr\u00e4ger, Schneeketten, Matten und vieles mehr direkt erh\u00e4ltlich.\" \/>\n<meta property=\"og:url\" content=\"https:\/\/jenatschgaragen.ch\/wollishofen\/zubehoer\/\" \/>\n<meta property=\"og:site_name\" content=\"Jenatschgarage Z\u00fcrich-Wollishofen\" \/>\n<meta property=\"article:modified_time\" content=\"2026-04-15T12:20:44+00:00\" \/>\n<meta property=\"og:image\" content=\"https:\/\/jenatschgaragen.ch\/wollishofen\/wp-content\/uploads\/sites\/4\/2026\/02\/dienstleistungen-aufdorf_maennedorf-original_zubehoer-01-768x471.jpg\" \/>\n<meta name=\"twitter:card\" content=\"summary_large_image\" \/>\n<meta name=\"twitter:label1\" content=\"Gesch\u00e4tzte Lesezeit\" \/>\n\t<meta name=\"twitter:data1\" content=\"3\u00a0Minuten\" \/>\n<script type=\"application\/ld+json\" class=\"yoast-schema-graph\">{\"@context\":\"https:\/\/schema.org\",\"@graph\":[{\"@type\":\"WebPage\",\"@id\":\"https:\/\/jenatschgaragen.ch\/wollishofen\/zubehoer\/\",\"url\":\"https:\/\/jenatschgaragen.ch\/wollishofen\/zubehoer\/\",\"name\":\"Zubeh\u00f6r - Jenatschgarage Z\u00fcrich-Wollishofen\",\"isPartOf\":{\"@id\":\"https:\/\/jenatschgaragen.ch\/wollishofen\/#website\"},\"primaryImageOfPage\":{\"@id\":\"https:\/\/jenatschgaragen.ch\/wollishofen\/zubehoer\/#primaryimage\"},\"image\":{\"@id\":\"https:\/\/jenatschgaragen.ch\/wollishofen\/zubehoer\/#primaryimage\"},\"thumbnailUrl\":\"https:\/\/jenatschgaragen.ch\/wollishofen\/wp-content\/uploads\/sites\/4\/2026\/02\/dienstleistungen-aufdorf_maennedorf-original_zubehoer-01-768x471.jpg\",\"datePublished\":\"2026-02-02T13:22:25+00:00\",\"dateModified\":\"2026-04-15T12:20:44+00:00\",\"description\":\"VW, Audi und Skoda Zubeh\u00f6r bei Jenatschgarage Z\u00fcrich-Wollishofen \u2013 Dachtr\u00e4ger, Schneeketten, Matten und vieles mehr direkt erh\u00e4ltlich.\",\"breadcrumb\":{\"@id\":\"https:\/\/jenatschgaragen.ch\/wollishofen\/zubehoer\/#breadcrumb\"},\"inLanguage\":\"de-CH\",\"potentialAction\":[{\"@type\":\"ReadAction\",\"target\":[\"https:\/\/jenatschgaragen.ch\/wollishofen\/zubehoer\/\"]}]},{\"@type\":\"ImageObject\",\"inLanguage\":\"de-CH\",\"@id\":\"https:\/\/jenatschgaragen.ch\/wollishofen\/zubehoer\/#primaryimage\",\"url\":\"https:\/\/jenatschgaragen.ch\/wollishofen\/wp-content\/uploads\/sites\/4\/2026\/02\/dienstleistungen-aufdorf_maennedorf-original_zubehoer-01.jpg\",\"contentUrl\":\"https:\/\/jenatschgaragen.ch\/wollishofen\/wp-content\/uploads\/sites\/4\/2026\/02\/dienstleistungen-aufdorf_maennedorf-original_zubehoer-01.jpg\",\"width\":1047,\"height\":642},{\"@type\":\"BreadcrumbList\",\"@id\":\"https:\/\/jenatschgaragen.ch\/wollishofen\/zubehoer\/#breadcrumb\",\"itemListElement\":[{\"@type\":\"ListItem\",\"position\":1,\"name\":\"Home\",\"item\":\"https:\/\/jenatschgaragen.ch\/wollishofen\/\"},{\"@type\":\"ListItem\",\"position\":2,\"name\":\"Zubeh\u00f6r\"}]},{\"@type\":\"WebSite\",\"@id\":\"https:\/\/jenatschgaragen.ch\/wollishofen\/#website\",\"url\":\"https:\/\/jenatschgaragen.ch\/wollishofen\/\",\"name\":\"Jenatschgarage Z\u00fcrich-Wollishofen\",\"description\":\"Ihre Mobilit\u00e4ts-Experten in Z\u00fcrich-Wollishofen\\u2028\",\"publisher\":{\"@id\":\"https:\/\/jenatschgaragen.ch\/wollishofen\/#organization\"},\"potentialAction\":[{\"@type\":\"SearchAction\",\"target\":{\"@type\":\"EntryPoint\",\"urlTemplate\":\"https:\/\/jenatschgaragen.ch\/wollishofen\/?s={search_term_string}\"},\"query-input\":{\"@type\":\"PropertyValueSpecification\",\"valueRequired\":true,\"valueName\":\"search_term_string\"}}],\"inLanguage\":\"de-CH\"},{\"@type\":\"Organization\",\"@id\":\"https:\/\/jenatschgaragen.ch\/wollishofen\/#organization\",\"name\":\"Jenatschgarage Z\u00fcrich-Wollishofen\",\"url\":\"https:\/\/jenatschgaragen.ch\/wollishofen\/\",\"logo\":{\"@type\":\"ImageObject\",\"inLanguage\":\"de-CH\",\"@id\":\"https:\/\/jenatschgaragen.ch\/wollishofen\/#\/schema\/logo\/image\/\",\"url\":\"https:\/\/jenatschgaragen.ch\/wollishofen\/wp-content\/uploads\/sites\/4\/2026\/01\/logo-Jenatschgarage-Zuerich-Wollishofen.png\",\"contentUrl\":\"https:\/\/jenatschgaragen.ch\/wollishofen\/wp-content\/uploads\/sites\/4\/2026\/01\/logo-Jenatschgarage-Zuerich-Wollishofen.png\",\"width\":530,\"height\":110,\"caption\":\"Jenatschgarage Z\u00fcrich-Wollishofen\"},\"image\":{\"@id\":\"https:\/\/jenatschgaragen.ch\/wollishofen\/#\/schema\/logo\/image\/\"}}]}<\/script>\n<!-- \/ Yoast SEO plugin. -->","yoast_head_json":{"title":"Zubeh\u00f6r - Jenatschgarage Z\u00fcrich-Wollishofen","description":"VW, Audi und Skoda Zubeh\u00f6r bei Jenatschgarage Z\u00fcrich-Wollishofen \u2013 Dachtr\u00e4ger, Schneeketten, Matten und vieles mehr direkt erh\u00e4ltlich.","robots":{"index":"index","follow":"follow","max-snippet":"max-snippet:-1","max-image-preview":"max-image-preview:large","max-video-preview":"max-video-preview:-1"},"canonical":"https:\/\/jenatschgaragen.ch\/wollishofen\/zubehoer\/","og_locale":"de_DE","og_type":"article","og_title":"Zubeh\u00f6r - Jenatschgarage Z\u00fcrich-Wollishofen","og_description":"VW, Audi und Skoda Zubeh\u00f6r bei Jenatschgarage Z\u00fcrich-Wollishofen \u2013 Dachtr\u00e4ger, Schneeketten, Matten und vieles mehr direkt erh\u00e4ltlich.","og_url":"https:\/\/jenatschgaragen.ch\/wollishofen\/zubehoer\/","og_site_name":"Jenatschgarage Z\u00fcrich-Wollishofen","article_modified_time":"2026-04-15T12:20:44+00:00","og_image":[{"url":"https:\/\/jenatschgaragen.ch\/wollishofen\/wp-content\/uploads\/sites\/4\/2026\/02\/dienstleistungen-aufdorf_maennedorf-original_zubehoer-01-768x471.jpg","type":"","width":"","height":""}],"twitter_card":"summary_large_image","twitter_misc":{"Gesch\u00e4tzte Lesezeit":"3\u00a0Minuten"},"schema":{"@context":"https:\/\/schema.org","@graph":[{"@type":"WebPage","@id":"https:\/\/jenatschgaragen.ch\/wollishofen\/zubehoer\/","url":"https:\/\/jenatschgaragen.ch\/wollishofen\/zubehoer\/","name":"Zubeh\u00f6r - Jenatschgarage Z\u00fcrich-Wollishofen","isPartOf":{"@id":"https:\/\/jenatschgaragen.ch\/wollishofen\/#website"},"primaryImageOfPage":{"@id":"https:\/\/jenatschgaragen.ch\/wollishofen\/zubehoer\/#primaryimage"},"image":{"@id":"https:\/\/jenatschgaragen.ch\/wollishofen\/zubehoer\/#primaryimage"},"thumbnailUrl":"https:\/\/jenatschgaragen.ch\/wollishofen\/wp-content\/uploads\/sites\/4\/2026\/02\/dienstleistungen-aufdorf_maennedorf-original_zubehoer-01-768x471.jpg","datePublished":"2026-02-02T13:22:25+00:00","dateModified":"2026-04-15T12:20:44+00:00","description":"VW, Audi und Skoda Zubeh\u00f6r bei Jenatschgarage Z\u00fcrich-Wollishofen \u2013 Dachtr\u00e4ger, Schneeketten, Matten und vieles mehr direkt erh\u00e4ltlich.","breadcrumb":{"@id":"https:\/\/jenatschgaragen.ch\/wollishofen\/zubehoer\/#breadcrumb"},"inLanguage":"de-CH","potentialAction":[{"@type":"ReadAction","target":["https:\/\/jenatschgaragen.ch\/wollishofen\/zubehoer\/"]}]},{"@type":"ImageObject","inLanguage":"de-CH","@id":"https:\/\/jenatschgaragen.ch\/wollishofen\/zubehoer\/#primaryimage","url":"https:\/\/jenatschgaragen.ch\/wollishofen\/wp-content\/uploads\/sites\/4\/2026\/02\/dienstleistungen-aufdorf_maennedorf-original_zubehoer-01.jpg","contentUrl":"https:\/\/jenatschgaragen.ch\/wollishofen\/wp-content\/uploads\/sites\/4\/2026\/02\/dienstleistungen-aufdorf_maennedorf-original_zubehoer-01.jpg","width":1047,"height":642},{"@type":"BreadcrumbList","@id":"https:\/\/jenatschgaragen.ch\/wollishofen\/zubehoer\/#breadcrumb","itemListElement":[{"@type":"ListItem","position":1,"name":"Home","item":"https:\/\/jenatschgaragen.ch\/wollishofen\/"},{"@type":"ListItem","position":2,"name":"Zubeh\u00f6r"}]},{"@type":"WebSite","@id":"https:\/\/jenatschgaragen.ch\/wollishofen\/#website","url":"https:\/\/jenatschgaragen.ch\/wollishofen\/","name":"Jenatschgarage Z\u00fcrich-Wollishofen","description":"Ihre Mobilit\u00e4ts-Experten in Z\u00fcrich-Wollishofen\u2028","publisher":{"@id":"https:\/\/jenatschgaragen.ch\/wollishofen\/#organization"},"potentialAction":[{"@type":"SearchAction","target":{"@type":"EntryPoint","urlTemplate":"https:\/\/jenatschgaragen.ch\/wollishofen\/?s={search_term_string}"},"query-input":{"@type":"PropertyValueSpecification","valueRequired":true,"valueName":"search_term_string"}}],"inLanguage":"de-CH"},{"@type":"Organization","@id":"https:\/\/jenatschgaragen.ch\/wollishofen\/#organization","name":"Jenatschgarage Z\u00fcrich-Wollishofen","url":"https:\/\/jenatschgaragen.ch\/wollishofen\/","logo":{"@type":"ImageObject","inLanguage":"de-CH","@id":"https:\/\/jenatschgaragen.ch\/wollishofen\/#\/schema\/logo\/image\/","url":"https:\/\/jenatschgaragen.ch\/wollishofen\/wp-content\/uploads\/sites\/4\/2026\/01\/logo-Jenatschgarage-Zuerich-Wollishofen.png","contentUrl":"https:\/\/jenatschgaragen.ch\/wollishofen\/wp-content\/uploads\/sites\/4\/2026\/01\/logo-Jenatschgarage-Zuerich-Wollishofen.png","width":530,"height":110,"caption":"Jenatschgarage Z\u00fcrich-Wollishofen"},"image":{"@id":"https:\/\/jenatschgaragen.ch\/wollishofen\/#\/schema\/logo\/image\/"}}]}},"_links":{"self":[{"href":"https:\/\/jenatschgaragen.ch\/wollishofen\/wp-json\/wp\/v2\/pages\/1111","targetHints":{"allow":["GET"]}}],"collection":[{"href":"https:\/\/jenatschgaragen.ch\/wollishofen\/wp-json\/wp\/v2\/pages"}],"about":[{"href":"https:\/\/jenatschgaragen.ch\/wollishofen\/wp-json\/wp\/v2\/types\/page"}],"author":[{"embeddable":true,"href":"https:\/\/jenatschgaragen.ch\/wollishofen\/wp-json\/wp\/v2\/users\/1"}],"replies":[{"embeddable":true,"href":"https:\/\/jenatschgaragen.ch\/wollishofen\/wp-json\/wp\/v2\/comments?post=1111"}],"version-history":[{"count":22,"href":"https:\/\/jenatschgaragen.ch\/wollishofen\/wp-json\/wp\/v2\/pages\/1111\/revisions"}],"predecessor-version":[{"id":1545,"href":"https:\/\/jenatschgaragen.ch\/wollishofen\/wp-json\/wp\/v2\/pages\/1111\/revisions\/1545"}],"wp:attachment":[{"href":"https:\/\/jenatschgaragen.ch\/wollishofen\/wp-json\/wp\/v2\/media?parent=1111"}],"curies":[{"name":"wp","href":"https:\/\/api.w.org\/{rel}","templated":true}]}}