{"id":1089,"date":"2026-02-02T14:19:17","date_gmt":"2026-02-02T13:19:17","guid":{"rendered":"https:\/\/effecto-marketing.ch\/jenatsch\/garage-zuerich-wollishofen\/?page_id=1089"},"modified":"2026-04-16T09:01:51","modified_gmt":"2026-04-16T07:01:51","slug":"karosserie-und-lack","status":"publish","type":"page","link":"https:\/\/jenatschgaragen.ch\/wollishofen\/karosserie-und-lack\/","title":{"rendered":"Karosserie und Lack"},"content":{"rendered":"\t\t<div data-elementor-type=\"wp-page\" data-elementor-id=\"1089\" class=\"elementor elementor-1089\" data-elementor-post-type=\"page\">\n\t\t\t\t<div class=\"elementor-element elementor-element-0856466 e-flex e-con-boxed e-con e-parent\" data-id=\"0856466\" data-element_type=\"container\" data-e-type=\"container\" data-settings=\"{&quot;background_background&quot;:&quot;classic&quot;}\">\n\t\t\t\t\t<div class=\"e-con-inner\">\n\t\t\t\t\t<\/div>\n\t\t\t\t<\/div>\n\t\t<div class=\"elementor-element elementor-element-80afe2f e-flex e-con-boxed e-con e-parent\" data-id=\"80afe2f\" data-element_type=\"container\" data-e-type=\"container\">\n\t\t\t\t\t<div class=\"e-con-inner\">\n\t\t<div class=\"elementor-element elementor-element-cdec836 e-con-full e-flex e-con e-child\" data-id=\"cdec836\" data-element_type=\"container\" data-e-type=\"container\">\n\t\t<div class=\"elementor-element elementor-element-b2b43c2 e-con-full animated-fast e-flex elementor-invisible e-con e-child\" data-id=\"b2b43c2\" data-element_type=\"container\" data-e-type=\"container\" data-settings=\"{&quot;animation&quot;:&quot;fadeInLeft&quot;}\">\n\t\t\t\t<div class=\"elementor-element elementor-element-32c5bf9 elementor-widget elementor-widget-heading\" data-id=\"32c5bf9\" data-element_type=\"widget\" data-e-type=\"widget\" data-widget_type=\"heading.default\">\n\t\t\t\t\t<h2 class=\"elementor-heading-title elementor-size-default\">Karosserie und Lack<\/h2>\t\t\t\t<\/div>\n\t\t\t\t<\/div>\n\t\t<div class=\"elementor-element elementor-element-ed6b23d e-con-full animated-slow e-flex elementor-invisible e-con e-child\" data-id=\"ed6b23d\" data-element_type=\"container\" data-e-type=\"container\" data-settings=\"{&quot;animation&quot;:&quot;fadeIn&quot;}\">\n\t\t\t\t<div class=\"elementor-element elementor-element-cea01e0 elementor-widget elementor-widget-heading\" data-id=\"cea01e0\" data-element_type=\"widget\" data-e-type=\"widget\" data-widget_type=\"heading.default\">\n\t\t\t\t\t<h4 class=\"elementor-heading-title elementor-size-default\">Perfekte Arbeit f\u00fcr Ihr Fahrzeug.<\/h4>\t\t\t\t<\/div>\n\t\t\t\t<div class=\"elementor-element elementor-element-b2bd39a elementor-widget elementor-widget-text-editor\" data-id=\"b2bd39a\" data-element_type=\"widget\" data-e-type=\"widget\" data-widget_type=\"text-editor.default\">\n\t\t\t\t\t\t\t\t\t<p class=\"p1\">Bei der <strong data-start=\"338\" data-end=\"375\">Jenatschgarage Z\u00fcrich-Wollishofen<\/strong> sorgen wir daf\u00fcr, dass Ihr Fahrzeug optisch und technisch wieder in einwandfreiem Zustand ist \u2013 von kleinen Kratzern bis hin zu gr\u00f6sseren Unfallsch\u00e4den. Mit professionellen Reparaturmethoden, hochwertigen Materialien und h\u00f6chsten Qualit\u00e4tsstandards stellen wir sicher, dass Ihr Fahrzeug wieder wie neu aussieht und optimal gesch\u00fctzt bleibt. Die komplette Koordination \u00fcbernehmen wir f\u00fcr Sie \u2013 unkompliziert und zuverl\u00e4ssig.<\/p>\t\t\t\t\t\t\t\t<\/div>\n\t\t\t\t<\/div>\n\t\t\t\t<\/div>\n\t\t\t\t\t<\/div>\n\t\t\t\t<\/div>\n\t\t<div class=\"elementor-element elementor-element-7b9ee47 e-flex e-con-boxed e-con e-parent\" data-id=\"7b9ee47\" data-element_type=\"container\" data-e-type=\"container\">\n\t\t\t\t\t<div class=\"e-con-inner\">\n\t\t<div class=\"elementor-element elementor-element-c86ab3c e-con-full e-flex e-con e-child\" data-id=\"c86ab3c\" data-element_type=\"container\" data-e-type=\"container\">\n\t\t<div class=\"elementor-element elementor-element-1956bc0 e-con-full e-flex e-con e-child\" data-id=\"1956bc0\" data-element_type=\"container\" data-e-type=\"container\">\n\t\t<div class=\"elementor-element elementor-element-b35a6ab e-con-full animated-fast e-flex elementor-invisible e-con e-child\" data-id=\"b35a6ab\" data-element_type=\"container\" data-e-type=\"container\" data-settings=\"{&quot;animation&quot;:&quot;fadeInLeft&quot;}\">\n\t\t\t\t<div class=\"elementor-element elementor-element-859b005 elementor-widget elementor-widget-heading\" data-id=\"859b005\" data-element_type=\"widget\" data-e-type=\"widget\" data-widget_type=\"heading.default\">\n\t\t\t\t\t<h3 class=\"elementor-heading-title elementor-size-default\">Perfekt repariert<\/h3>\t\t\t\t<\/div>\n\t\t\t\t<\/div>\n\t\t<div class=\"elementor-element elementor-element-9b561a4 e-con-full animated-slow e-flex elementor-invisible e-con e-child\" data-id=\"9b561a4\" data-element_type=\"container\" data-e-type=\"container\" data-settings=\"{&quot;animation&quot;:&quot;fadeIn&quot;}\">\n\t\t\t\t<div class=\"elementor-element elementor-element-747da6c elementor-widget elementor-widget-text-editor\" data-id=\"747da6c\" data-element_type=\"widget\" data-e-type=\"widget\" data-widget_type=\"text-editor.default\">\n\t\t\t\t\t\t\t\t\t<p class=\"p1\">Verlassen Sie sich auf unsere Erfahrung und unser ausgepr\u00e4gtes Qualit\u00e4tsverst\u00e4ndnis. In der <strong data-start=\"930\" data-end=\"967\">Jenatschgarage Z\u00fcrich-Wollishofen<\/strong> k\u00fcmmern wir uns um die fachgerechte Behebung von Lack- und Oberfl\u00e4chensch\u00e4den \u2013 von kleinen Kratzern bis hin zu umfangreicheren Reparaturen. Alle Arbeiten erfolgen konsequent nach den Herstellervorgaben und mit Originalteilen sowie Original\u00adlacken, sodass bestehende Garantien vollst\u00e4ndig erhalten bleiben.<\/p>\t\t\t\t\t\t\t\t<\/div>\n\t\t\t\t<\/div>\n\t\t\t\t<\/div>\n\t\t<div class=\"elementor-element elementor-element-c060aa4 e-con-full e-flex e-con e-child\" data-id=\"c060aa4\" data-element_type=\"container\" data-e-type=\"container\">\n\t\t<div class=\"elementor-element elementor-element-dff4cbd e-con-full e-flex elementor-invisible e-con e-child\" data-id=\"dff4cbd\" data-element_type=\"container\" data-e-type=\"container\" data-settings=\"{&quot;animation&quot;:&quot;fadeInUp&quot;}\">\n\t\t\t\t<div class=\"elementor-element elementor-element-30c4f9d elementor-widget elementor-widget-image\" data-id=\"30c4f9d\" data-element_type=\"widget\" data-e-type=\"widget\" data-widget_type=\"image.default\">\n\t\t\t\t\t\t\t\t\t\t\t\t\t\t\t<img fetchpriority=\"high\" decoding=\"async\" width=\"740\" height=\"475\" src=\"https:\/\/jenatschgaragen.ch\/wollishofen\/wp-content\/uploads\/sites\/4\/2026\/02\/Skoda-Carrosserie-3.webp\" class=\"elementor-animation-float attachment-large size-large wp-image-1228\" alt=\"\" srcset=\"https:\/\/jenatschgaragen.ch\/wollishofen\/wp-content\/uploads\/sites\/4\/2026\/02\/Skoda-Carrosserie-3.webp 740w, https:\/\/jenatschgaragen.ch\/wollishofen\/wp-content\/uploads\/sites\/4\/2026\/02\/Skoda-Carrosserie-3-300x193.webp 300w\" sizes=\"(max-width: 740px) 100vw, 740px\" \/>\t\t\t\t\t\t\t\t\t\t\t\t\t\t\t<\/div>\n\t\t<div class=\"elementor-element elementor-element-9e77ec6 e-con-full e-flex e-con e-child\" data-id=\"9e77ec6\" data-element_type=\"container\" data-e-type=\"container\">\n\t\t\t\t<div class=\"elementor-element elementor-element-f47cc50 elementor-widget elementor-widget-heading\" data-id=\"f47cc50\" data-element_type=\"widget\" data-e-type=\"widget\" data-widget_type=\"heading.default\">\n\t\t\t\t\t<h6 class=\"elementor-heading-title elementor-size-default\">H\u00f6chste Qualit\u00e4t<\/h6>\t\t\t\t<\/div>\n\t\t\t\t<div class=\"elementor-element elementor-element-8d88886 elementor-widget elementor-widget-text-editor\" data-id=\"8d88886\" data-element_type=\"widget\" data-e-type=\"widget\" data-widget_type=\"text-editor.default\">\n\t\t\t\t\t\t\t\t\t<p class=\"p1\">Unser Service rund um Karosserie- und Instandsetzungsarbeiten steht f\u00fcr hohe Qualit\u00e4t, faire Konditionen und nachhaltigen Werterhalt Ihres Fahrzeugs. S\u00e4mtliche Reparaturen werden nach den geltenden Herstellervorgaben und ausschliesslich mit hochwertigen Originalteilen ausgef\u00fchrt. Wir \u00fcbernehmen f\u00fcr Sie die gesamte Abwicklung \u2013 professionell, transparent und zuverl\u00e4ssig.<\/p>\t\t\t\t\t\t\t\t<\/div>\n\t\t\t\t<\/div>\n\t\t\t\t<\/div>\n\t\t<div class=\"elementor-element elementor-element-e4a0939 e-con-full e-flex elementor-invisible e-con e-child\" data-id=\"e4a0939\" data-element_type=\"container\" data-e-type=\"container\" data-settings=\"{&quot;animation&quot;:&quot;fadeInUp&quot;,&quot;animation_delay&quot;:&quot;100&quot;}\">\n\t\t\t\t<div class=\"elementor-element elementor-element-eae246e elementor-widget elementor-widget-image\" data-id=\"eae246e\" data-element_type=\"widget\" data-e-type=\"widget\" data-widget_type=\"image.default\">\n\t\t\t\t\t\t\t\t\t\t\t\t\t\t\t<img decoding=\"async\" width=\"740\" height=\"475\" src=\"https:\/\/jenatschgaragen.ch\/wollishofen\/wp-content\/uploads\/sites\/4\/2026\/02\/Skoda-Carrosserie-2.webp\" class=\"elementor-animation-float attachment-large size-large wp-image-1227\" alt=\"\" srcset=\"https:\/\/jenatschgaragen.ch\/wollishofen\/wp-content\/uploads\/sites\/4\/2026\/02\/Skoda-Carrosserie-2.webp 740w, https:\/\/jenatschgaragen.ch\/wollishofen\/wp-content\/uploads\/sites\/4\/2026\/02\/Skoda-Carrosserie-2-300x193.webp 300w\" sizes=\"(max-width: 740px) 100vw, 740px\" \/>\t\t\t\t\t\t\t\t\t\t\t\t\t\t\t<\/div>\n\t\t<div class=\"elementor-element elementor-element-7e11ecf e-con-full e-flex e-con e-child\" data-id=\"7e11ecf\" data-element_type=\"container\" data-e-type=\"container\">\n\t\t\t\t<div class=\"elementor-element elementor-element-39050ca elementor-widget elementor-widget-heading\" data-id=\"39050ca\" data-element_type=\"widget\" data-e-type=\"widget\" data-widget_type=\"heading.default\">\n\t\t\t\t\t<h6 class=\"elementor-heading-title elementor-size-default\">Werterhaltung <\/h6>\t\t\t\t<\/div>\n\t\t\t\t<div class=\"elementor-element elementor-element-6727bfb elementor-widget elementor-widget-text-editor\" data-id=\"6727bfb\" data-element_type=\"widget\" data-e-type=\"widget\" data-widget_type=\"text-editor.default\">\n\t\t\t\t\t\t\t\t\t<p class=\"p1\">Eine fachgerechte Karosserie- und Lackinstandsetzung wirkt sich nicht nur positiv auf die Optik aus, sondern tr\u00e4gt auch wesentlich zum Werterhalt Ihres Fahrzeugs bei. Durch die professionelle Beseitigung von Kratzern, Dellen oder Lacksch\u00e4den pr\u00e4sentieren sich Fahrzeug und Lack wieder in bestem Zustand \u2013 ein klarer Vorteil f\u00fcr langfristige Werthaltigkeit.<\/p>\t\t\t\t\t\t\t\t<\/div>\n\t\t\t\t<\/div>\n\t\t\t\t<\/div>\n\t\t<div class=\"elementor-element elementor-element-2d9cee0 e-con-full e-flex elementor-invisible e-con e-child\" data-id=\"2d9cee0\" data-element_type=\"container\" data-e-type=\"container\" data-settings=\"{&quot;animation&quot;:&quot;fadeInUp&quot;,&quot;animation_delay&quot;:&quot;200&quot;}\">\n\t\t\t\t<div class=\"elementor-element elementor-element-271c9ec elementor-widget elementor-widget-image\" data-id=\"271c9ec\" data-element_type=\"widget\" data-e-type=\"widget\" data-widget_type=\"image.default\">\n\t\t\t\t\t\t\t\t\t\t\t\t\t\t\t<img decoding=\"async\" width=\"740\" height=\"475\" src=\"https:\/\/jenatschgaragen.ch\/wollishofen\/wp-content\/uploads\/sites\/4\/2026\/02\/dienstleistungen-seegarage_staefa-karosserie_und_lack-03.jpg\" class=\"elementor-animation-float attachment-large size-large wp-image-1230\" alt=\"\" srcset=\"https:\/\/jenatschgaragen.ch\/wollishofen\/wp-content\/uploads\/sites\/4\/2026\/02\/dienstleistungen-seegarage_staefa-karosserie_und_lack-03.jpg 740w, https:\/\/jenatschgaragen.ch\/wollishofen\/wp-content\/uploads\/sites\/4\/2026\/02\/dienstleistungen-seegarage_staefa-karosserie_und_lack-03-300x193.jpg 300w\" sizes=\"(max-width: 740px) 100vw, 740px\" \/>\t\t\t\t\t\t\t\t\t\t\t\t\t\t\t<\/div>\n\t\t<div class=\"elementor-element elementor-element-3339c69 e-con-full e-flex e-con e-child\" data-id=\"3339c69\" data-element_type=\"container\" data-e-type=\"container\">\n\t\t\t\t<div class=\"elementor-element elementor-element-94436cf elementor-widget elementor-widget-heading\" data-id=\"94436cf\" data-element_type=\"widget\" data-e-type=\"widget\" data-widget_type=\"heading.default\">\n\t\t\t\t\t<h6 class=\"elementor-heading-title elementor-size-default\">Wir erledigen das f\u00fcr Sie<\/h6>\t\t\t\t<\/div>\n\t\t\t\t<div class=\"elementor-element elementor-element-427f0db elementor-widget elementor-widget-text-editor\" data-id=\"427f0db\" data-element_type=\"widget\" data-e-type=\"widget\" data-widget_type=\"text-editor.default\">\n\t\t\t\t\t\t\t\t\t<p class=\"p1\">Unsere Fachspezialisten pr\u00fcfen sorgf\u00e4ltig, ob sicherheitsrelevante Systeme von einem Schaden betroffen sind, um eine sichere und fachgerechte Instandsetzung zu gew\u00e4hrleisten. Kleinere Lack- und oberfl\u00e4chliche Sch\u00e4den beheben wir, sofern technisch sinnvoll, effizient und kostenschonend mit modernen Reparaturmethoden wie <strong data-start=\"2423\" data-end=\"2440\">Clever Repair<\/strong>.<\/p>\t\t\t\t\t\t\t\t<\/div>\n\t\t\t\t<\/div>\n\t\t\t\t<\/div>\n\t\t\t\t<\/div>\n\t\t\t\t<\/div>\n\t\t\t\t\t<\/div>\n\t\t\t\t<\/div>\n\t\t<div class=\"elementor-element elementor-element-29f2470 e-flex e-con-boxed e-con e-parent\" data-id=\"29f2470\" data-element_type=\"container\" data-e-type=\"container\" data-settings=\"{&quot;background_background&quot;:&quot;classic&quot;}\">\n\t\t\t\t\t<div class=\"e-con-inner\">\n\t\t<div class=\"elementor-element elementor-element-49ef471 e-con-full e-flex e-con e-child\" data-id=\"49ef471\" data-element_type=\"container\" data-e-type=\"container\">\n\t\t<div class=\"elementor-element elementor-element-8f84da5 e-con-full e-flex e-con e-child\" data-id=\"8f84da5\" data-element_type=\"container\" data-e-type=\"container\">\n\t\t<div class=\"elementor-element elementor-element-cbb9472 e-con-full e-flex e-con e-child\" data-id=\"cbb9472\" data-element_type=\"container\" data-e-type=\"container\">\n\t\t\t\t<div class=\"elementor-element elementor-element-22ca164 elementor-widget elementor-widget-heading\" data-id=\"22ca164\" data-element_type=\"widget\" data-e-type=\"widget\" data-widget_type=\"heading.default\">\n\t\t\t\t\t<h3 class=\"elementor-heading-title elementor-size-default\">Termin vereinbaren<\/h3>\t\t\t\t<\/div>\n\t\t<div class=\"elementor-element elementor-element-73fce65 e-con-full animated-slow e-flex elementor-invisible e-con e-child\" data-id=\"73fce65\" data-element_type=\"container\" data-e-type=\"container\" data-settings=\"{&quot;background_background&quot;:&quot;classic&quot;,&quot;animation&quot;:&quot;fadeIn&quot;}\">\n\t\t\t\t<div class=\"elementor-element elementor-element-4752c01 elementor-widget elementor-widget-heading\" data-id=\"4752c01\" data-element_type=\"widget\" data-e-type=\"widget\" data-widget_type=\"heading.default\">\n\t\t\t\t\t<h4 class=\"elementor-heading-title elementor-size-default\">Schnell und einfach<\/h4>\t\t\t\t<\/div>\n\t\t\t\t<div class=\"elementor-element elementor-element-a5f59d9 elementor-align-left elementor-widget elementor-widget-button\" data-id=\"a5f59d9\" data-element_type=\"widget\" data-e-type=\"widget\" data-widget_type=\"button.default\">\n\t\t\t\t\t\t\t\t\t\t<a class=\"elementor-button elementor-button-link elementor-size-sm\" href=\"https:\/\/jenatschgarage-wollishofen.sopl.ch\/\" target=\"_blank\">\n\t\t\t\t\t\t<span class=\"elementor-button-content-wrapper\">\n\t\t\t\t\t\t<span class=\"elementor-button-icon\">\n\t\t\t\t<svg aria-hidden=\"true\" class=\"e-font-icon-svg e-fas-angle-right\" viewBox=\"0 0 256 512\" xmlns=\"http:\/\/www.w3.org\/2000\/svg\"><path d=\"M224.3 273l-136 136c-9.4 9.4-24.6 9.4-33.9 0l-22.6-22.6c-9.4-9.4-9.4-24.6 0-33.9l96.4-96.4-96.4-96.4c-9.4-9.4-9.4-24.6 0-33.9L54.3 103c9.4-9.4 24.6-9.4 33.9 0l136 136c9.5 9.4 9.5 24.6.1 34z\"><\/path><\/svg>\t\t\t<\/span>\n\t\t\t\t\t\t\t\t\t<span class=\"elementor-button-text\">Online Termin vereinbaren<\/span>\n\t\t\t\t\t<\/span>\n\t\t\t\t\t<\/a>\n\t\t\t\t\t\t\t\t<\/div>\n\t\t\t\t<\/div>\n\t\t\t\t<\/div>\n\t\t<div class=\"elementor-element elementor-element-442aa53 e-con-full animated-fast e-flex elementor-invisible e-con e-child\" data-id=\"442aa53\" data-element_type=\"container\" data-e-type=\"container\" data-settings=\"{&quot;animation&quot;:&quot;fadeInUp&quot;,&quot;animation_delay&quot;:&quot;200&quot;}\">\n\t\t\t\t<div class=\"elementor-element elementor-element-12c0311 elementor-widget elementor-widget-heading\" data-id=\"12c0311\" data-element_type=\"widget\" data-e-type=\"widget\" data-widget_type=\"heading.default\">\n\t\t\t\t\t<h3 class=\"elementor-heading-title elementor-size-default\">In Z\u00fcrich Wollishofen zu Hause.<\/h3>\t\t\t\t<\/div>\n\t\t\t\t<div class=\"elementor-element elementor-element-3c32eaf elementor-widget elementor-widget-image\" data-id=\"3c32eaf\" data-element_type=\"widget\" data-e-type=\"widget\" data-widget_type=\"image.default\">\n\t\t\t\t\t\t\t\t\t\t\t\t\t\t\t<img loading=\"lazy\" decoding=\"async\" width=\"640\" height=\"400\" src=\"https:\/\/jenatschgaragen.ch\/wollishofen\/wp-content\/uploads\/sites\/4\/2026\/03\/Jenatschgarage-Wollishofen.jpg\" class=\"elementor-animation-float attachment-medium_large size-medium_large wp-image-1515\" alt=\"\" srcset=\"https:\/\/jenatschgaragen.ch\/wollishofen\/wp-content\/uploads\/sites\/4\/2026\/03\/Jenatschgarage-Wollishofen.jpg 640w, https:\/\/jenatschgaragen.ch\/wollishofen\/wp-content\/uploads\/sites\/4\/2026\/03\/Jenatschgarage-Wollishofen-300x188.jpg 300w\" sizes=\"(max-width: 640px) 100vw, 640px\" \/>\t\t\t\t\t\t\t\t\t\t\t\t\t\t\t<\/div>\n\t\t\t\t<div class=\"elementor-element elementor-element-b47e7b1 elementor-widget elementor-widget-text-editor\" data-id=\"b47e7b1\" data-element_type=\"widget\" data-e-type=\"widget\" data-widget_type=\"text-editor.default\">\n\t\t\t\t\t\t\t\t\t<p class=\"p1\">Bei der <strong data-start=\"152\" data-end=\"189\">Jenatschgarage Z\u00fcrich-Wollishofen<\/strong> stehen Verl\u00e4sslichkeit, pers\u00f6nliche N\u00e4he und hohe Fachkompetenz im Mittelpunkt. Als moderner Garagenbetrieb im Quartier begleiten wir unsere Kundinnen und Kunden in Z\u00fcrich-Wollishofen kompetent und unkompliziert in allen Fragen rund um ihre Mobilit\u00e4t. Wir setzen auf sorgf\u00e4ltige Arbeit, individuelle Beratung und eine offene, ehrliche Kommunikation. Unser Anspruch ist es, jeden Tag zuverl\u00e4ssige Qualit\u00e4t und pers\u00f6nlichen Service zu bieten \u2013 mit Engagement und Leidenschaft f\u00fcr moderne Mobilit\u00e4t.<\/p>\t\t\t\t\t\t\t\t<\/div>\n\t\t\t\t<\/div>\n\t\t\t\t<\/div>\n\t\t\t\t<\/div>\n\t\t\t\t\t<\/div>\n\t\t\t\t<\/div>\n\t\t\t\t<\/div>\n\t\t","protected":false},"excerpt":{"rendered":"<p>Karosserie und Lack Perfekte Arbeit f\u00fcr Ihr Fahrzeug. Bei der Jenatschgarage Z\u00fcrich-Wollishofen sorgen wir daf\u00fcr, dass Ihr Fahrzeug optisch und technisch wieder in einwandfreiem Zustand ist \u2013 von kleinen Kratzern bis hin zu gr\u00f6sseren Unfallsch\u00e4den. Mit professionellen Reparaturmethoden, hochwertigen Materialien und h\u00f6chsten Qualit\u00e4tsstandards stellen wir sicher, dass Ihr Fahrzeug wieder wie neu aussieht und optimal [&hellip;]<\/p>\n","protected":false},"author":1,"featured_media":0,"parent":0,"menu_order":0,"comment_status":"closed","ping_status":"closed","template":"","meta":{"footnotes":""},"class_list":["post-1089","page","type-page","status-publish","hentry"],"yoast_head":"<!-- This site is optimized with the Yoast SEO plugin v27.2 - https:\/\/yoast.com\/product\/yoast-seo-wordpress\/ -->\n<title>Karosserie und Lack - Jenatschgarage Z\u00fcrich-Wollishofen<\/title>\n<meta name=\"description\" content=\"Karosserie- und Lackarbeiten bei Jenatschgarage Z\u00fcrich-Wollishofen \u2013 wir reparieren Unfallsch\u00e4den, Dellen und Kratzer schnell und zu fairen Preisen.\" \/>\n<meta name=\"robots\" content=\"index, follow, max-snippet:-1, max-image-preview:large, max-video-preview:-1\" \/>\n<link rel=\"canonical\" href=\"https:\/\/jenatschgaragen.ch\/wollishofen\/karosserie-und-lack\/\" \/>\n<meta property=\"og:locale\" content=\"de_DE\" \/>\n<meta property=\"og:type\" content=\"article\" \/>\n<meta property=\"og:title\" content=\"Karosserie und Lack - Jenatschgarage Z\u00fcrich-Wollishofen\" \/>\n<meta property=\"og:description\" content=\"Karosserie- und Lackarbeiten bei Jenatschgarage Z\u00fcrich-Wollishofen \u2013 wir reparieren Unfallsch\u00e4den, Dellen und Kratzer schnell und zu fairen Preisen.\" \/>\n<meta property=\"og:url\" content=\"https:\/\/jenatschgaragen.ch\/wollishofen\/karosserie-und-lack\/\" \/>\n<meta property=\"og:site_name\" content=\"Jenatschgarage Z\u00fcrich-Wollishofen\" \/>\n<meta property=\"article:modified_time\" content=\"2026-04-16T07:01:51+00:00\" \/>\n<meta property=\"og:image\" content=\"https:\/\/jenatschgaragen.ch\/wollishofen\/wp-content\/uploads\/sites\/4\/2026\/02\/Skoda-Carrosserie-3.webp\" \/>\n\t<meta property=\"og:image:width\" content=\"740\" \/>\n\t<meta property=\"og:image:height\" content=\"475\" \/>\n\t<meta property=\"og:image:type\" content=\"image\/webp\" \/>\n<meta name=\"twitter:card\" content=\"summary_large_image\" \/>\n<meta name=\"twitter:label1\" content=\"Gesch\u00e4tzte Lesezeit\" \/>\n\t<meta name=\"twitter:data1\" content=\"3\u00a0Minuten\" \/>\n<script type=\"application\/ld+json\" class=\"yoast-schema-graph\">{\"@context\":\"https:\/\/schema.org\",\"@graph\":[{\"@type\":\"WebPage\",\"@id\":\"https:\/\/jenatschgaragen.ch\/wollishofen\/karosserie-und-lack\/\",\"url\":\"https:\/\/jenatschgaragen.ch\/wollishofen\/karosserie-und-lack\/\",\"name\":\"Karosserie und Lack - Jenatschgarage Z\u00fcrich-Wollishofen\",\"isPartOf\":{\"@id\":\"https:\/\/jenatschgaragen.ch\/wollishofen\/#website\"},\"primaryImageOfPage\":{\"@id\":\"https:\/\/jenatschgaragen.ch\/wollishofen\/karosserie-und-lack\/#primaryimage\"},\"image\":{\"@id\":\"https:\/\/jenatschgaragen.ch\/wollishofen\/karosserie-und-lack\/#primaryimage\"},\"thumbnailUrl\":\"https:\/\/jenatschgaragen.ch\/wollishofen\/wp-content\/uploads\/sites\/4\/2026\/02\/Skoda-Carrosserie-3.webp\",\"datePublished\":\"2026-02-02T13:19:17+00:00\",\"dateModified\":\"2026-04-16T07:01:51+00:00\",\"description\":\"Karosserie- und Lackarbeiten bei Jenatschgarage Z\u00fcrich-Wollishofen \u2013 wir reparieren Unfallsch\u00e4den, Dellen und Kratzer schnell und zu fairen Preisen.\",\"breadcrumb\":{\"@id\":\"https:\/\/jenatschgaragen.ch\/wollishofen\/karosserie-und-lack\/#breadcrumb\"},\"inLanguage\":\"de-CH\",\"potentialAction\":[{\"@type\":\"ReadAction\",\"target\":[\"https:\/\/jenatschgaragen.ch\/wollishofen\/karosserie-und-lack\/\"]}]},{\"@type\":\"ImageObject\",\"inLanguage\":\"de-CH\",\"@id\":\"https:\/\/jenatschgaragen.ch\/wollishofen\/karosserie-und-lack\/#primaryimage\",\"url\":\"https:\/\/jenatschgaragen.ch\/wollishofen\/wp-content\/uploads\/sites\/4\/2026\/02\/Skoda-Carrosserie-3.webp\",\"contentUrl\":\"https:\/\/jenatschgaragen.ch\/wollishofen\/wp-content\/uploads\/sites\/4\/2026\/02\/Skoda-Carrosserie-3.webp\",\"width\":740,\"height\":475},{\"@type\":\"BreadcrumbList\",\"@id\":\"https:\/\/jenatschgaragen.ch\/wollishofen\/karosserie-und-lack\/#breadcrumb\",\"itemListElement\":[{\"@type\":\"ListItem\",\"position\":1,\"name\":\"Home\",\"item\":\"https:\/\/jenatschgaragen.ch\/wollishofen\/\"},{\"@type\":\"ListItem\",\"position\":2,\"name\":\"Karosserie und Lack\"}]},{\"@type\":\"WebSite\",\"@id\":\"https:\/\/jenatschgaragen.ch\/wollishofen\/#website\",\"url\":\"https:\/\/jenatschgaragen.ch\/wollishofen\/\",\"name\":\"Jenatschgarage Z\u00fcrich-Wollishofen\",\"description\":\"Ihre Mobilit\u00e4ts-Experten in Z\u00fcrich-Wollishofen\\u2028\",\"publisher\":{\"@id\":\"https:\/\/jenatschgaragen.ch\/wollishofen\/#organization\"},\"potentialAction\":[{\"@type\":\"SearchAction\",\"target\":{\"@type\":\"EntryPoint\",\"urlTemplate\":\"https:\/\/jenatschgaragen.ch\/wollishofen\/?s={search_term_string}\"},\"query-input\":{\"@type\":\"PropertyValueSpecification\",\"valueRequired\":true,\"valueName\":\"search_term_string\"}}],\"inLanguage\":\"de-CH\"},{\"@type\":\"Organization\",\"@id\":\"https:\/\/jenatschgaragen.ch\/wollishofen\/#organization\",\"name\":\"Jenatschgarage Z\u00fcrich-Wollishofen\",\"url\":\"https:\/\/jenatschgaragen.ch\/wollishofen\/\",\"logo\":{\"@type\":\"ImageObject\",\"inLanguage\":\"de-CH\",\"@id\":\"https:\/\/jenatschgaragen.ch\/wollishofen\/#\/schema\/logo\/image\/\",\"url\":\"https:\/\/jenatschgaragen.ch\/wollishofen\/wp-content\/uploads\/sites\/4\/2026\/01\/logo-Jenatschgarage-Zuerich-Wollishofen.png\",\"contentUrl\":\"https:\/\/jenatschgaragen.ch\/wollishofen\/wp-content\/uploads\/sites\/4\/2026\/01\/logo-Jenatschgarage-Zuerich-Wollishofen.png\",\"width\":530,\"height\":110,\"caption\":\"Jenatschgarage Z\u00fcrich-Wollishofen\"},\"image\":{\"@id\":\"https:\/\/jenatschgaragen.ch\/wollishofen\/#\/schema\/logo\/image\/\"}}]}<\/script>\n<!-- \/ Yoast SEO plugin. -->","yoast_head_json":{"title":"Karosserie und Lack - Jenatschgarage Z\u00fcrich-Wollishofen","description":"Karosserie- und Lackarbeiten bei Jenatschgarage Z\u00fcrich-Wollishofen \u2013 wir reparieren Unfallsch\u00e4den, Dellen und Kratzer schnell und zu fairen Preisen.","robots":{"index":"index","follow":"follow","max-snippet":"max-snippet:-1","max-image-preview":"max-image-preview:large","max-video-preview":"max-video-preview:-1"},"canonical":"https:\/\/jenatschgaragen.ch\/wollishofen\/karosserie-und-lack\/","og_locale":"de_DE","og_type":"article","og_title":"Karosserie und Lack - Jenatschgarage Z\u00fcrich-Wollishofen","og_description":"Karosserie- und Lackarbeiten bei Jenatschgarage Z\u00fcrich-Wollishofen \u2013 wir reparieren Unfallsch\u00e4den, Dellen und Kratzer schnell und zu fairen Preisen.","og_url":"https:\/\/jenatschgaragen.ch\/wollishofen\/karosserie-und-lack\/","og_site_name":"Jenatschgarage Z\u00fcrich-Wollishofen","article_modified_time":"2026-04-16T07:01:51+00:00","og_image":[{"width":740,"height":475,"url":"https:\/\/jenatschgaragen.ch\/wollishofen\/wp-content\/uploads\/sites\/4\/2026\/02\/Skoda-Carrosserie-3.webp","type":"image\/webp"}],"twitter_card":"summary_large_image","twitter_misc":{"Gesch\u00e4tzte Lesezeit":"3\u00a0Minuten"},"schema":{"@context":"https:\/\/schema.org","@graph":[{"@type":"WebPage","@id":"https:\/\/jenatschgaragen.ch\/wollishofen\/karosserie-und-lack\/","url":"https:\/\/jenatschgaragen.ch\/wollishofen\/karosserie-und-lack\/","name":"Karosserie und Lack - Jenatschgarage Z\u00fcrich-Wollishofen","isPartOf":{"@id":"https:\/\/jenatschgaragen.ch\/wollishofen\/#website"},"primaryImageOfPage":{"@id":"https:\/\/jenatschgaragen.ch\/wollishofen\/karosserie-und-lack\/#primaryimage"},"image":{"@id":"https:\/\/jenatschgaragen.ch\/wollishofen\/karosserie-und-lack\/#primaryimage"},"thumbnailUrl":"https:\/\/jenatschgaragen.ch\/wollishofen\/wp-content\/uploads\/sites\/4\/2026\/02\/Skoda-Carrosserie-3.webp","datePublished":"2026-02-02T13:19:17+00:00","dateModified":"2026-04-16T07:01:51+00:00","description":"Karosserie- und Lackarbeiten bei Jenatschgarage Z\u00fcrich-Wollishofen \u2013 wir reparieren Unfallsch\u00e4den, Dellen und Kratzer schnell und zu fairen Preisen.","breadcrumb":{"@id":"https:\/\/jenatschgaragen.ch\/wollishofen\/karosserie-und-lack\/#breadcrumb"},"inLanguage":"de-CH","potentialAction":[{"@type":"ReadAction","target":["https:\/\/jenatschgaragen.ch\/wollishofen\/karosserie-und-lack\/"]}]},{"@type":"ImageObject","inLanguage":"de-CH","@id":"https:\/\/jenatschgaragen.ch\/wollishofen\/karosserie-und-lack\/#primaryimage","url":"https:\/\/jenatschgaragen.ch\/wollishofen\/wp-content\/uploads\/sites\/4\/2026\/02\/Skoda-Carrosserie-3.webp","contentUrl":"https:\/\/jenatschgaragen.ch\/wollishofen\/wp-content\/uploads\/sites\/4\/2026\/02\/Skoda-Carrosserie-3.webp","width":740,"height":475},{"@type":"BreadcrumbList","@id":"https:\/\/jenatschgaragen.ch\/wollishofen\/karosserie-und-lack\/#breadcrumb","itemListElement":[{"@type":"ListItem","position":1,"name":"Home","item":"https:\/\/jenatschgaragen.ch\/wollishofen\/"},{"@type":"ListItem","position":2,"name":"Karosserie und Lack"}]},{"@type":"WebSite","@id":"https:\/\/jenatschgaragen.ch\/wollishofen\/#website","url":"https:\/\/jenatschgaragen.ch\/wollishofen\/","name":"Jenatschgarage Z\u00fcrich-Wollishofen","description":"Ihre Mobilit\u00e4ts-Experten in Z\u00fcrich-Wollishofen\u2028","publisher":{"@id":"https:\/\/jenatschgaragen.ch\/wollishofen\/#organization"},"potentialAction":[{"@type":"SearchAction","target":{"@type":"EntryPoint","urlTemplate":"https:\/\/jenatschgaragen.ch\/wollishofen\/?s={search_term_string}"},"query-input":{"@type":"PropertyValueSpecification","valueRequired":true,"valueName":"search_term_string"}}],"inLanguage":"de-CH"},{"@type":"Organization","@id":"https:\/\/jenatschgaragen.ch\/wollishofen\/#organization","name":"Jenatschgarage Z\u00fcrich-Wollishofen","url":"https:\/\/jenatschgaragen.ch\/wollishofen\/","logo":{"@type":"ImageObject","inLanguage":"de-CH","@id":"https:\/\/jenatschgaragen.ch\/wollishofen\/#\/schema\/logo\/image\/","url":"https:\/\/jenatschgaragen.ch\/wollishofen\/wp-content\/uploads\/sites\/4\/2026\/01\/logo-Jenatschgarage-Zuerich-Wollishofen.png","contentUrl":"https:\/\/jenatschgaragen.ch\/wollishofen\/wp-content\/uploads\/sites\/4\/2026\/01\/logo-Jenatschgarage-Zuerich-Wollishofen.png","width":530,"height":110,"caption":"Jenatschgarage Z\u00fcrich-Wollishofen"},"image":{"@id":"https:\/\/jenatschgaragen.ch\/wollishofen\/#\/schema\/logo\/image\/"}}]}},"_links":{"self":[{"href":"https:\/\/jenatschgaragen.ch\/wollishofen\/wp-json\/wp\/v2\/pages\/1089","targetHints":{"allow":["GET"]}}],"collection":[{"href":"https:\/\/jenatschgaragen.ch\/wollishofen\/wp-json\/wp\/v2\/pages"}],"about":[{"href":"https:\/\/jenatschgaragen.ch\/wollishofen\/wp-json\/wp\/v2\/types\/page"}],"author":[{"embeddable":true,"href":"https:\/\/jenatschgaragen.ch\/wollishofen\/wp-json\/wp\/v2\/users\/1"}],"replies":[{"embeddable":true,"href":"https:\/\/jenatschgaragen.ch\/wollishofen\/wp-json\/wp\/v2\/comments?post=1089"}],"version-history":[{"count":31,"href":"https:\/\/jenatschgaragen.ch\/wollishofen\/wp-json\/wp\/v2\/pages\/1089\/revisions"}],"predecessor-version":[{"id":1527,"href":"https:\/\/jenatschgaragen.ch\/wollishofen\/wp-json\/wp\/v2\/pages\/1089\/revisions\/1527"}],"wp:attachment":[{"href":"https:\/\/jenatschgaragen.ch\/wollishofen\/wp-json\/wp\/v2\/media?parent=1089"}],"curies":[{"name":"wp","href":"https:\/\/api.w.org\/{rel}","templated":true}]}}