{"id":1072,"date":"2026-02-02T14:15:19","date_gmt":"2026-02-02T13:15:19","guid":{"rendered":"https:\/\/effecto-marketing.ch\/jenatsch\/garage-zuerich-wollishofen\/?page_id=1072"},"modified":"2026-04-15T13:51:11","modified_gmt":"2026-04-15T11:51:11","slug":"fahrzeug-vorfuehren","status":"publish","type":"page","link":"https:\/\/jenatschgaragen.ch\/wollishofen\/fahrzeug-vorfuehren\/","title":{"rendered":"Fahrzeug vorf\u00fchren"},"content":{"rendered":"\t\t<div data-elementor-type=\"wp-page\" data-elementor-id=\"1072\" class=\"elementor elementor-1072\" data-elementor-post-type=\"page\">\n\t\t\t\t<div class=\"elementor-element elementor-element-a6867dd e-flex e-con-boxed e-con e-parent\" data-id=\"a6867dd\" data-element_type=\"container\" data-e-type=\"container\" data-settings=\"{&quot;background_background&quot;:&quot;classic&quot;}\">\n\t\t\t\t\t<div class=\"e-con-inner\">\n\t\t\t\t\t<\/div>\n\t\t\t\t<\/div>\n\t\t<div class=\"elementor-element elementor-element-612588e e-flex e-con-boxed e-con e-parent\" data-id=\"612588e\" data-element_type=\"container\" data-e-type=\"container\">\n\t\t\t\t\t<div class=\"e-con-inner\">\n\t\t<div class=\"elementor-element elementor-element-4e1bbc0 e-con-full e-flex e-con e-child\" data-id=\"4e1bbc0\" data-element_type=\"container\" data-e-type=\"container\">\n\t\t<div class=\"elementor-element elementor-element-0aa9dfb e-con-full animated-fast e-flex elementor-invisible e-con e-child\" data-id=\"0aa9dfb\" data-element_type=\"container\" data-e-type=\"container\" data-settings=\"{&quot;animation&quot;:&quot;fadeInLeft&quot;}\">\n\t\t\t\t<div class=\"elementor-element elementor-element-9696a88 elementor-widget elementor-widget-heading\" data-id=\"9696a88\" data-element_type=\"widget\" data-e-type=\"widget\" data-widget_type=\"heading.default\">\n\t\t\t\t\t<h2 class=\"elementor-heading-title elementor-size-default\">Fahrzeug vorf\u00fchren\n<\/h2>\t\t\t\t<\/div>\n\t\t\t\t<\/div>\n\t\t<div class=\"elementor-element elementor-element-6c70fc3 e-con-full animated-slow e-flex elementor-invisible e-con e-child\" data-id=\"6c70fc3\" data-element_type=\"container\" data-e-type=\"container\" data-settings=\"{&quot;animation&quot;:&quot;fadeIn&quot;}\">\n\t\t\t\t<div class=\"elementor-element elementor-element-25fd335 elementor-widget elementor-widget-heading\" data-id=\"25fd335\" data-element_type=\"widget\" data-e-type=\"widget\" data-widget_type=\"heading.default\">\n\t\t\t\t\t<h4 class=\"elementor-heading-title elementor-size-default\">Entspannt und professionell<\/h4>\t\t\t\t<\/div>\n\t\t\t\t<div class=\"elementor-element elementor-element-68b7b12 elementor-widget elementor-widget-text-editor\" data-id=\"68b7b12\" data-element_type=\"widget\" data-e-type=\"widget\" data-widget_type=\"text-editor.default\">\n\t\t\t\t\t\t\t\t\t<p class=\"p1\">Die Vorf\u00fchrung beim Strassenverkehrsamt muss kein Stressfaktor sein. Wir begleiten Sie kompetent durch den gesamten Prozess \u2013 von der technischen Vorbereitung \u00fcber notwendige Instandsetzungen bis hin zur Vorf\u00fchrung selbst. So stellen wir sicher, dass Ihr Fahrzeug optimal vorbereitet ist und Sie sorgenfrei zur MFK gehen k\u00f6nnen.<\/p>\t\t\t\t\t\t\t\t<\/div>\n\t\t\t\t<\/div>\n\t\t\t\t<\/div>\n\t\t\t\t\t<\/div>\n\t\t\t\t<\/div>\n\t\t<div class=\"elementor-element elementor-element-4c8d46b e-flex e-con-boxed e-con e-parent\" data-id=\"4c8d46b\" data-element_type=\"container\" data-e-type=\"container\">\n\t\t\t\t\t<div class=\"e-con-inner\">\n\t\t<div class=\"elementor-element elementor-element-91ca9f0 e-con-full e-flex e-con e-child\" data-id=\"91ca9f0\" data-element_type=\"container\" data-e-type=\"container\">\n\t\t<div class=\"elementor-element elementor-element-21ffe64 e-con-full e-flex e-con e-child\" data-id=\"21ffe64\" data-element_type=\"container\" data-e-type=\"container\">\n\t\t<div class=\"elementor-element elementor-element-461d771 e-con-full animated-fast e-flex elementor-invisible e-con e-child\" data-id=\"461d771\" data-element_type=\"container\" data-e-type=\"container\" data-settings=\"{&quot;animation&quot;:&quot;fadeInLeft&quot;}\">\n\t\t\t\t<div class=\"elementor-element elementor-element-93d6ef2 elementor-widget elementor-widget-heading\" data-id=\"93d6ef2\" data-element_type=\"widget\" data-e-type=\"widget\" data-widget_type=\"heading.default\">\n\t\t\t\t\t<h3 class=\"elementor-heading-title elementor-size-default\">Mehr Sicherheit. Weniger Aufwand.<\/h3>\t\t\t\t<\/div>\n\t\t\t\t<\/div>\n\t\t<div class=\"elementor-element elementor-element-ae565f4 e-con-full animated-slow e-flex elementor-invisible e-con e-child\" data-id=\"ae565f4\" data-element_type=\"container\" data-e-type=\"container\" data-settings=\"{&quot;animation&quot;:&quot;fadeIn&quot;}\">\n\t\t\t\t<div class=\"elementor-element elementor-element-23ca6c2 elementor-widget elementor-widget-text-editor\" data-id=\"23ca6c2\" data-element_type=\"widget\" data-e-type=\"widget\" data-widget_type=\"text-editor.default\">\n\t\t\t\t\t\t\t\t\t<p data-start=\"328\" data-end=\"635\">Die MFK-Vorf\u00fchrung bringt oft Unsicherheit und Zeitaufwand mit sich. Genau hier setzen wir an: Wir pr\u00fcfen Ihr Fahrzeug sorgf\u00e4ltig, beheben allf\u00e4llige M\u00e4ngel und koordinieren auf Wunsch die gesamte Vorf\u00fchrung. So wissen Sie Ihr Fahrzeug in guten H\u00e4nden \u2013 zuverl\u00e4ssig vorbereitet und termingerecht vorgef\u00fchrt.<\/p>\t\t\t\t\t\t\t\t<\/div>\n\t\t\t\t<\/div>\n\t\t\t\t<\/div>\n\t\t<div class=\"elementor-element elementor-element-aa0499b e-con-full e-flex e-con e-child\" data-id=\"aa0499b\" data-element_type=\"container\" data-e-type=\"container\">\n\t\t<div class=\"elementor-element elementor-element-84ea13f e-con-full e-flex elementor-invisible e-con e-child\" data-id=\"84ea13f\" data-element_type=\"container\" data-e-type=\"container\" data-settings=\"{&quot;animation&quot;:&quot;fadeInUp&quot;}\">\n\t\t\t\t<div class=\"elementor-element elementor-element-837c5b4 elementor-widget elementor-widget-image\" data-id=\"837c5b4\" data-element_type=\"widget\" data-e-type=\"widget\" data-widget_type=\"image.default\">\n\t\t\t\t\t\t\t\t\t\t\t\t\t\t\t<img fetchpriority=\"high\" decoding=\"async\" width=\"800\" height=\"491\" src=\"https:\/\/jenatschgaragen.ch\/wollishofen\/wp-content\/uploads\/sites\/4\/2026\/02\/dienstleistungen-jenatschgarage-1024x628.jpeg\" class=\"elementor-animation-float attachment-large size-large wp-image-1193\" alt=\"\" srcset=\"https:\/\/jenatschgaragen.ch\/wollishofen\/wp-content\/uploads\/sites\/4\/2026\/02\/dienstleistungen-jenatschgarage-1024x628.jpeg 1024w, https:\/\/jenatschgaragen.ch\/wollishofen\/wp-content\/uploads\/sites\/4\/2026\/02\/dienstleistungen-jenatschgarage-300x184.jpeg 300w, https:\/\/jenatschgaragen.ch\/wollishofen\/wp-content\/uploads\/sites\/4\/2026\/02\/dienstleistungen-jenatschgarage-768x471.jpeg 768w, https:\/\/jenatschgaragen.ch\/wollishofen\/wp-content\/uploads\/sites\/4\/2026\/02\/dienstleistungen-jenatschgarage.jpeg 1047w\" sizes=\"(max-width: 800px) 100vw, 800px\" \/>\t\t\t\t\t\t\t\t\t\t\t\t\t\t\t<\/div>\n\t\t<div class=\"elementor-element elementor-element-998a1ec e-con-full e-flex e-con e-child\" data-id=\"998a1ec\" data-element_type=\"container\" data-e-type=\"container\">\n\t\t\t\t<div class=\"elementor-element elementor-element-b53fc0c elementor-widget elementor-widget-heading\" data-id=\"b53fc0c\" data-element_type=\"widget\" data-e-type=\"widget\" data-widget_type=\"heading.default\">\n\t\t\t\t\t<h6 class=\"elementor-heading-title elementor-size-default\">Fahrzeug-Check &amp; Vorbereitung<\/h6>\t\t\t\t<\/div>\n\t\t\t\t<div class=\"elementor-element elementor-element-eae33d9 elementor-widget elementor-widget-text-editor\" data-id=\"eae33d9\" data-element_type=\"widget\" data-e-type=\"widget\" data-widget_type=\"text-editor.default\">\n\t\t\t\t\t\t\t\t\t<p>Eine saubere technische Basis ist entscheidend f\u00fcr eine erfolgreiche Vorf\u00fchrung. Wir f\u00fchren einen umfassenden Fahrzeug-Check durch und erkennen potenzielle M\u00e4ngel fr\u00fchzeitig.<\/p><p data-start=\"1050\" data-end=\"1095\"><strong data-start=\"1050\" data-end=\"1095\">Typische Pr\u00fcf- und Vorbereitungsarbeiten:<\/strong><\/p><ul><li>Kontrolle von Bremsen, Lenkung und Fahrwerk<\/li><li>\u00dcberpr\u00fcfung der Beleuchtung und elektrischen Anlagen<\/li><li>Pr\u00fcfung von Reifen, R\u00e4dern und Achsgeometrie<\/li><li>Sichtpr\u00fcfung von Abgasanlage, Motor und Unterboden<\/li><li>Kontrolle sicherheitsrelevanter Systeme<\/li><\/ul>\t\t\t\t\t\t\t\t<\/div>\n\t\t\t\t<\/div>\n\t\t\t\t<\/div>\n\t\t<div class=\"elementor-element elementor-element-8a7f197 e-con-full e-flex elementor-invisible e-con e-child\" data-id=\"8a7f197\" data-element_type=\"container\" data-e-type=\"container\" data-settings=\"{&quot;animation&quot;:&quot;fadeInUp&quot;,&quot;animation_delay&quot;:100}\">\n\t\t\t\t<div class=\"elementor-element elementor-element-472754d elementor-widget elementor-widget-image\" data-id=\"472754d\" data-element_type=\"widget\" data-e-type=\"widget\" data-widget_type=\"image.default\">\n\t\t\t\t\t\t\t\t\t\t\t\t\t\t\t<img decoding=\"async\" width=\"800\" height=\"491\" src=\"https:\/\/jenatschgaragen.ch\/wollishofen\/wp-content\/uploads\/sites\/4\/2026\/02\/Service-Jenatschgarage-1024x628.jpg\" class=\"elementor-animation-float attachment-large size-large wp-image-1192\" alt=\"\" srcset=\"https:\/\/jenatschgaragen.ch\/wollishofen\/wp-content\/uploads\/sites\/4\/2026\/02\/Service-Jenatschgarage-1024x628.jpg 1024w, https:\/\/jenatschgaragen.ch\/wollishofen\/wp-content\/uploads\/sites\/4\/2026\/02\/Service-Jenatschgarage-300x184.jpg 300w, https:\/\/jenatschgaragen.ch\/wollishofen\/wp-content\/uploads\/sites\/4\/2026\/02\/Service-Jenatschgarage-768x471.jpg 768w, https:\/\/jenatschgaragen.ch\/wollishofen\/wp-content\/uploads\/sites\/4\/2026\/02\/Service-Jenatschgarage.jpg 1047w\" sizes=\"(max-width: 800px) 100vw, 800px\" \/>\t\t\t\t\t\t\t\t\t\t\t\t\t\t\t<\/div>\n\t\t<div class=\"elementor-element elementor-element-62aa13c e-con-full e-flex e-con e-child\" data-id=\"62aa13c\" data-element_type=\"container\" data-e-type=\"container\">\n\t\t\t\t<div class=\"elementor-element elementor-element-1ce0240 elementor-widget elementor-widget-heading\" data-id=\"1ce0240\" data-element_type=\"widget\" data-e-type=\"widget\" data-widget_type=\"heading.default\">\n\t\t\t\t\t<h6 class=\"elementor-heading-title elementor-size-default\">Instandsetzung &amp; Reparaturen<\/h6>\t\t\t\t<\/div>\n\t\t\t\t<div class=\"elementor-element elementor-element-7722877 elementor-widget elementor-widget-text-editor\" data-id=\"7722877\" data-element_type=\"widget\" data-e-type=\"widget\" data-widget_type=\"text-editor.default\">\n\t\t\t\t\t\t\t\t\t<p>Sollten im Rahmen der Vorbereitung M\u00e4ngel festgestellt werden, k\u00fcmmern wir uns um die fachgerechte Behebung. Alle Arbeiten erfolgen nach Herstellervorgaben und mit hochwertigen Ersatzteilen.<\/p>\n<p><strong>M\u00f6gliche Arbeiten vor der Vorf\u00fchrung:<\/strong><\/p>\n\n<ul>\n \t<li>Behebung von Brems- oder Fahrwerksm\u00e4ngeln<\/li>\n \t<li>Ersatz defekter Leuchten oder Verschleissteile<\/li>\n \t<li>Reparaturen an Abgasanlage oder Aufh\u00e4ngungen<\/li>\n \t<li>Beseitigung sicherheitsrelevanter Beanstandungen<\/li>\n \t<li>Kleine Reparaturen zur Optimierung der Erfolgschancen<\/li>\n<\/ul>\t\t\t\t\t\t\t\t<\/div>\n\t\t\t\t<\/div>\n\t\t\t\t<\/div>\n\t\t<div class=\"elementor-element elementor-element-f015f0d e-con-full e-flex elementor-invisible e-con e-child\" data-id=\"f015f0d\" data-element_type=\"container\" data-e-type=\"container\" data-settings=\"{&quot;animation&quot;:&quot;fadeInUp&quot;,&quot;animation_delay&quot;:200}\">\n\t\t\t\t<div class=\"elementor-element elementor-element-0908f72 elementor-widget elementor-widget-image\" data-id=\"0908f72\" data-element_type=\"widget\" data-e-type=\"widget\" data-widget_type=\"image.default\">\n\t\t\t\t\t\t\t\t\t\t\t\t\t\t\t<img decoding=\"async\" width=\"800\" height=\"491\" src=\"https:\/\/jenatschgaragen.ch\/wollishofen\/wp-content\/uploads\/sites\/4\/2026\/02\/Diagnostik-jenatschgarage-1024x628.jpg\" class=\"elementor-animation-float attachment-large size-large wp-image-1191\" alt=\"\" srcset=\"https:\/\/jenatschgaragen.ch\/wollishofen\/wp-content\/uploads\/sites\/4\/2026\/02\/Diagnostik-jenatschgarage-1024x628.jpg 1024w, https:\/\/jenatschgaragen.ch\/wollishofen\/wp-content\/uploads\/sites\/4\/2026\/02\/Diagnostik-jenatschgarage-300x184.jpg 300w, https:\/\/jenatschgaragen.ch\/wollishofen\/wp-content\/uploads\/sites\/4\/2026\/02\/Diagnostik-jenatschgarage-768x471.jpg 768w, https:\/\/jenatschgaragen.ch\/wollishofen\/wp-content\/uploads\/sites\/4\/2026\/02\/Diagnostik-jenatschgarage.jpg 1047w\" sizes=\"(max-width: 800px) 100vw, 800px\" \/>\t\t\t\t\t\t\t\t\t\t\t\t\t\t\t<\/div>\n\t\t<div class=\"elementor-element elementor-element-2b1861b e-con-full e-flex e-con e-child\" data-id=\"2b1861b\" data-element_type=\"container\" data-e-type=\"container\">\n\t\t\t\t<div class=\"elementor-element elementor-element-68627c8 elementor-widget elementor-widget-heading\" data-id=\"68627c8\" data-element_type=\"widget\" data-e-type=\"widget\" data-widget_type=\"heading.default\">\n\t\t\t\t\t<h6 class=\"elementor-heading-title elementor-size-default\">MFK-Abwicklung &amp; Vorf\u00fchrung<\/h6>\t\t\t\t<\/div>\n\t\t\t\t<div class=\"elementor-element elementor-element-6be8336 elementor-widget elementor-widget-text-editor\" data-id=\"6be8336\" data-element_type=\"widget\" data-e-type=\"widget\" data-widget_type=\"text-editor.default\">\n\t\t\t\t\t\t\t\t\t<p>Auf Wunsch \u00fcbernehmen wir die komplette Abwicklung rund um die Vorf\u00fchrung beim Strassenverkehrsamt. Sie sparen Zeit und profitieren von unserer Erfahrung.<\/p>\n<p><strong>Unser Vorf\u00fchrservice f\u00fcr Sie:<\/strong><\/p>\n\n<ul>\n \t<li>Terminorganisation und Koordination<\/li>\n \t<li>Bereitstellung eines optimal vorbereiteten Fahrzeugs<\/li>\n \t<li>Vorf\u00fchrung beim Strassenverkehrsamt<\/li>\n \t<li>R\u00fcckmeldung zum Ergebnis und allf\u00e4lligen Auflagen<\/li>\n<\/ul>\t\t\t\t\t\t\t\t<\/div>\n\t\t\t\t<\/div>\n\t\t\t\t<\/div>\n\t\t\t\t<\/div>\n\t\t\t\t<\/div>\n\t\t\t\t\t<\/div>\n\t\t\t\t<\/div>\n\t\t<div class=\"elementor-element elementor-element-ad5e6d4 e-flex e-con-boxed e-con e-parent\" data-id=\"ad5e6d4\" data-element_type=\"container\" data-e-type=\"container\" data-settings=\"{&quot;background_background&quot;:&quot;classic&quot;}\">\n\t\t\t\t\t<div class=\"e-con-inner\">\n\t\t<div class=\"elementor-element elementor-element-29c8916 e-con-full e-flex e-con e-child\" data-id=\"29c8916\" data-element_type=\"container\" data-e-type=\"container\">\n\t\t<div class=\"elementor-element elementor-element-1e434ec e-con-full e-flex e-con e-child\" data-id=\"1e434ec\" data-element_type=\"container\" data-e-type=\"container\">\n\t\t<div class=\"elementor-element elementor-element-cfdb37c e-con-full e-flex e-con e-child\" data-id=\"cfdb37c\" data-element_type=\"container\" data-e-type=\"container\">\n\t\t\t\t<div class=\"elementor-element elementor-element-9b7c65e elementor-widget elementor-widget-heading\" data-id=\"9b7c65e\" data-element_type=\"widget\" data-e-type=\"widget\" data-widget_type=\"heading.default\">\n\t\t\t\t\t<h3 class=\"elementor-heading-title elementor-size-default\">Termin vereinbaren<\/h3>\t\t\t\t<\/div>\n\t\t<div class=\"elementor-element elementor-element-963a477 e-con-full animated-slow e-flex elementor-invisible e-con e-child\" data-id=\"963a477\" data-element_type=\"container\" data-e-type=\"container\" data-settings=\"{&quot;background_background&quot;:&quot;classic&quot;,&quot;animation&quot;:&quot;fadeIn&quot;}\">\n\t\t\t\t<div class=\"elementor-element elementor-element-92b8732 elementor-widget elementor-widget-heading\" data-id=\"92b8732\" data-element_type=\"widget\" data-e-type=\"widget\" data-widget_type=\"heading.default\">\n\t\t\t\t\t<h4 class=\"elementor-heading-title elementor-size-default\">Schnell und einfach<\/h4>\t\t\t\t<\/div>\n\t\t\t\t<div class=\"elementor-element elementor-element-1fca4a2 elementor-align-left elementor-widget elementor-widget-button\" data-id=\"1fca4a2\" data-element_type=\"widget\" data-e-type=\"widget\" data-widget_type=\"button.default\">\n\t\t\t\t\t\t\t\t\t\t<a class=\"elementor-button elementor-button-link elementor-size-sm\" href=\"https:\/\/jenatschgarage-wollishofen.sopl.ch\/\" target=\"_blank\">\n\t\t\t\t\t\t<span class=\"elementor-button-content-wrapper\">\n\t\t\t\t\t\t<span class=\"elementor-button-icon\">\n\t\t\t\t<svg aria-hidden=\"true\" class=\"e-font-icon-svg e-fas-angle-right\" viewBox=\"0 0 256 512\" xmlns=\"http:\/\/www.w3.org\/2000\/svg\"><path d=\"M224.3 273l-136 136c-9.4 9.4-24.6 9.4-33.9 0l-22.6-22.6c-9.4-9.4-9.4-24.6 0-33.9l96.4-96.4-96.4-96.4c-9.4-9.4-9.4-24.6 0-33.9L54.3 103c9.4-9.4 24.6-9.4 33.9 0l136 136c9.5 9.4 9.5 24.6.1 34z\"><\/path><\/svg>\t\t\t<\/span>\n\t\t\t\t\t\t\t\t\t<span class=\"elementor-button-text\">Online Termin vereinbaren<\/span>\n\t\t\t\t\t<\/span>\n\t\t\t\t\t<\/a>\n\t\t\t\t\t\t\t\t<\/div>\n\t\t\t\t<\/div>\n\t\t\t\t<\/div>\n\t\t<div class=\"elementor-element elementor-element-4a76238 e-con-full animated-fast e-flex elementor-invisible e-con e-child\" data-id=\"4a76238\" data-element_type=\"container\" data-e-type=\"container\" data-settings=\"{&quot;animation&quot;:&quot;fadeInUp&quot;}\">\n\t\t\t\t<div class=\"elementor-element elementor-element-028caa3 elementor-widget elementor-widget-heading\" data-id=\"028caa3\" data-element_type=\"widget\" data-e-type=\"widget\" data-widget_type=\"heading.default\">\n\t\t\t\t\t<h3 class=\"elementor-heading-title elementor-size-default\">In Z\u00fcrich Wollishofen zu Hause.<\/h3>\t\t\t\t<\/div>\n\t\t\t\t<div class=\"elementor-element elementor-element-0155e17 elementor-widget elementor-widget-image\" data-id=\"0155e17\" data-element_type=\"widget\" data-e-type=\"widget\" data-widget_type=\"image.default\">\n\t\t\t\t\t\t\t\t\t\t\t\t\t\t\t<img loading=\"lazy\" decoding=\"async\" width=\"640\" height=\"400\" src=\"https:\/\/jenatschgaragen.ch\/wollishofen\/wp-content\/uploads\/sites\/4\/2026\/03\/Jenatschgarage-Wollishofen.jpg\" class=\"elementor-animation-float attachment-full size-full wp-image-1515\" alt=\"\" srcset=\"https:\/\/jenatschgaragen.ch\/wollishofen\/wp-content\/uploads\/sites\/4\/2026\/03\/Jenatschgarage-Wollishofen.jpg 640w, https:\/\/jenatschgaragen.ch\/wollishofen\/wp-content\/uploads\/sites\/4\/2026\/03\/Jenatschgarage-Wollishofen-300x188.jpg 300w\" sizes=\"(max-width: 640px) 100vw, 640px\" \/>\t\t\t\t\t\t\t\t\t\t\t\t\t\t\t<\/div>\n\t\t\t\t<div class=\"elementor-element elementor-element-75f06d1 elementor-widget elementor-widget-text-editor\" data-id=\"75f06d1\" data-element_type=\"widget\" data-e-type=\"widget\" data-widget_type=\"text-editor.default\">\n\t\t\t\t\t\t\t\t\t<p class=\"p1\">Bei der <strong data-start=\"152\" data-end=\"189\">Jenatschgarage Z\u00fcrich-Wollishofen<\/strong> stehen Verl\u00e4sslichkeit, pers\u00f6nliche N\u00e4he und hohe Fachkompetenz im Mittelpunkt. Als moderner Garagenbetrieb im Quartier begleiten wir unsere Kundinnen und Kunden in Z\u00fcrich-Wollishofen kompetent und unkompliziert in allen Fragen rund um ihre Mobilit\u00e4t. Wir setzen auf sorgf\u00e4ltige Arbeit, individuelle Beratung und eine offene, ehrliche Kommunikation. Unser Anspruch ist es, jeden Tag zuverl\u00e4ssige Qualit\u00e4t und pers\u00f6nlichen Service zu bieten \u2013 mit Engagement und Leidenschaft f\u00fcr moderne Mobilit\u00e4t.<\/p>\t\t\t\t\t\t\t\t<\/div>\n\t\t\t\t<\/div>\n\t\t\t\t<\/div>\n\t\t\t\t<\/div>\n\t\t\t\t\t<\/div>\n\t\t\t\t<\/div>\n\t\t\t\t<\/div>\n\t\t","protected":false},"excerpt":{"rendered":"<p>Fahrzeug vorf\u00fchren Entspannt und professionell Die Vorf\u00fchrung beim Strassenverkehrsamt muss kein Stressfaktor sein. Wir begleiten Sie kompetent durch den gesamten Prozess \u2013 von der technischen Vorbereitung \u00fcber notwendige Instandsetzungen bis hin zur Vorf\u00fchrung selbst. So stellen wir sicher, dass Ihr Fahrzeug optimal vorbereitet ist und Sie sorgenfrei zur MFK gehen k\u00f6nnen. Mehr Sicherheit. Weniger Aufwand. [&hellip;]<\/p>\n","protected":false},"author":1,"featured_media":0,"parent":0,"menu_order":0,"comment_status":"closed","ping_status":"closed","template":"","meta":{"footnotes":""},"class_list":["post-1072","page","type-page","status-publish","hentry"],"yoast_head":"<!-- This site is optimized with the Yoast SEO plugin v27.2 - https:\/\/yoast.com\/product\/yoast-seo-wordpress\/ -->\n<title>Fahrzeug vorf\u00fchren - Jenatschgarage Z\u00fcrich-Wollishofen<\/title>\n<meta name=\"description\" content=\"Fahrzeug vorf\u00fchren bei Jenatschgarage Z\u00fcrich-Wollishofen \u2013 vereinbare jetzt eine pers\u00f6nliche Probefahrt und erlebe dein Wunschfahrzeug hautnah!\" \/>\n<meta name=\"robots\" content=\"index, follow, max-snippet:-1, max-image-preview:large, max-video-preview:-1\" \/>\n<link rel=\"canonical\" href=\"https:\/\/jenatschgaragen.ch\/wollishofen\/fahrzeug-vorfuehren\/\" \/>\n<meta property=\"og:locale\" content=\"de_DE\" \/>\n<meta property=\"og:type\" content=\"article\" \/>\n<meta property=\"og:title\" content=\"Fahrzeug vorf\u00fchren - Jenatschgarage Z\u00fcrich-Wollishofen\" \/>\n<meta property=\"og:description\" content=\"Fahrzeug vorf\u00fchren bei Jenatschgarage Z\u00fcrich-Wollishofen \u2013 vereinbare jetzt eine pers\u00f6nliche Probefahrt und erlebe dein Wunschfahrzeug hautnah!\" \/>\n<meta property=\"og:url\" content=\"https:\/\/jenatschgaragen.ch\/wollishofen\/fahrzeug-vorfuehren\/\" \/>\n<meta property=\"og:site_name\" content=\"Jenatschgarage Z\u00fcrich-Wollishofen\" \/>\n<meta property=\"article:modified_time\" content=\"2026-04-15T11:51:11+00:00\" \/>\n<meta property=\"og:image\" content=\"https:\/\/jenatschgaragen.ch\/wollishofen\/wp-content\/uploads\/sites\/4\/2026\/02\/dienstleistungen-jenatschgarage-1024x628.jpeg\" \/>\n<meta name=\"twitter:card\" content=\"summary_large_image\" \/>\n<meta name=\"twitter:label1\" content=\"Gesch\u00e4tzte Lesezeit\" \/>\n\t<meta name=\"twitter:data1\" content=\"3\u00a0Minuten\" \/>\n<script type=\"application\/ld+json\" class=\"yoast-schema-graph\">{\"@context\":\"https:\/\/schema.org\",\"@graph\":[{\"@type\":\"WebPage\",\"@id\":\"https:\/\/jenatschgaragen.ch\/wollishofen\/fahrzeug-vorfuehren\/\",\"url\":\"https:\/\/jenatschgaragen.ch\/wollishofen\/fahrzeug-vorfuehren\/\",\"name\":\"Fahrzeug vorf\u00fchren - Jenatschgarage Z\u00fcrich-Wollishofen\",\"isPartOf\":{\"@id\":\"https:\/\/jenatschgaragen.ch\/wollishofen\/#website\"},\"primaryImageOfPage\":{\"@id\":\"https:\/\/jenatschgaragen.ch\/wollishofen\/fahrzeug-vorfuehren\/#primaryimage\"},\"image\":{\"@id\":\"https:\/\/jenatschgaragen.ch\/wollishofen\/fahrzeug-vorfuehren\/#primaryimage\"},\"thumbnailUrl\":\"https:\/\/jenatschgaragen.ch\/wollishofen\/wp-content\/uploads\/sites\/4\/2026\/02\/dienstleistungen-jenatschgarage-1024x628.jpeg\",\"datePublished\":\"2026-02-02T13:15:19+00:00\",\"dateModified\":\"2026-04-15T11:51:11+00:00\",\"description\":\"Fahrzeug vorf\u00fchren bei Jenatschgarage Z\u00fcrich-Wollishofen \u2013 vereinbare jetzt eine pers\u00f6nliche Probefahrt und erlebe dein Wunschfahrzeug hautnah!\",\"breadcrumb\":{\"@id\":\"https:\/\/jenatschgaragen.ch\/wollishofen\/fahrzeug-vorfuehren\/#breadcrumb\"},\"inLanguage\":\"de-CH\",\"potentialAction\":[{\"@type\":\"ReadAction\",\"target\":[\"https:\/\/jenatschgaragen.ch\/wollishofen\/fahrzeug-vorfuehren\/\"]}]},{\"@type\":\"ImageObject\",\"inLanguage\":\"de-CH\",\"@id\":\"https:\/\/jenatschgaragen.ch\/wollishofen\/fahrzeug-vorfuehren\/#primaryimage\",\"url\":\"https:\/\/jenatschgaragen.ch\/wollishofen\/wp-content\/uploads\/sites\/4\/2026\/02\/dienstleistungen-jenatschgarage.jpeg\",\"contentUrl\":\"https:\/\/jenatschgaragen.ch\/wollishofen\/wp-content\/uploads\/sites\/4\/2026\/02\/dienstleistungen-jenatschgarage.jpeg\",\"width\":1047,\"height\":642},{\"@type\":\"BreadcrumbList\",\"@id\":\"https:\/\/jenatschgaragen.ch\/wollishofen\/fahrzeug-vorfuehren\/#breadcrumb\",\"itemListElement\":[{\"@type\":\"ListItem\",\"position\":1,\"name\":\"Home\",\"item\":\"https:\/\/jenatschgaragen.ch\/wollishofen\/\"},{\"@type\":\"ListItem\",\"position\":2,\"name\":\"Fahrzeug vorf\u00fchren\"}]},{\"@type\":\"WebSite\",\"@id\":\"https:\/\/jenatschgaragen.ch\/wollishofen\/#website\",\"url\":\"https:\/\/jenatschgaragen.ch\/wollishofen\/\",\"name\":\"Jenatschgarage Z\u00fcrich-Wollishofen\",\"description\":\"Ihre Mobilit\u00e4ts-Experten in Z\u00fcrich-Wollishofen\\u2028\",\"publisher\":{\"@id\":\"https:\/\/jenatschgaragen.ch\/wollishofen\/#organization\"},\"potentialAction\":[{\"@type\":\"SearchAction\",\"target\":{\"@type\":\"EntryPoint\",\"urlTemplate\":\"https:\/\/jenatschgaragen.ch\/wollishofen\/?s={search_term_string}\"},\"query-input\":{\"@type\":\"PropertyValueSpecification\",\"valueRequired\":true,\"valueName\":\"search_term_string\"}}],\"inLanguage\":\"de-CH\"},{\"@type\":\"Organization\",\"@id\":\"https:\/\/jenatschgaragen.ch\/wollishofen\/#organization\",\"name\":\"Jenatschgarage Z\u00fcrich-Wollishofen\",\"url\":\"https:\/\/jenatschgaragen.ch\/wollishofen\/\",\"logo\":{\"@type\":\"ImageObject\",\"inLanguage\":\"de-CH\",\"@id\":\"https:\/\/jenatschgaragen.ch\/wollishofen\/#\/schema\/logo\/image\/\",\"url\":\"https:\/\/jenatschgaragen.ch\/wollishofen\/wp-content\/uploads\/sites\/4\/2026\/01\/logo-Jenatschgarage-Zuerich-Wollishofen.png\",\"contentUrl\":\"https:\/\/jenatschgaragen.ch\/wollishofen\/wp-content\/uploads\/sites\/4\/2026\/01\/logo-Jenatschgarage-Zuerich-Wollishofen.png\",\"width\":530,\"height\":110,\"caption\":\"Jenatschgarage Z\u00fcrich-Wollishofen\"},\"image\":{\"@id\":\"https:\/\/jenatschgaragen.ch\/wollishofen\/#\/schema\/logo\/image\/\"}}]}<\/script>\n<!-- \/ Yoast SEO plugin. -->","yoast_head_json":{"title":"Fahrzeug vorf\u00fchren - Jenatschgarage Z\u00fcrich-Wollishofen","description":"Fahrzeug vorf\u00fchren bei Jenatschgarage Z\u00fcrich-Wollishofen \u2013 vereinbare jetzt eine pers\u00f6nliche Probefahrt und erlebe dein Wunschfahrzeug hautnah!","robots":{"index":"index","follow":"follow","max-snippet":"max-snippet:-1","max-image-preview":"max-image-preview:large","max-video-preview":"max-video-preview:-1"},"canonical":"https:\/\/jenatschgaragen.ch\/wollishofen\/fahrzeug-vorfuehren\/","og_locale":"de_DE","og_type":"article","og_title":"Fahrzeug vorf\u00fchren - Jenatschgarage Z\u00fcrich-Wollishofen","og_description":"Fahrzeug vorf\u00fchren bei Jenatschgarage Z\u00fcrich-Wollishofen \u2013 vereinbare jetzt eine pers\u00f6nliche Probefahrt und erlebe dein Wunschfahrzeug hautnah!","og_url":"https:\/\/jenatschgaragen.ch\/wollishofen\/fahrzeug-vorfuehren\/","og_site_name":"Jenatschgarage Z\u00fcrich-Wollishofen","article_modified_time":"2026-04-15T11:51:11+00:00","og_image":[{"url":"https:\/\/jenatschgaragen.ch\/wollishofen\/wp-content\/uploads\/sites\/4\/2026\/02\/dienstleistungen-jenatschgarage-1024x628.jpeg","type":"","width":"","height":""}],"twitter_card":"summary_large_image","twitter_misc":{"Gesch\u00e4tzte Lesezeit":"3\u00a0Minuten"},"schema":{"@context":"https:\/\/schema.org","@graph":[{"@type":"WebPage","@id":"https:\/\/jenatschgaragen.ch\/wollishofen\/fahrzeug-vorfuehren\/","url":"https:\/\/jenatschgaragen.ch\/wollishofen\/fahrzeug-vorfuehren\/","name":"Fahrzeug vorf\u00fchren - Jenatschgarage Z\u00fcrich-Wollishofen","isPartOf":{"@id":"https:\/\/jenatschgaragen.ch\/wollishofen\/#website"},"primaryImageOfPage":{"@id":"https:\/\/jenatschgaragen.ch\/wollishofen\/fahrzeug-vorfuehren\/#primaryimage"},"image":{"@id":"https:\/\/jenatschgaragen.ch\/wollishofen\/fahrzeug-vorfuehren\/#primaryimage"},"thumbnailUrl":"https:\/\/jenatschgaragen.ch\/wollishofen\/wp-content\/uploads\/sites\/4\/2026\/02\/dienstleistungen-jenatschgarage-1024x628.jpeg","datePublished":"2026-02-02T13:15:19+00:00","dateModified":"2026-04-15T11:51:11+00:00","description":"Fahrzeug vorf\u00fchren bei Jenatschgarage Z\u00fcrich-Wollishofen \u2013 vereinbare jetzt eine pers\u00f6nliche Probefahrt und erlebe dein Wunschfahrzeug hautnah!","breadcrumb":{"@id":"https:\/\/jenatschgaragen.ch\/wollishofen\/fahrzeug-vorfuehren\/#breadcrumb"},"inLanguage":"de-CH","potentialAction":[{"@type":"ReadAction","target":["https:\/\/jenatschgaragen.ch\/wollishofen\/fahrzeug-vorfuehren\/"]}]},{"@type":"ImageObject","inLanguage":"de-CH","@id":"https:\/\/jenatschgaragen.ch\/wollishofen\/fahrzeug-vorfuehren\/#primaryimage","url":"https:\/\/jenatschgaragen.ch\/wollishofen\/wp-content\/uploads\/sites\/4\/2026\/02\/dienstleistungen-jenatschgarage.jpeg","contentUrl":"https:\/\/jenatschgaragen.ch\/wollishofen\/wp-content\/uploads\/sites\/4\/2026\/02\/dienstleistungen-jenatschgarage.jpeg","width":1047,"height":642},{"@type":"BreadcrumbList","@id":"https:\/\/jenatschgaragen.ch\/wollishofen\/fahrzeug-vorfuehren\/#breadcrumb","itemListElement":[{"@type":"ListItem","position":1,"name":"Home","item":"https:\/\/jenatschgaragen.ch\/wollishofen\/"},{"@type":"ListItem","position":2,"name":"Fahrzeug vorf\u00fchren"}]},{"@type":"WebSite","@id":"https:\/\/jenatschgaragen.ch\/wollishofen\/#website","url":"https:\/\/jenatschgaragen.ch\/wollishofen\/","name":"Jenatschgarage Z\u00fcrich-Wollishofen","description":"Ihre Mobilit\u00e4ts-Experten in Z\u00fcrich-Wollishofen\u2028","publisher":{"@id":"https:\/\/jenatschgaragen.ch\/wollishofen\/#organization"},"potentialAction":[{"@type":"SearchAction","target":{"@type":"EntryPoint","urlTemplate":"https:\/\/jenatschgaragen.ch\/wollishofen\/?s={search_term_string}"},"query-input":{"@type":"PropertyValueSpecification","valueRequired":true,"valueName":"search_term_string"}}],"inLanguage":"de-CH"},{"@type":"Organization","@id":"https:\/\/jenatschgaragen.ch\/wollishofen\/#organization","name":"Jenatschgarage Z\u00fcrich-Wollishofen","url":"https:\/\/jenatschgaragen.ch\/wollishofen\/","logo":{"@type":"ImageObject","inLanguage":"de-CH","@id":"https:\/\/jenatschgaragen.ch\/wollishofen\/#\/schema\/logo\/image\/","url":"https:\/\/jenatschgaragen.ch\/wollishofen\/wp-content\/uploads\/sites\/4\/2026\/01\/logo-Jenatschgarage-Zuerich-Wollishofen.png","contentUrl":"https:\/\/jenatschgaragen.ch\/wollishofen\/wp-content\/uploads\/sites\/4\/2026\/01\/logo-Jenatschgarage-Zuerich-Wollishofen.png","width":530,"height":110,"caption":"Jenatschgarage Z\u00fcrich-Wollishofen"},"image":{"@id":"https:\/\/jenatschgaragen.ch\/wollishofen\/#\/schema\/logo\/image\/"}}]}},"_links":{"self":[{"href":"https:\/\/jenatschgaragen.ch\/wollishofen\/wp-json\/wp\/v2\/pages\/1072","targetHints":{"allow":["GET"]}}],"collection":[{"href":"https:\/\/jenatschgaragen.ch\/wollishofen\/wp-json\/wp\/v2\/pages"}],"about":[{"href":"https:\/\/jenatschgaragen.ch\/wollishofen\/wp-json\/wp\/v2\/types\/page"}],"author":[{"embeddable":true,"href":"https:\/\/jenatschgaragen.ch\/wollishofen\/wp-json\/wp\/v2\/users\/1"}],"replies":[{"embeddable":true,"href":"https:\/\/jenatschgaragen.ch\/wollishofen\/wp-json\/wp\/v2\/comments?post=1072"}],"version-history":[{"count":37,"href":"https:\/\/jenatschgaragen.ch\/wollishofen\/wp-json\/wp\/v2\/pages\/1072\/revisions"}],"predecessor-version":[{"id":1521,"href":"https:\/\/jenatschgaragen.ch\/wollishofen\/wp-json\/wp\/v2\/pages\/1072\/revisions\/1521"}],"wp:attachment":[{"href":"https:\/\/jenatschgaragen.ch\/wollishofen\/wp-json\/wp\/v2\/media?parent=1072"}],"curies":[{"name":"wp","href":"https:\/\/api.w.org\/{rel}","templated":true}]}}