{"id":1059,"date":"2026-02-02T14:10:58","date_gmt":"2026-02-02T13:10:58","guid":{"rendered":"https:\/\/effecto-marketing.ch\/jenatsch\/garage-zuerich-wollishofen\/?page_id=1059"},"modified":"2026-04-16T09:03:48","modified_gmt":"2026-04-16T07:03:48","slug":"raeder-und-reifen","status":"publish","type":"page","link":"https:\/\/jenatschgaragen.ch\/wollishofen\/raeder-und-reifen\/","title":{"rendered":"R\u00e4der und Reifen"},"content":{"rendered":"\t\t<div data-elementor-type=\"wp-page\" data-elementor-id=\"1059\" class=\"elementor elementor-1059\" data-elementor-post-type=\"page\">\n\t\t\t\t<div class=\"elementor-element elementor-element-cfedef2 e-flex e-con-boxed e-con e-parent\" data-id=\"cfedef2\" data-element_type=\"container\" data-e-type=\"container\" data-settings=\"{&quot;background_background&quot;:&quot;classic&quot;}\">\n\t\t\t\t\t<div class=\"e-con-inner\">\n\t\t\t\t\t<\/div>\n\t\t\t\t<\/div>\n\t\t<div class=\"elementor-element elementor-element-412d314 e-flex e-con-boxed e-con e-parent\" data-id=\"412d314\" data-element_type=\"container\" data-e-type=\"container\">\n\t\t\t\t\t<div class=\"e-con-inner\">\n\t\t<div class=\"elementor-element elementor-element-23a8c7d e-con-full e-flex e-con e-child\" data-id=\"23a8c7d\" data-element_type=\"container\" data-e-type=\"container\">\n\t\t<div class=\"elementor-element elementor-element-50e11d1 e-con-full animated-fast e-flex elementor-invisible e-con e-child\" data-id=\"50e11d1\" data-element_type=\"container\" data-e-type=\"container\" data-settings=\"{&quot;animation&quot;:&quot;fadeInLeft&quot;}\">\n\t\t\t\t<div class=\"elementor-element elementor-element-944950a elementor-widget elementor-widget-heading\" data-id=\"944950a\" data-element_type=\"widget\" data-e-type=\"widget\" data-widget_type=\"heading.default\">\n\t\t\t\t\t<h2 class=\"elementor-heading-title elementor-size-default\">R\u00e4der und Reifen<\/h2>\t\t\t\t<\/div>\n\t\t\t\t<\/div>\n\t\t<div class=\"elementor-element elementor-element-943c019 e-con-full animated-slow e-flex elementor-invisible e-con e-child\" data-id=\"943c019\" data-element_type=\"container\" data-e-type=\"container\" data-settings=\"{&quot;animation&quot;:&quot;fadeIn&quot;,&quot;animation_delay&quot;:&quot;100&quot;}\">\n\t\t\t\t<div class=\"elementor-element elementor-element-88a9e90 elementor-widget elementor-widget-heading\" data-id=\"88a9e90\" data-element_type=\"widget\" data-e-type=\"widget\" data-widget_type=\"heading.default\">\n\t\t\t\t\t<h4 class=\"elementor-heading-title elementor-size-default\">Mehr als nur ein Reifenwechsel.<\/h4>\t\t\t\t<\/div>\n\t\t\t\t<div class=\"elementor-element elementor-element-3742739 elementor-widget elementor-widget-text-editor\" data-id=\"3742739\" data-element_type=\"widget\" data-e-type=\"widget\" data-widget_type=\"text-editor.default\">\n\t\t\t\t\t\t\t\t\t<p class=\"p1\"><span class=\"s1\">F\u00fcr Ihren saisonalen Reifenwechsel: Mit unserem R\u00e4der Service wappnen wir Sie stets passend f\u00fcr die kommende Jahreszeit. Zus\u00e4tzlich k\u00f6nnen Sie Ihre Winter- oder Sommerr\u00e4der bei uns einlagern. Seien Sie bestens f\u00fcr die Herausforderungen der Strasse ger\u00fcstet <\/span><span class=\"s2\">\u2013 Wir begleiten Sie. <\/span><\/p>\t\t\t\t\t\t\t\t<\/div>\n\t\t\t\t<\/div>\n\t\t\t\t<\/div>\n\t\t\t\t\t<\/div>\n\t\t\t\t<\/div>\n\t\t<div class=\"elementor-element elementor-element-6cfb411 e-flex e-con-boxed e-con e-parent\" data-id=\"6cfb411\" data-element_type=\"container\" data-e-type=\"container\">\n\t\t\t\t\t<div class=\"e-con-inner\">\n\t\t<div class=\"elementor-element elementor-element-ae5ae36 e-con-full e-flex e-con e-child\" data-id=\"ae5ae36\" data-element_type=\"container\" data-e-type=\"container\">\n\t\t<div class=\"elementor-element elementor-element-f27714a e-con-full e-flex e-con e-child\" data-id=\"f27714a\" data-element_type=\"container\" data-e-type=\"container\">\n\t\t<div class=\"elementor-element elementor-element-9f7bed6 e-con-full animated-fast e-flex elementor-invisible e-con e-child\" data-id=\"9f7bed6\" data-element_type=\"container\" data-e-type=\"container\" data-settings=\"{&quot;animation&quot;:&quot;fadeInLeft&quot;}\">\n\t\t\t\t<div class=\"elementor-element elementor-element-571e930 elementor-widget elementor-widget-heading\" data-id=\"571e930\" data-element_type=\"widget\" data-e-type=\"widget\" data-widget_type=\"heading.default\">\n\t\t\t\t\t<h3 class=\"elementor-heading-title elementor-size-default\">Alles f\u00fcr Ihre Sicherheit und Ihren Komfort<\/h3>\t\t\t\t<\/div>\n\t\t\t\t<\/div>\n\t\t<div class=\"elementor-element elementor-element-5a55367 e-con-full animated-slow e-flex elementor-invisible e-con e-child\" data-id=\"5a55367\" data-element_type=\"container\" data-e-type=\"container\" data-settings=\"{&quot;animation&quot;:&quot;fadeIn&quot;}\">\n\t\t\t\t<div class=\"elementor-element elementor-element-8f79ee3 elementor-widget elementor-widget-text-editor\" data-id=\"8f79ee3\" data-element_type=\"widget\" data-e-type=\"widget\" data-widget_type=\"text-editor.default\">\n\t\t\t\t\t\t\t\t\t<p class=\"p1\">Der n\u00e4chste Reifenwechsel steht an? Wir \u00fcbernehmen das f\u00fcr Sie \u2013 schnell, fachgerecht und unkompliziert. Auf Wunsch lagern wir Ihre gewechselten R\u00e4der sicher und professionell in unserem R\u00e4dereinlagerungsservice ein. Ben\u00f6tigen Sie neue Reifen, beraten wir Sie kompetent und bieten eine passende Auswahl inklusive direkter Montage. Nutzen Sie unsere vielseitigen Leistungen rund um R\u00e4der und Reifen und bleiben Sie in jeder Saison sicher unterwegs.<\/p>\t\t\t\t\t\t\t\t<\/div>\n\t\t\t\t<\/div>\n\t\t\t\t<\/div>\n\t\t<div class=\"elementor-element elementor-element-df5d36e e-con-full e-flex e-con e-child\" data-id=\"df5d36e\" data-element_type=\"container\" data-e-type=\"container\">\n\t\t<div class=\"elementor-element elementor-element-78f7eb6 e-con-full animated-slow e-flex elementor-invisible e-con e-child\" data-id=\"78f7eb6\" data-element_type=\"container\" data-e-type=\"container\" data-settings=\"{&quot;animation&quot;:&quot;fadeIn&quot;}\">\n\t\t\t\t<div class=\"elementor-element elementor-element-3191b81 elementor-widget elementor-widget-image\" data-id=\"3191b81\" data-element_type=\"widget\" data-e-type=\"widget\" data-widget_type=\"image.default\">\n\t\t\t\t\t\t\t\t\t\t\t\t\t\t\t<img fetchpriority=\"high\" decoding=\"async\" width=\"800\" height=\"450\" src=\"https:\/\/jenatschgaragen.ch\/wollishofen\/wp-content\/uploads\/sites\/4\/2026\/02\/Raederlagerung-1024x576.jpeg\" class=\"elementor-animation-float attachment-large size-large wp-image-1203\" alt=\"\" srcset=\"https:\/\/jenatschgaragen.ch\/wollishofen\/wp-content\/uploads\/sites\/4\/2026\/02\/Raederlagerung-1024x576.jpeg 1024w, https:\/\/jenatschgaragen.ch\/wollishofen\/wp-content\/uploads\/sites\/4\/2026\/02\/Raederlagerung-300x169.jpeg 300w, https:\/\/jenatschgaragen.ch\/wollishofen\/wp-content\/uploads\/sites\/4\/2026\/02\/Raederlagerung-768x432.jpeg 768w, https:\/\/jenatschgaragen.ch\/wollishofen\/wp-content\/uploads\/sites\/4\/2026\/02\/Raederlagerung-1536x864.jpeg 1536w, https:\/\/jenatschgaragen.ch\/wollishofen\/wp-content\/uploads\/sites\/4\/2026\/02\/Raederlagerung.jpeg 1920w\" sizes=\"(max-width: 800px) 100vw, 800px\" \/>\t\t\t\t\t\t\t\t\t\t\t\t\t\t\t<\/div>\n\t\t\t\t<\/div>\n\t\t<div class=\"elementor-element elementor-element-e6b3db2 e-con-full e-flex e-con e-child\" data-id=\"e6b3db2\" data-element_type=\"container\" data-e-type=\"container\">\n\t\t<div class=\"elementor-element elementor-element-df431c5 e-con-full animated-fast e-flex elementor-invisible e-con e-child\" data-id=\"df431c5\" data-element_type=\"container\" data-e-type=\"container\" data-settings=\"{&quot;animation&quot;:&quot;fadeInUp&quot;,&quot;animation_delay&quot;:100}\">\n\t\t\t\t<div class=\"elementor-element elementor-element-9ebe2cc elementor-widget elementor-widget-heading\" data-id=\"9ebe2cc\" data-element_type=\"widget\" data-e-type=\"widget\" data-widget_type=\"heading.default\">\n\t\t\t\t\t<h6 class=\"elementor-heading-title elementor-size-default\">Unser Rundum-Service<\/h6>\t\t\t\t<\/div>\n\t\t\t\t<div class=\"elementor-element elementor-element-cd02051 elementor-widget elementor-widget-text-editor\" data-id=\"cd02051\" data-element_type=\"widget\" data-e-type=\"widget\" data-widget_type=\"text-editor.default\">\n\t\t\t\t\t\t\t\t\t<p data-start=\"698\" data-end=\"928\">Bei der <strong data-start=\"706\" data-end=\"743\">Jenatschgarage Z\u00fcrich-Wollishofen<\/strong> stehen pers\u00f6nlicher Service und fachliche Kompetenz im Mittelpunkt. Von der individuellen Beratung beim Reifenkauf bis zur pr\u00e4zisen Montage begleiten wir Sie zuverl\u00e4ssig und engagiert.<\/p><p data-start=\"930\" data-end=\"1087\">F\u00fcr mehr Platz und weniger Aufwand \u00fcbernehmen wir zudem die sichere und professionelle Einlagerung Ihrer R\u00e4der \u2013 alles aus einer Hand, bequem und sorgenfrei.<\/p>\t\t\t\t\t\t\t\t<\/div>\n\t\t\t\t<\/div>\n\t\t\t\t<\/div>\n\t\t\t\t<\/div>\n\t\t\t\t<\/div>\n\t\t\t\t\t<\/div>\n\t\t\t\t<\/div>\n\t\t<div class=\"elementor-element elementor-element-b743205 e-flex e-con-boxed e-con e-parent\" data-id=\"b743205\" data-element_type=\"container\" data-e-type=\"container\" data-settings=\"{&quot;background_background&quot;:&quot;classic&quot;}\">\n\t\t\t\t\t<div class=\"e-con-inner\">\n\t\t<div class=\"elementor-element elementor-element-937e78b e-con-full e-flex e-con e-child\" data-id=\"937e78b\" data-element_type=\"container\" data-e-type=\"container\">\n\t\t<div class=\"elementor-element elementor-element-701a182 e-con-full e-flex e-con e-child\" data-id=\"701a182\" data-element_type=\"container\" data-e-type=\"container\">\n\t\t<div class=\"elementor-element elementor-element-7bbe46c e-con-full e-flex e-con e-child\" data-id=\"7bbe46c\" data-element_type=\"container\" data-e-type=\"container\">\n\t\t\t\t<div class=\"elementor-element elementor-element-441a6db elementor-widget elementor-widget-heading\" data-id=\"441a6db\" data-element_type=\"widget\" data-e-type=\"widget\" data-widget_type=\"heading.default\">\n\t\t\t\t\t<h3 class=\"elementor-heading-title elementor-size-default\">Termin vereinbaren<\/h3>\t\t\t\t<\/div>\n\t\t<div class=\"elementor-element elementor-element-92745c6 e-con-full animated-slow e-flex elementor-invisible e-con e-child\" data-id=\"92745c6\" data-element_type=\"container\" data-e-type=\"container\" data-settings=\"{&quot;background_background&quot;:&quot;classic&quot;,&quot;animation&quot;:&quot;fadeIn&quot;}\">\n\t\t\t\t<div class=\"elementor-element elementor-element-396293e elementor-widget elementor-widget-heading\" data-id=\"396293e\" data-element_type=\"widget\" data-e-type=\"widget\" data-widget_type=\"heading.default\">\n\t\t\t\t\t<h4 class=\"elementor-heading-title elementor-size-default\">Schnell und einfach<\/h4>\t\t\t\t<\/div>\n\t\t\t\t<div class=\"elementor-element elementor-element-68289f8 elementor-align-left elementor-widget elementor-widget-button\" data-id=\"68289f8\" data-element_type=\"widget\" data-e-type=\"widget\" data-widget_type=\"button.default\">\n\t\t\t\t\t\t\t\t\t\t<a class=\"elementor-button elementor-button-link elementor-size-sm\" href=\"https:\/\/jenatschgarage-wollishofen.sopl.ch\/\" target=\"_blank\">\n\t\t\t\t\t\t<span class=\"elementor-button-content-wrapper\">\n\t\t\t\t\t\t<span class=\"elementor-button-icon\">\n\t\t\t\t<svg aria-hidden=\"true\" class=\"e-font-icon-svg e-fas-angle-right\" viewBox=\"0 0 256 512\" xmlns=\"http:\/\/www.w3.org\/2000\/svg\"><path d=\"M224.3 273l-136 136c-9.4 9.4-24.6 9.4-33.9 0l-22.6-22.6c-9.4-9.4-9.4-24.6 0-33.9l96.4-96.4-96.4-96.4c-9.4-9.4-9.4-24.6 0-33.9L54.3 103c9.4-9.4 24.6-9.4 33.9 0l136 136c9.5 9.4 9.5 24.6.1 34z\"><\/path><\/svg>\t\t\t<\/span>\n\t\t\t\t\t\t\t\t\t<span class=\"elementor-button-text\">Online Termin vereinbaren<\/span>\n\t\t\t\t\t<\/span>\n\t\t\t\t\t<\/a>\n\t\t\t\t\t\t\t\t<\/div>\n\t\t\t\t<\/div>\n\t\t\t\t<\/div>\n\t\t<div class=\"elementor-element elementor-element-4c96c44 e-con-full animated-fast e-flex elementor-invisible e-con e-child\" data-id=\"4c96c44\" data-element_type=\"container\" data-e-type=\"container\" data-settings=\"{&quot;animation&quot;:&quot;fadeInUp&quot;,&quot;animation_delay&quot;:&quot;200&quot;}\">\n\t\t\t\t<div class=\"elementor-element elementor-element-5d60710 elementor-widget elementor-widget-heading\" data-id=\"5d60710\" data-element_type=\"widget\" data-e-type=\"widget\" data-widget_type=\"heading.default\">\n\t\t\t\t\t<h3 class=\"elementor-heading-title elementor-size-default\">In Z\u00fcrich Wollishofen zu Hause.<\/h3>\t\t\t\t<\/div>\n\t\t\t\t<div class=\"elementor-element elementor-element-ac8f0f3 elementor-widget elementor-widget-image\" data-id=\"ac8f0f3\" data-element_type=\"widget\" data-e-type=\"widget\" data-widget_type=\"image.default\">\n\t\t\t\t\t\t\t\t\t\t\t\t\t\t\t<img decoding=\"async\" width=\"640\" height=\"400\" src=\"https:\/\/jenatschgaragen.ch\/wollishofen\/wp-content\/uploads\/sites\/4\/2026\/03\/Jenatschgarage-Wollishofen.jpg\" class=\"elementor-animation-float attachment-full size-full wp-image-1515\" alt=\"\" srcset=\"https:\/\/jenatschgaragen.ch\/wollishofen\/wp-content\/uploads\/sites\/4\/2026\/03\/Jenatschgarage-Wollishofen.jpg 640w, https:\/\/jenatschgaragen.ch\/wollishofen\/wp-content\/uploads\/sites\/4\/2026\/03\/Jenatschgarage-Wollishofen-300x188.jpg 300w\" sizes=\"(max-width: 640px) 100vw, 640px\" \/>\t\t\t\t\t\t\t\t\t\t\t\t\t\t\t<\/div>\n\t\t\t\t<div class=\"elementor-element elementor-element-a31fde8 elementor-widget elementor-widget-text-editor\" data-id=\"a31fde8\" data-element_type=\"widget\" data-e-type=\"widget\" data-widget_type=\"text-editor.default\">\n\t\t\t\t\t\t\t\t\t<p class=\"p1\">Bei der <strong data-start=\"152\" data-end=\"189\">Jenatschgarage Z\u00fcrich-Wollishofen<\/strong> stehen Verl\u00e4sslichkeit, pers\u00f6nliche N\u00e4he und hohe Fachkompetenz im Mittelpunkt. Als moderner Garagenbetrieb im Quartier begleiten wir unsere Kundinnen und Kunden in Z\u00fcrich-Wollishofen kompetent und unkompliziert in allen Fragen rund um ihre Mobilit\u00e4t. Wir setzen auf sorgf\u00e4ltige Arbeit, individuelle Beratung und eine offene, ehrliche Kommunikation. Unser Anspruch ist es, jeden Tag zuverl\u00e4ssige Qualit\u00e4t und pers\u00f6nlichen Service zu bieten \u2013 mit Engagement und Leidenschaft f\u00fcr moderne Mobilit\u00e4t.<\/p>\t\t\t\t\t\t\t\t<\/div>\n\t\t\t\t<\/div>\n\t\t\t\t<\/div>\n\t\t\t\t<\/div>\n\t\t\t\t\t<\/div>\n\t\t\t\t<\/div>\n\t\t\t\t<\/div>\n\t\t","protected":false},"excerpt":{"rendered":"<p>R\u00e4der und Reifen Mehr als nur ein Reifenwechsel. F\u00fcr Ihren saisonalen Reifenwechsel: Mit unserem R\u00e4der Service wappnen wir Sie stets passend f\u00fcr die kommende Jahreszeit. Zus\u00e4tzlich k\u00f6nnen Sie Ihre Winter- oder Sommerr\u00e4der bei uns einlagern. Seien Sie bestens f\u00fcr die Herausforderungen der Strasse ger\u00fcstet \u2013 Wir begleiten Sie. Alles f\u00fcr Ihre Sicherheit und Ihren Komfort [&hellip;]<\/p>\n","protected":false},"author":1,"featured_media":0,"parent":0,"menu_order":0,"comment_status":"closed","ping_status":"closed","template":"","meta":{"footnotes":""},"class_list":["post-1059","page","type-page","status-publish","hentry"],"yoast_head":"<!-- This site is optimized with the Yoast SEO plugin v27.2 - https:\/\/yoast.com\/product\/yoast-seo-wordpress\/ -->\n<title>R\u00e4der und Reifen - Jenatschgarage Z\u00fcrich-Wollishofen<\/title>\n<meta name=\"description\" content=\"R\u00e4der und Reifen bei der Jenatschgarage \u2013 Sommer- und Winterreifen, Montage sowie Einlagerung f\u00fcr VW, Audi und Skoda aus einer Hand.\" \/>\n<meta name=\"robots\" content=\"index, follow, max-snippet:-1, max-image-preview:large, max-video-preview:-1\" \/>\n<link rel=\"canonical\" href=\"https:\/\/jenatschgaragen.ch\/wollishofen\/raeder-und-reifen\/\" \/>\n<meta property=\"og:locale\" content=\"de_DE\" \/>\n<meta property=\"og:type\" content=\"article\" \/>\n<meta property=\"og:title\" content=\"R\u00e4der und Reifen - Jenatschgarage Z\u00fcrich-Wollishofen\" \/>\n<meta property=\"og:description\" content=\"R\u00e4der und Reifen bei der Jenatschgarage \u2013 Sommer- und Winterreifen, Montage sowie Einlagerung f\u00fcr VW, Audi und Skoda aus einer Hand.\" \/>\n<meta property=\"og:url\" content=\"https:\/\/jenatschgaragen.ch\/wollishofen\/raeder-und-reifen\/\" \/>\n<meta property=\"og:site_name\" content=\"Jenatschgarage Z\u00fcrich-Wollishofen\" \/>\n<meta property=\"article:modified_time\" content=\"2026-04-16T07:03:48+00:00\" \/>\n<meta property=\"og:image\" content=\"https:\/\/jenatschgaragen.ch\/wollishofen\/wp-content\/uploads\/sites\/4\/2026\/02\/Raederlagerung-1024x576.jpeg\" \/>\n<meta name=\"twitter:card\" content=\"summary_large_image\" \/>\n<meta name=\"twitter:label1\" content=\"Gesch\u00e4tzte Lesezeit\" \/>\n\t<meta name=\"twitter:data1\" content=\"2\u00a0Minuten\" \/>\n<script type=\"application\/ld+json\" class=\"yoast-schema-graph\">{\"@context\":\"https:\/\/schema.org\",\"@graph\":[{\"@type\":\"WebPage\",\"@id\":\"https:\/\/jenatschgaragen.ch\/wollishofen\/raeder-und-reifen\/\",\"url\":\"https:\/\/jenatschgaragen.ch\/wollishofen\/raeder-und-reifen\/\",\"name\":\"R\u00e4der und Reifen - Jenatschgarage Z\u00fcrich-Wollishofen\",\"isPartOf\":{\"@id\":\"https:\/\/jenatschgaragen.ch\/wollishofen\/#website\"},\"primaryImageOfPage\":{\"@id\":\"https:\/\/jenatschgaragen.ch\/wollishofen\/raeder-und-reifen\/#primaryimage\"},\"image\":{\"@id\":\"https:\/\/jenatschgaragen.ch\/wollishofen\/raeder-und-reifen\/#primaryimage\"},\"thumbnailUrl\":\"https:\/\/jenatschgaragen.ch\/wollishofen\/wp-content\/uploads\/sites\/4\/2026\/02\/Raederlagerung-1024x576.jpeg\",\"datePublished\":\"2026-02-02T13:10:58+00:00\",\"dateModified\":\"2026-04-16T07:03:48+00:00\",\"description\":\"R\u00e4der und Reifen bei der Jenatschgarage \u2013 Sommer- und Winterreifen, Montage sowie Einlagerung f\u00fcr VW, Audi und Skoda aus einer Hand.\",\"breadcrumb\":{\"@id\":\"https:\/\/jenatschgaragen.ch\/wollishofen\/raeder-und-reifen\/#breadcrumb\"},\"inLanguage\":\"de-CH\",\"potentialAction\":[{\"@type\":\"ReadAction\",\"target\":[\"https:\/\/jenatschgaragen.ch\/wollishofen\/raeder-und-reifen\/\"]}]},{\"@type\":\"ImageObject\",\"inLanguage\":\"de-CH\",\"@id\":\"https:\/\/jenatschgaragen.ch\/wollishofen\/raeder-und-reifen\/#primaryimage\",\"url\":\"https:\/\/jenatschgaragen.ch\/wollishofen\/wp-content\/uploads\/sites\/4\/2026\/02\/Raederlagerung.jpeg\",\"contentUrl\":\"https:\/\/jenatschgaragen.ch\/wollishofen\/wp-content\/uploads\/sites\/4\/2026\/02\/Raederlagerung.jpeg\",\"width\":1920,\"height\":1080},{\"@type\":\"BreadcrumbList\",\"@id\":\"https:\/\/jenatschgaragen.ch\/wollishofen\/raeder-und-reifen\/#breadcrumb\",\"itemListElement\":[{\"@type\":\"ListItem\",\"position\":1,\"name\":\"Home\",\"item\":\"https:\/\/jenatschgaragen.ch\/wollishofen\/\"},{\"@type\":\"ListItem\",\"position\":2,\"name\":\"R\u00e4der und Reifen\"}]},{\"@type\":\"WebSite\",\"@id\":\"https:\/\/jenatschgaragen.ch\/wollishofen\/#website\",\"url\":\"https:\/\/jenatschgaragen.ch\/wollishofen\/\",\"name\":\"Jenatschgarage Z\u00fcrich-Wollishofen\",\"description\":\"Ihre Mobilit\u00e4ts-Experten in Z\u00fcrich-Wollishofen\\u2028\",\"publisher\":{\"@id\":\"https:\/\/jenatschgaragen.ch\/wollishofen\/#organization\"},\"potentialAction\":[{\"@type\":\"SearchAction\",\"target\":{\"@type\":\"EntryPoint\",\"urlTemplate\":\"https:\/\/jenatschgaragen.ch\/wollishofen\/?s={search_term_string}\"},\"query-input\":{\"@type\":\"PropertyValueSpecification\",\"valueRequired\":true,\"valueName\":\"search_term_string\"}}],\"inLanguage\":\"de-CH\"},{\"@type\":\"Organization\",\"@id\":\"https:\/\/jenatschgaragen.ch\/wollishofen\/#organization\",\"name\":\"Jenatschgarage Z\u00fcrich-Wollishofen\",\"url\":\"https:\/\/jenatschgaragen.ch\/wollishofen\/\",\"logo\":{\"@type\":\"ImageObject\",\"inLanguage\":\"de-CH\",\"@id\":\"https:\/\/jenatschgaragen.ch\/wollishofen\/#\/schema\/logo\/image\/\",\"url\":\"https:\/\/jenatschgaragen.ch\/wollishofen\/wp-content\/uploads\/sites\/4\/2026\/01\/logo-Jenatschgarage-Zuerich-Wollishofen.png\",\"contentUrl\":\"https:\/\/jenatschgaragen.ch\/wollishofen\/wp-content\/uploads\/sites\/4\/2026\/01\/logo-Jenatschgarage-Zuerich-Wollishofen.png\",\"width\":530,\"height\":110,\"caption\":\"Jenatschgarage Z\u00fcrich-Wollishofen\"},\"image\":{\"@id\":\"https:\/\/jenatschgaragen.ch\/wollishofen\/#\/schema\/logo\/image\/\"}}]}<\/script>\n<!-- \/ Yoast SEO plugin. -->","yoast_head_json":{"title":"R\u00e4der und Reifen - Jenatschgarage Z\u00fcrich-Wollishofen","description":"R\u00e4der und Reifen bei der Jenatschgarage \u2013 Sommer- und Winterreifen, Montage sowie Einlagerung f\u00fcr VW, Audi und Skoda aus einer Hand.","robots":{"index":"index","follow":"follow","max-snippet":"max-snippet:-1","max-image-preview":"max-image-preview:large","max-video-preview":"max-video-preview:-1"},"canonical":"https:\/\/jenatschgaragen.ch\/wollishofen\/raeder-und-reifen\/","og_locale":"de_DE","og_type":"article","og_title":"R\u00e4der und Reifen - Jenatschgarage Z\u00fcrich-Wollishofen","og_description":"R\u00e4der und Reifen bei der Jenatschgarage \u2013 Sommer- und Winterreifen, Montage sowie Einlagerung f\u00fcr VW, Audi und Skoda aus einer Hand.","og_url":"https:\/\/jenatschgaragen.ch\/wollishofen\/raeder-und-reifen\/","og_site_name":"Jenatschgarage Z\u00fcrich-Wollishofen","article_modified_time":"2026-04-16T07:03:48+00:00","og_image":[{"url":"https:\/\/jenatschgaragen.ch\/wollishofen\/wp-content\/uploads\/sites\/4\/2026\/02\/Raederlagerung-1024x576.jpeg","type":"","width":"","height":""}],"twitter_card":"summary_large_image","twitter_misc":{"Gesch\u00e4tzte Lesezeit":"2\u00a0Minuten"},"schema":{"@context":"https:\/\/schema.org","@graph":[{"@type":"WebPage","@id":"https:\/\/jenatschgaragen.ch\/wollishofen\/raeder-und-reifen\/","url":"https:\/\/jenatschgaragen.ch\/wollishofen\/raeder-und-reifen\/","name":"R\u00e4der und Reifen - Jenatschgarage Z\u00fcrich-Wollishofen","isPartOf":{"@id":"https:\/\/jenatschgaragen.ch\/wollishofen\/#website"},"primaryImageOfPage":{"@id":"https:\/\/jenatschgaragen.ch\/wollishofen\/raeder-und-reifen\/#primaryimage"},"image":{"@id":"https:\/\/jenatschgaragen.ch\/wollishofen\/raeder-und-reifen\/#primaryimage"},"thumbnailUrl":"https:\/\/jenatschgaragen.ch\/wollishofen\/wp-content\/uploads\/sites\/4\/2026\/02\/Raederlagerung-1024x576.jpeg","datePublished":"2026-02-02T13:10:58+00:00","dateModified":"2026-04-16T07:03:48+00:00","description":"R\u00e4der und Reifen bei der Jenatschgarage \u2013 Sommer- und Winterreifen, Montage sowie Einlagerung f\u00fcr VW, Audi und Skoda aus einer Hand.","breadcrumb":{"@id":"https:\/\/jenatschgaragen.ch\/wollishofen\/raeder-und-reifen\/#breadcrumb"},"inLanguage":"de-CH","potentialAction":[{"@type":"ReadAction","target":["https:\/\/jenatschgaragen.ch\/wollishofen\/raeder-und-reifen\/"]}]},{"@type":"ImageObject","inLanguage":"de-CH","@id":"https:\/\/jenatschgaragen.ch\/wollishofen\/raeder-und-reifen\/#primaryimage","url":"https:\/\/jenatschgaragen.ch\/wollishofen\/wp-content\/uploads\/sites\/4\/2026\/02\/Raederlagerung.jpeg","contentUrl":"https:\/\/jenatschgaragen.ch\/wollishofen\/wp-content\/uploads\/sites\/4\/2026\/02\/Raederlagerung.jpeg","width":1920,"height":1080},{"@type":"BreadcrumbList","@id":"https:\/\/jenatschgaragen.ch\/wollishofen\/raeder-und-reifen\/#breadcrumb","itemListElement":[{"@type":"ListItem","position":1,"name":"Home","item":"https:\/\/jenatschgaragen.ch\/wollishofen\/"},{"@type":"ListItem","position":2,"name":"R\u00e4der und Reifen"}]},{"@type":"WebSite","@id":"https:\/\/jenatschgaragen.ch\/wollishofen\/#website","url":"https:\/\/jenatschgaragen.ch\/wollishofen\/","name":"Jenatschgarage Z\u00fcrich-Wollishofen","description":"Ihre Mobilit\u00e4ts-Experten in Z\u00fcrich-Wollishofen\u2028","publisher":{"@id":"https:\/\/jenatschgaragen.ch\/wollishofen\/#organization"},"potentialAction":[{"@type":"SearchAction","target":{"@type":"EntryPoint","urlTemplate":"https:\/\/jenatschgaragen.ch\/wollishofen\/?s={search_term_string}"},"query-input":{"@type":"PropertyValueSpecification","valueRequired":true,"valueName":"search_term_string"}}],"inLanguage":"de-CH"},{"@type":"Organization","@id":"https:\/\/jenatschgaragen.ch\/wollishofen\/#organization","name":"Jenatschgarage Z\u00fcrich-Wollishofen","url":"https:\/\/jenatschgaragen.ch\/wollishofen\/","logo":{"@type":"ImageObject","inLanguage":"de-CH","@id":"https:\/\/jenatschgaragen.ch\/wollishofen\/#\/schema\/logo\/image\/","url":"https:\/\/jenatschgaragen.ch\/wollishofen\/wp-content\/uploads\/sites\/4\/2026\/01\/logo-Jenatschgarage-Zuerich-Wollishofen.png","contentUrl":"https:\/\/jenatschgaragen.ch\/wollishofen\/wp-content\/uploads\/sites\/4\/2026\/01\/logo-Jenatschgarage-Zuerich-Wollishofen.png","width":530,"height":110,"caption":"Jenatschgarage Z\u00fcrich-Wollishofen"},"image":{"@id":"https:\/\/jenatschgaragen.ch\/wollishofen\/#\/schema\/logo\/image\/"}}]}},"_links":{"self":[{"href":"https:\/\/jenatschgaragen.ch\/wollishofen\/wp-json\/wp\/v2\/pages\/1059","targetHints":{"allow":["GET"]}}],"collection":[{"href":"https:\/\/jenatschgaragen.ch\/wollishofen\/wp-json\/wp\/v2\/pages"}],"about":[{"href":"https:\/\/jenatschgaragen.ch\/wollishofen\/wp-json\/wp\/v2\/types\/page"}],"author":[{"embeddable":true,"href":"https:\/\/jenatschgaragen.ch\/wollishofen\/wp-json\/wp\/v2\/users\/1"}],"replies":[{"embeddable":true,"href":"https:\/\/jenatschgaragen.ch\/wollishofen\/wp-json\/wp\/v2\/comments?post=1059"}],"version-history":[{"count":31,"href":"https:\/\/jenatschgaragen.ch\/wollishofen\/wp-json\/wp\/v2\/pages\/1059\/revisions"}],"predecessor-version":[{"id":1536,"href":"https:\/\/jenatschgaragen.ch\/wollishofen\/wp-json\/wp\/v2\/pages\/1059\/revisions\/1536"}],"wp:attachment":[{"href":"https:\/\/jenatschgaragen.ch\/wollishofen\/wp-json\/wp\/v2\/media?parent=1059"}],"curies":[{"name":"wp","href":"https:\/\/api.w.org\/{rel}","templated":true}]}}