{"id":1042,"date":"2026-02-02T14:08:39","date_gmt":"2026-02-02T13:08:39","guid":{"rendered":"https:\/\/effecto-marketing.ch\/jenatsch\/garage-zuerich-wollishofen\/?page_id=1042"},"modified":"2026-04-15T14:14:38","modified_gmt":"2026-04-15T12:14:38","slug":"service-und-reparaturen","status":"publish","type":"page","link":"https:\/\/jenatschgaragen.ch\/wollishofen\/service-und-reparaturen\/","title":{"rendered":"Service und Reparaturen"},"content":{"rendered":"\t\t<div data-elementor-type=\"wp-page\" data-elementor-id=\"1042\" class=\"elementor elementor-1042\" data-elementor-post-type=\"page\">\n\t\t\t\t<div class=\"elementor-element elementor-element-a58e798 e-flex e-con-boxed e-con e-parent\" data-id=\"a58e798\" data-element_type=\"container\" data-e-type=\"container\" data-settings=\"{&quot;background_background&quot;:&quot;classic&quot;}\">\n\t\t\t\t\t<div class=\"e-con-inner\">\n\t\t\t\t\t<\/div>\n\t\t\t\t<\/div>\n\t\t<div class=\"elementor-element elementor-element-a9795ec e-flex e-con-boxed e-con e-parent\" data-id=\"a9795ec\" data-element_type=\"container\" data-e-type=\"container\">\n\t\t\t\t\t<div class=\"e-con-inner\">\n\t\t<div class=\"elementor-element elementor-element-eddaa1d e-con-full e-flex e-con e-child\" data-id=\"eddaa1d\" data-element_type=\"container\" data-e-type=\"container\">\n\t\t<div class=\"elementor-element elementor-element-303ecdd e-con-full animated-fast e-flex elementor-invisible e-con e-child\" data-id=\"303ecdd\" data-element_type=\"container\" data-e-type=\"container\" data-settings=\"{&quot;animation&quot;:&quot;fadeInLeft&quot;}\">\n\t\t\t\t<div class=\"elementor-element elementor-element-b07674e elementor-widget elementor-widget-heading\" data-id=\"b07674e\" data-element_type=\"widget\" data-e-type=\"widget\" data-widget_type=\"heading.default\">\n\t\t\t\t\t<h2 class=\"elementor-heading-title elementor-size-default\">Service &amp; Reparaturen<\/h2>\t\t\t\t<\/div>\n\t\t\t\t<\/div>\n\t\t<div class=\"elementor-element elementor-element-061b6ef e-con-full animated-slow e-flex elementor-invisible e-con e-child\" data-id=\"061b6ef\" data-element_type=\"container\" data-e-type=\"container\" data-settings=\"{&quot;animation&quot;:&quot;fadeIn&quot;,&quot;animation_delay&quot;:&quot;100&quot;}\">\n\t\t\t\t<div class=\"elementor-element elementor-element-1fe9ae7 elementor-widget elementor-widget-heading\" data-id=\"1fe9ae7\" data-element_type=\"widget\" data-e-type=\"widget\" data-widget_type=\"heading.default\">\n\t\t\t\t\t<h4 class=\"elementor-heading-title elementor-size-default\">Ihre Zufriedenheit. Unser Versprechen.<\/h4>\t\t\t\t<\/div>\n\t\t\t\t<div class=\"elementor-element elementor-element-939044f elementor-widget elementor-widget-text-editor\" data-id=\"939044f\" data-element_type=\"widget\" data-e-type=\"widget\" data-widget_type=\"text-editor.default\">\n\t\t\t\t\t\t\t\t\t<p class=\"p1\">Bei der <strong data-start=\"265\" data-end=\"302\">Jenatschgarage Z\u00fcrich-Wollishofen<\/strong> ist Ihr Fahrzeug in besten H\u00e4nden. Unsere erfahrenen Fachspezialistinnen und -spezialisten sorgen daf\u00fcr, dass Sie jederzeit zuverl\u00e4ssig mobil bleiben \u2013 im Alltag wie auch auf neuen Wegen. Sollte Ihr Fahrzeug einmal nicht fahrbereit sein, setzen wir alles daran, Sie schnell, kompetent und unkompliziert wieder auf die Strasse zu bringen.<\/p>\t\t\t\t\t\t\t\t<\/div>\n\t\t\t\t<\/div>\n\t\t\t\t<\/div>\n\t\t\t\t\t<\/div>\n\t\t\t\t<\/div>\n\t\t<div class=\"elementor-element elementor-element-d92c720 e-flex e-con-boxed e-con e-parent\" data-id=\"d92c720\" data-element_type=\"container\" data-e-type=\"container\">\n\t\t\t\t\t<div class=\"e-con-inner\">\n\t\t<div class=\"elementor-element elementor-element-74fa777 e-con-full e-flex e-con e-child\" data-id=\"74fa777\" data-element_type=\"container\" data-e-type=\"container\">\n\t\t<div class=\"elementor-element elementor-element-e1b1e56 e-con-full e-flex e-con e-child\" data-id=\"e1b1e56\" data-element_type=\"container\" data-e-type=\"container\">\n\t\t<div class=\"elementor-element elementor-element-acd1957 e-con-full animated-fast e-flex elementor-invisible e-con e-child\" data-id=\"acd1957\" data-element_type=\"container\" data-e-type=\"container\" data-settings=\"{&quot;animation&quot;:&quot;fadeInLeft&quot;}\">\n\t\t\t\t<div class=\"elementor-element elementor-element-14222ea elementor-widget elementor-widget-heading\" data-id=\"14222ea\" data-element_type=\"widget\" data-e-type=\"widget\" data-widget_type=\"heading.default\">\n\t\t\t\t\t<h3 class=\"elementor-heading-title elementor-size-default\">Verl\u00e4sslicher Service<\/h3>\t\t\t\t<\/div>\n\t\t\t\t<\/div>\n\t\t<div class=\"elementor-element elementor-element-bca5dae e-con-full animated-slow e-flex elementor-invisible e-con e-child\" data-id=\"bca5dae\" data-element_type=\"container\" data-e-type=\"container\" data-settings=\"{&quot;animation&quot;:&quot;fadeIn&quot;,&quot;animation_delay&quot;:&quot;100&quot;}\">\n\t\t\t\t<div class=\"elementor-element elementor-element-7956796 elementor-widget elementor-widget-text-editor\" data-id=\"7956796\" data-element_type=\"widget\" data-e-type=\"widget\" data-widget_type=\"text-editor.default\">\n\t\t\t\t\t\t\t\t\t<p class=\"p1\">In der <strong data-start=\"154\" data-end=\"191\">Jenatschgarage Z\u00fcrich-Wollishofen<\/strong> sind Sie und Ihr Fahrzeug in besten H\u00e4nden. Mit unserem klaren Qualit\u00e4tsverst\u00e4ndnis sorgen wir daf\u00fcr, dass Ihre Mobilit\u00e4t jederzeit gesichert ist. Freuen Sie sich auf passgenaue Service- und Reparaturl\u00f6sungen, abgestimmt auf Ihre individuellen Bed\u00fcrfnisse und auf viele sorgenfreie Kilometer, die vor Ihnen liegen.<\/p>\t\t\t\t\t\t\t\t<\/div>\n\t\t\t\t<\/div>\n\t\t\t\t<\/div>\n\t\t<div class=\"elementor-element elementor-element-5bf964c e-con-full e-flex e-con e-child\" data-id=\"5bf964c\" data-element_type=\"container\" data-e-type=\"container\">\n\t\t<div class=\"elementor-element elementor-element-7868e32 e-con-full e-flex elementor-invisible e-con e-child\" data-id=\"7868e32\" data-element_type=\"container\" data-e-type=\"container\" data-settings=\"{&quot;animation&quot;:&quot;fadeInUp&quot;}\">\n\t\t\t\t<div class=\"elementor-element elementor-element-6d75a71 elementor-widget elementor-widget-image\" data-id=\"6d75a71\" data-element_type=\"widget\" data-e-type=\"widget\" data-widget_type=\"image.default\">\n\t\t\t\t\t\t\t\t\t\t\t\t\t\t\t<img fetchpriority=\"high\" decoding=\"async\" width=\"800\" height=\"491\" src=\"https:\/\/jenatschgaragen.ch\/wollishofen\/wp-content\/uploads\/sites\/4\/2026\/02\/dienstleistungen-aufdorf_maennedorf-service_und_reparatur-02-1024x628.jpg\" class=\"elementor-animation-float attachment-large size-large wp-image-1049\" alt=\"\" srcset=\"https:\/\/jenatschgaragen.ch\/wollishofen\/wp-content\/uploads\/sites\/4\/2026\/02\/dienstleistungen-aufdorf_maennedorf-service_und_reparatur-02-1024x628.jpg 1024w, https:\/\/jenatschgaragen.ch\/wollishofen\/wp-content\/uploads\/sites\/4\/2026\/02\/dienstleistungen-aufdorf_maennedorf-service_und_reparatur-02-300x184.jpg 300w, https:\/\/jenatschgaragen.ch\/wollishofen\/wp-content\/uploads\/sites\/4\/2026\/02\/dienstleistungen-aufdorf_maennedorf-service_und_reparatur-02-768x471.jpg 768w, https:\/\/jenatschgaragen.ch\/wollishofen\/wp-content\/uploads\/sites\/4\/2026\/02\/dienstleistungen-aufdorf_maennedorf-service_und_reparatur-02.jpg 1047w\" sizes=\"(max-width: 800px) 100vw, 800px\" \/>\t\t\t\t\t\t\t\t\t\t\t\t\t\t\t<\/div>\n\t\t<div class=\"elementor-element elementor-element-0e3cc19 e-con-full e-flex e-con e-child\" data-id=\"0e3cc19\" data-element_type=\"container\" data-e-type=\"container\">\n\t\t\t\t<div class=\"elementor-element elementor-element-523ffa5 elementor-widget elementor-widget-heading\" data-id=\"523ffa5\" data-element_type=\"widget\" data-e-type=\"widget\" data-widget_type=\"heading.default\">\n\t\t\t\t\t<h6 class=\"elementor-heading-title elementor-size-default\">Service- und Unterhaltsarbeiten<\/h6>\t\t\t\t<\/div>\n\t\t\t\t<div class=\"elementor-element elementor-element-396a5e0 elementor-widget elementor-widget-text-editor\" data-id=\"396a5e0\" data-element_type=\"widget\" data-e-type=\"widget\" data-widget_type=\"text-editor.default\">\n\t\t\t\t\t\t\t\t\t<p data-start=\"158\" data-end=\"468\">Wir f\u00fchren Wartungs- und Servicearbeiten fachgerecht und konsequent nach den Herstellervorgaben durch. Durch die Anwendung der originalen Wartungspl\u00e4ne bleibt der Garantieschutz Ihres Fahrzeugs vollst\u00e4ndig erhalten \u2013 auch bei Neufahrzeugen. Vertrauen Sie auf unsere Kompetenz, unabh\u00e4ngig von Marke oder Modell.<\/p>\t\t\t\t\t\t\t\t<\/div>\n\t\t\t\t<\/div>\n\t\t\t\t<\/div>\n\t\t<div class=\"elementor-element elementor-element-244a868 e-con-full e-flex elementor-invisible e-con e-child\" data-id=\"244a868\" data-element_type=\"container\" data-e-type=\"container\" data-settings=\"{&quot;animation&quot;:&quot;fadeInUp&quot;,&quot;animation_delay&quot;:&quot;100&quot;}\">\n\t\t\t\t<div class=\"elementor-element elementor-element-5ae958e elementor-widget elementor-widget-image\" data-id=\"5ae958e\" data-element_type=\"widget\" data-e-type=\"widget\" data-widget_type=\"image.default\">\n\t\t\t\t\t\t\t\t\t\t\t\t\t\t\t<img decoding=\"async\" width=\"800\" height=\"491\" src=\"https:\/\/jenatschgaragen.ch\/wollishofen\/wp-content\/uploads\/sites\/4\/2026\/02\/dienstleistungen-jenatschgarage-1024x628.jpeg\" class=\"elementor-animation-float attachment-large size-large wp-image-1193\" alt=\"\" srcset=\"https:\/\/jenatschgaragen.ch\/wollishofen\/wp-content\/uploads\/sites\/4\/2026\/02\/dienstleistungen-jenatschgarage-1024x628.jpeg 1024w, https:\/\/jenatschgaragen.ch\/wollishofen\/wp-content\/uploads\/sites\/4\/2026\/02\/dienstleistungen-jenatschgarage-300x184.jpeg 300w, https:\/\/jenatschgaragen.ch\/wollishofen\/wp-content\/uploads\/sites\/4\/2026\/02\/dienstleistungen-jenatschgarage-768x471.jpeg 768w, https:\/\/jenatschgaragen.ch\/wollishofen\/wp-content\/uploads\/sites\/4\/2026\/02\/dienstleistungen-jenatschgarage.jpeg 1047w\" sizes=\"(max-width: 800px) 100vw, 800px\" \/>\t\t\t\t\t\t\t\t\t\t\t\t\t\t\t<\/div>\n\t\t<div class=\"elementor-element elementor-element-97d916c e-con-full e-flex e-con e-child\" data-id=\"97d916c\" data-element_type=\"container\" data-e-type=\"container\">\n\t\t\t\t<div class=\"elementor-element elementor-element-80fc369 elementor-widget elementor-widget-heading\" data-id=\"80fc369\" data-element_type=\"widget\" data-e-type=\"widget\" data-widget_type=\"heading.default\">\n\t\t\t\t\t<h6 class=\"elementor-heading-title elementor-size-default\">Sorgenfrei zum Strassenverkehrsamt<\/h6>\t\t\t\t<\/div>\n\t\t\t\t<div class=\"elementor-element elementor-element-3a261f5 elementor-widget elementor-widget-text-editor\" data-id=\"3a261f5\" data-element_type=\"widget\" data-e-type=\"widget\" data-widget_type=\"text-editor.default\">\n\t\t\t\t\t\t\t\t\t<p class=\"p1\">Eine sorgf\u00e4ltige Vorbereitung auf die Vorf\u00fchrung beim Strassenverkehrsamt ist entscheidend. Wir \u00fcbernehmen den vollst\u00e4ndigen Fahrzeugcheck und sorgen daf\u00fcr, dass Ihr Auto optimal vorbereitet ist. Dabei kontrollieren wir unter anderem Abgasanlage, R\u00e4der, Bremsen, Motor und Beleuchtung. Auf Wunsch \u00fcbernehmen wir auch die komplette Abwicklung der MFK f\u00fcr Sie \u2013 Sie bringen uns Ihr Fahrzeug, wir k\u00fcmmern uns um den Rest.<\/p>\t\t\t\t\t\t\t\t<\/div>\n\t\t\t\t<\/div>\n\t\t\t\t<\/div>\n\t\t<div class=\"elementor-element elementor-element-f1656aa e-con-full e-flex elementor-invisible e-con e-child\" data-id=\"f1656aa\" data-element_type=\"container\" data-e-type=\"container\" data-settings=\"{&quot;animation&quot;:&quot;fadeInUp&quot;,&quot;animation_delay&quot;:&quot;200&quot;}\">\n\t\t\t\t<div class=\"elementor-element elementor-element-40d9893 elementor-widget elementor-widget-image\" data-id=\"40d9893\" data-element_type=\"widget\" data-e-type=\"widget\" data-widget_type=\"image.default\">\n\t\t\t\t\t\t\t\t\t\t\t\t\t\t\t<img decoding=\"async\" width=\"800\" height=\"491\" src=\"https:\/\/jenatschgaragen.ch\/wollishofen\/wp-content\/uploads\/sites\/4\/2026\/02\/Diagnostik-jenatschgarage-1024x628.jpg\" class=\"elementor-animation-float attachment-large size-large wp-image-1191\" alt=\"\" srcset=\"https:\/\/jenatschgaragen.ch\/wollishofen\/wp-content\/uploads\/sites\/4\/2026\/02\/Diagnostik-jenatschgarage-1024x628.jpg 1024w, https:\/\/jenatschgaragen.ch\/wollishofen\/wp-content\/uploads\/sites\/4\/2026\/02\/Diagnostik-jenatschgarage-300x184.jpg 300w, https:\/\/jenatschgaragen.ch\/wollishofen\/wp-content\/uploads\/sites\/4\/2026\/02\/Diagnostik-jenatschgarage-768x471.jpg 768w, https:\/\/jenatschgaragen.ch\/wollishofen\/wp-content\/uploads\/sites\/4\/2026\/02\/Diagnostik-jenatschgarage.jpg 1047w\" sizes=\"(max-width: 800px) 100vw, 800px\" \/>\t\t\t\t\t\t\t\t\t\t\t\t\t\t\t<\/div>\n\t\t<div class=\"elementor-element elementor-element-367bbe2 e-con-full e-flex e-con e-child\" data-id=\"367bbe2\" data-element_type=\"container\" data-e-type=\"container\">\n\t\t\t\t<div class=\"elementor-element elementor-element-0f5d3be elementor-widget elementor-widget-heading\" data-id=\"0f5d3be\" data-element_type=\"widget\" data-e-type=\"widget\" data-widget_type=\"heading.default\">\n\t\t\t\t\t<h6 class=\"elementor-heading-title elementor-size-default\">Diagnostik<\/h6>\t\t\t\t<\/div>\n\t\t\t\t<div class=\"elementor-element elementor-element-4fc3dd1 elementor-widget elementor-widget-text-editor\" data-id=\"4fc3dd1\" data-element_type=\"widget\" data-e-type=\"widget\" data-widget_type=\"text-editor.default\">\n\t\t\t\t\t\t\t\t\t<p class=\"p1\">Sparen Sie Zeit und Kosten dank moderner Diagnosetechnik und fundiertem Fachwissen. In der <strong data-start=\"242\" data-end=\"279\">Jenatschgarage Z\u00fcrich-Wollishofen<\/strong> verbinden wir unsere lokale Erfahrung mit digital unterst\u00fctzter Diagnostik, sodass die Beurteilung Ihres Fahrzeugs auf einem breiten technischen Know-how basiert. So erkennen wir Fehler effizient und zielgerichtet \u2013 f\u00fcr schnelle und zuverl\u00e4ssige L\u00f6sungen.<\/p>\t\t\t\t\t\t\t\t<\/div>\n\t\t\t\t<\/div>\n\t\t\t\t<\/div>\n\t\t\t\t<\/div>\n\t\t\t\t<\/div>\n\t\t\t\t\t<\/div>\n\t\t\t\t<\/div>\n\t\t<div class=\"elementor-element elementor-element-38c78fd e-flex e-con-boxed e-con e-parent\" data-id=\"38c78fd\" data-element_type=\"container\" data-e-type=\"container\" data-settings=\"{&quot;background_background&quot;:&quot;classic&quot;}\">\n\t\t\t\t\t<div class=\"e-con-inner\">\n\t\t<div class=\"elementor-element elementor-element-087f36b e-con-full e-flex e-con e-child\" data-id=\"087f36b\" data-element_type=\"container\" data-e-type=\"container\">\n\t\t<div class=\"elementor-element elementor-element-616d10d e-con-full e-flex e-con e-child\" data-id=\"616d10d\" data-element_type=\"container\" data-e-type=\"container\">\n\t\t<div class=\"elementor-element elementor-element-2d14f15 e-con-full e-flex e-con e-child\" data-id=\"2d14f15\" data-element_type=\"container\" data-e-type=\"container\">\n\t\t\t\t<div class=\"elementor-element elementor-element-ddb3602 elementor-widget elementor-widget-heading\" data-id=\"ddb3602\" data-element_type=\"widget\" data-e-type=\"widget\" data-widget_type=\"heading.default\">\n\t\t\t\t\t<h3 class=\"elementor-heading-title elementor-size-default\">Termin vereinbaren<\/h3>\t\t\t\t<\/div>\n\t\t<div class=\"elementor-element elementor-element-d6f7bc3 e-con-full animated-slow e-flex elementor-invisible e-con e-child\" data-id=\"d6f7bc3\" data-element_type=\"container\" data-e-type=\"container\" data-settings=\"{&quot;background_background&quot;:&quot;classic&quot;,&quot;animation&quot;:&quot;fadeIn&quot;}\">\n\t\t\t\t<div class=\"elementor-element elementor-element-84cd50e elementor-widget elementor-widget-heading\" data-id=\"84cd50e\" data-element_type=\"widget\" data-e-type=\"widget\" data-widget_type=\"heading.default\">\n\t\t\t\t\t<h4 class=\"elementor-heading-title elementor-size-default\">Schnell und einfach<\/h4>\t\t\t\t<\/div>\n\t\t\t\t<div class=\"elementor-element elementor-element-e5d2477 elementor-align-left elementor-widget elementor-widget-button\" data-id=\"e5d2477\" data-element_type=\"widget\" data-e-type=\"widget\" data-widget_type=\"button.default\">\n\t\t\t\t\t\t\t\t\t\t<a class=\"elementor-button elementor-button-link elementor-size-sm\" href=\"https:\/\/jenatschgarage-wollishofen.sopl.ch\/\" target=\"_blank\">\n\t\t\t\t\t\t<span class=\"elementor-button-content-wrapper\">\n\t\t\t\t\t\t<span class=\"elementor-button-icon\">\n\t\t\t\t<svg aria-hidden=\"true\" class=\"e-font-icon-svg e-fas-angle-right\" viewBox=\"0 0 256 512\" xmlns=\"http:\/\/www.w3.org\/2000\/svg\"><path d=\"M224.3 273l-136 136c-9.4 9.4-24.6 9.4-33.9 0l-22.6-22.6c-9.4-9.4-9.4-24.6 0-33.9l96.4-96.4-96.4-96.4c-9.4-9.4-9.4-24.6 0-33.9L54.3 103c9.4-9.4 24.6-9.4 33.9 0l136 136c9.5 9.4 9.5 24.6.1 34z\"><\/path><\/svg>\t\t\t<\/span>\n\t\t\t\t\t\t\t\t\t<span class=\"elementor-button-text\">Online Termin vereinbaren<\/span>\n\t\t\t\t\t<\/span>\n\t\t\t\t\t<\/a>\n\t\t\t\t\t\t\t\t<\/div>\n\t\t\t\t<\/div>\n\t\t\t\t<\/div>\n\t\t<div class=\"elementor-element elementor-element-ab7b758 e-con-full animated-fast e-flex elementor-invisible e-con e-child\" data-id=\"ab7b758\" data-element_type=\"container\" data-e-type=\"container\" data-settings=\"{&quot;animation&quot;:&quot;fadeInUp&quot;,&quot;animation_delay&quot;:&quot;200&quot;}\">\n\t\t\t\t<div class=\"elementor-element elementor-element-681d5f5 elementor-widget elementor-widget-heading\" data-id=\"681d5f5\" data-element_type=\"widget\" data-e-type=\"widget\" data-widget_type=\"heading.default\">\n\t\t\t\t\t<h3 class=\"elementor-heading-title elementor-size-default\">In Z\u00fcrich Wollishofen zu Hause.<\/h3>\t\t\t\t<\/div>\n\t\t\t\t<div class=\"elementor-element elementor-element-6ddedc5 elementor-widget elementor-widget-image\" data-id=\"6ddedc5\" data-element_type=\"widget\" data-e-type=\"widget\" data-widget_type=\"image.default\">\n\t\t\t\t\t\t\t\t\t\t\t\t\t\t\t<img loading=\"lazy\" decoding=\"async\" width=\"640\" height=\"400\" src=\"https:\/\/jenatschgaragen.ch\/wollishofen\/wp-content\/uploads\/sites\/4\/2026\/03\/Jenatschgarage-Wollishofen.jpg\" class=\"elementor-animation-float attachment-full size-full wp-image-1515\" alt=\"\" srcset=\"https:\/\/jenatschgaragen.ch\/wollishofen\/wp-content\/uploads\/sites\/4\/2026\/03\/Jenatschgarage-Wollishofen.jpg 640w, https:\/\/jenatschgaragen.ch\/wollishofen\/wp-content\/uploads\/sites\/4\/2026\/03\/Jenatschgarage-Wollishofen-300x188.jpg 300w\" sizes=\"(max-width: 640px) 100vw, 640px\" \/>\t\t\t\t\t\t\t\t\t\t\t\t\t\t\t<\/div>\n\t\t\t\t<div class=\"elementor-element elementor-element-0e58483 elementor-widget elementor-widget-text-editor\" data-id=\"0e58483\" data-element_type=\"widget\" data-e-type=\"widget\" data-widget_type=\"text-editor.default\">\n\t\t\t\t\t\t\t\t\t<p class=\"p1\">Bei der <strong data-start=\"152\" data-end=\"189\">Jenatschgarage Z\u00fcrich-Wollishofen<\/strong> stehen Verl\u00e4sslichkeit, pers\u00f6nliche N\u00e4he und hohe Fachkompetenz im Mittelpunkt. Als moderner Garagenbetrieb im Quartier begleiten wir unsere Kundinnen und Kunden in Z\u00fcrich-Wollishofen kompetent und unkompliziert in allen Fragen rund um ihre Mobilit\u00e4t. Wir setzen auf sorgf\u00e4ltige Arbeit, individuelle Beratung und eine offene, ehrliche Kommunikation. Unser Anspruch ist es, jeden Tag zuverl\u00e4ssige Qualit\u00e4t und pers\u00f6nlichen Service zu bieten \u2013 mit Engagement und Leidenschaft f\u00fcr moderne Mobilit\u00e4t.<\/p>\t\t\t\t\t\t\t\t<\/div>\n\t\t\t\t<\/div>\n\t\t\t\t<\/div>\n\t\t\t\t<\/div>\n\t\t\t\t\t<\/div>\n\t\t\t\t<\/div>\n\t\t\t\t<\/div>\n\t\t","protected":false},"excerpt":{"rendered":"<p>Service &amp; Reparaturen Ihre Zufriedenheit. Unser Versprechen. Bei der Jenatschgarage Z\u00fcrich-Wollishofen ist Ihr Fahrzeug in besten H\u00e4nden. Unsere erfahrenen Fachspezialistinnen und -spezialisten sorgen daf\u00fcr, dass Sie jederzeit zuverl\u00e4ssig mobil bleiben \u2013 im Alltag wie auch auf neuen Wegen. Sollte Ihr Fahrzeug einmal nicht fahrbereit sein, setzen wir alles daran, Sie schnell, kompetent und unkompliziert wieder [&hellip;]<\/p>\n","protected":false},"author":1,"featured_media":0,"parent":0,"menu_order":0,"comment_status":"closed","ping_status":"closed","template":"","meta":{"footnotes":""},"class_list":["post-1042","page","type-page","status-publish","hentry"],"yoast_head":"<!-- This site is optimized with the Yoast SEO plugin v27.2 - https:\/\/yoast.com\/product\/yoast-seo-wordpress\/ -->\n<title>Service und Reparaturen - Jenatschgarage Z\u00fcrich-Wollishofen<\/title>\n<meta name=\"description\" content=\"Fahrzeugservice und Reparaturen bei Jenatschgarage Z\u00fcrich-Wollishofen \u2013 Wartung, Inspektion und Reparaturen f\u00fcr deinen VW, Audi oder Skoda.\" \/>\n<meta name=\"robots\" content=\"index, follow, max-snippet:-1, max-image-preview:large, max-video-preview:-1\" \/>\n<link rel=\"canonical\" href=\"https:\/\/jenatschgaragen.ch\/wollishofen\/service-und-reparaturen\/\" \/>\n<meta property=\"og:locale\" content=\"de_DE\" \/>\n<meta property=\"og:type\" content=\"article\" \/>\n<meta property=\"og:title\" content=\"Service und Reparaturen - Jenatschgarage Z\u00fcrich-Wollishofen\" \/>\n<meta property=\"og:description\" content=\"Fahrzeugservice und Reparaturen bei Jenatschgarage Z\u00fcrich-Wollishofen \u2013 Wartung, Inspektion und Reparaturen f\u00fcr deinen VW, Audi oder Skoda.\" \/>\n<meta property=\"og:url\" content=\"https:\/\/jenatschgaragen.ch\/wollishofen\/service-und-reparaturen\/\" \/>\n<meta property=\"og:site_name\" content=\"Jenatschgarage Z\u00fcrich-Wollishofen\" \/>\n<meta property=\"article:modified_time\" content=\"2026-04-15T12:14:38+00:00\" \/>\n<meta property=\"og:image\" content=\"https:\/\/jenatschgaragen.ch\/wollishofen\/wp-content\/uploads\/sites\/4\/2026\/02\/dienstleistungen-aufdorf_maennedorf-service_und_reparatur-02-1024x628.jpg\" \/>\n<meta name=\"twitter:card\" content=\"summary_large_image\" \/>\n<meta name=\"twitter:label1\" content=\"Gesch\u00e4tzte Lesezeit\" \/>\n\t<meta name=\"twitter:data1\" content=\"3\u00a0Minuten\" \/>\n<script type=\"application\/ld+json\" class=\"yoast-schema-graph\">{\"@context\":\"https:\/\/schema.org\",\"@graph\":[{\"@type\":\"WebPage\",\"@id\":\"https:\/\/jenatschgaragen.ch\/wollishofen\/service-und-reparaturen\/\",\"url\":\"https:\/\/jenatschgaragen.ch\/wollishofen\/service-und-reparaturen\/\",\"name\":\"Service und Reparaturen - Jenatschgarage Z\u00fcrich-Wollishofen\",\"isPartOf\":{\"@id\":\"https:\/\/jenatschgaragen.ch\/wollishofen\/#website\"},\"primaryImageOfPage\":{\"@id\":\"https:\/\/jenatschgaragen.ch\/wollishofen\/service-und-reparaturen\/#primaryimage\"},\"image\":{\"@id\":\"https:\/\/jenatschgaragen.ch\/wollishofen\/service-und-reparaturen\/#primaryimage\"},\"thumbnailUrl\":\"https:\/\/jenatschgaragen.ch\/wollishofen\/wp-content\/uploads\/sites\/4\/2026\/02\/dienstleistungen-aufdorf_maennedorf-service_und_reparatur-02-1024x628.jpg\",\"datePublished\":\"2026-02-02T13:08:39+00:00\",\"dateModified\":\"2026-04-15T12:14:38+00:00\",\"description\":\"Fahrzeugservice und Reparaturen bei Jenatschgarage Z\u00fcrich-Wollishofen \u2013 Wartung, Inspektion und Reparaturen f\u00fcr deinen VW, Audi oder Skoda.\",\"breadcrumb\":{\"@id\":\"https:\/\/jenatschgaragen.ch\/wollishofen\/service-und-reparaturen\/#breadcrumb\"},\"inLanguage\":\"de-CH\",\"potentialAction\":[{\"@type\":\"ReadAction\",\"target\":[\"https:\/\/jenatschgaragen.ch\/wollishofen\/service-und-reparaturen\/\"]}]},{\"@type\":\"ImageObject\",\"inLanguage\":\"de-CH\",\"@id\":\"https:\/\/jenatschgaragen.ch\/wollishofen\/service-und-reparaturen\/#primaryimage\",\"url\":\"https:\/\/jenatschgaragen.ch\/wollishofen\/wp-content\/uploads\/sites\/4\/2026\/02\/dienstleistungen-aufdorf_maennedorf-service_und_reparatur-02.jpg\",\"contentUrl\":\"https:\/\/jenatschgaragen.ch\/wollishofen\/wp-content\/uploads\/sites\/4\/2026\/02\/dienstleistungen-aufdorf_maennedorf-service_und_reparatur-02.jpg\",\"width\":1047,\"height\":642},{\"@type\":\"BreadcrumbList\",\"@id\":\"https:\/\/jenatschgaragen.ch\/wollishofen\/service-und-reparaturen\/#breadcrumb\",\"itemListElement\":[{\"@type\":\"ListItem\",\"position\":1,\"name\":\"Home\",\"item\":\"https:\/\/jenatschgaragen.ch\/wollishofen\/\"},{\"@type\":\"ListItem\",\"position\":2,\"name\":\"Service und Reparaturen\"}]},{\"@type\":\"WebSite\",\"@id\":\"https:\/\/jenatschgaragen.ch\/wollishofen\/#website\",\"url\":\"https:\/\/jenatschgaragen.ch\/wollishofen\/\",\"name\":\"Jenatschgarage Z\u00fcrich-Wollishofen\",\"description\":\"Ihre Mobilit\u00e4ts-Experten in Z\u00fcrich-Wollishofen\\u2028\",\"publisher\":{\"@id\":\"https:\/\/jenatschgaragen.ch\/wollishofen\/#organization\"},\"potentialAction\":[{\"@type\":\"SearchAction\",\"target\":{\"@type\":\"EntryPoint\",\"urlTemplate\":\"https:\/\/jenatschgaragen.ch\/wollishofen\/?s={search_term_string}\"},\"query-input\":{\"@type\":\"PropertyValueSpecification\",\"valueRequired\":true,\"valueName\":\"search_term_string\"}}],\"inLanguage\":\"de-CH\"},{\"@type\":\"Organization\",\"@id\":\"https:\/\/jenatschgaragen.ch\/wollishofen\/#organization\",\"name\":\"Jenatschgarage Z\u00fcrich-Wollishofen\",\"url\":\"https:\/\/jenatschgaragen.ch\/wollishofen\/\",\"logo\":{\"@type\":\"ImageObject\",\"inLanguage\":\"de-CH\",\"@id\":\"https:\/\/jenatschgaragen.ch\/wollishofen\/#\/schema\/logo\/image\/\",\"url\":\"https:\/\/jenatschgaragen.ch\/wollishofen\/wp-content\/uploads\/sites\/4\/2026\/01\/logo-Jenatschgarage-Zuerich-Wollishofen.png\",\"contentUrl\":\"https:\/\/jenatschgaragen.ch\/wollishofen\/wp-content\/uploads\/sites\/4\/2026\/01\/logo-Jenatschgarage-Zuerich-Wollishofen.png\",\"width\":530,\"height\":110,\"caption\":\"Jenatschgarage Z\u00fcrich-Wollishofen\"},\"image\":{\"@id\":\"https:\/\/jenatschgaragen.ch\/wollishofen\/#\/schema\/logo\/image\/\"}}]}<\/script>\n<!-- \/ Yoast SEO plugin. -->","yoast_head_json":{"title":"Service und Reparaturen - Jenatschgarage Z\u00fcrich-Wollishofen","description":"Fahrzeugservice und Reparaturen bei Jenatschgarage Z\u00fcrich-Wollishofen \u2013 Wartung, Inspektion und Reparaturen f\u00fcr deinen VW, Audi oder Skoda.","robots":{"index":"index","follow":"follow","max-snippet":"max-snippet:-1","max-image-preview":"max-image-preview:large","max-video-preview":"max-video-preview:-1"},"canonical":"https:\/\/jenatschgaragen.ch\/wollishofen\/service-und-reparaturen\/","og_locale":"de_DE","og_type":"article","og_title":"Service und Reparaturen - Jenatschgarage Z\u00fcrich-Wollishofen","og_description":"Fahrzeugservice und Reparaturen bei Jenatschgarage Z\u00fcrich-Wollishofen \u2013 Wartung, Inspektion und Reparaturen f\u00fcr deinen VW, Audi oder Skoda.","og_url":"https:\/\/jenatschgaragen.ch\/wollishofen\/service-und-reparaturen\/","og_site_name":"Jenatschgarage Z\u00fcrich-Wollishofen","article_modified_time":"2026-04-15T12:14:38+00:00","og_image":[{"url":"https:\/\/jenatschgaragen.ch\/wollishofen\/wp-content\/uploads\/sites\/4\/2026\/02\/dienstleistungen-aufdorf_maennedorf-service_und_reparatur-02-1024x628.jpg","type":"","width":"","height":""}],"twitter_card":"summary_large_image","twitter_misc":{"Gesch\u00e4tzte Lesezeit":"3\u00a0Minuten"},"schema":{"@context":"https:\/\/schema.org","@graph":[{"@type":"WebPage","@id":"https:\/\/jenatschgaragen.ch\/wollishofen\/service-und-reparaturen\/","url":"https:\/\/jenatschgaragen.ch\/wollishofen\/service-und-reparaturen\/","name":"Service und Reparaturen - Jenatschgarage Z\u00fcrich-Wollishofen","isPartOf":{"@id":"https:\/\/jenatschgaragen.ch\/wollishofen\/#website"},"primaryImageOfPage":{"@id":"https:\/\/jenatschgaragen.ch\/wollishofen\/service-und-reparaturen\/#primaryimage"},"image":{"@id":"https:\/\/jenatschgaragen.ch\/wollishofen\/service-und-reparaturen\/#primaryimage"},"thumbnailUrl":"https:\/\/jenatschgaragen.ch\/wollishofen\/wp-content\/uploads\/sites\/4\/2026\/02\/dienstleistungen-aufdorf_maennedorf-service_und_reparatur-02-1024x628.jpg","datePublished":"2026-02-02T13:08:39+00:00","dateModified":"2026-04-15T12:14:38+00:00","description":"Fahrzeugservice und Reparaturen bei Jenatschgarage Z\u00fcrich-Wollishofen \u2013 Wartung, Inspektion und Reparaturen f\u00fcr deinen VW, Audi oder Skoda.","breadcrumb":{"@id":"https:\/\/jenatschgaragen.ch\/wollishofen\/service-und-reparaturen\/#breadcrumb"},"inLanguage":"de-CH","potentialAction":[{"@type":"ReadAction","target":["https:\/\/jenatschgaragen.ch\/wollishofen\/service-und-reparaturen\/"]}]},{"@type":"ImageObject","inLanguage":"de-CH","@id":"https:\/\/jenatschgaragen.ch\/wollishofen\/service-und-reparaturen\/#primaryimage","url":"https:\/\/jenatschgaragen.ch\/wollishofen\/wp-content\/uploads\/sites\/4\/2026\/02\/dienstleistungen-aufdorf_maennedorf-service_und_reparatur-02.jpg","contentUrl":"https:\/\/jenatschgaragen.ch\/wollishofen\/wp-content\/uploads\/sites\/4\/2026\/02\/dienstleistungen-aufdorf_maennedorf-service_und_reparatur-02.jpg","width":1047,"height":642},{"@type":"BreadcrumbList","@id":"https:\/\/jenatschgaragen.ch\/wollishofen\/service-und-reparaturen\/#breadcrumb","itemListElement":[{"@type":"ListItem","position":1,"name":"Home","item":"https:\/\/jenatschgaragen.ch\/wollishofen\/"},{"@type":"ListItem","position":2,"name":"Service und Reparaturen"}]},{"@type":"WebSite","@id":"https:\/\/jenatschgaragen.ch\/wollishofen\/#website","url":"https:\/\/jenatschgaragen.ch\/wollishofen\/","name":"Jenatschgarage Z\u00fcrich-Wollishofen","description":"Ihre Mobilit\u00e4ts-Experten in Z\u00fcrich-Wollishofen\u2028","publisher":{"@id":"https:\/\/jenatschgaragen.ch\/wollishofen\/#organization"},"potentialAction":[{"@type":"SearchAction","target":{"@type":"EntryPoint","urlTemplate":"https:\/\/jenatschgaragen.ch\/wollishofen\/?s={search_term_string}"},"query-input":{"@type":"PropertyValueSpecification","valueRequired":true,"valueName":"search_term_string"}}],"inLanguage":"de-CH"},{"@type":"Organization","@id":"https:\/\/jenatschgaragen.ch\/wollishofen\/#organization","name":"Jenatschgarage Z\u00fcrich-Wollishofen","url":"https:\/\/jenatschgaragen.ch\/wollishofen\/","logo":{"@type":"ImageObject","inLanguage":"de-CH","@id":"https:\/\/jenatschgaragen.ch\/wollishofen\/#\/schema\/logo\/image\/","url":"https:\/\/jenatschgaragen.ch\/wollishofen\/wp-content\/uploads\/sites\/4\/2026\/01\/logo-Jenatschgarage-Zuerich-Wollishofen.png","contentUrl":"https:\/\/jenatschgaragen.ch\/wollishofen\/wp-content\/uploads\/sites\/4\/2026\/01\/logo-Jenatschgarage-Zuerich-Wollishofen.png","width":530,"height":110,"caption":"Jenatschgarage Z\u00fcrich-Wollishofen"},"image":{"@id":"https:\/\/jenatschgaragen.ch\/wollishofen\/#\/schema\/logo\/image\/"}}]}},"_links":{"self":[{"href":"https:\/\/jenatschgaragen.ch\/wollishofen\/wp-json\/wp\/v2\/pages\/1042","targetHints":{"allow":["GET"]}}],"collection":[{"href":"https:\/\/jenatschgaragen.ch\/wollishofen\/wp-json\/wp\/v2\/pages"}],"about":[{"href":"https:\/\/jenatschgaragen.ch\/wollishofen\/wp-json\/wp\/v2\/types\/page"}],"author":[{"embeddable":true,"href":"https:\/\/jenatschgaragen.ch\/wollishofen\/wp-json\/wp\/v2\/users\/1"}],"replies":[{"embeddable":true,"href":"https:\/\/jenatschgaragen.ch\/wollishofen\/wp-json\/wp\/v2\/comments?post=1042"}],"version-history":[{"count":28,"href":"https:\/\/jenatschgaragen.ch\/wollishofen\/wp-json\/wp\/v2\/pages\/1042\/revisions"}],"predecessor-version":[{"id":1539,"href":"https:\/\/jenatschgaragen.ch\/wollishofen\/wp-json\/wp\/v2\/pages\/1042\/revisions\/1539"}],"wp:attachment":[{"href":"https:\/\/jenatschgaragen.ch\/wollishofen\/wp-json\/wp\/v2\/media?parent=1042"}],"curies":[{"name":"wp","href":"https:\/\/api.w.org\/{rel}","templated":true}]}}