{"id":1016,"date":"2026-02-02T13:46:22","date_gmt":"2026-02-02T12:46:22","guid":{"rendered":"https:\/\/effecto-marketing.ch\/jenatsch\/garage-zuerich-wollishofen\/?page_id=1016"},"modified":"2026-04-16T08:59:52","modified_gmt":"2026-04-16T06:59:52","slug":"firmenkunden-flotte","status":"publish","type":"page","link":"https:\/\/jenatschgaragen.ch\/wollishofen\/firmenkunden-flotte\/","title":{"rendered":"Firmenkunden"},"content":{"rendered":"\t\t<div data-elementor-type=\"wp-page\" data-elementor-id=\"1016\" class=\"elementor elementor-1016\" data-elementor-post-type=\"page\">\n\t\t\t\t<div class=\"elementor-element elementor-element-cb04ba5 e-con-full e-flex e-con e-parent\" data-id=\"cb04ba5\" data-element_type=\"container\" data-e-type=\"container\" data-settings=\"{&quot;background_background&quot;:&quot;classic&quot;}\">\n\t\t\t\t<\/div>\n\t\t<div class=\"elementor-element elementor-element-646ad52 e-flex e-con-boxed e-con e-parent\" data-id=\"646ad52\" data-element_type=\"container\" data-e-type=\"container\" data-settings=\"{&quot;background_background&quot;:&quot;gradient&quot;}\">\n\t\t\t\t\t<div class=\"e-con-inner\">\n\t\t<div class=\"elementor-element elementor-element-ec77128 e-con-full e-flex e-con e-child\" data-id=\"ec77128\" data-element_type=\"container\" data-e-type=\"container\">\n\t\t<div class=\"elementor-element elementor-element-eb7824f e-con-full e-flex e-con e-child\" data-id=\"eb7824f\" data-element_type=\"container\" data-e-type=\"container\">\n\t\t\t\t<div class=\"elementor-element elementor-element-794e271 elementor-widget elementor-widget-heading\" data-id=\"794e271\" data-element_type=\"widget\" data-e-type=\"widget\" data-widget_type=\"heading.default\">\n\t\t\t\t\t<h2 class=\"elementor-heading-title elementor-size-default\">Flottenl\u00f6sungen f\u00fcr Firmen im Raum Z\u00fcrich<\/h2>\t\t\t\t<\/div>\n\t\t\t\t<\/div>\n\t\t<div class=\"elementor-element elementor-element-89f1540 e-con-full e-flex e-con e-child\" data-id=\"89f1540\" data-element_type=\"container\" data-e-type=\"container\">\n\t\t\t\t<div class=\"elementor-element elementor-element-df891da elementor-widget elementor-widget-heading\" data-id=\"df891da\" data-element_type=\"widget\" data-e-type=\"widget\" data-widget_type=\"heading.default\">\n\t\t\t\t\t<h4 class=\"elementor-heading-title elementor-size-default\">Effizient. Flexibel. Zukunftssicher.<\/h4>\t\t\t\t<\/div>\n\t\t\t\t<div class=\"elementor-element elementor-element-20378df elementor-widget elementor-widget-text-editor\" data-id=\"20378df\" data-element_type=\"widget\" data-e-type=\"widget\" data-widget_type=\"text-editor.default\">\n\t\t\t\t\t\t\t\t\t<p>Die Jenatschgarage Z\u00fcrich-Wollishofen unterst\u00fctzt Unternehmen im Grossraum Z\u00fcrich mit massgeschneiderten Flottenl\u00f6sungen. Unabh\u00e4ngig, pers\u00f6nlich und praxisnah. Von der Fahrzeugbeschaffung \u00fcber Full-Service-Leasing bis hin zu individuellen Serviceleistungen: Wir sorgen daf\u00fcr, dass Ihre Firmenflotte wirtschaftlich bleibt, effizient funktioniert und optimal auf die Zukunft vorbereitet ist.<\/p>\t\t\t\t\t\t\t\t<\/div>\n\t\t\t\t<\/div>\n\t\t\t\t<\/div>\n\t\t\t\t\t<\/div>\n\t\t\t\t<\/div>\n\t\t<div class=\"elementor-element elementor-element-1af1988 e-flex e-con-boxed e-con e-parent\" data-id=\"1af1988\" data-element_type=\"container\" data-e-type=\"container\" data-settings=\"{&quot;background_background&quot;:&quot;classic&quot;}\">\n\t\t\t\t\t<div class=\"e-con-inner\">\n\t\t<div class=\"elementor-element elementor-element-deaf37f e-con-full e-flex e-con e-child\" data-id=\"deaf37f\" data-element_type=\"container\" data-e-type=\"container\">\n\t\t<div class=\"elementor-element elementor-element-87d3097 e-con-full e-flex e-con e-child\" data-id=\"87d3097\" data-element_type=\"container\" data-e-type=\"container\">\n\t\t<div class=\"elementor-element elementor-element-14fb20e e-con-full e-flex e-con e-child\" data-id=\"14fb20e\" data-element_type=\"container\" data-e-type=\"container\">\n\t\t\t\t<div class=\"elementor-element elementor-element-6eeda1c elementor-widget elementor-widget-heading\" data-id=\"6eeda1c\" data-element_type=\"widget\" data-e-type=\"widget\" data-widget_type=\"heading.default\">\n\t\t\t\t\t<h3 class=\"elementor-heading-title elementor-size-default\">Massgeschneiderte Flottenl\u00f6sungen<\/h3>\t\t\t\t<\/div>\n\t\t\t\t<\/div>\n\t\t<div class=\"elementor-element elementor-element-c298077 e-con-full e-flex e-con e-child\" data-id=\"c298077\" data-element_type=\"container\" data-e-type=\"container\">\n\t\t\t\t<div class=\"elementor-element elementor-element-ad27253 elementor-widget elementor-widget-text-editor\" data-id=\"ad27253\" data-element_type=\"widget\" data-e-type=\"widget\" data-widget_type=\"text-editor.default\">\n\t\t\t\t\t\t\t\t\t<p>Mit Erfahrung f\u00fcr VW, Audi &amp; \u0160koda.<\/p><p data-start=\"832\" data-end=\"1106\">Viele Firmen setzen im Alltag auf Fahrzeuge von Volkswagen, Audi oder \u0160koda. Genau hier kennen wir die Anforderungen und Erwartungen sehr genau. Als markenneutrale Garage beraten wir Sie objektiv und finden gemeinsam die L\u00f6sung, die wirklich zu Ihrem Unternehmen passt.<\/p><p data-start=\"1108\" data-end=\"1359\">Ob kompakte Stadtfahrzeuge, vielseitige Kombis, Nutzfahrzeuge oder elektrifizierte Modelle: Wir unterst\u00fctzen Sie bei der Wahl der optimalen Fahrzeuge f\u00fcr Ihre Flotte, mit Blick auf Kosten, Einsatzbereich, Laufzeiten und Total Cost of Ownership (TCO).<\/p>\t\t\t\t\t\t\t\t<\/div>\n\t\t\t\t<\/div>\n\t\t\t\t<\/div>\n\t\t<div class=\"elementor-element elementor-element-9394672 e-con-full e-flex e-con e-child\" data-id=\"9394672\" data-element_type=\"container\" data-e-type=\"container\">\n\t\t<div class=\"elementor-element elementor-element-2dd8c39 e-con-full e-flex e-con e-child\" data-id=\"2dd8c39\" data-element_type=\"container\" data-e-type=\"container\">\n\t\t\t\t<div class=\"elementor-element elementor-element-2ba1bb0 elementor-widget elementor-widget-image\" data-id=\"2ba1bb0\" data-element_type=\"widget\" data-e-type=\"widget\" data-widget_type=\"image.default\">\n\t\t\t\t\t\t\t\t\t\t\t\t\t\t\t<img fetchpriority=\"high\" decoding=\"async\" width=\"1395\" height=\"795\" src=\"https:\/\/jenatschgaragen.ch\/wollishofen\/wp-content\/uploads\/sites\/4\/2026\/02\/Flotte2.png\" class=\"elementor-animation-float attachment-full size-full wp-image-1436\" alt=\"\" srcset=\"https:\/\/jenatschgaragen.ch\/wollishofen\/wp-content\/uploads\/sites\/4\/2026\/02\/Flotte2.png 1395w, https:\/\/jenatschgaragen.ch\/wollishofen\/wp-content\/uploads\/sites\/4\/2026\/02\/Flotte2-300x171.png 300w, https:\/\/jenatschgaragen.ch\/wollishofen\/wp-content\/uploads\/sites\/4\/2026\/02\/Flotte2-1024x584.png 1024w, https:\/\/jenatschgaragen.ch\/wollishofen\/wp-content\/uploads\/sites\/4\/2026\/02\/Flotte2-768x438.png 768w\" sizes=\"(max-width: 1395px) 100vw, 1395px\" \/>\t\t\t\t\t\t\t\t\t\t\t\t\t\t\t<\/div>\n\t\t<div class=\"elementor-element elementor-element-072ef1e e-con-full e-flex e-con e-child\" data-id=\"072ef1e\" data-element_type=\"container\" data-e-type=\"container\">\n\t\t\t\t<div class=\"elementor-element elementor-element-c0e5f41 elementor-widget elementor-widget-heading\" data-id=\"c0e5f41\" data-element_type=\"widget\" data-e-type=\"widget\" data-widget_type=\"heading.default\">\n\t\t\t\t\t<h4 class=\"elementor-heading-title elementor-size-default\">Zuverl\u00e4ssigkeit, die sich im Alltag auszahlt<\/h4>\t\t\t\t<\/div>\n\t\t\t\t<div class=\"elementor-element elementor-element-9fad2d3 elementor-widget elementor-widget-text-editor\" data-id=\"9fad2d3\" data-element_type=\"widget\" data-e-type=\"widget\" data-widget_type=\"text-editor.default\">\n\t\t\t\t\t\t\t\t\t<p data-start=\"1416\" data-end=\"1489\">Eine Firmenflotte muss funktionieren \u2013 Tag f\u00fcr Tag. Darum setzen wir auf:<\/p><ul data-start=\"1491\" data-end=\"1618\"><li data-start=\"1491\" data-end=\"1516\"><p data-start=\"1493\" data-end=\"1516\">zuverl\u00e4ssige Prozesse<\/p><\/li><li data-start=\"1491\" data-end=\"1516\"><p data-start=\"1493\" data-end=\"1516\">schnelle Serviceabl\u00e4ufe<\/p><\/li><li data-start=\"1545\" data-end=\"1569\"><p data-start=\"1547\" data-end=\"1569\">transparente Planung<\/p><\/li><li data-start=\"1570\" data-end=\"1618\"><p data-start=\"1572\" data-end=\"1618\">flexible L\u00f6sungen f\u00fcr wechselnde Bed\u00fcrfnisse<\/p><\/li><\/ul><p data-start=\"1620\" data-end=\"1748\">Unsere Experten beraten Sie pers\u00f6nlich und begleiten Sie von der ersten Bedarfskl\u00e4rung bis zur laufenden Betreuung Ihrer Flotte.<\/p>\t\t\t\t\t\t\t\t<\/div>\n\t\t\t\t<\/div>\n\t\t\t\t<\/div>\n\t\t<div class=\"elementor-element elementor-element-8ff2329 e-con-full e-flex e-con e-child\" data-id=\"8ff2329\" data-element_type=\"container\" data-e-type=\"container\">\n\t\t\t\t<div class=\"elementor-element elementor-element-e2fa3cd elementor-widget elementor-widget-image\" data-id=\"e2fa3cd\" data-element_type=\"widget\" data-e-type=\"widget\" data-widget_type=\"image.default\">\n\t\t\t\t\t\t\t\t\t\t\t\t\t\t\t<img decoding=\"async\" width=\"1395\" height=\"795\" src=\"https:\/\/jenatschgaragen.ch\/wollishofen\/wp-content\/uploads\/sites\/4\/2026\/02\/Flotte1.png\" class=\"elementor-animation-float attachment-full size-full wp-image-1435\" alt=\"\" srcset=\"https:\/\/jenatschgaragen.ch\/wollishofen\/wp-content\/uploads\/sites\/4\/2026\/02\/Flotte1.png 1395w, https:\/\/jenatschgaragen.ch\/wollishofen\/wp-content\/uploads\/sites\/4\/2026\/02\/Flotte1-300x171.png 300w, https:\/\/jenatschgaragen.ch\/wollishofen\/wp-content\/uploads\/sites\/4\/2026\/02\/Flotte1-1024x584.png 1024w, https:\/\/jenatschgaragen.ch\/wollishofen\/wp-content\/uploads\/sites\/4\/2026\/02\/Flotte1-768x438.png 768w\" sizes=\"(max-width: 1395px) 100vw, 1395px\" \/>\t\t\t\t\t\t\t\t\t\t\t\t\t\t\t<\/div>\n\t\t<div class=\"elementor-element elementor-element-4d5a0a0 e-con-full e-flex e-con e-child\" data-id=\"4d5a0a0\" data-element_type=\"container\" data-e-type=\"container\">\n\t\t\t\t<div class=\"elementor-element elementor-element-3a19575 elementor-widget elementor-widget-heading\" data-id=\"3a19575\" data-element_type=\"widget\" data-e-type=\"widget\" data-widget_type=\"heading.default\">\n\t\t\t\t\t<h4 class=\"elementor-heading-title elementor-size-default\">Ihre Bed\u00fcrfnisse. Unsere L\u00f6sungen.<\/h4>\t\t\t\t<\/div>\n\t\t\t\t<div class=\"elementor-element elementor-element-56e2c85 elementor-widget elementor-widget-text-editor\" data-id=\"56e2c85\" data-element_type=\"widget\" data-e-type=\"widget\" data-widget_type=\"text-editor.default\">\n\t\t\t\t\t\t\t\t\t<p data-start=\"2224\" data-end=\"2421\">Mit unserer langj\u00e4hrigen Erfahrung im Flottenmanagement k\u00f6nnen Sie sich voll und ganz auf Ihr Kerngesch\u00e4ft konzentrieren. Wir sorgen f\u00fcr:<\/p><ul data-start=\"2423\" data-end=\"2493\"><li data-start=\"2423\" data-end=\"2445\"><p data-start=\"2425\" data-end=\"2445\">effiziente Abl\u00e4ufe<\/p><\/li><li data-start=\"2446\" data-end=\"2469\"><p data-start=\"2448\" data-end=\"2469\">transparente Kosten<\/p><\/li><li data-start=\"2470\" data-end=\"2493\"><p data-start=\"2472\" data-end=\"2493\">maximale Entlastung<\/p><\/li><\/ul><p data-start=\"2495\" data-end=\"2638\">Als Schweizer KMU verstehen wir Ihre Anforderungen \u2013 weil wir dieselbe Sprache sprechen und die Herausforderungen aus eigener Erfahrung kennen.<\/p>\t\t\t\t\t\t\t\t<\/div>\n\t\t\t\t<\/div>\n\t\t\t\t<\/div>\n\t\t\t\t<\/div>\n\t\t\t\t<\/div>\n\t\t\t\t\t<\/div>\n\t\t\t\t<\/div>\n\t\t<div class=\"elementor-element elementor-element-43c7cdb e-flex e-con-boxed e-con e-parent\" data-id=\"43c7cdb\" data-element_type=\"container\" data-e-type=\"container\" data-settings=\"{&quot;background_background&quot;:&quot;gradient&quot;}\">\n\t\t\t\t\t<div class=\"e-con-inner\">\n\t\t<div class=\"elementor-element elementor-element-433b796 e-con-full e-flex e-con e-child\" data-id=\"433b796\" data-element_type=\"container\" data-e-type=\"container\">\n\t\t<div class=\"elementor-element elementor-element-dff9be4 e-con-full e-flex e-con e-child\" data-id=\"dff9be4\" data-element_type=\"container\" data-e-type=\"container\">\n\t\t<div class=\"elementor-element elementor-element-dd24501 e-con-full e-flex e-con e-child\" data-id=\"dd24501\" data-element_type=\"container\" data-e-type=\"container\">\n\t\t\t\t<div class=\"elementor-element elementor-element-a997b80 elementor-widget elementor-widget-heading\" data-id=\"a997b80\" data-element_type=\"widget\" data-e-type=\"widget\" data-widget_type=\"heading.default\">\n\t\t\t\t\t<h4 class=\"elementor-heading-title elementor-size-default\">Ihre Bed\u00fcrfnisse. Unsere L\u00f6sungen.<\/h4>\t\t\t\t<\/div>\n\t\t\t\t<\/div>\n\t\t<div class=\"elementor-element elementor-element-f0a91e1 e-con-full e-flex e-con e-child\" data-id=\"f0a91e1\" data-element_type=\"container\" data-e-type=\"container\">\n\t\t\t\t<div class=\"elementor-element elementor-element-0bd5e77 elementor-widget elementor-widget-text-editor\" data-id=\"0bd5e77\" data-element_type=\"widget\" data-e-type=\"widget\" data-widget_type=\"text-editor.default\">\n\t\t\t\t\t\t\t\t\t<p>Dank unserer langj\u00e4hrigen Expertise im Flottenmanagement k\u00f6nnen Sie sich voll und ganz auf Ihr Kerngesch\u00e4ft konzentrieren. Wir \u00fcbernehmen s\u00e4mtliche Aufgaben rund um Ihre Firmenflotte und sorgen f\u00fcr effiziente Abl\u00e4ufe, transparente Kosten und maximale Entlastung. So sparen Sie Zeit, Geld und Nerven. Als Schweizer KMU verstehen wir Ihre Bed\u00fcrfnisse, denn wir sprechen dieselbe Sprache und kennen die Herausforderungen aus eigener Erfahrung.<\/p>\t\t\t\t\t\t\t\t<\/div>\n\t\t\t\t<\/div>\n\t\t\t\t<\/div>\n\t\t<div class=\"elementor-element elementor-element-47256bb e-con-full e-flex e-con e-child\" data-id=\"47256bb\" data-element_type=\"container\" data-e-type=\"container\">\n\t\t<div class=\"elementor-element elementor-element-b59510f e-con-full e-flex e-con e-child\" data-id=\"b59510f\" data-element_type=\"container\" data-e-type=\"container\">\n\t\t\t\t<div class=\"elementor-element elementor-element-bfd3488 elementor-widget elementor-widget-image\" data-id=\"bfd3488\" data-element_type=\"widget\" data-e-type=\"widget\" data-widget_type=\"image.default\">\n\t\t\t\t\t\t\t\t\t\t\t\t\t\t\t<img decoding=\"async\" width=\"640\" height=\"427\" src=\"https:\/\/jenatschgaragen.ch\/wollishofen\/wp-content\/uploads\/sites\/4\/2026\/02\/Volkswagen-Range.png\" class=\"elementor-animation-float attachment-medium_large size-medium_large wp-image-1440\" alt=\"\" srcset=\"https:\/\/jenatschgaragen.ch\/wollishofen\/wp-content\/uploads\/sites\/4\/2026\/02\/Volkswagen-Range.png 640w, https:\/\/jenatschgaragen.ch\/wollishofen\/wp-content\/uploads\/sites\/4\/2026\/02\/Volkswagen-Range-300x200.png 300w\" sizes=\"(max-width: 640px) 100vw, 640px\" \/>\t\t\t\t\t\t\t\t\t\t\t\t\t\t\t<\/div>\n\t\t<div class=\"elementor-element elementor-element-202c8bd e-con-full e-flex e-con e-child\" data-id=\"202c8bd\" data-element_type=\"container\" data-e-type=\"container\">\n\t\t\t\t<div class=\"elementor-element elementor-element-8f54719 elementor-widget elementor-widget-heading\" data-id=\"8f54719\" data-element_type=\"widget\" data-e-type=\"widget\" data-widget_type=\"heading.default\">\n\t\t\t\t\t<h6 class=\"elementor-heading-title elementor-size-default\">Kilometerentsch\u00e4digung<\/h6>\t\t\t\t<\/div>\n\t\t\t\t<div class=\"elementor-element elementor-element-dda0f5e elementor-widget elementor-widget-text-editor\" data-id=\"dda0f5e\" data-element_type=\"widget\" data-e-type=\"widget\" data-widget_type=\"text-editor.default\">\n\t\t\t\t\t\t\t\t\t<p>Wenn Sie eine Kilometerent-sch\u00e4digung f\u00fcr Firmenwagen geltend machen k\u00f6nnen, sind wir Ihr richtiger Ansprechpartner. Um von unseren speziellen Rabatten f\u00fcr Firmenfahrzeuge zu profitieren, sprechen Sie mit uns und wir zeigen Ihnen auf, welche M\u00f6glichkeiten Ihnen zur Verf\u00fcgung stehen.<\/p>\t\t\t\t\t\t\t\t<\/div>\n\t\t\t\t<\/div>\n\t\t\t\t<\/div>\n\t\t<div class=\"elementor-element elementor-element-dfe0836 e-con-full e-flex e-con e-child\" data-id=\"dfe0836\" data-element_type=\"container\" data-e-type=\"container\">\n\t\t\t\t<div class=\"elementor-element elementor-element-d74c2bd elementor-widget elementor-widget-image\" data-id=\"d74c2bd\" data-element_type=\"widget\" data-e-type=\"widget\" data-widget_type=\"image.default\">\n\t\t\t\t\t\t\t\t\t\t\t\t\t\t\t<img decoding=\"async\" src=\"https:\/\/jenatschgaragen.ch\/wollishofen\/wp-content\/uploads\/sites\/4\/2026\/02\/Passat.png\" title=\"\" alt=\"\" class=\"elementor-animation-float\" loading=\"lazy\" \/>\t\t\t\t\t\t\t\t\t\t\t\t\t\t\t<\/div>\n\t\t<div class=\"elementor-element elementor-element-22bb644 e-con-full e-flex e-con e-child\" data-id=\"22bb644\" data-element_type=\"container\" data-e-type=\"container\">\n\t\t\t\t<div class=\"elementor-element elementor-element-cb64570 elementor-widget elementor-widget-heading\" data-id=\"cb64570\" data-element_type=\"widget\" data-e-type=\"widget\" data-widget_type=\"heading.default\">\n\t\t\t\t\t<h6 class=\"elementor-heading-title elementor-size-default\">Pauschale Entsch\u00e4digung<\/h6>\t\t\t\t<\/div>\n\t\t\t\t<div class=\"elementor-element elementor-element-24a07af elementor-widget elementor-widget-text-editor\" data-id=\"24a07af\" data-element_type=\"widget\" data-e-type=\"widget\" data-widget_type=\"text-editor.default\">\n\t\t\t\t\t\t\t\t\t<p>Erhalten Sie eine Mobilit\u00e4tspauschale f\u00fcr Firmenwagen, zeigen wir Ihnen die verschiedenen M\u00f6glichkeiten auf. Je nach Verg\u00fctungsmodell finden wir die passende L\u00f6sung f\u00fcr Sie. Vertrauen Sie uns Ihre individuellen Bed\u00fcrfnisse an und wir erarbeiten f\u00fcr Sie ein individuelles Angebot.<\/p>\t\t\t\t\t\t\t\t<\/div>\n\t\t\t\t<\/div>\n\t\t\t\t<\/div>\n\t\t<div class=\"elementor-element elementor-element-f0a4054 e-con-full e-flex e-con e-child\" data-id=\"f0a4054\" data-element_type=\"container\" data-e-type=\"container\">\n\t\t\t\t<div class=\"elementor-element elementor-element-c062245 elementor-widget elementor-widget-image\" data-id=\"c062245\" data-element_type=\"widget\" data-e-type=\"widget\" data-widget_type=\"image.default\">\n\t\t\t\t\t\t\t\t\t\t\t\t\t\t\t<img loading=\"lazy\" decoding=\"async\" width=\"640\" height=\"427\" src=\"https:\/\/jenatschgaragen.ch\/wollishofen\/wp-content\/uploads\/sites\/4\/2026\/02\/ID7.png\" class=\"elementor-animation-float attachment-medium_large size-medium_large wp-image-1438\" alt=\"\" srcset=\"https:\/\/jenatschgaragen.ch\/wollishofen\/wp-content\/uploads\/sites\/4\/2026\/02\/ID7.png 640w, https:\/\/jenatschgaragen.ch\/wollishofen\/wp-content\/uploads\/sites\/4\/2026\/02\/ID7-300x200.png 300w\" sizes=\"(max-width: 640px) 100vw, 640px\" \/>\t\t\t\t\t\t\t\t\t\t\t\t\t\t\t<\/div>\n\t\t<div class=\"elementor-element elementor-element-a3696e5 e-con-full e-flex e-con e-child\" data-id=\"a3696e5\" data-element_type=\"container\" data-e-type=\"container\">\n\t\t\t\t<div class=\"elementor-element elementor-element-6345fb0 elementor-widget elementor-widget-heading\" data-id=\"6345fb0\" data-element_type=\"widget\" data-e-type=\"widget\" data-widget_type=\"heading.default\">\n\t\t\t\t\t<h6 class=\"elementor-heading-title elementor-size-default\">Firmenauto auf Firma eingel\u00f6st<\/h6>\t\t\t\t<\/div>\n\t\t\t\t<div class=\"elementor-element elementor-element-05c51b6 elementor-widget elementor-widget-text-editor\" data-id=\"05c51b6\" data-element_type=\"widget\" data-e-type=\"widget\" data-widget_type=\"text-editor.default\">\n\t\t\t\t\t\t\t\t\t<p>Wird der Firmenwagen auf Ihre Firma eingel\u00f6st, erhalten Sie je nach Flottenpark individuelle Kauf- und Finanzierungsl\u00f6sungen. F\u00fcr unsere speziellen Firmenkonditionen zeigen wir Ihnen auf, welche Bedingungen erf\u00fcllt sein m\u00fcssen und wie sie konkurrenzlose Konditionen f\u00fcr Ihren Audi erhalten k\u00f6nnen.<\/p>\t\t\t\t\t\t\t\t<\/div>\n\t\t\t\t<\/div>\n\t\t\t\t<\/div>\n\t\t<div class=\"elementor-element elementor-element-7395225 e-con-full e-flex e-con e-child\" data-id=\"7395225\" data-element_type=\"container\" data-e-type=\"container\">\n\t\t\t\t<div class=\"elementor-element elementor-element-472fd6a elementor-widget elementor-widget-image\" data-id=\"472fd6a\" data-element_type=\"widget\" data-e-type=\"widget\" data-widget_type=\"image.default\">\n\t\t\t\t\t\t\t\t\t\t\t\t\t\t\t<img decoding=\"async\" src=\"https:\/\/jenatschgaragen.ch\/wollishofen\/wp-content\/uploads\/sites\/4\/2026\/02\/ID3.png\" title=\"\" alt=\"\" class=\"elementor-animation-float\" loading=\"lazy\" \/>\t\t\t\t\t\t\t\t\t\t\t\t\t\t\t<\/div>\n\t\t<div class=\"elementor-element elementor-element-4b4a7d2 e-con-full e-flex e-con e-child\" data-id=\"4b4a7d2\" data-element_type=\"container\" data-e-type=\"container\">\n\t\t\t\t<div class=\"elementor-element elementor-element-56efe16 elementor-widget elementor-widget-heading\" data-id=\"56efe16\" data-element_type=\"widget\" data-e-type=\"widget\" data-widget_type=\"heading.default\">\n\t\t\t\t\t<h6 class=\"elementor-heading-title elementor-size-default\">Firmenauto auf Privat eingel\u00f6st<\/h6>\t\t\t\t<\/div>\n\t\t\t\t<div class=\"elementor-element elementor-element-33b9e03 elementor-widget elementor-widget-text-editor\" data-id=\"33b9e03\" data-element_type=\"widget\" data-e-type=\"widget\" data-widget_type=\"text-editor.default\">\n\t\t\t\t\t\t\t\t\t<p>Bezahlt Ihre Firma den Firmenwagen, der auf Sie eingel\u00f6st wird, bezeichnen wir dar als \u201eUserChooser\u201c. Daf\u00fcr ben\u00f6tigen wir ein von der Firma unterzeichnetes Flottenformular, damit Sie von den sehr attraktiven Firmenkonditionen und weiteren Dienstleistungen profitieren k\u00f6nnen.<\/p>\t\t\t\t\t\t\t\t<\/div>\n\t\t\t\t<\/div>\n\t\t\t\t<\/div>\n\t\t\t\t<\/div>\n\t\t\t\t<\/div>\n\t\t<div class=\"elementor-element elementor-element-e853a1e e-con-full e-flex e-con e-child\" data-id=\"e853a1e\" data-element_type=\"container\" data-e-type=\"container\">\n\t\t<div class=\"elementor-element elementor-element-1ec7730 e-con-full e-flex e-con e-child\" data-id=\"1ec7730\" data-element_type=\"container\" data-e-type=\"container\">\n\t\t<div class=\"elementor-element elementor-element-00dc867 e-con-full e-flex e-con e-child\" data-id=\"00dc867\" data-element_type=\"container\" data-e-type=\"container\">\n\t\t\t\t<div class=\"elementor-element elementor-element-fb8febd elementor-widget elementor-widget-heading\" data-id=\"fb8febd\" data-element_type=\"widget\" data-e-type=\"widget\" data-widget_type=\"heading.default\">\n\t\t\t\t\t<h4 class=\"elementor-heading-title elementor-size-default\">Ihr n\u00e4chster Dienstwagen<\/h4>\t\t\t\t<\/div>\n\t\t<a class=\"elementor-element elementor-element-3e42378 e-con-full e-flex elementor-invisible e-con e-child\" data-id=\"3e42378\" data-element_type=\"container\" data-e-type=\"container\" data-settings=\"{&quot;background_background&quot;:&quot;classic&quot;,&quot;animation&quot;:&quot;fadeIn&quot;}\" href=\"https:\/\/jenatschgaragen.ch\/wollishofen\/#fahrzeuge\">\n\t\t<div class=\"elementor-element elementor-element-dec958c e-con-full e-flex e-con e-child\" data-id=\"dec958c\" data-element_type=\"container\" data-e-type=\"container\" data-settings=\"{&quot;background_background&quot;:&quot;classic&quot;}\">\n\t\t\t\t<div class=\"elementor-element elementor-element-0df5c2a elementor-widget elementor-widget-text-editor\" data-id=\"0df5c2a\" data-element_type=\"widget\" data-e-type=\"widget\" data-widget_type=\"text-editor.default\">\n\t\t\t\t\t\t\t\t\t<p class=\"marginer-no\"><strong>\u203a \u00a0Fahrzeuge suchen<\/strong><\/p>\t\t\t\t\t\t\t\t<\/div>\n\t\t\t\t<\/div>\n\t\t\t\t<\/a>\n\t\t\t\t<\/div>\n\t\t<div class=\"elementor-element elementor-element-209f15e e-con-full e-flex e-con e-child\" data-id=\"209f15e\" data-element_type=\"container\" data-e-type=\"container\">\n\t\t\t\t<div class=\"elementor-element elementor-element-d37d317 elementor-widget elementor-widget-heading\" data-id=\"d37d317\" data-element_type=\"widget\" data-e-type=\"widget\" data-widget_type=\"heading.default\">\n\t\t\t\t\t<h4 class=\"elementor-heading-title elementor-size-default\">Voraussetzungen f\u00fcr Firmenkunden<\/h4>\t\t\t\t<\/div>\n\t\t\t\t<div class=\"elementor-element elementor-element-728076b elementor-widget elementor-widget-text-editor\" data-id=\"728076b\" data-element_type=\"widget\" data-e-type=\"widget\" data-widget_type=\"text-editor.default\">\n\t\t\t\t\t\t\t\t\t<p><strong>Berechtigte Firmen:<\/strong><\/p><p>Die Anerkennung als Flottenbesitzer erfolgt f\u00fcr Firmen, die<\/p><ul><li>im Handelsregister eingetragen sind oder<\/li><li>eine Mehrwertsteuer-NR. (Best\u00e4tigung der MwSt-Beh\u00f6rde) oder<\/li><li>eine UID (Unternehmensidentifikationsnummer) besitzen<\/li><li>Bei Tochtergesellschaften ist ein Beteiligungsgrad von mindestens 50% Voraussetzung<\/li><\/ul><p>\u00a0<\/p><p><strong>Berechtigte Personen<\/strong>:<\/p><p>Im Zuge der Registrierung k\u00f6nnen Sie bereits die Personen Ihres Unternehmens definieren, welche allf\u00e4llige Flottenbest\u00e4tigungen f\u00fcr Ihre Mitarbeiter unterzeichnen d\u00fcrfen. Es steht Ihnen frei, ob Sie die Unterschriftenregelung nach Handelsregister benutzen wollen oder f\u00fcr Flottenbez\u00fcge eigene W\u00fcnsche haben.<\/p>\t\t\t\t\t\t\t\t<\/div>\n\t\t\t\t<\/div>\n\t\t\t\t<\/div>\n\t\t\t\t<\/div>\n\t\t\t\t\t<\/div>\n\t\t\t\t<\/div>\n\t\t<div class=\"elementor-element elementor-element-4558664 e-flex e-con-boxed e-con e-parent\" data-id=\"4558664\" data-element_type=\"container\" data-e-type=\"container\" data-settings=\"{&quot;background_background&quot;:&quot;classic&quot;}\">\n\t\t\t\t\t<div class=\"e-con-inner\">\n\t\t<div class=\"elementor-element elementor-element-c79f8bf e-con-full e-flex e-con e-child\" data-id=\"c79f8bf\" data-element_type=\"container\" data-e-type=\"container\">\n\t\t\t\t<div class=\"elementor-element elementor-element-ab85737 elementor-widget elementor-widget-heading\" data-id=\"ab85737\" data-element_type=\"widget\" data-e-type=\"widget\" data-widget_type=\"heading.default\">\n\t\t\t\t\t<h3 class=\"elementor-heading-title elementor-size-default\">Ihr Experte<\/h3>\t\t\t\t<\/div>\n\t\t<div class=\"elementor-element elementor-element-308d4c4 e-flex e-con-boxed e-con e-child\" data-id=\"308d4c4\" data-element_type=\"container\" data-e-type=\"container\">\n\t\t\t\t\t<div class=\"e-con-inner\">\n\t\t<div class=\"elementor-element elementor-element-3e71ee8 e-con-full e-flex e-con e-child\" data-id=\"3e71ee8\" data-element_type=\"container\" data-e-type=\"container\" data-settings=\"{&quot;background_background&quot;:&quot;classic&quot;}\">\n\t\t<div class=\"elementor-element elementor-element-9f7e14d e-con-full e-flex e-con e-child\" data-id=\"9f7e14d\" data-element_type=\"container\" data-e-type=\"container\" data-settings=\"{&quot;background_background&quot;:&quot;classic&quot;}\">\n\t\t\t\t<div class=\"elementor-element elementor-element-ebd2ace elementor-widget elementor-widget-image\" data-id=\"ebd2ace\" data-element_type=\"widget\" data-e-type=\"widget\" data-widget_type=\"image.default\">\n\t\t\t\t\t\t\t\t\t\t\t\t\t\t\t<img loading=\"lazy\" decoding=\"async\" width=\"512\" height=\"512\" src=\"https:\/\/jenatschgaragen.ch\/wollishofen\/wp-content\/uploads\/sites\/4\/2026\/02\/favicon-Jenatsch_Garagen.png\" class=\"attachment-full size-full wp-image-1024\" alt=\"\" srcset=\"https:\/\/jenatschgaragen.ch\/wollishofen\/wp-content\/uploads\/sites\/4\/2026\/02\/favicon-Jenatsch_Garagen.png 512w, https:\/\/jenatschgaragen.ch\/wollishofen\/wp-content\/uploads\/sites\/4\/2026\/02\/favicon-Jenatsch_Garagen-300x300.png 300w, https:\/\/jenatschgaragen.ch\/wollishofen\/wp-content\/uploads\/sites\/4\/2026\/02\/favicon-Jenatsch_Garagen-150x150.png 150w\" sizes=\"(max-width: 512px) 100vw, 512px\" \/>\t\t\t\t\t\t\t\t\t\t\t\t\t\t\t<\/div>\n\t\t\t\t<\/div>\n\t\t\t\t<\/div>\n\t\t<div class=\"elementor-element elementor-element-f8afee9 e-con-full e-flex e-con e-child\" data-id=\"f8afee9\" data-element_type=\"container\" data-e-type=\"container\">\n\t\t\t\t<div class=\"elementor-element elementor-element-8244395 elementor-widget elementor-widget-heading\" data-id=\"8244395\" data-element_type=\"widget\" data-e-type=\"widget\" data-widget_type=\"heading.default\">\n\t\t\t\t\t<h4 class=\"elementor-heading-title elementor-size-default\">Wolfgang Pichler<\/h4>\t\t\t\t<\/div>\n\t\t\t\t<div class=\"elementor-element elementor-element-9b725fd elementor-widget elementor-widget-text-editor\" data-id=\"9b725fd\" data-element_type=\"widget\" data-e-type=\"widget\" data-widget_type=\"text-editor.default\">\n\t\t\t\t\t\t\t\t\t<p>Verkaufsberater<\/p>\t\t\t\t\t\t\t\t<\/div>\n\t\t\t\t<div class=\"elementor-element elementor-element-8b8aab1 elementor-icon-list--layout-traditional elementor-list-item-link-full_width elementor-widget elementor-widget-icon-list\" data-id=\"8b8aab1\" data-element_type=\"widget\" data-e-type=\"widget\" data-widget_type=\"icon-list.default\">\n\t\t\t\t\t\t\t<ul class=\"elementor-icon-list-items\">\n\t\t\t\t\t\t\t<li class=\"elementor-icon-list-item\">\n\t\t\t\t\t\t\t\t\t\t\t<span class=\"elementor-icon-list-icon\">\n\t\t\t\t\t\t\t<svg aria-hidden=\"true\" class=\"e-font-icon-svg e-fas-phone-alt\" viewBox=\"0 0 512 512\" xmlns=\"http:\/\/www.w3.org\/2000\/svg\"><path d=\"M497.39 361.8l-112-48a24 24 0 0 0-28 6.9l-49.6 60.6A370.66 370.66 0 0 1 130.6 204.11l60.6-49.6a23.94 23.94 0 0 0 6.9-28l-48-112A24.16 24.16 0 0 0 122.6.61l-104 24A24 24 0 0 0 0 48c0 256.5 207.9 464 464 464a24 24 0 0 0 23.4-18.6l24-104a24.29 24.29 0 0 0-14.01-27.6z\"><\/path><\/svg>\t\t\t\t\t\t<\/span>\n\t\t\t\t\t\t\t\t\t\t<span class=\"elementor-icon-list-text\">+41 44 487 20 00<\/span>\n\t\t\t\t\t\t\t\t\t<\/li>\n\t\t\t\t\t\t\t\t<li class=\"elementor-icon-list-item\">\n\t\t\t\t\t\t\t\t\t\t\t<a href=\"mailto:wolfgang.pichler@jeatschgarage.ch\">\n\n\t\t\t\t\t\t\t\t\t\t\t\t<span class=\"elementor-icon-list-icon\">\n\t\t\t\t\t\t\t<svg aria-hidden=\"true\" class=\"e-font-icon-svg e-far-envelope\" viewBox=\"0 0 512 512\" xmlns=\"http:\/\/www.w3.org\/2000\/svg\"><path d=\"M464 64H48C21.49 64 0 85.49 0 112v288c0 26.51 21.49 48 48 48h416c26.51 0 48-21.49 48-48V112c0-26.51-21.49-48-48-48zm0 48v40.805c-22.422 18.259-58.168 46.651-134.587 106.49-16.841 13.247-50.201 45.072-73.413 44.701-23.208.375-56.579-31.459-73.413-44.701C106.18 199.465 70.425 171.067 48 152.805V112h416zM48 400V214.398c22.914 18.251 55.409 43.862 104.938 82.646 21.857 17.205 60.134 55.186 103.062 54.955 42.717.231 80.509-37.199 103.053-54.947 49.528-38.783 82.032-64.401 104.947-82.653V400H48z\"><\/path><\/svg>\t\t\t\t\t\t<\/span>\n\t\t\t\t\t\t\t\t\t\t<span class=\"elementor-icon-list-text\">wolfgang.pichler@jeatschgarage.ch<\/span>\n\t\t\t\t\t\t\t\t\t\t\t<\/a>\n\t\t\t\t\t\t\t\t\t<\/li>\n\t\t\t\t\t\t<\/ul>\n\t\t\t\t\t\t<\/div>\n\t\t\t\t<\/div>\n\t\t<div class=\"elementor-element elementor-element-bde4bb9 e-con-full e-flex e-con e-child\" data-id=\"bde4bb9\" data-element_type=\"container\" data-e-type=\"container\">\n\t\t\t\t<div class=\"elementor-element elementor-element-62c036a elementor-widget elementor-widget-text-editor\" data-id=\"62c036a\" data-element_type=\"widget\" data-e-type=\"widget\" data-widget_type=\"text-editor.default\">\n\t\t\t\t\t\t\t\t\t<p>Bei der <strong data-start=\"145\" data-end=\"178\">Jenatschgarage in Z\u00fcrich-Wollishofen<\/strong> denken wir Mobilit\u00e4t ganzheitlich. Wir analysieren Ihre Anforderungen, planen vorausschauend und setzen L\u00f6sungen um, die Ihren Fuhrpark nachhaltig entlasten. Von der Auswahl der passenden Fahrzeuge bis zur laufenden Betreuung sorgen wir daf\u00fcr, dass Ihre Flotte reibungslos funktioniert und langfristig wirtschaftlich bleibt. Als pers\u00f6nlicher Ansprechpartner begleiten wir Sie Schritt f\u00fcr Schritt in eine moderne und zukunftsorientierte Mobilit\u00e4t.<\/p>\t\t\t\t\t\t\t\t<\/div>\n\t\t<div class=\"elementor-element elementor-element-6c7247e e-con-full e-flex e-con e-child\" data-id=\"6c7247e\" data-element_type=\"container\" data-e-type=\"container\">\n\t\t\t\t<div class=\"elementor-element elementor-element-55bbd5a elementor-position-inline-start elementor-mobile-position-inline-start elementor-view-default elementor-invisible elementor-widget elementor-widget-icon-box\" data-id=\"55bbd5a\" data-element_type=\"widget\" data-e-type=\"widget\" data-settings=\"{&quot;_animation&quot;:&quot;fadeInUp&quot;,&quot;_animation_delay&quot;:&quot;100&quot;}\" data-widget_type=\"icon-box.default\">\n\t\t\t\t\t\t\t<div class=\"elementor-icon-box-wrapper\">\n\n\t\t\t\t\t\t<div class=\"elementor-icon-box-icon\">\n\t\t\t\t<a href=\"https:\/\/jenatschgaragen.ch\/wollishofen\/#fahrzeuge\" class=\"elementor-icon\" tabindex=\"-1\" aria-label=\"Sofort verf\u00fcgbare Neuwagen\">\n\t\t\t\t<svg aria-hidden=\"true\" class=\"e-font-icon-svg e-fas-car\" viewBox=\"0 0 512 512\" xmlns=\"http:\/\/www.w3.org\/2000\/svg\"><path d=\"M499.99 176h-59.87l-16.64-41.6C406.38 91.63 365.57 64 319.5 64h-127c-46.06 0-86.88 27.63-103.99 70.4L71.87 176H12.01C4.2 176-1.53 183.34.37 190.91l6 24C7.7 220.25 12.5 224 18.01 224h20.07C24.65 235.73 16 252.78 16 272v48c0 16.12 6.16 30.67 16 41.93V416c0 17.67 14.33 32 32 32h32c17.67 0 32-14.33 32-32v-32h256v32c0 17.67 14.33 32 32 32h32c17.67 0 32-14.33 32-32v-54.07c9.84-11.25 16-25.8 16-41.93v-48c0-19.22-8.65-36.27-22.07-48H494c5.51 0 10.31-3.75 11.64-9.09l6-24c1.89-7.57-3.84-14.91-11.65-14.91zm-352.06-17.83c7.29-18.22 24.94-30.17 44.57-30.17h127c19.63 0 37.28 11.95 44.57 30.17L384 208H128l19.93-49.83zM96 319.8c-19.2 0-32-12.76-32-31.9S76.8 256 96 256s48 28.71 48 47.85-28.8 15.95-48 15.95zm320 0c-19.2 0-48 3.19-48-15.95S396.8 256 416 256s32 12.76 32 31.9-12.8 31.9-32 31.9z\"><\/path><\/svg>\t\t\t\t<\/a>\n\t\t\t<\/div>\n\t\t\t\n\t\t\t\t\t\t<div class=\"elementor-icon-box-content\">\n\n\t\t\t\t\t\t\t\t\t<h4 class=\"elementor-icon-box-title\">\n\t\t\t\t\t\t<a href=\"https:\/\/jenatschgaragen.ch\/wollishofen\/#fahrzeuge\" >\n\t\t\t\t\t\t\tSofort verf\u00fcgbare Neuwagen\t\t\t\t\t\t<\/a>\n\t\t\t\t\t<\/h4>\n\t\t\t\t\n\t\t\t\t\n\t\t\t<\/div>\n\t\t\t\n\t\t<\/div>\n\t\t\t\t\t\t<\/div>\n\t\t\t\t<div class=\"elementor-element elementor-element-e3a0582 elementor-position-inline-start elementor-mobile-position-inline-start elementor-view-default elementor-invisible elementor-widget elementor-widget-icon-box\" data-id=\"e3a0582\" data-element_type=\"widget\" data-e-type=\"widget\" data-settings=\"{&quot;_animation&quot;:&quot;fadeInUp&quot;,&quot;_animation_delay&quot;:&quot;200&quot;}\" data-widget_type=\"icon-box.default\">\n\t\t\t\t\t\t\t<div class=\"elementor-icon-box-wrapper\">\n\n\t\t\t\t\t\t<div class=\"elementor-icon-box-icon\">\n\t\t\t\t<a href=\"https:\/\/jenatschgaragen.ch\/wollishofen\/#fahrzeuge\" class=\"elementor-icon\" tabindex=\"-1\" aria-label=\"Sofort verf\u00fcgbare Gebrauchtwagen\">\n\t\t\t\t<svg aria-hidden=\"true\" class=\"e-font-icon-svg e-fas-history\" viewBox=\"0 0 512 512\" xmlns=\"http:\/\/www.w3.org\/2000\/svg\"><path d=\"M504 255.531c.253 136.64-111.18 248.372-247.82 248.468-59.015.042-113.223-20.53-155.822-54.911-11.077-8.94-11.905-25.541-1.839-35.607l11.267-11.267c8.609-8.609 22.353-9.551 31.891-1.984C173.062 425.135 212.781 440 256 440c101.705 0 184-82.311 184-184 0-101.705-82.311-184-184-184-48.814 0-93.149 18.969-126.068 49.932l50.754 50.754c10.08 10.08 2.941 27.314-11.313 27.314H24c-8.837 0-16-7.163-16-16V38.627c0-14.254 17.234-21.393 27.314-11.314l49.372 49.372C129.209 34.136 189.552 8 256 8c136.81 0 247.747 110.78 248 247.531zm-180.912 78.784l9.823-12.63c8.138-10.463 6.253-25.542-4.21-33.679L288 256.349V152c0-13.255-10.745-24-24-24h-16c-13.255 0-24 10.745-24 24v135.651l65.409 50.874c10.463 8.137 25.541 6.253 33.679-4.21z\"><\/path><\/svg>\t\t\t\t<\/a>\n\t\t\t<\/div>\n\t\t\t\n\t\t\t\t\t\t<div class=\"elementor-icon-box-content\">\n\n\t\t\t\t\t\t\t\t\t<h4 class=\"elementor-icon-box-title\">\n\t\t\t\t\t\t<a href=\"https:\/\/jenatschgaragen.ch\/wollishofen\/#fahrzeuge\" >\n\t\t\t\t\t\t\tSofort verf\u00fcgbare Gebrauchtwagen\t\t\t\t\t\t<\/a>\n\t\t\t\t\t<\/h4>\n\t\t\t\t\n\t\t\t\t\n\t\t\t<\/div>\n\t\t\t\n\t\t<\/div>\n\t\t\t\t\t\t<\/div>\n\t\t\t\t<\/div>\n\t\t\t\t<\/div>\n\t\t\t\t\t<\/div>\n\t\t\t\t<\/div>\n\t\t\t\t<\/div>\n\t\t\t\t\t<\/div>\n\t\t\t\t<\/div>\n\t\t\t\t<\/div>\n\t\t","protected":false},"excerpt":{"rendered":"<p>Flottenl\u00f6sungen f\u00fcr Firmen im Raum Z\u00fcrich Effizient. Flexibel. Zukunftssicher. Die Jenatschgarage Z\u00fcrich-Wollishofen unterst\u00fctzt Unternehmen im Grossraum Z\u00fcrich mit massgeschneiderten Flottenl\u00f6sungen. Unabh\u00e4ngig, pers\u00f6nlich und praxisnah. Von der Fahrzeugbeschaffung \u00fcber Full-Service-Leasing bis hin zu individuellen Serviceleistungen: Wir sorgen daf\u00fcr, dass Ihre Firmenflotte wirtschaftlich bleibt, effizient funktioniert und optimal auf die Zukunft vorbereitet ist. Massgeschneiderte Flottenl\u00f6sungen Mit Erfahrung [&hellip;]<\/p>\n","protected":false},"author":1,"featured_media":0,"parent":0,"menu_order":0,"comment_status":"closed","ping_status":"closed","template":"","meta":{"footnotes":""},"class_list":["post-1016","page","type-page","status-publish","hentry"],"yoast_head":"<!-- This site is optimized with the Yoast SEO plugin v27.2 - https:\/\/yoast.com\/product\/yoast-seo-wordpress\/ -->\n<title>Firmenkunden - Jenatschgarage Z\u00fcrich-Wollishofen<\/title>\n<meta name=\"description\" content=\"Massgeschneiderte Fahrzeugl\u00f6sungen f\u00fcr Firmenkunden bei Jenatschgarage Z\u00fcrich-Wollishofen \u2013 Flottenberatung, Leasing und Service f\u00fcr Ihr Unternehmen.\" \/>\n<meta name=\"robots\" content=\"index, follow, max-snippet:-1, max-image-preview:large, max-video-preview:-1\" \/>\n<link rel=\"canonical\" href=\"https:\/\/jenatschgaragen.ch\/wollishofen\/firmenkunden-flotte\/\" \/>\n<meta property=\"og:locale\" content=\"de_DE\" \/>\n<meta property=\"og:type\" content=\"article\" \/>\n<meta property=\"og:title\" content=\"Firmenkunden - Jenatschgarage Z\u00fcrich-Wollishofen\" \/>\n<meta property=\"og:description\" content=\"Massgeschneiderte Fahrzeugl\u00f6sungen f\u00fcr Firmenkunden bei Jenatschgarage Z\u00fcrich-Wollishofen \u2013 Flottenberatung, Leasing und Service f\u00fcr Ihr Unternehmen.\" \/>\n<meta property=\"og:url\" content=\"https:\/\/jenatschgaragen.ch\/wollishofen\/firmenkunden-flotte\/\" \/>\n<meta property=\"og:site_name\" content=\"Jenatschgarage Z\u00fcrich-Wollishofen\" \/>\n<meta property=\"article:modified_time\" content=\"2026-04-16T06:59:52+00:00\" \/>\n<meta property=\"og:image\" content=\"https:\/\/jenatschgaragen.ch\/wollishofen\/wp-content\/uploads\/sites\/4\/2026\/02\/Flotte2.png\" \/>\n<meta name=\"twitter:card\" content=\"summary_large_image\" \/>\n<meta name=\"twitter:label1\" content=\"Gesch\u00e4tzte Lesezeit\" \/>\n\t<meta name=\"twitter:data1\" content=\"5\u00a0Minuten\" \/>\n<script type=\"application\/ld+json\" class=\"yoast-schema-graph\">{\"@context\":\"https:\/\/schema.org\",\"@graph\":[{\"@type\":\"WebPage\",\"@id\":\"https:\/\/jenatschgaragen.ch\/wollishofen\/firmenkunden-flotte\/\",\"url\":\"https:\/\/jenatschgaragen.ch\/wollishofen\/firmenkunden-flotte\/\",\"name\":\"Firmenkunden - Jenatschgarage Z\u00fcrich-Wollishofen\",\"isPartOf\":{\"@id\":\"https:\/\/jenatschgaragen.ch\/wollishofen\/#website\"},\"primaryImageOfPage\":{\"@id\":\"https:\/\/jenatschgaragen.ch\/wollishofen\/firmenkunden-flotte\/#primaryimage\"},\"image\":{\"@id\":\"https:\/\/jenatschgaragen.ch\/wollishofen\/firmenkunden-flotte\/#primaryimage\"},\"thumbnailUrl\":\"https:\/\/jenatschgaragen.ch\/wollishofen\/wp-content\/uploads\/sites\/4\/2026\/02\/Flotte2.png\",\"datePublished\":\"2026-02-02T12:46:22+00:00\",\"dateModified\":\"2026-04-16T06:59:52+00:00\",\"description\":\"Massgeschneiderte Fahrzeugl\u00f6sungen f\u00fcr Firmenkunden bei Jenatschgarage Z\u00fcrich-Wollishofen \u2013 Flottenberatung, Leasing und Service f\u00fcr Ihr Unternehmen.\",\"breadcrumb\":{\"@id\":\"https:\/\/jenatschgaragen.ch\/wollishofen\/firmenkunden-flotte\/#breadcrumb\"},\"inLanguage\":\"de-CH\",\"potentialAction\":[{\"@type\":\"ReadAction\",\"target\":[\"https:\/\/jenatschgaragen.ch\/wollishofen\/firmenkunden-flotte\/\"]}]},{\"@type\":\"ImageObject\",\"inLanguage\":\"de-CH\",\"@id\":\"https:\/\/jenatschgaragen.ch\/wollishofen\/firmenkunden-flotte\/#primaryimage\",\"url\":\"https:\/\/jenatschgaragen.ch\/wollishofen\/wp-content\/uploads\/sites\/4\/2026\/02\/Flotte2.png\",\"contentUrl\":\"https:\/\/jenatschgaragen.ch\/wollishofen\/wp-content\/uploads\/sites\/4\/2026\/02\/Flotte2.png\",\"width\":1395,\"height\":795},{\"@type\":\"BreadcrumbList\",\"@id\":\"https:\/\/jenatschgaragen.ch\/wollishofen\/firmenkunden-flotte\/#breadcrumb\",\"itemListElement\":[{\"@type\":\"ListItem\",\"position\":1,\"name\":\"Home\",\"item\":\"https:\/\/jenatschgaragen.ch\/wollishofen\/\"},{\"@type\":\"ListItem\",\"position\":2,\"name\":\"Firmenkunden\"}]},{\"@type\":\"WebSite\",\"@id\":\"https:\/\/jenatschgaragen.ch\/wollishofen\/#website\",\"url\":\"https:\/\/jenatschgaragen.ch\/wollishofen\/\",\"name\":\"Jenatschgarage Z\u00fcrich-Wollishofen\",\"description\":\"Ihre Mobilit\u00e4ts-Experten in Z\u00fcrich-Wollishofen\\u2028\",\"publisher\":{\"@id\":\"https:\/\/jenatschgaragen.ch\/wollishofen\/#organization\"},\"potentialAction\":[{\"@type\":\"SearchAction\",\"target\":{\"@type\":\"EntryPoint\",\"urlTemplate\":\"https:\/\/jenatschgaragen.ch\/wollishofen\/?s={search_term_string}\"},\"query-input\":{\"@type\":\"PropertyValueSpecification\",\"valueRequired\":true,\"valueName\":\"search_term_string\"}}],\"inLanguage\":\"de-CH\"},{\"@type\":\"Organization\",\"@id\":\"https:\/\/jenatschgaragen.ch\/wollishofen\/#organization\",\"name\":\"Jenatschgarage Z\u00fcrich-Wollishofen\",\"url\":\"https:\/\/jenatschgaragen.ch\/wollishofen\/\",\"logo\":{\"@type\":\"ImageObject\",\"inLanguage\":\"de-CH\",\"@id\":\"https:\/\/jenatschgaragen.ch\/wollishofen\/#\/schema\/logo\/image\/\",\"url\":\"https:\/\/jenatschgaragen.ch\/wollishofen\/wp-content\/uploads\/sites\/4\/2026\/01\/logo-Jenatschgarage-Zuerich-Wollishofen.png\",\"contentUrl\":\"https:\/\/jenatschgaragen.ch\/wollishofen\/wp-content\/uploads\/sites\/4\/2026\/01\/logo-Jenatschgarage-Zuerich-Wollishofen.png\",\"width\":530,\"height\":110,\"caption\":\"Jenatschgarage Z\u00fcrich-Wollishofen\"},\"image\":{\"@id\":\"https:\/\/jenatschgaragen.ch\/wollishofen\/#\/schema\/logo\/image\/\"}}]}<\/script>\n<!-- \/ Yoast SEO plugin. -->","yoast_head_json":{"title":"Firmenkunden - Jenatschgarage Z\u00fcrich-Wollishofen","description":"Massgeschneiderte Fahrzeugl\u00f6sungen f\u00fcr Firmenkunden bei Jenatschgarage Z\u00fcrich-Wollishofen \u2013 Flottenberatung, Leasing und Service f\u00fcr Ihr Unternehmen.","robots":{"index":"index","follow":"follow","max-snippet":"max-snippet:-1","max-image-preview":"max-image-preview:large","max-video-preview":"max-video-preview:-1"},"canonical":"https:\/\/jenatschgaragen.ch\/wollishofen\/firmenkunden-flotte\/","og_locale":"de_DE","og_type":"article","og_title":"Firmenkunden - Jenatschgarage Z\u00fcrich-Wollishofen","og_description":"Massgeschneiderte Fahrzeugl\u00f6sungen f\u00fcr Firmenkunden bei Jenatschgarage Z\u00fcrich-Wollishofen \u2013 Flottenberatung, Leasing und Service f\u00fcr Ihr Unternehmen.","og_url":"https:\/\/jenatschgaragen.ch\/wollishofen\/firmenkunden-flotte\/","og_site_name":"Jenatschgarage Z\u00fcrich-Wollishofen","article_modified_time":"2026-04-16T06:59:52+00:00","og_image":[{"url":"https:\/\/jenatschgaragen.ch\/wollishofen\/wp-content\/uploads\/sites\/4\/2026\/02\/Flotte2.png","type":"","width":"","height":""}],"twitter_card":"summary_large_image","twitter_misc":{"Gesch\u00e4tzte Lesezeit":"5\u00a0Minuten"},"schema":{"@context":"https:\/\/schema.org","@graph":[{"@type":"WebPage","@id":"https:\/\/jenatschgaragen.ch\/wollishofen\/firmenkunden-flotte\/","url":"https:\/\/jenatschgaragen.ch\/wollishofen\/firmenkunden-flotte\/","name":"Firmenkunden - Jenatschgarage Z\u00fcrich-Wollishofen","isPartOf":{"@id":"https:\/\/jenatschgaragen.ch\/wollishofen\/#website"},"primaryImageOfPage":{"@id":"https:\/\/jenatschgaragen.ch\/wollishofen\/firmenkunden-flotte\/#primaryimage"},"image":{"@id":"https:\/\/jenatschgaragen.ch\/wollishofen\/firmenkunden-flotte\/#primaryimage"},"thumbnailUrl":"https:\/\/jenatschgaragen.ch\/wollishofen\/wp-content\/uploads\/sites\/4\/2026\/02\/Flotte2.png","datePublished":"2026-02-02T12:46:22+00:00","dateModified":"2026-04-16T06:59:52+00:00","description":"Massgeschneiderte Fahrzeugl\u00f6sungen f\u00fcr Firmenkunden bei Jenatschgarage Z\u00fcrich-Wollishofen \u2013 Flottenberatung, Leasing und Service f\u00fcr Ihr Unternehmen.","breadcrumb":{"@id":"https:\/\/jenatschgaragen.ch\/wollishofen\/firmenkunden-flotte\/#breadcrumb"},"inLanguage":"de-CH","potentialAction":[{"@type":"ReadAction","target":["https:\/\/jenatschgaragen.ch\/wollishofen\/firmenkunden-flotte\/"]}]},{"@type":"ImageObject","inLanguage":"de-CH","@id":"https:\/\/jenatschgaragen.ch\/wollishofen\/firmenkunden-flotte\/#primaryimage","url":"https:\/\/jenatschgaragen.ch\/wollishofen\/wp-content\/uploads\/sites\/4\/2026\/02\/Flotte2.png","contentUrl":"https:\/\/jenatschgaragen.ch\/wollishofen\/wp-content\/uploads\/sites\/4\/2026\/02\/Flotte2.png","width":1395,"height":795},{"@type":"BreadcrumbList","@id":"https:\/\/jenatschgaragen.ch\/wollishofen\/firmenkunden-flotte\/#breadcrumb","itemListElement":[{"@type":"ListItem","position":1,"name":"Home","item":"https:\/\/jenatschgaragen.ch\/wollishofen\/"},{"@type":"ListItem","position":2,"name":"Firmenkunden"}]},{"@type":"WebSite","@id":"https:\/\/jenatschgaragen.ch\/wollishofen\/#website","url":"https:\/\/jenatschgaragen.ch\/wollishofen\/","name":"Jenatschgarage Z\u00fcrich-Wollishofen","description":"Ihre Mobilit\u00e4ts-Experten in Z\u00fcrich-Wollishofen\u2028","publisher":{"@id":"https:\/\/jenatschgaragen.ch\/wollishofen\/#organization"},"potentialAction":[{"@type":"SearchAction","target":{"@type":"EntryPoint","urlTemplate":"https:\/\/jenatschgaragen.ch\/wollishofen\/?s={search_term_string}"},"query-input":{"@type":"PropertyValueSpecification","valueRequired":true,"valueName":"search_term_string"}}],"inLanguage":"de-CH"},{"@type":"Organization","@id":"https:\/\/jenatschgaragen.ch\/wollishofen\/#organization","name":"Jenatschgarage Z\u00fcrich-Wollishofen","url":"https:\/\/jenatschgaragen.ch\/wollishofen\/","logo":{"@type":"ImageObject","inLanguage":"de-CH","@id":"https:\/\/jenatschgaragen.ch\/wollishofen\/#\/schema\/logo\/image\/","url":"https:\/\/jenatschgaragen.ch\/wollishofen\/wp-content\/uploads\/sites\/4\/2026\/01\/logo-Jenatschgarage-Zuerich-Wollishofen.png","contentUrl":"https:\/\/jenatschgaragen.ch\/wollishofen\/wp-content\/uploads\/sites\/4\/2026\/01\/logo-Jenatschgarage-Zuerich-Wollishofen.png","width":530,"height":110,"caption":"Jenatschgarage Z\u00fcrich-Wollishofen"},"image":{"@id":"https:\/\/jenatschgaragen.ch\/wollishofen\/#\/schema\/logo\/image\/"}}]}},"_links":{"self":[{"href":"https:\/\/jenatschgaragen.ch\/wollishofen\/wp-json\/wp\/v2\/pages\/1016","targetHints":{"allow":["GET"]}}],"collection":[{"href":"https:\/\/jenatschgaragen.ch\/wollishofen\/wp-json\/wp\/v2\/pages"}],"about":[{"href":"https:\/\/jenatschgaragen.ch\/wollishofen\/wp-json\/wp\/v2\/types\/page"}],"author":[{"embeddable":true,"href":"https:\/\/jenatschgaragen.ch\/wollishofen\/wp-json\/wp\/v2\/users\/1"}],"replies":[{"embeddable":true,"href":"https:\/\/jenatschgaragen.ch\/wollishofen\/wp-json\/wp\/v2\/comments?post=1016"}],"version-history":[{"count":22,"href":"https:\/\/jenatschgaragen.ch\/wollishofen\/wp-json\/wp\/v2\/pages\/1016\/revisions"}],"predecessor-version":[{"id":1505,"href":"https:\/\/jenatschgaragen.ch\/wollishofen\/wp-json\/wp\/v2\/pages\/1016\/revisions\/1505"}],"wp:attachment":[{"href":"https:\/\/jenatschgaragen.ch\/wollishofen\/wp-json\/wp\/v2\/media?parent=1016"}],"curies":[{"name":"wp","href":"https:\/\/api.w.org\/{rel}","templated":true}]}}