{"id":934,"date":"2026-02-02T11:39:00","date_gmt":"2026-02-02T10:39:00","guid":{"rendered":"https:\/\/effecto-marketing.ch\/jenatsch\/garage-sommerhalder\/?page_id=934"},"modified":"2026-04-15T13:12:24","modified_gmt":"2026-04-15T11:12:24","slug":"service-und-reparaturen","status":"publish","type":"page","link":"https:\/\/jenatschgaragen.ch\/sommerhalder\/service-und-reparaturen\/","title":{"rendered":"Service und Reparaturen"},"content":{"rendered":"\t\t<div data-elementor-type=\"wp-page\" data-elementor-id=\"934\" class=\"elementor elementor-934\" data-elementor-post-type=\"page\">\n\t\t\t\t<div class=\"elementor-element elementor-element-18cec466 e-flex e-con-boxed e-con e-parent\" data-id=\"18cec466\" data-element_type=\"container\" data-e-type=\"container\" data-settings=\"{&quot;background_background&quot;:&quot;classic&quot;}\">\n\t\t\t\t\t<div class=\"e-con-inner\">\n\t\t\t\t\t<\/div>\n\t\t\t\t<\/div>\n\t\t<div class=\"elementor-element elementor-element-6e9f3c7c e-flex e-con-boxed e-con e-parent\" data-id=\"6e9f3c7c\" data-element_type=\"container\" data-e-type=\"container\">\n\t\t\t\t\t<div class=\"e-con-inner\">\n\t\t<div class=\"elementor-element elementor-element-62c888f8 e-con-full e-flex e-con e-child\" data-id=\"62c888f8\" data-element_type=\"container\" data-e-type=\"container\">\n\t\t<div class=\"elementor-element elementor-element-4b2d56e6 e-con-full animated-fast e-flex elementor-invisible e-con e-child\" data-id=\"4b2d56e6\" data-element_type=\"container\" data-e-type=\"container\" data-settings=\"{&quot;animation&quot;:&quot;fadeInLeft&quot;}\">\n\t\t\t\t<div class=\"elementor-element elementor-element-6d81407e elementor-widget elementor-widget-heading\" data-id=\"6d81407e\" data-element_type=\"widget\" data-e-type=\"widget\" data-widget_type=\"heading.default\">\n\t\t\t\t\t<h2 class=\"elementor-heading-title elementor-size-default\">Service &amp; Reparaturen<\/h2>\t\t\t\t<\/div>\n\t\t\t\t<\/div>\n\t\t<div class=\"elementor-element elementor-element-5bb3acb1 e-con-full animated-slow e-flex elementor-invisible e-con e-child\" data-id=\"5bb3acb1\" data-element_type=\"container\" data-e-type=\"container\" data-settings=\"{&quot;animation&quot;:&quot;fadeIn&quot;,&quot;animation_delay&quot;:&quot;100&quot;}\">\n\t\t\t\t<div class=\"elementor-element elementor-element-c74f3d1 elementor-widget elementor-widget-heading\" data-id=\"c74f3d1\" data-element_type=\"widget\" data-e-type=\"widget\" data-widget_type=\"heading.default\">\n\t\t\t\t\t<h4 class=\"elementor-heading-title elementor-size-default\">Ihr Volkswagen. Unser Anspruch.<\/h4>\t\t\t\t<\/div>\n\t\t\t\t<div class=\"elementor-element elementor-element-3de5c9c4 elementor-widget elementor-widget-text-editor\" data-id=\"3de5c9c4\" data-element_type=\"widget\" data-e-type=\"widget\" data-widget_type=\"text-editor.default\">\n\t\t\t\t\t\t\t\t\t<p class=\"p1\">Bei uns ist Ihr Volkswagen bestens aufgehoben. Unsere qualifizierten Fachkr\u00e4fte sorgen daf\u00fcr, dass Sie zuverl\u00e4ssig und sorgenfrei unterwegs sind, Tag f\u00fcr Tag. Und falls Ihr Fahrzeug einmal unerwartet ausf\u00e4llt, k\u00fcmmern wir uns mit h\u00f6chster Priorit\u00e4t darum, dass Sie schnell und unkompliziert wieder mobil werden.<\/p>\t\t\t\t\t\t\t\t<\/div>\n\t\t\t\t<\/div>\n\t\t\t\t<\/div>\n\t\t\t\t\t<\/div>\n\t\t\t\t<\/div>\n\t\t<div class=\"elementor-element elementor-element-f184d8 e-flex e-con-boxed e-con e-parent\" data-id=\"f184d8\" data-element_type=\"container\" data-e-type=\"container\">\n\t\t\t\t\t<div class=\"e-con-inner\">\n\t\t<div class=\"elementor-element elementor-element-19cb1d9c e-con-full e-flex e-con e-child\" data-id=\"19cb1d9c\" data-element_type=\"container\" data-e-type=\"container\">\n\t\t<div class=\"elementor-element elementor-element-fd7b818 e-con-full e-flex e-con e-child\" data-id=\"fd7b818\" data-element_type=\"container\" data-e-type=\"container\">\n\t\t<div class=\"elementor-element elementor-element-43c155bc e-con-full animated-fast e-flex elementor-invisible e-con e-child\" data-id=\"43c155bc\" data-element_type=\"container\" data-e-type=\"container\" data-settings=\"{&quot;animation&quot;:&quot;fadeInLeft&quot;}\">\n\t\t\t\t<div class=\"elementor-element elementor-element-64bb5431 elementor-widget elementor-widget-heading\" data-id=\"64bb5431\" data-element_type=\"widget\" data-e-type=\"widget\" data-widget_type=\"heading.default\">\n\t\t\t\t\t<h3 class=\"elementor-heading-title elementor-size-default\">Verl\u00e4sslicher Service<\/h3>\t\t\t\t<\/div>\n\t\t\t\t<\/div>\n\t\t<div class=\"elementor-element elementor-element-66eb4b1 e-con-full animated-slow e-flex elementor-invisible e-con e-child\" data-id=\"66eb4b1\" data-element_type=\"container\" data-e-type=\"container\" data-settings=\"{&quot;animation&quot;:&quot;fadeIn&quot;,&quot;animation_delay&quot;:&quot;100&quot;}\">\n\t\t\t\t<div class=\"elementor-element elementor-element-3b21abe2 elementor-widget elementor-widget-text-editor\" data-id=\"3b21abe2\" data-element_type=\"widget\" data-e-type=\"widget\" data-widget_type=\"text-editor.default\">\n\t\t\t\t\t\t\t\t\t<p class=\"p1\">In der Garage Sommerhalder sind Sie und Ihr Volkswagen in besten H\u00e4nden. Mit unserem klaren Qualit\u00e4tsversprechen sorgen wir daf\u00fcr, dass Ihre Mobilit\u00e4t jederzeit gesichert ist. Freuen Sie sich auf passgenaue Angebote, abgestimmt auf Ihre Bed\u00fcrfnisse, auf jedes Volkswagen Modell und auf viele sorgenfreie Kilometer, die vor Ihnen liegen.<\/p>\t\t\t\t\t\t\t\t<\/div>\n\t\t\t\t<\/div>\n\t\t\t\t<\/div>\n\t\t<div class=\"elementor-element elementor-element-1e20a790 e-con-full e-flex e-con e-child\" data-id=\"1e20a790\" data-element_type=\"container\" data-e-type=\"container\">\n\t\t<div class=\"elementor-element elementor-element-5e123754 e-con-full e-flex elementor-invisible e-con e-child\" data-id=\"5e123754\" data-element_type=\"container\" data-e-type=\"container\" data-settings=\"{&quot;animation&quot;:&quot;fadeInUp&quot;}\">\n\t\t\t\t<div class=\"elementor-element elementor-element-607b380e elementor-widget elementor-widget-image\" data-id=\"607b380e\" data-element_type=\"widget\" data-e-type=\"widget\" data-widget_type=\"image.default\">\n\t\t\t\t\t\t\t\t\t\t\t\t\t\t\t<img fetchpriority=\"high\" decoding=\"async\" width=\"800\" height=\"491\" src=\"https:\/\/jenatschgaragen.ch\/sommerhalder\/wp-content\/uploads\/sites\/2\/2026\/02\/dienstleistungen-aufdorf_maennedorf-service_und_reparatur-01-1024x628.jpg\" class=\"elementor-animation-float attachment-large size-large wp-image-939\" alt=\"\" srcset=\"https:\/\/jenatschgaragen.ch\/sommerhalder\/wp-content\/uploads\/sites\/2\/2026\/02\/dienstleistungen-aufdorf_maennedorf-service_und_reparatur-01-1024x628.jpg 1024w, https:\/\/jenatschgaragen.ch\/sommerhalder\/wp-content\/uploads\/sites\/2\/2026\/02\/dienstleistungen-aufdorf_maennedorf-service_und_reparatur-01-300x184.jpg 300w, https:\/\/jenatschgaragen.ch\/sommerhalder\/wp-content\/uploads\/sites\/2\/2026\/02\/dienstleistungen-aufdorf_maennedorf-service_und_reparatur-01-768x471.jpg 768w, https:\/\/jenatschgaragen.ch\/sommerhalder\/wp-content\/uploads\/sites\/2\/2026\/02\/dienstleistungen-aufdorf_maennedorf-service_und_reparatur-01.jpg 1047w\" sizes=\"(max-width: 800px) 100vw, 800px\" \/>\t\t\t\t\t\t\t\t\t\t\t\t\t\t\t<\/div>\n\t\t<div class=\"elementor-element elementor-element-23d8e781 e-con-full e-flex e-con e-child\" data-id=\"23d8e781\" data-element_type=\"container\" data-e-type=\"container\">\n\t\t\t\t<div class=\"elementor-element elementor-element-2e9f4fcb elementor-widget elementor-widget-heading\" data-id=\"2e9f4fcb\" data-element_type=\"widget\" data-e-type=\"widget\" data-widget_type=\"heading.default\">\n\t\t\t\t\t<h6 class=\"elementor-heading-title elementor-size-default\">Volkswagen Service und Wartung<\/h6>\t\t\t\t<\/div>\n\t\t\t\t<div class=\"elementor-element elementor-element-7f6aa903 elementor-widget elementor-widget-text-editor\" data-id=\"7f6aa903\" data-element_type=\"widget\" data-e-type=\"widget\" data-widget_type=\"text-editor.default\">\n\t\t\t\t\t\t\t\t\t<p class=\"p1\">Regelm\u00e4ssige Wartung ist entscheidend f\u00fcr den Werterhalt und die Zuverl\u00e4ssigkeit Ihres Volkswagen. Als autorisierter Volkswagen Partner in Z\u00fcrich k\u00fcmmern wir uns fachgerecht um Service und Wartung Ihres Fahrzeugs. Mit jedem Service bei uns verl\u00e4ngern wir f\u00fcr Sie automatisch die kostenlose VW Mobilit\u00e4tsgarantie Totalmobil, f\u00fcr ein sicheres Gef\u00fchl auf jeder Fahrt.<\/p>\t\t\t\t\t\t\t\t<\/div>\n\t\t\t\t<\/div>\n\t\t\t\t<\/div>\n\t\t<div class=\"elementor-element elementor-element-43cd1242 e-con-full e-flex elementor-invisible e-con e-child\" data-id=\"43cd1242\" data-element_type=\"container\" data-e-type=\"container\" data-settings=\"{&quot;animation&quot;:&quot;fadeInUp&quot;,&quot;animation_delay&quot;:&quot;100&quot;}\">\n\t\t\t\t<div class=\"elementor-element elementor-element-11f69845 elementor-widget elementor-widget-image\" data-id=\"11f69845\" data-element_type=\"widget\" data-e-type=\"widget\" data-widget_type=\"image.default\">\n\t\t\t\t\t\t\t\t\t\t\t\t\t\t\t<img decoding=\"async\" width=\"800\" height=\"491\" src=\"https:\/\/jenatschgaragen.ch\/sommerhalder\/wp-content\/uploads\/sites\/2\/2026\/02\/dienstleistungen-aufdorf_maennedorf-service_und_reparatur-02-1024x628.jpg\" class=\"elementor-animation-float attachment-large size-large wp-image-940\" alt=\"\" srcset=\"https:\/\/jenatschgaragen.ch\/sommerhalder\/wp-content\/uploads\/sites\/2\/2026\/02\/dienstleistungen-aufdorf_maennedorf-service_und_reparatur-02-1024x628.jpg 1024w, https:\/\/jenatschgaragen.ch\/sommerhalder\/wp-content\/uploads\/sites\/2\/2026\/02\/dienstleistungen-aufdorf_maennedorf-service_und_reparatur-02-300x184.jpg 300w, https:\/\/jenatschgaragen.ch\/sommerhalder\/wp-content\/uploads\/sites\/2\/2026\/02\/dienstleistungen-aufdorf_maennedorf-service_und_reparatur-02-768x471.jpg 768w, https:\/\/jenatschgaragen.ch\/sommerhalder\/wp-content\/uploads\/sites\/2\/2026\/02\/dienstleistungen-aufdorf_maennedorf-service_und_reparatur-02.jpg 1047w\" sizes=\"(max-width: 800px) 100vw, 800px\" \/>\t\t\t\t\t\t\t\t\t\t\t\t\t\t\t<\/div>\n\t\t<div class=\"elementor-element elementor-element-76fb85c0 e-con-full e-flex e-con e-child\" data-id=\"76fb85c0\" data-element_type=\"container\" data-e-type=\"container\">\n\t\t\t\t<div class=\"elementor-element elementor-element-622c00ff elementor-widget elementor-widget-heading\" data-id=\"622c00ff\" data-element_type=\"widget\" data-e-type=\"widget\" data-widget_type=\"heading.default\">\n\t\t\t\t\t<h6 class=\"elementor-heading-title elementor-size-default\">Volkswagen Original Teile<\/h6>\t\t\t\t<\/div>\n\t\t\t\t<div class=\"elementor-element elementor-element-3447b36b elementor-widget elementor-widget-text-editor\" data-id=\"3447b36b\" data-element_type=\"widget\" data-e-type=\"widget\" data-widget_type=\"text-editor.default\">\n\t\t\t\t\t\t\t\t\t<p class=\"p1\">Je nach Fahrzeugausstattung und Ihren Fahrgewohnheiten pr\u00fcfen wir Ihren Volkswagen nach festen oder flexiblen Serviceintervallen. Dabei kontrollieren wir stets alle sicherheitsrelevanten Komponenten und warten Ihr Fahrzeug fachgerecht, damit Sie jederzeit sicher und zuverl\u00e4ssig unterwegs sind.<\/p>\t\t\t\t\t\t\t\t<\/div>\n\t\t\t\t<\/div>\n\t\t\t\t<\/div>\n\t\t<div class=\"elementor-element elementor-element-6cb2d94a e-con-full e-flex elementor-invisible e-con e-child\" data-id=\"6cb2d94a\" data-element_type=\"container\" data-e-type=\"container\" data-settings=\"{&quot;animation&quot;:&quot;fadeInUp&quot;,&quot;animation_delay&quot;:&quot;200&quot;}\">\n\t\t\t\t<div class=\"elementor-element elementor-element-6e360b07 elementor-widget elementor-widget-image\" data-id=\"6e360b07\" data-element_type=\"widget\" data-e-type=\"widget\" data-widget_type=\"image.default\">\n\t\t\t\t\t\t\t\t\t\t\t\t\t\t\t<img decoding=\"async\" width=\"800\" height=\"491\" src=\"https:\/\/jenatschgaragen.ch\/sommerhalder\/wp-content\/uploads\/sites\/2\/2026\/02\/dienstleistungen-aufdorf_maennedorf-service_und_reparatur-03-1024x628.jpg\" class=\"elementor-animation-float attachment-large size-large wp-image-941\" alt=\"\" srcset=\"https:\/\/jenatschgaragen.ch\/sommerhalder\/wp-content\/uploads\/sites\/2\/2026\/02\/dienstleistungen-aufdorf_maennedorf-service_und_reparatur-03-1024x628.jpg 1024w, https:\/\/jenatschgaragen.ch\/sommerhalder\/wp-content\/uploads\/sites\/2\/2026\/02\/dienstleistungen-aufdorf_maennedorf-service_und_reparatur-03-300x184.jpg 300w, https:\/\/jenatschgaragen.ch\/sommerhalder\/wp-content\/uploads\/sites\/2\/2026\/02\/dienstleistungen-aufdorf_maennedorf-service_und_reparatur-03-768x471.jpg 768w, https:\/\/jenatschgaragen.ch\/sommerhalder\/wp-content\/uploads\/sites\/2\/2026\/02\/dienstleistungen-aufdorf_maennedorf-service_und_reparatur-03.jpg 1047w\" sizes=\"(max-width: 800px) 100vw, 800px\" \/>\t\t\t\t\t\t\t\t\t\t\t\t\t\t\t<\/div>\n\t\t<div class=\"elementor-element elementor-element-4e7a228b e-con-full e-flex e-con e-child\" data-id=\"4e7a228b\" data-element_type=\"container\" data-e-type=\"container\">\n\t\t\t\t<div class=\"elementor-element elementor-element-5f7a4eaa elementor-widget elementor-widget-heading\" data-id=\"5f7a4eaa\" data-element_type=\"widget\" data-e-type=\"widget\" data-widget_type=\"heading.default\">\n\t\t\t\t\t<h6 class=\"elementor-heading-title elementor-size-default\">Volkswagen Garantie+<\/h6>\t\t\t\t<\/div>\n\t\t\t\t<div class=\"elementor-element elementor-element-672f9d28 elementor-widget elementor-widget-text-editor\" data-id=\"672f9d28\" data-element_type=\"widget\" data-e-type=\"widget\" data-widget_type=\"text-editor.default\">\n\t\t\t\t\t\t\t\t\t<p class=\"p1\">Eine Garantieverl\u00e4ngerung f\u00fcr Ihren Neuwagen lohnt sich besonders, wenn Sie viel unterwegs sind. Wir bieten Ihnen einen umfassenden Schutz von bis zu f\u00fcnf Jahren ab Kaufdatum. Laufzeit und maximale Gesamtfahrleistung passen wir individuell an Ihre Bed\u00fcrfnisse an, bis zu 150\u2019000 km.<\/p>\t\t\t\t\t\t\t\t<\/div>\n\t\t\t\t<\/div>\n\t\t\t\t<\/div>\n\t\t\t\t<\/div>\n\t\t\t\t<\/div>\n\t\t\t\t\t<\/div>\n\t\t\t\t<\/div>\n\t\t<div class=\"elementor-element elementor-element-3b030d0e e-flex e-con-boxed e-con e-parent\" data-id=\"3b030d0e\" data-element_type=\"container\" data-e-type=\"container\" data-settings=\"{&quot;background_background&quot;:&quot;classic&quot;}\">\n\t\t\t\t\t<div class=\"e-con-inner\">\n\t\t<div class=\"elementor-element elementor-element-5329d5ad e-con-full e-flex e-con e-child\" data-id=\"5329d5ad\" data-element_type=\"container\" data-e-type=\"container\">\n\t\t<div class=\"elementor-element elementor-element-3a386523 e-con-full e-flex e-con e-child\" data-id=\"3a386523\" data-element_type=\"container\" data-e-type=\"container\">\n\t\t<div class=\"elementor-element elementor-element-33e039db e-con-full e-flex e-con e-child\" data-id=\"33e039db\" data-element_type=\"container\" data-e-type=\"container\">\n\t\t\t\t<div class=\"elementor-element elementor-element-4985731d elementor-widget elementor-widget-heading\" data-id=\"4985731d\" data-element_type=\"widget\" data-e-type=\"widget\" data-widget_type=\"heading.default\">\n\t\t\t\t\t<h3 class=\"elementor-heading-title elementor-size-default\">Termin vereinbaren<\/h3>\t\t\t\t<\/div>\n\t\t<div class=\"elementor-element elementor-element-4bdeb16f e-con-full animated-slow e-flex elementor-invisible e-con e-child\" data-id=\"4bdeb16f\" data-element_type=\"container\" data-e-type=\"container\" data-settings=\"{&quot;background_background&quot;:&quot;classic&quot;,&quot;animation&quot;:&quot;fadeIn&quot;}\">\n\t\t\t\t<div class=\"elementor-element elementor-element-5083e519 elementor-widget elementor-widget-heading\" data-id=\"5083e519\" data-element_type=\"widget\" data-e-type=\"widget\" data-widget_type=\"heading.default\">\n\t\t\t\t\t<h4 class=\"elementor-heading-title elementor-size-default\">Schnell und einfach<\/h4>\t\t\t\t<\/div>\n\t\t\t\t<div class=\"elementor-element elementor-element-1efb8dc6 elementor-align-left elementor-widget elementor-widget-button\" data-id=\"1efb8dc6\" data-element_type=\"widget\" data-e-type=\"widget\" data-widget_type=\"button.default\">\n\t\t\t\t\t\t\t\t\t\t<a class=\"elementor-button elementor-button-link elementor-size-sm\" href=\"https:\/\/sommerhalder.sopl.ch\/de\/\" target=\"_blank\">\n\t\t\t\t\t\t<span class=\"elementor-button-content-wrapper\">\n\t\t\t\t\t\t<span class=\"elementor-button-icon\">\n\t\t\t\t<svg aria-hidden=\"true\" class=\"e-font-icon-svg e-fas-angle-right\" viewBox=\"0 0 256 512\" xmlns=\"http:\/\/www.w3.org\/2000\/svg\"><path d=\"M224.3 273l-136 136c-9.4 9.4-24.6 9.4-33.9 0l-22.6-22.6c-9.4-9.4-9.4-24.6 0-33.9l96.4-96.4-96.4-96.4c-9.4-9.4-9.4-24.6 0-33.9L54.3 103c9.4-9.4 24.6-9.4 33.9 0l136 136c9.5 9.4 9.5 24.6.1 34z\"><\/path><\/svg>\t\t\t<\/span>\n\t\t\t\t\t\t\t\t\t<span class=\"elementor-button-text\">Online Termin vereinbaren<\/span>\n\t\t\t\t\t<\/span>\n\t\t\t\t\t<\/a>\n\t\t\t\t\t\t\t\t<\/div>\n\t\t\t\t<\/div>\n\t\t\t\t<\/div>\n\t\t<div class=\"elementor-element elementor-element-7c8aba8e e-con-full animated-fast e-flex elementor-invisible e-con e-child\" data-id=\"7c8aba8e\" data-element_type=\"container\" data-e-type=\"container\" data-settings=\"{&quot;animation&quot;:&quot;fadeInUp&quot;,&quot;animation_delay&quot;:&quot;200&quot;}\">\n\t\t\t\t<div class=\"elementor-element elementor-element-338ab855 elementor-widget elementor-widget-heading\" data-id=\"338ab855\" data-element_type=\"widget\" data-e-type=\"widget\" data-widget_type=\"heading.default\">\n\t\t\t\t\t<h3 class=\"elementor-heading-title elementor-size-default\">Im Herzen von Z\u00fcrich.<\/h3>\t\t\t\t<\/div>\n\t\t\t\t<div class=\"elementor-element elementor-element-cf135bc elementor-widget elementor-widget-image\" data-id=\"cf135bc\" data-element_type=\"widget\" data-e-type=\"widget\" data-widget_type=\"image.default\">\n\t\t\t\t\t\t\t\t\t\t\t\t\t\t\t<img loading=\"lazy\" decoding=\"async\" width=\"640\" height=\"400\" src=\"https:\/\/jenatschgaragen.ch\/sommerhalder\/wp-content\/uploads\/sites\/2\/2026\/01\/garage-Sommerhalder.jpg\" class=\"elementor-animation-float attachment-full size-full wp-image-198\" alt=\"\" srcset=\"https:\/\/jenatschgaragen.ch\/sommerhalder\/wp-content\/uploads\/sites\/2\/2026\/01\/garage-Sommerhalder.jpg 640w, https:\/\/jenatschgaragen.ch\/sommerhalder\/wp-content\/uploads\/sites\/2\/2026\/01\/garage-Sommerhalder-300x188.jpg 300w\" sizes=\"(max-width: 640px) 100vw, 640px\" \/>\t\t\t\t\t\t\t\t\t\t\t\t\t\t\t<\/div>\n\t\t\t\t<div class=\"elementor-element elementor-element-600b4a2 elementor-widget elementor-widget-text-editor\" data-id=\"600b4a2\" data-element_type=\"widget\" data-e-type=\"widget\" data-widget_type=\"text-editor.default\">\n\t\t\t\t\t\t\t\t\t<p class=\"p1\">Bei der <strong data-start=\"162\" data-end=\"185\">Garage Sommerhalder<\/strong> stehen Verl\u00e4sslichkeit, N\u00e4he und Fachkompetenz im Mittelpunkt. Als fest in Z\u00fcrich verwurzelter Garagenbetrieb begleiten wir unsere Kundinnen und Kunden seit vielen Jahren rund um ihre Mobilit\u00e4t. Wir setzen auf sorgf\u00e4ltige Arbeit, pers\u00f6nliche Beratung und einen offenen, ehrlichen Umgang. Unsere Leidenschaft f\u00fcr die Marke Volkswagen pr\u00e4gt dabei alles, was wir tun, jeden Tag aufs Neue.<\/p>\t\t\t\t\t\t\t\t<\/div>\n\t\t\t\t<\/div>\n\t\t\t\t<\/div>\n\t\t\t\t<\/div>\n\t\t\t\t\t<\/div>\n\t\t\t\t<\/div>\n\t\t\t\t<\/div>\n\t\t","protected":false},"excerpt":{"rendered":"<p>Service &amp; Reparaturen Ihr Volkswagen. Unser Anspruch. Bei uns ist Ihr Volkswagen bestens aufgehoben. Unsere qualifizierten Fachkr\u00e4fte sorgen daf\u00fcr, dass Sie zuverl\u00e4ssig und sorgenfrei unterwegs sind, Tag f\u00fcr Tag. Und falls Ihr Fahrzeug einmal unerwartet ausf\u00e4llt, k\u00fcmmern wir uns mit h\u00f6chster Priorit\u00e4t darum, dass Sie schnell und unkompliziert wieder mobil werden. Verl\u00e4sslicher Service In der [&hellip;]<\/p>\n","protected":false},"author":1,"featured_media":0,"parent":0,"menu_order":0,"comment_status":"closed","ping_status":"closed","template":"","meta":{"footnotes":""},"class_list":["post-934","page","type-page","status-publish","hentry"],"yoast_head":"<!-- This site is optimized with the Yoast SEO plugin v27.2 - https:\/\/yoast.com\/product\/yoast-seo-wordpress\/ -->\n<title>Service und Reparaturen - Garage Sommerhalder<\/title>\n<meta name=\"description\" content=\"Fahrzeugservice und Reparaturen bei Garage Sommerhalder in R\u00fcschlikon. Wartung, Inspektion und Reparaturen f\u00fcr VW, Audi und Skoda.\" \/>\n<meta name=\"robots\" content=\"index, follow, max-snippet:-1, max-image-preview:large, max-video-preview:-1\" \/>\n<link rel=\"canonical\" href=\"https:\/\/jenatschgaragen.ch\/sommerhalder\/service-und-reparaturen\/\" \/>\n<meta property=\"og:locale\" content=\"de_DE\" \/>\n<meta property=\"og:type\" content=\"article\" \/>\n<meta property=\"og:title\" content=\"Service und Reparaturen - Garage Sommerhalder\" \/>\n<meta property=\"og:description\" content=\"Fahrzeugservice und Reparaturen bei Garage Sommerhalder in R\u00fcschlikon. Wartung, Inspektion und Reparaturen f\u00fcr VW, Audi und Skoda.\" \/>\n<meta property=\"og:url\" content=\"https:\/\/jenatschgaragen.ch\/sommerhalder\/service-und-reparaturen\/\" \/>\n<meta property=\"og:site_name\" content=\"Garage Sommerhalder\" \/>\n<meta property=\"article:modified_time\" content=\"2026-04-15T11:12:24+00:00\" \/>\n<meta property=\"og:image\" content=\"https:\/\/jenatschgaragen.ch\/garage-sommerhalder\/wp-content\/uploads\/sites\/2\/2026\/02\/dienstleistungen-aufdorf_maennedorf-service_und_reparatur-01-1024x628.jpg\" \/>\n<meta name=\"twitter:card\" content=\"summary_large_image\" \/>\n<meta name=\"twitter:label1\" content=\"Gesch\u00e4tzte Lesezeit\" \/>\n\t<meta name=\"twitter:data1\" content=\"3\u00a0Minuten\" \/>\n<script type=\"application\/ld+json\" class=\"yoast-schema-graph\">{\"@context\":\"https:\/\/schema.org\",\"@graph\":[{\"@type\":\"WebPage\",\"@id\":\"https:\/\/jenatschgaragen.ch\/sommerhalder\/service-und-reparaturen\/\",\"url\":\"https:\/\/jenatschgaragen.ch\/sommerhalder\/service-und-reparaturen\/\",\"name\":\"Service und Reparaturen - Garage Sommerhalder\",\"isPartOf\":{\"@id\":\"https:\/\/jenatschgaragen.ch\/sommerhalder\/#website\"},\"primaryImageOfPage\":{\"@id\":\"https:\/\/jenatschgaragen.ch\/sommerhalder\/service-und-reparaturen\/#primaryimage\"},\"image\":{\"@id\":\"https:\/\/jenatschgaragen.ch\/sommerhalder\/service-und-reparaturen\/#primaryimage\"},\"thumbnailUrl\":\"https:\/\/jenatschgaragen.ch\/garage-sommerhalder\/wp-content\/uploads\/sites\/2\/2026\/02\/dienstleistungen-aufdorf_maennedorf-service_und_reparatur-01-1024x628.jpg\",\"datePublished\":\"2026-02-02T10:39:00+00:00\",\"dateModified\":\"2026-04-15T11:12:24+00:00\",\"description\":\"Fahrzeugservice und Reparaturen bei Garage Sommerhalder in R\u00fcschlikon. Wartung, Inspektion und Reparaturen f\u00fcr VW, Audi und Skoda.\",\"breadcrumb\":{\"@id\":\"https:\/\/jenatschgaragen.ch\/sommerhalder\/service-und-reparaturen\/#breadcrumb\"},\"inLanguage\":\"de-CH\",\"potentialAction\":[{\"@type\":\"ReadAction\",\"target\":[\"https:\/\/jenatschgaragen.ch\/sommerhalder\/service-und-reparaturen\/\"]}]},{\"@type\":\"ImageObject\",\"inLanguage\":\"de-CH\",\"@id\":\"https:\/\/jenatschgaragen.ch\/sommerhalder\/service-und-reparaturen\/#primaryimage\",\"url\":\"https:\/\/jenatschgaragen.ch\/garage-sommerhalder\/wp-content\/uploads\/sites\/2\/2026\/02\/dienstleistungen-aufdorf_maennedorf-service_und_reparatur-01-1024x628.jpg\",\"contentUrl\":\"https:\/\/jenatschgaragen.ch\/garage-sommerhalder\/wp-content\/uploads\/sites\/2\/2026\/02\/dienstleistungen-aufdorf_maennedorf-service_und_reparatur-01-1024x628.jpg\"},{\"@type\":\"BreadcrumbList\",\"@id\":\"https:\/\/jenatschgaragen.ch\/sommerhalder\/service-und-reparaturen\/#breadcrumb\",\"itemListElement\":[{\"@type\":\"ListItem\",\"position\":1,\"name\":\"Home\",\"item\":\"https:\/\/jenatschgaragen.ch\/sommerhalder\/\"},{\"@type\":\"ListItem\",\"position\":2,\"name\":\"Service und Reparaturen\"}]},{\"@type\":\"WebSite\",\"@id\":\"https:\/\/jenatschgaragen.ch\/sommerhalder\/#website\",\"url\":\"https:\/\/jenatschgaragen.ch\/sommerhalder\/\",\"name\":\"Garage Sommerhalder\",\"description\":\"Ihre Volkswagen-Experten im Herzen von Z\u00fcrich\\u2028\",\"publisher\":{\"@id\":\"https:\/\/jenatschgaragen.ch\/sommerhalder\/#organization\"},\"potentialAction\":[{\"@type\":\"SearchAction\",\"target\":{\"@type\":\"EntryPoint\",\"urlTemplate\":\"https:\/\/jenatschgaragen.ch\/sommerhalder\/?s={search_term_string}\"},\"query-input\":{\"@type\":\"PropertyValueSpecification\",\"valueRequired\":true,\"valueName\":\"search_term_string\"}}],\"inLanguage\":\"de-CH\"},{\"@type\":\"Organization\",\"@id\":\"https:\/\/jenatschgaragen.ch\/sommerhalder\/#organization\",\"name\":\"Garage Sommerhalder\",\"url\":\"https:\/\/jenatschgaragen.ch\/sommerhalder\/\",\"logo\":{\"@type\":\"ImageObject\",\"inLanguage\":\"de-CH\",\"@id\":\"https:\/\/jenatschgaragen.ch\/sommerhalder\/#\/schema\/logo\/image\/\",\"url\":\"https:\/\/jenatschgaragen.ch\/sommerhalder\/wp-content\/uploads\/sites\/2\/2026\/01\/logo-JG-Somerhalder.png\",\"contentUrl\":\"https:\/\/jenatschgaragen.ch\/sommerhalder\/wp-content\/uploads\/sites\/2\/2026\/01\/logo-JG-Somerhalder.png\",\"width\":560,\"height\":50,\"caption\":\"Garage Sommerhalder\"},\"image\":{\"@id\":\"https:\/\/jenatschgaragen.ch\/sommerhalder\/#\/schema\/logo\/image\/\"}}]}<\/script>\n<!-- \/ Yoast SEO plugin. -->","yoast_head_json":{"title":"Service und Reparaturen - Garage Sommerhalder","description":"Fahrzeugservice und Reparaturen bei Garage Sommerhalder in R\u00fcschlikon. Wartung, Inspektion und Reparaturen f\u00fcr VW, Audi und Skoda.","robots":{"index":"index","follow":"follow","max-snippet":"max-snippet:-1","max-image-preview":"max-image-preview:large","max-video-preview":"max-video-preview:-1"},"canonical":"https:\/\/jenatschgaragen.ch\/sommerhalder\/service-und-reparaturen\/","og_locale":"de_DE","og_type":"article","og_title":"Service und Reparaturen - Garage Sommerhalder","og_description":"Fahrzeugservice und Reparaturen bei Garage Sommerhalder in R\u00fcschlikon. Wartung, Inspektion und Reparaturen f\u00fcr VW, Audi und Skoda.","og_url":"https:\/\/jenatschgaragen.ch\/sommerhalder\/service-und-reparaturen\/","og_site_name":"Garage Sommerhalder","article_modified_time":"2026-04-15T11:12:24+00:00","og_image":[{"url":"https:\/\/jenatschgaragen.ch\/garage-sommerhalder\/wp-content\/uploads\/sites\/2\/2026\/02\/dienstleistungen-aufdorf_maennedorf-service_und_reparatur-01-1024x628.jpg","type":"","width":"","height":""}],"twitter_card":"summary_large_image","twitter_misc":{"Gesch\u00e4tzte Lesezeit":"3\u00a0Minuten"},"schema":{"@context":"https:\/\/schema.org","@graph":[{"@type":"WebPage","@id":"https:\/\/jenatschgaragen.ch\/sommerhalder\/service-und-reparaturen\/","url":"https:\/\/jenatschgaragen.ch\/sommerhalder\/service-und-reparaturen\/","name":"Service und Reparaturen - Garage Sommerhalder","isPartOf":{"@id":"https:\/\/jenatschgaragen.ch\/sommerhalder\/#website"},"primaryImageOfPage":{"@id":"https:\/\/jenatschgaragen.ch\/sommerhalder\/service-und-reparaturen\/#primaryimage"},"image":{"@id":"https:\/\/jenatschgaragen.ch\/sommerhalder\/service-und-reparaturen\/#primaryimage"},"thumbnailUrl":"https:\/\/jenatschgaragen.ch\/garage-sommerhalder\/wp-content\/uploads\/sites\/2\/2026\/02\/dienstleistungen-aufdorf_maennedorf-service_und_reparatur-01-1024x628.jpg","datePublished":"2026-02-02T10:39:00+00:00","dateModified":"2026-04-15T11:12:24+00:00","description":"Fahrzeugservice und Reparaturen bei Garage Sommerhalder in R\u00fcschlikon. Wartung, Inspektion und Reparaturen f\u00fcr VW, Audi und Skoda.","breadcrumb":{"@id":"https:\/\/jenatschgaragen.ch\/sommerhalder\/service-und-reparaturen\/#breadcrumb"},"inLanguage":"de-CH","potentialAction":[{"@type":"ReadAction","target":["https:\/\/jenatschgaragen.ch\/sommerhalder\/service-und-reparaturen\/"]}]},{"@type":"ImageObject","inLanguage":"de-CH","@id":"https:\/\/jenatschgaragen.ch\/sommerhalder\/service-und-reparaturen\/#primaryimage","url":"https:\/\/jenatschgaragen.ch\/garage-sommerhalder\/wp-content\/uploads\/sites\/2\/2026\/02\/dienstleistungen-aufdorf_maennedorf-service_und_reparatur-01-1024x628.jpg","contentUrl":"https:\/\/jenatschgaragen.ch\/garage-sommerhalder\/wp-content\/uploads\/sites\/2\/2026\/02\/dienstleistungen-aufdorf_maennedorf-service_und_reparatur-01-1024x628.jpg"},{"@type":"BreadcrumbList","@id":"https:\/\/jenatschgaragen.ch\/sommerhalder\/service-und-reparaturen\/#breadcrumb","itemListElement":[{"@type":"ListItem","position":1,"name":"Home","item":"https:\/\/jenatschgaragen.ch\/sommerhalder\/"},{"@type":"ListItem","position":2,"name":"Service und Reparaturen"}]},{"@type":"WebSite","@id":"https:\/\/jenatschgaragen.ch\/sommerhalder\/#website","url":"https:\/\/jenatschgaragen.ch\/sommerhalder\/","name":"Garage Sommerhalder","description":"Ihre Volkswagen-Experten im Herzen von Z\u00fcrich\u2028","publisher":{"@id":"https:\/\/jenatschgaragen.ch\/sommerhalder\/#organization"},"potentialAction":[{"@type":"SearchAction","target":{"@type":"EntryPoint","urlTemplate":"https:\/\/jenatschgaragen.ch\/sommerhalder\/?s={search_term_string}"},"query-input":{"@type":"PropertyValueSpecification","valueRequired":true,"valueName":"search_term_string"}}],"inLanguage":"de-CH"},{"@type":"Organization","@id":"https:\/\/jenatschgaragen.ch\/sommerhalder\/#organization","name":"Garage Sommerhalder","url":"https:\/\/jenatschgaragen.ch\/sommerhalder\/","logo":{"@type":"ImageObject","inLanguage":"de-CH","@id":"https:\/\/jenatschgaragen.ch\/sommerhalder\/#\/schema\/logo\/image\/","url":"https:\/\/jenatschgaragen.ch\/sommerhalder\/wp-content\/uploads\/sites\/2\/2026\/01\/logo-JG-Somerhalder.png","contentUrl":"https:\/\/jenatschgaragen.ch\/sommerhalder\/wp-content\/uploads\/sites\/2\/2026\/01\/logo-JG-Somerhalder.png","width":560,"height":50,"caption":"Garage Sommerhalder"},"image":{"@id":"https:\/\/jenatschgaragen.ch\/sommerhalder\/#\/schema\/logo\/image\/"}}]}},"_links":{"self":[{"href":"https:\/\/jenatschgaragen.ch\/sommerhalder\/wp-json\/wp\/v2\/pages\/934","targetHints":{"allow":["GET"]}}],"collection":[{"href":"https:\/\/jenatschgaragen.ch\/sommerhalder\/wp-json\/wp\/v2\/pages"}],"about":[{"href":"https:\/\/jenatschgaragen.ch\/sommerhalder\/wp-json\/wp\/v2\/types\/page"}],"author":[{"embeddable":true,"href":"https:\/\/jenatschgaragen.ch\/sommerhalder\/wp-json\/wp\/v2\/users\/1"}],"replies":[{"embeddable":true,"href":"https:\/\/jenatschgaragen.ch\/sommerhalder\/wp-json\/wp\/v2\/comments?post=934"}],"version-history":[{"count":40,"href":"https:\/\/jenatschgaragen.ch\/sommerhalder\/wp-json\/wp\/v2\/pages\/934\/revisions"}],"predecessor-version":[{"id":1548,"href":"https:\/\/jenatschgaragen.ch\/sommerhalder\/wp-json\/wp\/v2\/pages\/934\/revisions\/1548"}],"wp:attachment":[{"href":"https:\/\/jenatschgaragen.ch\/sommerhalder\/wp-json\/wp\/v2\/media?parent=934"}],"curies":[{"name":"wp","href":"https:\/\/api.w.org\/{rel}","templated":true}]}}