{"id":1125,"date":"2026-02-02T12:54:19","date_gmt":"2026-02-02T11:54:19","guid":{"rendered":"https:\/\/effecto-marketing.ch\/jenatsch\/garage-sommerhalder\/?page_id=1125"},"modified":"2026-04-15T13:18:02","modified_gmt":"2026-04-15T11:18:02","slug":"versicherung","status":"publish","type":"page","link":"https:\/\/jenatschgaragen.ch\/sommerhalder\/versicherung\/","title":{"rendered":"Versicherung"},"content":{"rendered":"\t\t<div data-elementor-type=\"wp-page\" data-elementor-id=\"1125\" class=\"elementor elementor-1125\" data-elementor-post-type=\"page\">\n\t\t\t\t<div class=\"elementor-element elementor-element-1cde7309 e-flex e-con-boxed e-con e-parent\" data-id=\"1cde7309\" data-element_type=\"container\" data-e-type=\"container\" data-settings=\"{&quot;background_background&quot;:&quot;classic&quot;}\">\n\t\t\t\t\t<div class=\"e-con-inner\">\n\t\t\t\t\t<\/div>\n\t\t\t\t<\/div>\n\t\t<div class=\"elementor-element elementor-element-7157b7f5 e-flex e-con-boxed e-con e-parent\" data-id=\"7157b7f5\" data-element_type=\"container\" data-e-type=\"container\">\n\t\t\t\t\t<div class=\"e-con-inner\">\n\t\t<div class=\"elementor-element elementor-element-6b7f6e89 e-con-full e-flex e-con e-child\" data-id=\"6b7f6e89\" data-element_type=\"container\" data-e-type=\"container\">\n\t\t<div class=\"elementor-element elementor-element-56bffa04 e-con-full animated-fast e-flex elementor-invisible e-con e-child\" data-id=\"56bffa04\" data-element_type=\"container\" data-e-type=\"container\" data-settings=\"{&quot;animation&quot;:&quot;fadeInLeft&quot;}\">\n\t\t\t\t<div class=\"elementor-element elementor-element-364b0557 elementor-widget elementor-widget-heading\" data-id=\"364b0557\" data-element_type=\"widget\" data-e-type=\"widget\" data-widget_type=\"heading.default\">\n\t\t\t\t\t<h2 class=\"elementor-heading-title elementor-size-default\">Versicherung\n<\/h2>\t\t\t\t<\/div>\n\t\t\t\t<\/div>\n\t\t<div class=\"elementor-element elementor-element-3b97721c e-con-full animated-slow e-flex elementor-invisible e-con e-child\" data-id=\"3b97721c\" data-element_type=\"container\" data-e-type=\"container\" data-settings=\"{&quot;animation&quot;:&quot;fadeIn&quot;}\">\n\t\t\t\t<div class=\"elementor-element elementor-element-34ee7f21 elementor-widget elementor-widget-heading\" data-id=\"34ee7f21\" data-element_type=\"widget\" data-e-type=\"widget\" data-widget_type=\"heading.default\">\n\t\t\t\t\t<h4 class=\"elementor-heading-title elementor-size-default\">Sorgenfrei auf jedem Kilometer<\/h4>\t\t\t\t<\/div>\n\t\t\t\t<div class=\"elementor-element elementor-element-703e49db elementor-widget elementor-widget-text-editor\" data-id=\"703e49db\" data-element_type=\"widget\" data-e-type=\"widget\" data-widget_type=\"text-editor.default\">\n\t\t\t\t\t\t\t\t\t<p class=\"h4--normal\">Entdecken Sie individuellen Schutz f\u00fcr Ihren Volkswagen \u2013 f\u00fcr Fahrfreude und Sicherheit jederzeit, \u00fcberall.<\/p>\t\t\t\t\t\t\t\t<\/div>\n\t\t\t\t<\/div>\n\t\t\t\t<\/div>\n\t\t\t\t\t<\/div>\n\t\t\t\t<\/div>\n\t\t<div class=\"elementor-element elementor-element-11c8a763 e-flex e-con-boxed e-con e-parent\" data-id=\"11c8a763\" data-element_type=\"container\" data-e-type=\"container\">\n\t\t\t\t\t<div class=\"e-con-inner\">\n\t\t<div class=\"elementor-element elementor-element-648eeb73 e-con-full e-flex e-con e-child\" data-id=\"648eeb73\" data-element_type=\"container\" data-e-type=\"container\">\n\t\t<div class=\"elementor-element elementor-element-6cd8427a e-con-full e-flex e-con e-child\" data-id=\"6cd8427a\" data-element_type=\"container\" data-e-type=\"container\">\n\t\t<div class=\"elementor-element elementor-element-13888989 e-con-full animated-fast e-flex elementor-invisible e-con e-child\" data-id=\"13888989\" data-element_type=\"container\" data-e-type=\"container\" data-settings=\"{&quot;animation&quot;:&quot;fadeInLeft&quot;}\">\n\t\t\t\t<div class=\"elementor-element elementor-element-3c0826bf elementor-widget elementor-widget-heading\" data-id=\"3c0826bf\" data-element_type=\"widget\" data-e-type=\"widget\" data-widget_type=\"heading.default\">\n\t\t\t\t\t<h3 class=\"elementor-heading-title elementor-size-default\">Versichern Sie Fahrfreude<\/h3>\t\t\t\t<\/div>\n\t\t\t\t<\/div>\n\t\t<div class=\"elementor-element elementor-element-26ea307f e-con-full animated-slow e-flex elementor-invisible e-con e-child\" data-id=\"26ea307f\" data-element_type=\"container\" data-e-type=\"container\" data-settings=\"{&quot;animation&quot;:&quot;fadeIn&quot;}\">\n\t\t\t\t<div class=\"elementor-element elementor-element-46e5ebb4 elementor-widget elementor-widget-text-editor\" data-id=\"46e5ebb4\" data-element_type=\"widget\" data-e-type=\"widget\" data-widget_type=\"text-editor.default\">\n\t\t\t\t\t\t\t\t\t<p class=\"p1\"><span class=\"s1\">Wir beraten Sie gerne rund um das Thema Versicherung. Entdecken Sie die vielen Vorteile.<\/span><\/p>\t\t\t\t\t\t\t\t<\/div>\n\t\t\t\t<\/div>\n\t\t\t\t<\/div>\n\t\t<div class=\"elementor-element elementor-element-7d11c1f7 e-con-full e-flex e-con e-child\" data-id=\"7d11c1f7\" data-element_type=\"container\" data-e-type=\"container\">\n\t\t<div class=\"elementor-element elementor-element-4f3c7e77 e-con-full e-flex elementor-invisible e-con e-child\" data-id=\"4f3c7e77\" data-element_type=\"container\" data-e-type=\"container\" data-settings=\"{&quot;animation&quot;:&quot;fadeInUp&quot;}\">\n\t\t\t\t<div class=\"elementor-element elementor-element-6a6b23f9 elementor-widget elementor-widget-image\" data-id=\"6a6b23f9\" data-element_type=\"widget\" data-e-type=\"widget\" data-widget_type=\"image.default\">\n\t\t\t\t\t\t\t\t\t\t\t\t\t\t\t<img fetchpriority=\"high\" decoding=\"async\" width=\"768\" height=\"432\" src=\"https:\/\/jenatschgaragen.ch\/sommerhalder\/wp-content\/uploads\/sites\/2\/2026\/02\/cover-dienstleistungen-aufdorf_maennedorf-glasschaden-768x432.jpg\" class=\"elementor-animation-float attachment-medium_large size-medium_large wp-image-990\" alt=\"\" srcset=\"https:\/\/jenatschgaragen.ch\/sommerhalder\/wp-content\/uploads\/sites\/2\/2026\/02\/cover-dienstleistungen-aufdorf_maennedorf-glasschaden-768x432.jpg 768w, https:\/\/jenatschgaragen.ch\/sommerhalder\/wp-content\/uploads\/sites\/2\/2026\/02\/cover-dienstleistungen-aufdorf_maennedorf-glasschaden-300x169.jpg 300w, https:\/\/jenatschgaragen.ch\/sommerhalder\/wp-content\/uploads\/sites\/2\/2026\/02\/cover-dienstleistungen-aufdorf_maennedorf-glasschaden-1024x576.jpg 1024w, https:\/\/jenatschgaragen.ch\/sommerhalder\/wp-content\/uploads\/sites\/2\/2026\/02\/cover-dienstleistungen-aufdorf_maennedorf-glasschaden-1536x864.jpg 1536w, https:\/\/jenatschgaragen.ch\/sommerhalder\/wp-content\/uploads\/sites\/2\/2026\/02\/cover-dienstleistungen-aufdorf_maennedorf-glasschaden.jpg 1600w\" sizes=\"(max-width: 768px) 100vw, 768px\" \/>\t\t\t\t\t\t\t\t\t\t\t\t\t\t\t<\/div>\n\t\t<div class=\"elementor-element elementor-element-7cd2646e e-con-full e-flex e-con e-child\" data-id=\"7cd2646e\" data-element_type=\"container\" data-e-type=\"container\">\n\t\t\t\t<div class=\"elementor-element elementor-element-21942293 elementor-widget elementor-widget-heading\" data-id=\"21942293\" data-element_type=\"widget\" data-e-type=\"widget\" data-widget_type=\"heading.default\">\n\t\t\t\t\t<h6 class=\"elementor-heading-title elementor-size-default\">Zus\u00e4tzliche Sicherheit<\/h6>\t\t\t\t<\/div>\n\t\t\t\t<div class=\"elementor-element elementor-element-13be6ae elementor-widget elementor-widget-text-editor\" data-id=\"13be6ae\" data-element_type=\"widget\" data-e-type=\"widget\" data-widget_type=\"text-editor.default\">\n\t\t\t\t\t\t\t\t\t<ul><li class=\"p1\"><span class=\"s1\">Parkschaden ist optional versicherbar.<\/span><\/li><li>Erweiterter Glasbruch<\/li><li>Im Schadenfall wird ein Ersatzwagen gestellt<\/li><\/ul>\t\t\t\t\t\t\t\t<\/div>\n\t\t\t\t<\/div>\n\t\t\t\t<\/div>\n\t\t<div class=\"elementor-element elementor-element-9ea99bc e-con-full e-flex elementor-invisible e-con e-child\" data-id=\"9ea99bc\" data-element_type=\"container\" data-e-type=\"container\" data-settings=\"{&quot;animation&quot;:&quot;fadeInUp&quot;,&quot;animation_delay&quot;:100}\">\n\t\t\t\t<div class=\"elementor-element elementor-element-6a700e8 elementor-widget elementor-widget-image\" data-id=\"6a700e8\" data-element_type=\"widget\" data-e-type=\"widget\" data-widget_type=\"image.default\">\n\t\t\t\t\t\t\t\t\t\t\t\t\t\t\t<img decoding=\"async\" width=\"768\" height=\"471\" src=\"https:\/\/jenatschgaragen.ch\/sommerhalder\/wp-content\/uploads\/sites\/2\/2026\/02\/dienstleistungen-aufdorf_maennedorf-karosserie_und_lack-02-768x471.jpg\" class=\"elementor-animation-float attachment-medium_large size-medium_large wp-image-985\" alt=\"\" srcset=\"https:\/\/jenatschgaragen.ch\/sommerhalder\/wp-content\/uploads\/sites\/2\/2026\/02\/dienstleistungen-aufdorf_maennedorf-karosserie_und_lack-02-768x471.jpg 768w, https:\/\/jenatschgaragen.ch\/sommerhalder\/wp-content\/uploads\/sites\/2\/2026\/02\/dienstleistungen-aufdorf_maennedorf-karosserie_und_lack-02-300x184.jpg 300w, https:\/\/jenatschgaragen.ch\/sommerhalder\/wp-content\/uploads\/sites\/2\/2026\/02\/dienstleistungen-aufdorf_maennedorf-karosserie_und_lack-02-1024x628.jpg 1024w, https:\/\/jenatschgaragen.ch\/sommerhalder\/wp-content\/uploads\/sites\/2\/2026\/02\/dienstleistungen-aufdorf_maennedorf-karosserie_und_lack-02.jpg 1047w\" sizes=\"(max-width: 768px) 100vw, 768px\" \/>\t\t\t\t\t\t\t\t\t\t\t\t\t\t\t<\/div>\n\t\t<div class=\"elementor-element elementor-element-3a0bb58c e-con-full e-flex e-con e-child\" data-id=\"3a0bb58c\" data-element_type=\"container\" data-e-type=\"container\">\n\t\t\t\t<div class=\"elementor-element elementor-element-802bde5 elementor-widget elementor-widget-heading\" data-id=\"802bde5\" data-element_type=\"widget\" data-e-type=\"widget\" data-widget_type=\"heading.default\">\n\t\t\t\t\t<h6 class=\"elementor-heading-title elementor-size-default\">Vollschutz bei Schaden<\/h6>\t\t\t\t<\/div>\n\t\t\t\t<div class=\"elementor-element elementor-element-118e72d5 elementor-widget elementor-widget-text-editor\" data-id=\"118e72d5\" data-element_type=\"widget\" data-e-type=\"widget\" data-widget_type=\"text-editor.default\">\n\t\t\t\t\t\t\t\t\t<ul><li class=\"p1\"><span class=\"s1\">Selbstbehalt reduziert sich um CHF 500.- bei Kollision- und um CHF 200.- bei Teilkasko bei Reparaturen.<\/span><\/li><li>Keine Pr\u00e4mienerh\u00f6hung im Schadenfall<\/li><li>Versichern Sie auf Wunsch 100% Kaufpreisentsch\u00e4digung bei Totalschaden bis 5 Jahren<\/li><\/ul>\t\t\t\t\t\t\t\t<\/div>\n\t\t\t\t<\/div>\n\t\t\t\t<\/div>\n\t\t<div class=\"elementor-element elementor-element-23cae3d e-con-full e-flex elementor-invisible e-con e-child\" data-id=\"23cae3d\" data-element_type=\"container\" data-e-type=\"container\" data-settings=\"{&quot;animation&quot;:&quot;fadeInUp&quot;,&quot;animation_delay&quot;:200}\">\n\t\t\t\t<div class=\"elementor-element elementor-element-2dadbdd2 elementor-widget elementor-widget-image\" data-id=\"2dadbdd2\" data-element_type=\"widget\" data-e-type=\"widget\" data-widget_type=\"image.default\">\n\t\t\t\t\t\t\t\t\t\t\t\t\t\t\t<img decoding=\"async\" width=\"768\" height=\"432\" src=\"https:\/\/jenatschgaragen.ch\/sommerhalder\/wp-content\/uploads\/sites\/2\/2026\/02\/cover-dienstleistungen-aufdorf_maennedorf-karosserie_und_lack-768x432.jpg\" class=\"elementor-animation-float attachment-medium_large size-medium_large wp-image-983\" alt=\"\" srcset=\"https:\/\/jenatschgaragen.ch\/sommerhalder\/wp-content\/uploads\/sites\/2\/2026\/02\/cover-dienstleistungen-aufdorf_maennedorf-karosserie_und_lack-768x432.jpg 768w, https:\/\/jenatschgaragen.ch\/sommerhalder\/wp-content\/uploads\/sites\/2\/2026\/02\/cover-dienstleistungen-aufdorf_maennedorf-karosserie_und_lack-300x169.jpg 300w, https:\/\/jenatschgaragen.ch\/sommerhalder\/wp-content\/uploads\/sites\/2\/2026\/02\/cover-dienstleistungen-aufdorf_maennedorf-karosserie_und_lack-1024x576.jpg 1024w, https:\/\/jenatschgaragen.ch\/sommerhalder\/wp-content\/uploads\/sites\/2\/2026\/02\/cover-dienstleistungen-aufdorf_maennedorf-karosserie_und_lack-1536x864.jpg 1536w, https:\/\/jenatschgaragen.ch\/sommerhalder\/wp-content\/uploads\/sites\/2\/2026\/02\/cover-dienstleistungen-aufdorf_maennedorf-karosserie_und_lack.jpg 1600w\" sizes=\"(max-width: 768px) 100vw, 768px\" \/>\t\t\t\t\t\t\t\t\t\t\t\t\t\t\t<\/div>\n\t\t<div class=\"elementor-element elementor-element-770f913f e-con-full e-flex e-con e-child\" data-id=\"770f913f\" data-element_type=\"container\" data-e-type=\"container\">\n\t\t\t\t<div class=\"elementor-element elementor-element-5cf92672 elementor-widget elementor-widget-heading\" data-id=\"5cf92672\" data-element_type=\"widget\" data-e-type=\"widget\" data-widget_type=\"heading.default\">\n\t\t\t\t\t<h6 class=\"elementor-heading-title elementor-size-default\">Volkswagen Garantie+<\/h6>\t\t\t\t<\/div>\n\t\t\t\t<div class=\"elementor-element elementor-element-6e90a9e4 elementor-widget elementor-widget-text-editor\" data-id=\"6e90a9e4\" data-element_type=\"widget\" data-e-type=\"widget\" data-widget_type=\"text-editor.default\">\n\t\t\t\t\t\t\t\t\t<p>Eine Garantieverl\u00e4ngerung f\u00fcr Ihren Neuwagen lohnt sich besonders, wenn Sie viel unterwegs sind. Sie profitieren von einem umfassenden Schutz bis zu f\u00fcnf Jahre ab Kaufdatum. Dabei k\u00f6nnen Sie die Laufzeit und die Gesamtfahrleistung individuell an Ihre Bed\u00fcrfnisse anpassen \u2013 bis zu 150.000 km.\u00a0<\/p>\t\t\t\t\t\t\t\t<\/div>\n\t\t\t\t<\/div>\n\t\t\t\t<\/div>\n\t\t\t\t<\/div>\n\t\t\t\t<\/div>\n\t\t\t\t\t<\/div>\n\t\t\t\t<\/div>\n\t\t<div class=\"elementor-element elementor-element-65c48141 e-flex e-con-boxed e-con e-parent\" data-id=\"65c48141\" data-element_type=\"container\" data-e-type=\"container\" data-settings=\"{&quot;background_background&quot;:&quot;classic&quot;}\">\n\t\t\t\t\t<div class=\"e-con-inner\">\n\t\t<div class=\"elementor-element elementor-element-1cbf8db1 e-con-full e-flex e-con e-child\" data-id=\"1cbf8db1\" data-element_type=\"container\" data-e-type=\"container\">\n\t\t<div class=\"elementor-element elementor-element-244fbf93 e-con-full e-flex e-con e-child\" data-id=\"244fbf93\" data-element_type=\"container\" data-e-type=\"container\">\n\t\t<div class=\"elementor-element elementor-element-1bc87e96 e-con-full e-flex e-con e-child\" data-id=\"1bc87e96\" data-element_type=\"container\" data-e-type=\"container\">\n\t\t\t\t<div class=\"elementor-element elementor-element-5bbc3a23 elementor-widget elementor-widget-heading\" data-id=\"5bbc3a23\" data-element_type=\"widget\" data-e-type=\"widget\" data-widget_type=\"heading.default\">\n\t\t\t\t\t<h3 class=\"elementor-heading-title elementor-size-default\">Termin vereinbaren<\/h3>\t\t\t\t<\/div>\n\t\t<div class=\"elementor-element elementor-element-79ec458f e-con-full animated-slow e-flex elementor-invisible e-con e-child\" data-id=\"79ec458f\" data-element_type=\"container\" data-e-type=\"container\" data-settings=\"{&quot;background_background&quot;:&quot;classic&quot;,&quot;animation&quot;:&quot;fadeIn&quot;}\">\n\t\t\t\t<div class=\"elementor-element elementor-element-6132304a elementor-widget elementor-widget-heading\" data-id=\"6132304a\" data-element_type=\"widget\" data-e-type=\"widget\" data-widget_type=\"heading.default\">\n\t\t\t\t\t<h4 class=\"elementor-heading-title elementor-size-default\">Schnell und einfach<\/h4>\t\t\t\t<\/div>\n\t\t\t\t<div class=\"elementor-element elementor-element-630d1f78 elementor-align-left elementor-widget elementor-widget-button\" data-id=\"630d1f78\" data-element_type=\"widget\" data-e-type=\"widget\" data-widget_type=\"button.default\">\n\t\t\t\t\t\t\t\t\t\t<a class=\"elementor-button elementor-button-link elementor-size-sm\" href=\"https:\/\/sommerhalder.sopl.ch\/de\/\" target=\"_blank\">\n\t\t\t\t\t\t<span class=\"elementor-button-content-wrapper\">\n\t\t\t\t\t\t<span class=\"elementor-button-icon\">\n\t\t\t\t<svg aria-hidden=\"true\" class=\"e-font-icon-svg e-fas-angle-right\" viewBox=\"0 0 256 512\" xmlns=\"http:\/\/www.w3.org\/2000\/svg\"><path d=\"M224.3 273l-136 136c-9.4 9.4-24.6 9.4-33.9 0l-22.6-22.6c-9.4-9.4-9.4-24.6 0-33.9l96.4-96.4-96.4-96.4c-9.4-9.4-9.4-24.6 0-33.9L54.3 103c9.4-9.4 24.6-9.4 33.9 0l136 136c9.5 9.4 9.5 24.6.1 34z\"><\/path><\/svg>\t\t\t<\/span>\n\t\t\t\t\t\t\t\t\t<span class=\"elementor-button-text\">Online Termin vereinbaren<\/span>\n\t\t\t\t\t<\/span>\n\t\t\t\t\t<\/a>\n\t\t\t\t\t\t\t\t<\/div>\n\t\t\t\t<\/div>\n\t\t\t\t<\/div>\n\t\t<div class=\"elementor-element elementor-element-4ff1db1c e-con-full animated-fast e-flex elementor-invisible e-con e-child\" data-id=\"4ff1db1c\" data-element_type=\"container\" data-e-type=\"container\" data-settings=\"{&quot;animation&quot;:&quot;fadeInUp&quot;}\">\n\t\t\t\t<div class=\"elementor-element elementor-element-7a0118a7 elementor-widget elementor-widget-heading\" data-id=\"7a0118a7\" data-element_type=\"widget\" data-e-type=\"widget\" data-widget_type=\"heading.default\">\n\t\t\t\t\t<h3 class=\"elementor-heading-title elementor-size-default\">Im Herzen von Z\u00fcrich.<\/h3>\t\t\t\t<\/div>\n\t\t\t\t<div class=\"elementor-element elementor-element-1b9ff232 elementor-widget elementor-widget-image\" data-id=\"1b9ff232\" data-element_type=\"widget\" data-e-type=\"widget\" data-widget_type=\"image.default\">\n\t\t\t\t\t\t\t\t\t\t\t\t\t\t\t<img loading=\"lazy\" decoding=\"async\" width=\"640\" height=\"400\" src=\"https:\/\/jenatschgaragen.ch\/sommerhalder\/wp-content\/uploads\/sites\/2\/2026\/01\/garage-Sommerhalder.jpg\" class=\"elementor-animation-float attachment-full size-full wp-image-198\" alt=\"\" srcset=\"https:\/\/jenatschgaragen.ch\/sommerhalder\/wp-content\/uploads\/sites\/2\/2026\/01\/garage-Sommerhalder.jpg 640w, https:\/\/jenatschgaragen.ch\/sommerhalder\/wp-content\/uploads\/sites\/2\/2026\/01\/garage-Sommerhalder-300x188.jpg 300w\" sizes=\"(max-width: 640px) 100vw, 640px\" \/>\t\t\t\t\t\t\t\t\t\t\t\t\t\t\t<\/div>\n\t\t\t\t<div class=\"elementor-element elementor-element-59ab2692 elementor-widget elementor-widget-text-editor\" data-id=\"59ab2692\" data-element_type=\"widget\" data-e-type=\"widget\" data-widget_type=\"text-editor.default\">\n\t\t\t\t\t\t\t\t\t<p class=\"p1\">Bei der <strong data-start=\"162\" data-end=\"185\">Garage Sommerhalder<\/strong> stehen Verl\u00e4sslichkeit, N\u00e4he und Fachkompetenz im Mittelpunkt. Als fest in Z\u00fcrich verwurzelter Garagenbetrieb begleiten wir unsere Kundinnen und Kunden seit vielen Jahren rund um ihre Mobilit\u00e4t. Wir setzen auf sorgf\u00e4ltige Arbeit, pers\u00f6nliche Beratung und einen offenen, ehrlichen Umgang. Unsere Leidenschaft f\u00fcr die Marke Volkswagen pr\u00e4gt dabei alles, was wir tun, jeden Tag aufs Neue.<\/p>\t\t\t\t\t\t\t\t<\/div>\n\t\t\t\t<\/div>\n\t\t\t\t<\/div>\n\t\t\t\t<\/div>\n\t\t\t\t\t<\/div>\n\t\t\t\t<\/div>\n\t\t\t\t<\/div>\n\t\t","protected":false},"excerpt":{"rendered":"<p>Versicherung Sorgenfrei auf jedem Kilometer Entdecken Sie individuellen Schutz f\u00fcr Ihren Volkswagen \u2013 f\u00fcr Fahrfreude und Sicherheit jederzeit, \u00fcberall. Versichern Sie Fahrfreude Wir beraten Sie gerne rund um das Thema Versicherung. Entdecken Sie die vielen Vorteile. Zus\u00e4tzliche Sicherheit Parkschaden ist optional versicherbar. Erweiterter Glasbruch Im Schadenfall wird ein Ersatzwagen gestellt Vollschutz bei Schaden Selbstbehalt reduziert [&hellip;]<\/p>\n","protected":false},"author":1,"featured_media":0,"parent":0,"menu_order":0,"comment_status":"closed","ping_status":"closed","template":"","meta":{"footnotes":""},"class_list":["post-1125","page","type-page","status-publish","hentry"],"yoast_head":"<!-- This site is optimized with the Yoast SEO plugin v27.2 - https:\/\/yoast.com\/product\/yoast-seo-wordpress\/ -->\n<title>Versicherung - Garage Sommerhalder<\/title>\n<meta name=\"description\" content=\"Fahrzeugversicherung bei Garage Sommerhalder in R\u00fcschlikon. Wir beraten Sie kompetent zu den besten Versicherungsl\u00f6sungen f\u00fcr Ihr Auto.\" \/>\n<meta name=\"robots\" content=\"index, follow, max-snippet:-1, max-image-preview:large, max-video-preview:-1\" \/>\n<link rel=\"canonical\" href=\"https:\/\/jenatschgaragen.ch\/sommerhalder\/versicherung\/\" \/>\n<meta property=\"og:locale\" content=\"de_DE\" \/>\n<meta property=\"og:type\" content=\"article\" \/>\n<meta property=\"og:title\" content=\"Versicherung - Garage Sommerhalder\" \/>\n<meta property=\"og:description\" content=\"Fahrzeugversicherung bei Garage Sommerhalder in R\u00fcschlikon. Wir beraten Sie kompetent zu den besten Versicherungsl\u00f6sungen f\u00fcr Ihr Auto.\" \/>\n<meta property=\"og:url\" content=\"https:\/\/jenatschgaragen.ch\/sommerhalder\/versicherung\/\" \/>\n<meta property=\"og:site_name\" content=\"Garage Sommerhalder\" \/>\n<meta property=\"article:modified_time\" content=\"2026-04-15T11:18:02+00:00\" \/>\n<meta property=\"og:image\" content=\"https:\/\/jenatschgaragen.ch\/garage-sommerhalder\/wp-content\/uploads\/sites\/2\/2026\/02\/cover-dienstleistungen-aufdorf_maennedorf-glasschaden-768x432.jpg\" \/>\n<meta name=\"twitter:card\" content=\"summary_large_image\" \/>\n<meta name=\"twitter:label1\" content=\"Gesch\u00e4tzte Lesezeit\" \/>\n\t<meta name=\"twitter:data1\" content=\"2\u00a0Minuten\" \/>\n<script type=\"application\/ld+json\" class=\"yoast-schema-graph\">{\"@context\":\"https:\/\/schema.org\",\"@graph\":[{\"@type\":\"WebPage\",\"@id\":\"https:\/\/jenatschgaragen.ch\/sommerhalder\/versicherung\/\",\"url\":\"https:\/\/jenatschgaragen.ch\/sommerhalder\/versicherung\/\",\"name\":\"Versicherung - Garage Sommerhalder\",\"isPartOf\":{\"@id\":\"https:\/\/jenatschgaragen.ch\/sommerhalder\/#website\"},\"primaryImageOfPage\":{\"@id\":\"https:\/\/jenatschgaragen.ch\/sommerhalder\/versicherung\/#primaryimage\"},\"image\":{\"@id\":\"https:\/\/jenatschgaragen.ch\/sommerhalder\/versicherung\/#primaryimage\"},\"thumbnailUrl\":\"https:\/\/jenatschgaragen.ch\/garage-sommerhalder\/wp-content\/uploads\/sites\/2\/2026\/02\/cover-dienstleistungen-aufdorf_maennedorf-glasschaden-768x432.jpg\",\"datePublished\":\"2026-02-02T11:54:19+00:00\",\"dateModified\":\"2026-04-15T11:18:02+00:00\",\"description\":\"Fahrzeugversicherung bei Garage Sommerhalder in R\u00fcschlikon. Wir beraten Sie kompetent zu den besten Versicherungsl\u00f6sungen f\u00fcr Ihr Auto.\",\"breadcrumb\":{\"@id\":\"https:\/\/jenatschgaragen.ch\/sommerhalder\/versicherung\/#breadcrumb\"},\"inLanguage\":\"de-CH\",\"potentialAction\":[{\"@type\":\"ReadAction\",\"target\":[\"https:\/\/jenatschgaragen.ch\/sommerhalder\/versicherung\/\"]}]},{\"@type\":\"ImageObject\",\"inLanguage\":\"de-CH\",\"@id\":\"https:\/\/jenatschgaragen.ch\/sommerhalder\/versicherung\/#primaryimage\",\"url\":\"https:\/\/jenatschgaragen.ch\/garage-sommerhalder\/wp-content\/uploads\/sites\/2\/2026\/02\/cover-dienstleistungen-aufdorf_maennedorf-glasschaden-768x432.jpg\",\"contentUrl\":\"https:\/\/jenatschgaragen.ch\/garage-sommerhalder\/wp-content\/uploads\/sites\/2\/2026\/02\/cover-dienstleistungen-aufdorf_maennedorf-glasschaden-768x432.jpg\"},{\"@type\":\"BreadcrumbList\",\"@id\":\"https:\/\/jenatschgaragen.ch\/sommerhalder\/versicherung\/#breadcrumb\",\"itemListElement\":[{\"@type\":\"ListItem\",\"position\":1,\"name\":\"Home\",\"item\":\"https:\/\/jenatschgaragen.ch\/sommerhalder\/\"},{\"@type\":\"ListItem\",\"position\":2,\"name\":\"Versicherung\"}]},{\"@type\":\"WebSite\",\"@id\":\"https:\/\/jenatschgaragen.ch\/sommerhalder\/#website\",\"url\":\"https:\/\/jenatschgaragen.ch\/sommerhalder\/\",\"name\":\"Garage Sommerhalder\",\"description\":\"Ihre Volkswagen-Experten im Herzen von Z\u00fcrich\\u2028\",\"publisher\":{\"@id\":\"https:\/\/jenatschgaragen.ch\/sommerhalder\/#organization\"},\"potentialAction\":[{\"@type\":\"SearchAction\",\"target\":{\"@type\":\"EntryPoint\",\"urlTemplate\":\"https:\/\/jenatschgaragen.ch\/sommerhalder\/?s={search_term_string}\"},\"query-input\":{\"@type\":\"PropertyValueSpecification\",\"valueRequired\":true,\"valueName\":\"search_term_string\"}}],\"inLanguage\":\"de-CH\"},{\"@type\":\"Organization\",\"@id\":\"https:\/\/jenatschgaragen.ch\/sommerhalder\/#organization\",\"name\":\"Garage Sommerhalder\",\"url\":\"https:\/\/jenatschgaragen.ch\/sommerhalder\/\",\"logo\":{\"@type\":\"ImageObject\",\"inLanguage\":\"de-CH\",\"@id\":\"https:\/\/jenatschgaragen.ch\/sommerhalder\/#\/schema\/logo\/image\/\",\"url\":\"https:\/\/jenatschgaragen.ch\/sommerhalder\/wp-content\/uploads\/sites\/2\/2026\/01\/logo-JG-Somerhalder.png\",\"contentUrl\":\"https:\/\/jenatschgaragen.ch\/sommerhalder\/wp-content\/uploads\/sites\/2\/2026\/01\/logo-JG-Somerhalder.png\",\"width\":560,\"height\":50,\"caption\":\"Garage Sommerhalder\"},\"image\":{\"@id\":\"https:\/\/jenatschgaragen.ch\/sommerhalder\/#\/schema\/logo\/image\/\"}}]}<\/script>\n<!-- \/ Yoast SEO plugin. -->","yoast_head_json":{"title":"Versicherung - Garage Sommerhalder","description":"Fahrzeugversicherung bei Garage Sommerhalder in R\u00fcschlikon. Wir beraten Sie kompetent zu den besten Versicherungsl\u00f6sungen f\u00fcr Ihr Auto.","robots":{"index":"index","follow":"follow","max-snippet":"max-snippet:-1","max-image-preview":"max-image-preview:large","max-video-preview":"max-video-preview:-1"},"canonical":"https:\/\/jenatschgaragen.ch\/sommerhalder\/versicherung\/","og_locale":"de_DE","og_type":"article","og_title":"Versicherung - Garage Sommerhalder","og_description":"Fahrzeugversicherung bei Garage Sommerhalder in R\u00fcschlikon. Wir beraten Sie kompetent zu den besten Versicherungsl\u00f6sungen f\u00fcr Ihr Auto.","og_url":"https:\/\/jenatschgaragen.ch\/sommerhalder\/versicherung\/","og_site_name":"Garage Sommerhalder","article_modified_time":"2026-04-15T11:18:02+00:00","og_image":[{"url":"https:\/\/jenatschgaragen.ch\/garage-sommerhalder\/wp-content\/uploads\/sites\/2\/2026\/02\/cover-dienstleistungen-aufdorf_maennedorf-glasschaden-768x432.jpg","type":"","width":"","height":""}],"twitter_card":"summary_large_image","twitter_misc":{"Gesch\u00e4tzte Lesezeit":"2\u00a0Minuten"},"schema":{"@context":"https:\/\/schema.org","@graph":[{"@type":"WebPage","@id":"https:\/\/jenatschgaragen.ch\/sommerhalder\/versicherung\/","url":"https:\/\/jenatschgaragen.ch\/sommerhalder\/versicherung\/","name":"Versicherung - Garage Sommerhalder","isPartOf":{"@id":"https:\/\/jenatschgaragen.ch\/sommerhalder\/#website"},"primaryImageOfPage":{"@id":"https:\/\/jenatschgaragen.ch\/sommerhalder\/versicherung\/#primaryimage"},"image":{"@id":"https:\/\/jenatschgaragen.ch\/sommerhalder\/versicherung\/#primaryimage"},"thumbnailUrl":"https:\/\/jenatschgaragen.ch\/garage-sommerhalder\/wp-content\/uploads\/sites\/2\/2026\/02\/cover-dienstleistungen-aufdorf_maennedorf-glasschaden-768x432.jpg","datePublished":"2026-02-02T11:54:19+00:00","dateModified":"2026-04-15T11:18:02+00:00","description":"Fahrzeugversicherung bei Garage Sommerhalder in R\u00fcschlikon. Wir beraten Sie kompetent zu den besten Versicherungsl\u00f6sungen f\u00fcr Ihr Auto.","breadcrumb":{"@id":"https:\/\/jenatschgaragen.ch\/sommerhalder\/versicherung\/#breadcrumb"},"inLanguage":"de-CH","potentialAction":[{"@type":"ReadAction","target":["https:\/\/jenatschgaragen.ch\/sommerhalder\/versicherung\/"]}]},{"@type":"ImageObject","inLanguage":"de-CH","@id":"https:\/\/jenatschgaragen.ch\/sommerhalder\/versicherung\/#primaryimage","url":"https:\/\/jenatschgaragen.ch\/garage-sommerhalder\/wp-content\/uploads\/sites\/2\/2026\/02\/cover-dienstleistungen-aufdorf_maennedorf-glasschaden-768x432.jpg","contentUrl":"https:\/\/jenatschgaragen.ch\/garage-sommerhalder\/wp-content\/uploads\/sites\/2\/2026\/02\/cover-dienstleistungen-aufdorf_maennedorf-glasschaden-768x432.jpg"},{"@type":"BreadcrumbList","@id":"https:\/\/jenatschgaragen.ch\/sommerhalder\/versicherung\/#breadcrumb","itemListElement":[{"@type":"ListItem","position":1,"name":"Home","item":"https:\/\/jenatschgaragen.ch\/sommerhalder\/"},{"@type":"ListItem","position":2,"name":"Versicherung"}]},{"@type":"WebSite","@id":"https:\/\/jenatschgaragen.ch\/sommerhalder\/#website","url":"https:\/\/jenatschgaragen.ch\/sommerhalder\/","name":"Garage Sommerhalder","description":"Ihre Volkswagen-Experten im Herzen von Z\u00fcrich\u2028","publisher":{"@id":"https:\/\/jenatschgaragen.ch\/sommerhalder\/#organization"},"potentialAction":[{"@type":"SearchAction","target":{"@type":"EntryPoint","urlTemplate":"https:\/\/jenatschgaragen.ch\/sommerhalder\/?s={search_term_string}"},"query-input":{"@type":"PropertyValueSpecification","valueRequired":true,"valueName":"search_term_string"}}],"inLanguage":"de-CH"},{"@type":"Organization","@id":"https:\/\/jenatschgaragen.ch\/sommerhalder\/#organization","name":"Garage Sommerhalder","url":"https:\/\/jenatschgaragen.ch\/sommerhalder\/","logo":{"@type":"ImageObject","inLanguage":"de-CH","@id":"https:\/\/jenatschgaragen.ch\/sommerhalder\/#\/schema\/logo\/image\/","url":"https:\/\/jenatschgaragen.ch\/sommerhalder\/wp-content\/uploads\/sites\/2\/2026\/01\/logo-JG-Somerhalder.png","contentUrl":"https:\/\/jenatschgaragen.ch\/sommerhalder\/wp-content\/uploads\/sites\/2\/2026\/01\/logo-JG-Somerhalder.png","width":560,"height":50,"caption":"Garage Sommerhalder"},"image":{"@id":"https:\/\/jenatschgaragen.ch\/sommerhalder\/#\/schema\/logo\/image\/"}}]}},"_links":{"self":[{"href":"https:\/\/jenatschgaragen.ch\/sommerhalder\/wp-json\/wp\/v2\/pages\/1125","targetHints":{"allow":["GET"]}}],"collection":[{"href":"https:\/\/jenatschgaragen.ch\/sommerhalder\/wp-json\/wp\/v2\/pages"}],"about":[{"href":"https:\/\/jenatschgaragen.ch\/sommerhalder\/wp-json\/wp\/v2\/types\/page"}],"author":[{"embeddable":true,"href":"https:\/\/jenatschgaragen.ch\/sommerhalder\/wp-json\/wp\/v2\/users\/1"}],"replies":[{"embeddable":true,"href":"https:\/\/jenatschgaragen.ch\/sommerhalder\/wp-json\/wp\/v2\/comments?post=1125"}],"version-history":[{"count":31,"href":"https:\/\/jenatschgaragen.ch\/sommerhalder\/wp-json\/wp\/v2\/pages\/1125\/revisions"}],"predecessor-version":[{"id":1581,"href":"https:\/\/jenatschgaragen.ch\/sommerhalder\/wp-json\/wp\/v2\/pages\/1125\/revisions\/1581"}],"wp:attachment":[{"href":"https:\/\/jenatschgaragen.ch\/sommerhalder\/wp-json\/wp\/v2\/media?parent=1125"}],"curies":[{"name":"wp","href":"https:\/\/api.w.org\/{rel}","templated":true}]}}