{"id":1065,"date":"2026-02-02T12:38:45","date_gmt":"2026-02-02T11:38:45","guid":{"rendered":"https:\/\/effecto-marketing.ch\/jenatsch\/garage-sommerhalder\/?page_id=1065"},"modified":"2026-04-16T08:32:49","modified_gmt":"2026-04-16T06:32:49","slug":"glasschaden-reparatur","status":"publish","type":"page","link":"https:\/\/jenatschgaragen.ch\/sommerhalder\/glasschaden-reparatur\/","title":{"rendered":"Glasschaden"},"content":{"rendered":"\t\t<div data-elementor-type=\"wp-page\" data-elementor-id=\"1065\" class=\"elementor elementor-1065\" data-elementor-post-type=\"page\">\n\t\t\t\t<div class=\"elementor-element elementor-element-c4aab19 e-flex e-con-boxed e-con e-parent\" data-id=\"c4aab19\" data-element_type=\"container\" data-e-type=\"container\" data-settings=\"{&quot;background_background&quot;:&quot;classic&quot;}\">\n\t\t\t\t\t<div class=\"e-con-inner\">\n\t\t\t\t\t<\/div>\n\t\t\t\t<\/div>\n\t\t<div class=\"elementor-element elementor-element-6f855fcc e-flex e-con-boxed e-con e-parent\" data-id=\"6f855fcc\" data-element_type=\"container\" data-e-type=\"container\">\n\t\t\t\t\t<div class=\"e-con-inner\">\n\t\t<div class=\"elementor-element elementor-element-54a92f4b e-con-full e-flex e-con e-child\" data-id=\"54a92f4b\" data-element_type=\"container\" data-e-type=\"container\">\n\t\t<div class=\"elementor-element elementor-element-9263660 e-con-full animated-fast e-flex elementor-invisible e-con e-child\" data-id=\"9263660\" data-element_type=\"container\" data-e-type=\"container\" data-settings=\"{&quot;animation&quot;:&quot;fadeInLeft&quot;}\">\n\t\t\t\t<div class=\"elementor-element elementor-element-582d0a8e elementor-widget elementor-widget-heading\" data-id=\"582d0a8e\" data-element_type=\"widget\" data-e-type=\"widget\" data-widget_type=\"heading.default\">\n\t\t\t\t\t<h2 class=\"elementor-heading-title elementor-size-default\">Glasreparaturen<\/h2>\t\t\t\t<\/div>\n\t\t\t\t<\/div>\n\t\t<div class=\"elementor-element elementor-element-5b2a77c8 e-con-full animated-slow e-flex elementor-invisible e-con e-child\" data-id=\"5b2a77c8\" data-element_type=\"container\" data-e-type=\"container\" data-settings=\"{&quot;animation&quot;:&quot;fadeIn&quot;}\">\n\t\t\t\t<div class=\"elementor-element elementor-element-13381b48 elementor-widget elementor-widget-heading\" data-id=\"13381b48\" data-element_type=\"widget\" data-e-type=\"widget\" data-widget_type=\"heading.default\">\n\t\t\t\t\t<h4 class=\"elementor-heading-title elementor-size-default\">F\u00fcr den perfekten Durchblick.<\/h4>\t\t\t\t<\/div>\n\t\t\t\t<div class=\"elementor-element elementor-element-483764d6 elementor-widget elementor-widget-text-editor\" data-id=\"483764d6\" data-element_type=\"widget\" data-e-type=\"widget\" data-widget_type=\"text-editor.default\">\n\t\t\t\t\t\t\t\t\t<p class=\"p1\"><span class=\"s1\">Ein Steinschlag in der Frontscheibe? Kein Problem! Wir sind Ihre kompetenten Ansprechpartner f\u00fcr Sch\u00e4den an Windschutz-, Seiten- oder Heckscheiben. Vertrauen Sie auf unsere Expertise, um Glassch\u00e4den schnell und zuverl\u00e4ssig zu beheben und die Sicherheit Ihres Fahrzeugs wiederherzustellen.<\/span><\/p>\t\t\t\t\t\t\t\t<\/div>\n\t\t\t\t<\/div>\n\t\t\t\t<\/div>\n\t\t\t\t\t<\/div>\n\t\t\t\t<\/div>\n\t\t<div class=\"elementor-element elementor-element-55102bcb e-flex e-con-boxed e-con e-parent\" data-id=\"55102bcb\" data-element_type=\"container\" data-e-type=\"container\">\n\t\t\t\t\t<div class=\"e-con-inner\">\n\t\t<div class=\"elementor-element elementor-element-26afd563 e-con-full e-flex e-con e-child\" data-id=\"26afd563\" data-element_type=\"container\" data-e-type=\"container\">\n\t\t<div class=\"elementor-element elementor-element-7067ba9d e-con-full e-flex e-con e-child\" data-id=\"7067ba9d\" data-element_type=\"container\" data-e-type=\"container\">\n\t\t<div class=\"elementor-element elementor-element-cbe5d68 e-con-full animated-fast e-flex elementor-invisible e-con e-child\" data-id=\"cbe5d68\" data-element_type=\"container\" data-e-type=\"container\" data-settings=\"{&quot;animation&quot;:&quot;fadeInLeft&quot;}\">\n\t\t\t\t<div class=\"elementor-element elementor-element-7a153420 elementor-widget elementor-widget-heading\" data-id=\"7a153420\" data-element_type=\"widget\" data-e-type=\"widget\" data-widget_type=\"heading.default\">\n\t\t\t\t\t<h3 class=\"elementor-heading-title elementor-size-default\">Professionelle Hilfe bei Steinschlag und Glassch\u00e4den<\/h3>\t\t\t\t<\/div>\n\t\t\t\t<\/div>\n\t\t<div class=\"elementor-element elementor-element-79af68e2 e-con-full animated-slow e-flex elementor-invisible e-con e-child\" data-id=\"79af68e2\" data-element_type=\"container\" data-e-type=\"container\" data-settings=\"{&quot;animation&quot;:&quot;fadeIn&quot;}\">\n\t\t\t\t<div class=\"elementor-element elementor-element-60cc6f81 elementor-widget elementor-widget-text-editor\" data-id=\"60cc6f81\" data-element_type=\"widget\" data-e-type=\"widget\" data-widget_type=\"text-editor.default\">\n\t\t\t\t\t\t\t\t\t<p class=\"p1\"><span class=\"s1\">Fast jede\/r Autofahrer\/in hat wohl schon einmal erlebt, dass ein Steinchen auf die Windschutzscheibe prallt. Nicht nur das Ger\u00e4usch ist dabei unangenehm, sondern meistens auch die Konsequenzen. Dies sollte schnell behoben werden und daf\u00fcr stehen wir Ihnen mit unseren Volkswagen-Experten zur Seite.<\/span><\/p>\t\t\t\t\t\t\t\t<\/div>\n\t\t\t\t<\/div>\n\t\t\t\t<\/div>\n\t\t<div class=\"elementor-element elementor-element-6ad8eb39 e-con-full e-flex e-con e-child\" data-id=\"6ad8eb39\" data-element_type=\"container\" data-e-type=\"container\">\n\t\t<div class=\"elementor-element elementor-element-413dafca e-con-full animated-slow e-flex elementor-invisible e-con e-child\" data-id=\"413dafca\" data-element_type=\"container\" data-e-type=\"container\" data-settings=\"{&quot;animation&quot;:&quot;fadeIn&quot;}\">\n\t\t\t\t<div class=\"elementor-element elementor-element-45cab668 elementor-widget elementor-widget-image\" data-id=\"45cab668\" data-element_type=\"widget\" data-e-type=\"widget\" data-widget_type=\"image.default\">\n\t\t\t\t\t\t\t\t\t\t\t\t\t\t\t<img fetchpriority=\"high\" decoding=\"async\" width=\"580\" height=\"480\" src=\"https:\/\/jenatschgaragen.ch\/sommerhalder\/wp-content\/uploads\/sites\/2\/2026\/02\/dienstleistungen-aufdorf_maennedorf-glasschaden-1.jpg\" class=\"elementor-animation-float attachment-large size-large wp-image-991\" alt=\"\" srcset=\"https:\/\/jenatschgaragen.ch\/sommerhalder\/wp-content\/uploads\/sites\/2\/2026\/02\/dienstleistungen-aufdorf_maennedorf-glasschaden-1.jpg 580w, https:\/\/jenatschgaragen.ch\/sommerhalder\/wp-content\/uploads\/sites\/2\/2026\/02\/dienstleistungen-aufdorf_maennedorf-glasschaden-1-300x248.jpg 300w\" sizes=\"(max-width: 580px) 100vw, 580px\" \/>\t\t\t\t\t\t\t\t\t\t\t\t\t\t\t<\/div>\n\t\t\t\t<\/div>\n\t\t<div class=\"elementor-element elementor-element-1fd24fc e-con-full e-flex e-con e-child\" data-id=\"1fd24fc\" data-element_type=\"container\" data-e-type=\"container\">\n\t\t<div class=\"elementor-element elementor-element-408cf976 e-con-full animated-fast e-flex elementor-invisible e-con e-child\" data-id=\"408cf976\" data-element_type=\"container\" data-e-type=\"container\" data-settings=\"{&quot;animation&quot;:&quot;fadeInUp&quot;,&quot;animation_delay&quot;:100}\">\n\t\t\t\t<div class=\"elementor-element elementor-element-9135a75 elementor-widget elementor-widget-heading\" data-id=\"9135a75\" data-element_type=\"widget\" data-e-type=\"widget\" data-widget_type=\"heading.default\">\n\t\t\t\t\t<h6 class=\"elementor-heading-title elementor-size-default\">Schnell handeln<\/h6>\t\t\t\t<\/div>\n\t\t\t\t<div class=\"elementor-element elementor-element-33c98110 elementor-widget elementor-widget-text-editor\" data-id=\"33c98110\" data-element_type=\"widget\" data-e-type=\"widget\" data-widget_type=\"text-editor.default\">\n\t\t\t\t\t\t\t\t\t<p class=\"p1\">Ein Steinschlag sollte so bald wie m\u00f6glich behandelt werden, um gr\u00f6ssere Sch\u00e4den zu verhindern. Bereits kleinste Einschl\u00e4ge k\u00f6nnen sich schnell zu Rissen ausweiten. Ein einfacher Trick zur ersten Hilfe: Decken Sie die betroffene Stelle mit einer speziellen Folie oder einem Aufkleber ab, jedoch nur, wenn sich der Steinschlag nicht im Sichtfeld befindet. Diese L\u00f6sung ist jedoch nur tempor\u00e4r und bietet keinen dauerhaften Schutz. Oftmals lassen sich kleinere Steinschl\u00e4ge unkompliziert reparieren, ohne dass ein kompletter Austausch der Windschutzscheibe n\u00f6tig ist.<\/p><p class=\"p1\">Wenden Sie sich an uns. Wir beraten Sie gerne und sorgen f\u00fcr eine sichere L\u00f6sung.<\/p>\t\t\t\t\t\t\t\t<\/div>\n\t\t\t\t<\/div>\n\t\t\t\t<\/div>\n\t\t\t\t<\/div>\n\t\t\t\t<\/div>\n\t\t\t\t\t<\/div>\n\t\t\t\t<\/div>\n\t\t<div class=\"elementor-element elementor-element-649ebdcd e-flex e-con-boxed e-con e-parent\" data-id=\"649ebdcd\" data-element_type=\"container\" data-e-type=\"container\" data-settings=\"{&quot;background_background&quot;:&quot;classic&quot;}\">\n\t\t\t\t\t<div class=\"e-con-inner\">\n\t\t<div class=\"elementor-element elementor-element-1e709e9d e-con-full e-flex e-con e-child\" data-id=\"1e709e9d\" data-element_type=\"container\" data-e-type=\"container\">\n\t\t<div class=\"elementor-element elementor-element-4ac4751c e-con-full e-flex e-con e-child\" data-id=\"4ac4751c\" data-element_type=\"container\" data-e-type=\"container\">\n\t\t<div class=\"elementor-element elementor-element-3c80f93f e-con-full e-flex e-con e-child\" data-id=\"3c80f93f\" data-element_type=\"container\" data-e-type=\"container\">\n\t\t\t\t<div class=\"elementor-element elementor-element-5ebb4f41 elementor-widget elementor-widget-heading\" data-id=\"5ebb4f41\" data-element_type=\"widget\" data-e-type=\"widget\" data-widget_type=\"heading.default\">\n\t\t\t\t\t<h3 class=\"elementor-heading-title elementor-size-default\">Termin vereinbaren<\/h3>\t\t\t\t<\/div>\n\t\t<div class=\"elementor-element elementor-element-6a26c26f e-con-full animated-slow e-flex elementor-invisible e-con e-child\" data-id=\"6a26c26f\" data-element_type=\"container\" data-e-type=\"container\" data-settings=\"{&quot;background_background&quot;:&quot;classic&quot;,&quot;animation&quot;:&quot;fadeIn&quot;}\">\n\t\t\t\t<div class=\"elementor-element elementor-element-368a2e40 elementor-widget elementor-widget-heading\" data-id=\"368a2e40\" data-element_type=\"widget\" data-e-type=\"widget\" data-widget_type=\"heading.default\">\n\t\t\t\t\t<h4 class=\"elementor-heading-title elementor-size-default\">Schnell und einfach<\/h4>\t\t\t\t<\/div>\n\t\t\t\t<div class=\"elementor-element elementor-element-68c4ae49 elementor-align-left elementor-widget elementor-widget-button\" data-id=\"68c4ae49\" data-element_type=\"widget\" data-e-type=\"widget\" data-widget_type=\"button.default\">\n\t\t\t\t\t\t\t\t\t\t<a class=\"elementor-button elementor-button-link elementor-size-sm\" href=\"https:\/\/sommerhalder.sopl.ch\/de\/\" target=\"_blank\">\n\t\t\t\t\t\t<span class=\"elementor-button-content-wrapper\">\n\t\t\t\t\t\t<span class=\"elementor-button-icon\">\n\t\t\t\t<svg aria-hidden=\"true\" class=\"e-font-icon-svg e-fas-angle-right\" viewBox=\"0 0 256 512\" xmlns=\"http:\/\/www.w3.org\/2000\/svg\"><path d=\"M224.3 273l-136 136c-9.4 9.4-24.6 9.4-33.9 0l-22.6-22.6c-9.4-9.4-9.4-24.6 0-33.9l96.4-96.4-96.4-96.4c-9.4-9.4-9.4-24.6 0-33.9L54.3 103c9.4-9.4 24.6-9.4 33.9 0l136 136c9.5 9.4 9.5 24.6.1 34z\"><\/path><\/svg>\t\t\t<\/span>\n\t\t\t\t\t\t\t\t\t<span class=\"elementor-button-text\">Online Termin vereinbaren<\/span>\n\t\t\t\t\t<\/span>\n\t\t\t\t\t<\/a>\n\t\t\t\t\t\t\t\t<\/div>\n\t\t\t\t<\/div>\n\t\t\t\t<\/div>\n\t\t<div class=\"elementor-element elementor-element-5074a9ed e-con-full animated-fast e-flex elementor-invisible e-con e-child\" data-id=\"5074a9ed\" data-element_type=\"container\" data-e-type=\"container\" data-settings=\"{&quot;animation&quot;:&quot;fadeInUp&quot;,&quot;animation_delay&quot;:200}\">\n\t\t\t\t<div class=\"elementor-element elementor-element-6af3f2b4 elementor-widget elementor-widget-heading\" data-id=\"6af3f2b4\" data-element_type=\"widget\" data-e-type=\"widget\" data-widget_type=\"heading.default\">\n\t\t\t\t\t<h3 class=\"elementor-heading-title elementor-size-default\">Im Herzen von Z\u00fcrich.<\/h3>\t\t\t\t<\/div>\n\t\t\t\t<div class=\"elementor-element elementor-element-38740b72 elementor-widget elementor-widget-image\" data-id=\"38740b72\" data-element_type=\"widget\" data-e-type=\"widget\" data-widget_type=\"image.default\">\n\t\t\t\t\t\t\t\t\t\t\t\t\t\t\t<img decoding=\"async\" width=\"640\" height=\"400\" src=\"https:\/\/jenatschgaragen.ch\/sommerhalder\/wp-content\/uploads\/sites\/2\/2026\/01\/garage-Sommerhalder.jpg\" class=\"elementor-animation-float attachment-medium_large size-medium_large wp-image-198\" alt=\"\" srcset=\"https:\/\/jenatschgaragen.ch\/sommerhalder\/wp-content\/uploads\/sites\/2\/2026\/01\/garage-Sommerhalder.jpg 640w, https:\/\/jenatschgaragen.ch\/sommerhalder\/wp-content\/uploads\/sites\/2\/2026\/01\/garage-Sommerhalder-300x188.jpg 300w\" sizes=\"(max-width: 640px) 100vw, 640px\" \/>\t\t\t\t\t\t\t\t\t\t\t\t\t\t\t<\/div>\n\t\t\t\t<div class=\"elementor-element elementor-element-63531246 elementor-widget elementor-widget-text-editor\" data-id=\"63531246\" data-element_type=\"widget\" data-e-type=\"widget\" data-widget_type=\"text-editor.default\">\n\t\t\t\t\t\t\t\t\t<p class=\"p1\">Bei der <strong data-start=\"162\" data-end=\"185\">Garage Sommerhalder<\/strong> stehen Verl\u00e4sslichkeit, N\u00e4he und Fachkompetenz im Mittelpunkt. Als fest in Z\u00fcrich verwurzelter Garagenbetrieb begleiten wir unsere Kundinnen und Kunden seit vielen Jahren rund um ihre Mobilit\u00e4t. Wir setzen auf sorgf\u00e4ltige Arbeit, pers\u00f6nliche Beratung und einen offenen, ehrlichen Umgang. Unsere Leidenschaft f\u00fcr die Marke Volkswagen pr\u00e4gt dabei alles, was wir tun, jeden Tag aufs Neue.<\/p>\t\t\t\t\t\t\t\t<\/div>\n\t\t\t\t<\/div>\n\t\t\t\t<\/div>\n\t\t\t\t<\/div>\n\t\t\t\t\t<\/div>\n\t\t\t\t<\/div>\n\t\t\t\t<\/div>\n\t\t","protected":false},"excerpt":{"rendered":"<p>Glasreparaturen F\u00fcr den perfekten Durchblick. Ein Steinschlag in der Frontscheibe? Kein Problem! Wir sind Ihre kompetenten Ansprechpartner f\u00fcr Sch\u00e4den an Windschutz-, Seiten- oder Heckscheiben. Vertrauen Sie auf unsere Expertise, um Glassch\u00e4den schnell und zuverl\u00e4ssig zu beheben und die Sicherheit Ihres Fahrzeugs wiederherzustellen. Professionelle Hilfe bei Steinschlag und Glassch\u00e4den Fast jede\/r Autofahrer\/in hat wohl schon einmal [&hellip;]<\/p>\n","protected":false},"author":1,"featured_media":0,"parent":0,"menu_order":0,"comment_status":"closed","ping_status":"closed","template":"","meta":{"footnotes":""},"class_list":["post-1065","page","type-page","status-publish","hentry"],"yoast_head":"<!-- This site is optimized with the Yoast SEO plugin v27.2 - https:\/\/yoast.com\/product\/yoast-seo-wordpress\/ -->\n<title>Glasschaden - Garage Sommerhalder<\/title>\n<meta name=\"description\" content=\"Glasschaden am Auto? Garage Sommerhalder repariert Windschutzscheiben schnell und professionell \u2013 jetzt Termin vereinbaren!\" \/>\n<meta name=\"robots\" content=\"index, follow, max-snippet:-1, max-image-preview:large, max-video-preview:-1\" \/>\n<link rel=\"canonical\" href=\"https:\/\/jenatschgaragen.ch\/sommerhalder\/glasschaden-reparatur\/\" \/>\n<meta property=\"og:locale\" content=\"de_DE\" \/>\n<meta property=\"og:type\" content=\"article\" \/>\n<meta property=\"og:title\" content=\"Glasschaden - Garage Sommerhalder\" \/>\n<meta property=\"og:description\" content=\"Glasschaden am Auto? Garage Sommerhalder repariert Windschutzscheiben schnell und professionell \u2013 jetzt Termin vereinbaren!\" \/>\n<meta property=\"og:url\" content=\"https:\/\/jenatschgaragen.ch\/sommerhalder\/glasschaden-reparatur\/\" \/>\n<meta property=\"og:site_name\" content=\"Garage Sommerhalder\" \/>\n<meta property=\"article:modified_time\" content=\"2026-04-16T06:32:49+00:00\" \/>\n<meta property=\"og:image\" content=\"https:\/\/jenatschgaragen.ch\/garage-sommerhalder\/wp-content\/uploads\/sites\/2\/2026\/02\/dienstleistungen-aufdorf_maennedorf-glasschaden-1.jpg\" \/>\n<meta name=\"twitter:card\" content=\"summary_large_image\" \/>\n<meta name=\"twitter:label1\" content=\"Gesch\u00e4tzte Lesezeit\" \/>\n\t<meta name=\"twitter:data1\" content=\"2\u00a0Minuten\" \/>\n<script type=\"application\/ld+json\" class=\"yoast-schema-graph\">{\"@context\":\"https:\/\/schema.org\",\"@graph\":[{\"@type\":\"WebPage\",\"@id\":\"https:\/\/jenatschgaragen.ch\/sommerhalder\/glasschaden-reparatur\/\",\"url\":\"https:\/\/jenatschgaragen.ch\/sommerhalder\/glasschaden-reparatur\/\",\"name\":\"Glasschaden - Garage Sommerhalder\",\"isPartOf\":{\"@id\":\"https:\/\/jenatschgaragen.ch\/sommerhalder\/#website\"},\"primaryImageOfPage\":{\"@id\":\"https:\/\/jenatschgaragen.ch\/sommerhalder\/glasschaden-reparatur\/#primaryimage\"},\"image\":{\"@id\":\"https:\/\/jenatschgaragen.ch\/sommerhalder\/glasschaden-reparatur\/#primaryimage\"},\"thumbnailUrl\":\"https:\/\/jenatschgaragen.ch\/garage-sommerhalder\/wp-content\/uploads\/sites\/2\/2026\/02\/dienstleistungen-aufdorf_maennedorf-glasschaden-1.jpg\",\"datePublished\":\"2026-02-02T11:38:45+00:00\",\"dateModified\":\"2026-04-16T06:32:49+00:00\",\"description\":\"Glasschaden am Auto? Garage Sommerhalder repariert Windschutzscheiben schnell und professionell \u2013 jetzt Termin vereinbaren!\",\"breadcrumb\":{\"@id\":\"https:\/\/jenatschgaragen.ch\/sommerhalder\/glasschaden-reparatur\/#breadcrumb\"},\"inLanguage\":\"de-CH\",\"potentialAction\":[{\"@type\":\"ReadAction\",\"target\":[\"https:\/\/jenatschgaragen.ch\/sommerhalder\/glasschaden-reparatur\/\"]}]},{\"@type\":\"ImageObject\",\"inLanguage\":\"de-CH\",\"@id\":\"https:\/\/jenatschgaragen.ch\/sommerhalder\/glasschaden-reparatur\/#primaryimage\",\"url\":\"https:\/\/jenatschgaragen.ch\/garage-sommerhalder\/wp-content\/uploads\/sites\/2\/2026\/02\/dienstleistungen-aufdorf_maennedorf-glasschaden-1.jpg\",\"contentUrl\":\"https:\/\/jenatschgaragen.ch\/garage-sommerhalder\/wp-content\/uploads\/sites\/2\/2026\/02\/dienstleistungen-aufdorf_maennedorf-glasschaden-1.jpg\"},{\"@type\":\"BreadcrumbList\",\"@id\":\"https:\/\/jenatschgaragen.ch\/sommerhalder\/glasschaden-reparatur\/#breadcrumb\",\"itemListElement\":[{\"@type\":\"ListItem\",\"position\":1,\"name\":\"Home\",\"item\":\"https:\/\/jenatschgaragen.ch\/sommerhalder\/\"},{\"@type\":\"ListItem\",\"position\":2,\"name\":\"Glasschaden\"}]},{\"@type\":\"WebSite\",\"@id\":\"https:\/\/jenatschgaragen.ch\/sommerhalder\/#website\",\"url\":\"https:\/\/jenatschgaragen.ch\/sommerhalder\/\",\"name\":\"Garage Sommerhalder\",\"description\":\"Ihre Volkswagen-Experten im Herzen von Z\u00fcrich\\u2028\",\"publisher\":{\"@id\":\"https:\/\/jenatschgaragen.ch\/sommerhalder\/#organization\"},\"potentialAction\":[{\"@type\":\"SearchAction\",\"target\":{\"@type\":\"EntryPoint\",\"urlTemplate\":\"https:\/\/jenatschgaragen.ch\/sommerhalder\/?s={search_term_string}\"},\"query-input\":{\"@type\":\"PropertyValueSpecification\",\"valueRequired\":true,\"valueName\":\"search_term_string\"}}],\"inLanguage\":\"de-CH\"},{\"@type\":\"Organization\",\"@id\":\"https:\/\/jenatschgaragen.ch\/sommerhalder\/#organization\",\"name\":\"Garage Sommerhalder\",\"url\":\"https:\/\/jenatschgaragen.ch\/sommerhalder\/\",\"logo\":{\"@type\":\"ImageObject\",\"inLanguage\":\"de-CH\",\"@id\":\"https:\/\/jenatschgaragen.ch\/sommerhalder\/#\/schema\/logo\/image\/\",\"url\":\"https:\/\/jenatschgaragen.ch\/sommerhalder\/wp-content\/uploads\/sites\/2\/2026\/01\/logo-JG-Somerhalder.png\",\"contentUrl\":\"https:\/\/jenatschgaragen.ch\/sommerhalder\/wp-content\/uploads\/sites\/2\/2026\/01\/logo-JG-Somerhalder.png\",\"width\":560,\"height\":50,\"caption\":\"Garage Sommerhalder\"},\"image\":{\"@id\":\"https:\/\/jenatschgaragen.ch\/sommerhalder\/#\/schema\/logo\/image\/\"}}]}<\/script>\n<!-- \/ Yoast SEO plugin. -->","yoast_head_json":{"title":"Glasschaden - Garage Sommerhalder","description":"Glasschaden am Auto? Garage Sommerhalder repariert Windschutzscheiben schnell und professionell \u2013 jetzt Termin vereinbaren!","robots":{"index":"index","follow":"follow","max-snippet":"max-snippet:-1","max-image-preview":"max-image-preview:large","max-video-preview":"max-video-preview:-1"},"canonical":"https:\/\/jenatschgaragen.ch\/sommerhalder\/glasschaden-reparatur\/","og_locale":"de_DE","og_type":"article","og_title":"Glasschaden - Garage Sommerhalder","og_description":"Glasschaden am Auto? Garage Sommerhalder repariert Windschutzscheiben schnell und professionell \u2013 jetzt Termin vereinbaren!","og_url":"https:\/\/jenatschgaragen.ch\/sommerhalder\/glasschaden-reparatur\/","og_site_name":"Garage Sommerhalder","article_modified_time":"2026-04-16T06:32:49+00:00","og_image":[{"url":"https:\/\/jenatschgaragen.ch\/garage-sommerhalder\/wp-content\/uploads\/sites\/2\/2026\/02\/dienstleistungen-aufdorf_maennedorf-glasschaden-1.jpg","type":"","width":"","height":""}],"twitter_card":"summary_large_image","twitter_misc":{"Gesch\u00e4tzte Lesezeit":"2\u00a0Minuten"},"schema":{"@context":"https:\/\/schema.org","@graph":[{"@type":"WebPage","@id":"https:\/\/jenatschgaragen.ch\/sommerhalder\/glasschaden-reparatur\/","url":"https:\/\/jenatschgaragen.ch\/sommerhalder\/glasschaden-reparatur\/","name":"Glasschaden - Garage Sommerhalder","isPartOf":{"@id":"https:\/\/jenatschgaragen.ch\/sommerhalder\/#website"},"primaryImageOfPage":{"@id":"https:\/\/jenatschgaragen.ch\/sommerhalder\/glasschaden-reparatur\/#primaryimage"},"image":{"@id":"https:\/\/jenatschgaragen.ch\/sommerhalder\/glasschaden-reparatur\/#primaryimage"},"thumbnailUrl":"https:\/\/jenatschgaragen.ch\/garage-sommerhalder\/wp-content\/uploads\/sites\/2\/2026\/02\/dienstleistungen-aufdorf_maennedorf-glasschaden-1.jpg","datePublished":"2026-02-02T11:38:45+00:00","dateModified":"2026-04-16T06:32:49+00:00","description":"Glasschaden am Auto? Garage Sommerhalder repariert Windschutzscheiben schnell und professionell \u2013 jetzt Termin vereinbaren!","breadcrumb":{"@id":"https:\/\/jenatschgaragen.ch\/sommerhalder\/glasschaden-reparatur\/#breadcrumb"},"inLanguage":"de-CH","potentialAction":[{"@type":"ReadAction","target":["https:\/\/jenatschgaragen.ch\/sommerhalder\/glasschaden-reparatur\/"]}]},{"@type":"ImageObject","inLanguage":"de-CH","@id":"https:\/\/jenatschgaragen.ch\/sommerhalder\/glasschaden-reparatur\/#primaryimage","url":"https:\/\/jenatschgaragen.ch\/garage-sommerhalder\/wp-content\/uploads\/sites\/2\/2026\/02\/dienstleistungen-aufdorf_maennedorf-glasschaden-1.jpg","contentUrl":"https:\/\/jenatschgaragen.ch\/garage-sommerhalder\/wp-content\/uploads\/sites\/2\/2026\/02\/dienstleistungen-aufdorf_maennedorf-glasschaden-1.jpg"},{"@type":"BreadcrumbList","@id":"https:\/\/jenatschgaragen.ch\/sommerhalder\/glasschaden-reparatur\/#breadcrumb","itemListElement":[{"@type":"ListItem","position":1,"name":"Home","item":"https:\/\/jenatschgaragen.ch\/sommerhalder\/"},{"@type":"ListItem","position":2,"name":"Glasschaden"}]},{"@type":"WebSite","@id":"https:\/\/jenatschgaragen.ch\/sommerhalder\/#website","url":"https:\/\/jenatschgaragen.ch\/sommerhalder\/","name":"Garage Sommerhalder","description":"Ihre Volkswagen-Experten im Herzen von Z\u00fcrich\u2028","publisher":{"@id":"https:\/\/jenatschgaragen.ch\/sommerhalder\/#organization"},"potentialAction":[{"@type":"SearchAction","target":{"@type":"EntryPoint","urlTemplate":"https:\/\/jenatschgaragen.ch\/sommerhalder\/?s={search_term_string}"},"query-input":{"@type":"PropertyValueSpecification","valueRequired":true,"valueName":"search_term_string"}}],"inLanguage":"de-CH"},{"@type":"Organization","@id":"https:\/\/jenatschgaragen.ch\/sommerhalder\/#organization","name":"Garage Sommerhalder","url":"https:\/\/jenatschgaragen.ch\/sommerhalder\/","logo":{"@type":"ImageObject","inLanguage":"de-CH","@id":"https:\/\/jenatschgaragen.ch\/sommerhalder\/#\/schema\/logo\/image\/","url":"https:\/\/jenatschgaragen.ch\/sommerhalder\/wp-content\/uploads\/sites\/2\/2026\/01\/logo-JG-Somerhalder.png","contentUrl":"https:\/\/jenatschgaragen.ch\/sommerhalder\/wp-content\/uploads\/sites\/2\/2026\/01\/logo-JG-Somerhalder.png","width":560,"height":50,"caption":"Garage Sommerhalder"},"image":{"@id":"https:\/\/jenatschgaragen.ch\/sommerhalder\/#\/schema\/logo\/image\/"}}]}},"_links":{"self":[{"href":"https:\/\/jenatschgaragen.ch\/sommerhalder\/wp-json\/wp\/v2\/pages\/1065","targetHints":{"allow":["GET"]}}],"collection":[{"href":"https:\/\/jenatschgaragen.ch\/sommerhalder\/wp-json\/wp\/v2\/pages"}],"about":[{"href":"https:\/\/jenatschgaragen.ch\/sommerhalder\/wp-json\/wp\/v2\/types\/page"}],"author":[{"embeddable":true,"href":"https:\/\/jenatschgaragen.ch\/sommerhalder\/wp-json\/wp\/v2\/users\/1"}],"replies":[{"embeddable":true,"href":"https:\/\/jenatschgaragen.ch\/sommerhalder\/wp-json\/wp\/v2\/comments?post=1065"}],"version-history":[{"count":40,"href":"https:\/\/jenatschgaragen.ch\/sommerhalder\/wp-json\/wp\/v2\/pages\/1065\/revisions"}],"predecessor-version":[{"id":1584,"href":"https:\/\/jenatschgaragen.ch\/sommerhalder\/wp-json\/wp\/v2\/pages\/1065\/revisions\/1584"}],"wp:attachment":[{"href":"https:\/\/jenatschgaragen.ch\/sommerhalder\/wp-json\/wp\/v2\/media?parent=1065"}],"curies":[{"name":"wp","href":"https:\/\/api.w.org\/{rel}","templated":true}]}}