{"id":1051,"date":"2026-02-02T12:31:32","date_gmt":"2026-02-02T11:31:32","guid":{"rendered":"https:\/\/effecto-marketing.ch\/jenatsch\/garage-sommerhalder\/?page_id=1051"},"modified":"2026-04-16T08:38:31","modified_gmt":"2026-04-16T06:38:31","slug":"karosserie-und-lack","status":"publish","type":"page","link":"https:\/\/jenatschgaragen.ch\/sommerhalder\/karosserie-und-lack\/","title":{"rendered":"Karosserie und Lack"},"content":{"rendered":"\t\t<div data-elementor-type=\"wp-page\" data-elementor-id=\"1051\" class=\"elementor elementor-1051\" data-elementor-post-type=\"page\">\n\t\t\t\t<div class=\"elementor-element elementor-element-41bfac8 e-flex e-con-boxed e-con e-parent\" data-id=\"41bfac8\" data-element_type=\"container\" data-e-type=\"container\" data-settings=\"{&quot;background_background&quot;:&quot;classic&quot;}\">\n\t\t\t\t\t<div class=\"e-con-inner\">\n\t\t\t\t\t<\/div>\n\t\t\t\t<\/div>\n\t\t<div class=\"elementor-element elementor-element-651af273 e-flex e-con-boxed e-con e-parent\" data-id=\"651af273\" data-element_type=\"container\" data-e-type=\"container\">\n\t\t\t\t\t<div class=\"e-con-inner\">\n\t\t<div class=\"elementor-element elementor-element-2ad0ed0a e-con-full e-flex e-con e-child\" data-id=\"2ad0ed0a\" data-element_type=\"container\" data-e-type=\"container\">\n\t\t<div class=\"elementor-element elementor-element-42271ed4 e-con-full animated-fast e-flex elementor-invisible e-con e-child\" data-id=\"42271ed4\" data-element_type=\"container\" data-e-type=\"container\" data-settings=\"{&quot;animation&quot;:&quot;fadeInLeft&quot;}\">\n\t\t\t\t<div class=\"elementor-element elementor-element-24ef692e elementor-widget elementor-widget-heading\" data-id=\"24ef692e\" data-element_type=\"widget\" data-e-type=\"widget\" data-widget_type=\"heading.default\">\n\t\t\t\t\t<h2 class=\"elementor-heading-title elementor-size-default\">Karosserie und Lack<\/h2>\t\t\t\t<\/div>\n\t\t\t\t<\/div>\n\t\t<div class=\"elementor-element elementor-element-5c6cbec8 e-con-full animated-slow e-flex elementor-invisible e-con e-child\" data-id=\"5c6cbec8\" data-element_type=\"container\" data-e-type=\"container\" data-settings=\"{&quot;animation&quot;:&quot;fadeIn&quot;}\">\n\t\t\t\t<div class=\"elementor-element elementor-element-1f17081e elementor-widget elementor-widget-heading\" data-id=\"1f17081e\" data-element_type=\"widget\" data-e-type=\"widget\" data-widget_type=\"heading.default\">\n\t\t\t\t\t<h4 class=\"elementor-heading-title elementor-size-default\">Perfekte Arbeit f\u00fcr Ihren Volkswagen.<\/h4>\t\t\t\t<\/div>\n\t\t\t\t<div class=\"elementor-element elementor-element-64f1f95e elementor-widget elementor-widget-text-editor\" data-id=\"64f1f95e\" data-element_type=\"widget\" data-e-type=\"widget\" data-widget_type=\"text-editor.default\">\n\t\t\t\t\t\t\t\t\t<p class=\"p1\">Wir sorgen daf\u00fcr, dass Ihr Fahrzeug optisch und technisch wieder in einwandfreiem Zustand ist \u2013 von kleinen Kratzern bis hin zu gr\u00f6sseren Unfallsch\u00e4den. Mit professionellen Reparaturmethoden, hochwertigen Materialien und h\u00f6chsten Qualit\u00e4tsstandards stellen wir sicher, dass Ihr Fahrzeug wieder wie neu aussieht und optimal gesch\u00fctzt bleibt. Dabei \u00fcbernehmen wir die komplette Koordination f\u00fcr Sie \u2013 unkompliziert und zuverl\u00e4ssig.<\/p>\t\t\t\t\t\t\t\t<\/div>\n\t\t\t\t<\/div>\n\t\t\t\t<\/div>\n\t\t\t\t\t<\/div>\n\t\t\t\t<\/div>\n\t\t<div class=\"elementor-element elementor-element-5049745 e-flex e-con-boxed e-con e-parent\" data-id=\"5049745\" data-element_type=\"container\" data-e-type=\"container\">\n\t\t\t\t\t<div class=\"e-con-inner\">\n\t\t<div class=\"elementor-element elementor-element-71dc0b57 e-con-full e-flex e-con e-child\" data-id=\"71dc0b57\" data-element_type=\"container\" data-e-type=\"container\">\n\t\t<div class=\"elementor-element elementor-element-3fa2609a e-con-full e-flex e-con e-child\" data-id=\"3fa2609a\" data-element_type=\"container\" data-e-type=\"container\">\n\t\t<div class=\"elementor-element elementor-element-426c5e02 e-con-full animated-fast e-flex elementor-invisible e-con e-child\" data-id=\"426c5e02\" data-element_type=\"container\" data-e-type=\"container\" data-settings=\"{&quot;animation&quot;:&quot;fadeInLeft&quot;}\">\n\t\t\t\t<div class=\"elementor-element elementor-element-68f277a2 elementor-widget elementor-widget-heading\" data-id=\"68f277a2\" data-element_type=\"widget\" data-e-type=\"widget\" data-widget_type=\"heading.default\">\n\t\t\t\t\t<h3 class=\"elementor-heading-title elementor-size-default\">Perfekt repariert<\/h3>\t\t\t\t<\/div>\n\t\t\t\t<\/div>\n\t\t<div class=\"elementor-element elementor-element-1e651f3a e-con-full animated-slow e-flex elementor-invisible e-con e-child\" data-id=\"1e651f3a\" data-element_type=\"container\" data-e-type=\"container\" data-settings=\"{&quot;animation&quot;:&quot;fadeIn&quot;}\">\n\t\t\t\t<div class=\"elementor-element elementor-element-1dd36cac elementor-widget elementor-widget-text-editor\" data-id=\"1dd36cac\" data-element_type=\"widget\" data-e-type=\"widget\" data-widget_type=\"text-editor.default\">\n\t\t\t\t\t\t\t\t\t<p class=\"p1\">Verlassen Sie sich auf unsere Erfahrung und unser Qualit\u00e4tsverst\u00e4ndnis. Wir k\u00fcmmern uns um die fachgerechte Behebung von Lacksch\u00e4den \u2013 von kleinen Kratzern bis hin zu umfangreicheren Reparaturen. Alle Arbeiten erfolgen nach den Herstellervorgaben und mit Originalteilen sowie Original\u00adlacken, sodass die Garantie Ihres Fahrzeugs vollst\u00e4ndig erhalten bleibt.<\/p>\t\t\t\t\t\t\t\t<\/div>\n\t\t\t\t<\/div>\n\t\t\t\t<\/div>\n\t\t<div class=\"elementor-element elementor-element-662d20e3 e-con-full e-flex e-con e-child\" data-id=\"662d20e3\" data-element_type=\"container\" data-e-type=\"container\">\n\t\t<div class=\"elementor-element elementor-element-22600c82 e-con-full e-flex elementor-invisible e-con e-child\" data-id=\"22600c82\" data-element_type=\"container\" data-e-type=\"container\" data-settings=\"{&quot;animation&quot;:&quot;fadeInUp&quot;}\">\n\t\t\t\t<div class=\"elementor-element elementor-element-61083fb5 elementor-widget elementor-widget-image\" data-id=\"61083fb5\" data-element_type=\"widget\" data-e-type=\"widget\" data-widget_type=\"image.default\">\n\t\t\t\t\t\t\t\t\t\t\t\t\t\t\t<img fetchpriority=\"high\" decoding=\"async\" width=\"800\" height=\"491\" src=\"https:\/\/jenatschgaragen.ch\/sommerhalder\/wp-content\/uploads\/sites\/2\/2026\/02\/dienstleistungen-karosserie_und_lack-01-1024x628.jpg\" class=\"elementor-animation-float attachment-large size-large wp-image-984\" alt=\"\" srcset=\"https:\/\/jenatschgaragen.ch\/sommerhalder\/wp-content\/uploads\/sites\/2\/2026\/02\/dienstleistungen-karosserie_und_lack-01-1024x628.jpg 1024w, https:\/\/jenatschgaragen.ch\/sommerhalder\/wp-content\/uploads\/sites\/2\/2026\/02\/dienstleistungen-karosserie_und_lack-01-300x184.jpg 300w, https:\/\/jenatschgaragen.ch\/sommerhalder\/wp-content\/uploads\/sites\/2\/2026\/02\/dienstleistungen-karosserie_und_lack-01-768x471.jpg 768w, https:\/\/jenatschgaragen.ch\/sommerhalder\/wp-content\/uploads\/sites\/2\/2026\/02\/dienstleistungen-karosserie_und_lack-01.jpg 1047w\" sizes=\"(max-width: 800px) 100vw, 800px\" \/>\t\t\t\t\t\t\t\t\t\t\t\t\t\t\t<\/div>\n\t\t<div class=\"elementor-element elementor-element-552e8c12 e-con-full e-flex e-con e-child\" data-id=\"552e8c12\" data-element_type=\"container\" data-e-type=\"container\">\n\t\t\t\t<div class=\"elementor-element elementor-element-2b0133ac elementor-widget elementor-widget-heading\" data-id=\"2b0133ac\" data-element_type=\"widget\" data-e-type=\"widget\" data-widget_type=\"heading.default\">\n\t\t\t\t\t<h6 class=\"elementor-heading-title elementor-size-default\">H\u00f6chste Qualit\u00e4t<\/h6>\t\t\t\t<\/div>\n\t\t\t\t<div class=\"elementor-element elementor-element-23d2f0d3 elementor-widget elementor-widget-text-editor\" data-id=\"23d2f0d3\" data-element_type=\"widget\" data-e-type=\"widget\" data-widget_type=\"text-editor.default\">\n\t\t\t\t\t\t\t\t\t<p class=\"p1\">Unser Service rund um Karosserie- und Instandsetzungsarbeiten steht f\u00fcr hohe Qualit\u00e4t, faire Konditionen und nachhaltigen Werterhalt Ihres Volkswagens. S\u00e4mtliche Reparaturen erfolgen konsequent nach den Herstellervorgaben und ausschliesslich mit Originalteilen, sodass alle Garantien vollumf\u00e4nglich erhalten bleiben. Wir \u00fcbernehmen f\u00fcr Sie die gesamte Abwicklung \u2013 professionell, transparent und zuverl\u00e4ssig.<\/p>\t\t\t\t\t\t\t\t<\/div>\n\t\t\t\t<\/div>\n\t\t\t\t<\/div>\n\t\t<div class=\"elementor-element elementor-element-9a91abc e-con-full e-flex elementor-invisible e-con e-child\" data-id=\"9a91abc\" data-element_type=\"container\" data-e-type=\"container\" data-settings=\"{&quot;animation&quot;:&quot;fadeInUp&quot;,&quot;animation_delay&quot;:&quot;100&quot;}\">\n\t\t\t\t<div class=\"elementor-element elementor-element-2ddfc8d7 elementor-widget elementor-widget-image\" data-id=\"2ddfc8d7\" data-element_type=\"widget\" data-e-type=\"widget\" data-widget_type=\"image.default\">\n\t\t\t\t\t\t\t\t\t\t\t\t\t\t\t<img decoding=\"async\" width=\"800\" height=\"491\" src=\"https:\/\/jenatschgaragen.ch\/sommerhalder\/wp-content\/uploads\/sites\/2\/2026\/02\/dienstleistungen-aufdorf_maennedorf-karosserie_und_lack-02-1024x628.jpg\" class=\"elementor-animation-float attachment-large size-large wp-image-985\" alt=\"\" srcset=\"https:\/\/jenatschgaragen.ch\/sommerhalder\/wp-content\/uploads\/sites\/2\/2026\/02\/dienstleistungen-aufdorf_maennedorf-karosserie_und_lack-02-1024x628.jpg 1024w, https:\/\/jenatschgaragen.ch\/sommerhalder\/wp-content\/uploads\/sites\/2\/2026\/02\/dienstleistungen-aufdorf_maennedorf-karosserie_und_lack-02-300x184.jpg 300w, https:\/\/jenatschgaragen.ch\/sommerhalder\/wp-content\/uploads\/sites\/2\/2026\/02\/dienstleistungen-aufdorf_maennedorf-karosserie_und_lack-02-768x471.jpg 768w, https:\/\/jenatschgaragen.ch\/sommerhalder\/wp-content\/uploads\/sites\/2\/2026\/02\/dienstleistungen-aufdorf_maennedorf-karosserie_und_lack-02.jpg 1047w\" sizes=\"(max-width: 800px) 100vw, 800px\" \/>\t\t\t\t\t\t\t\t\t\t\t\t\t\t\t<\/div>\n\t\t<div class=\"elementor-element elementor-element-291f01c e-con-full e-flex e-con e-child\" data-id=\"291f01c\" data-element_type=\"container\" data-e-type=\"container\">\n\t\t\t\t<div class=\"elementor-element elementor-element-3ead6e25 elementor-widget elementor-widget-heading\" data-id=\"3ead6e25\" data-element_type=\"widget\" data-e-type=\"widget\" data-widget_type=\"heading.default\">\n\t\t\t\t\t<h6 class=\"elementor-heading-title elementor-size-default\">Werterhaltung <\/h6>\t\t\t\t<\/div>\n\t\t\t\t<div class=\"elementor-element elementor-element-428415cb elementor-widget elementor-widget-text-editor\" data-id=\"428415cb\" data-element_type=\"widget\" data-e-type=\"widget\" data-widget_type=\"text-editor.default\">\n\t\t\t\t\t\t\t\t\t<p class=\"p1\">Ein Volkswagen, der durch eine professionelle Karosseriebehandlung aufbereitet wurde, gewinnt nicht nur optisch, sondern auch in seinem Wert. Fachgerechte Karosseriearbeiten sorgen daf\u00fcr, dass kleinere Sch\u00e4den wie Kratzer, Dellen oder Lacksch\u00e4den beseitigt werden und das Fahrzeug wieder in seinem besten Zustand erstrahlt.<\/p>\t\t\t\t\t\t\t\t<\/div>\n\t\t\t\t<\/div>\n\t\t\t\t<\/div>\n\t\t<div class=\"elementor-element elementor-element-5ea580c1 e-con-full e-flex elementor-invisible e-con e-child\" data-id=\"5ea580c1\" data-element_type=\"container\" data-e-type=\"container\" data-settings=\"{&quot;animation&quot;:&quot;fadeInUp&quot;,&quot;animation_delay&quot;:&quot;200&quot;}\">\n\t\t\t\t<div class=\"elementor-element elementor-element-66f99dd elementor-widget elementor-widget-image\" data-id=\"66f99dd\" data-element_type=\"widget\" data-e-type=\"widget\" data-widget_type=\"image.default\">\n\t\t\t\t\t\t\t\t\t\t\t\t\t\t\t<img decoding=\"async\" width=\"800\" height=\"491\" src=\"https:\/\/jenatschgaragen.ch\/sommerhalder\/wp-content\/uploads\/sites\/2\/2026\/02\/dienstleistungen-aufdorf_maennedorf-karosserie_und_lack-03-1024x628.jpg\" class=\"elementor-animation-float attachment-large size-large wp-image-986\" alt=\"\" srcset=\"https:\/\/jenatschgaragen.ch\/sommerhalder\/wp-content\/uploads\/sites\/2\/2026\/02\/dienstleistungen-aufdorf_maennedorf-karosserie_und_lack-03-1024x628.jpg 1024w, https:\/\/jenatschgaragen.ch\/sommerhalder\/wp-content\/uploads\/sites\/2\/2026\/02\/dienstleistungen-aufdorf_maennedorf-karosserie_und_lack-03-300x184.jpg 300w, https:\/\/jenatschgaragen.ch\/sommerhalder\/wp-content\/uploads\/sites\/2\/2026\/02\/dienstleistungen-aufdorf_maennedorf-karosserie_und_lack-03-768x471.jpg 768w, https:\/\/jenatschgaragen.ch\/sommerhalder\/wp-content\/uploads\/sites\/2\/2026\/02\/dienstleistungen-aufdorf_maennedorf-karosserie_und_lack-03.jpg 1047w\" sizes=\"(max-width: 800px) 100vw, 800px\" \/>\t\t\t\t\t\t\t\t\t\t\t\t\t\t\t<\/div>\n\t\t<div class=\"elementor-element elementor-element-35b0483c e-con-full e-flex e-con e-child\" data-id=\"35b0483c\" data-element_type=\"container\" data-e-type=\"container\">\n\t\t\t\t<div class=\"elementor-element elementor-element-787ff730 elementor-widget elementor-widget-heading\" data-id=\"787ff730\" data-element_type=\"widget\" data-e-type=\"widget\" data-widget_type=\"heading.default\">\n\t\t\t\t\t<h6 class=\"elementor-heading-title elementor-size-default\">Wir erledigen das f\u00fcr Sie<\/h6>\t\t\t\t<\/div>\n\t\t\t\t<div class=\"elementor-element elementor-element-4264e138 elementor-widget elementor-widget-text-editor\" data-id=\"4264e138\" data-element_type=\"widget\" data-e-type=\"widget\" data-widget_type=\"text-editor.default\">\n\t\t\t\t\t\t\t\t\t<p class=\"p1\">Unsere Fachspezialisten pr\u00fcfen sorgf\u00e4ltig, ob sicherheitsrelevante Systeme von einem Schaden betroffen sind, um eine fachgerechte und sichere Instandsetzung zu gew\u00e4hrleisten. Kleinere Lack- und oberfl\u00e4chliche Sch\u00e4den beheben wir \u2013 sofern technisch sinnvoll \u2013 effizient und kostenschonend mit modernen Reparaturmethoden wie Clever Repair.<\/p>\t\t\t\t\t\t\t\t<\/div>\n\t\t\t\t<\/div>\n\t\t\t\t<\/div>\n\t\t\t\t<\/div>\n\t\t\t\t<\/div>\n\t\t\t\t\t<\/div>\n\t\t\t\t<\/div>\n\t\t<div class=\"elementor-element elementor-element-64497f9f e-flex e-con-boxed e-con e-parent\" data-id=\"64497f9f\" data-element_type=\"container\" data-e-type=\"container\" data-settings=\"{&quot;background_background&quot;:&quot;classic&quot;}\">\n\t\t\t\t\t<div class=\"e-con-inner\">\n\t\t<div class=\"elementor-element elementor-element-f8652dd e-con-full e-flex e-con e-child\" data-id=\"f8652dd\" data-element_type=\"container\" data-e-type=\"container\">\n\t\t<div class=\"elementor-element elementor-element-4c33d289 e-con-full e-flex e-con e-child\" data-id=\"4c33d289\" data-element_type=\"container\" data-e-type=\"container\">\n\t\t<div class=\"elementor-element elementor-element-2a634102 e-con-full e-flex e-con e-child\" data-id=\"2a634102\" data-element_type=\"container\" data-e-type=\"container\">\n\t\t\t\t<div class=\"elementor-element elementor-element-2bdecff3 elementor-widget elementor-widget-heading\" data-id=\"2bdecff3\" data-element_type=\"widget\" data-e-type=\"widget\" data-widget_type=\"heading.default\">\n\t\t\t\t\t<h3 class=\"elementor-heading-title elementor-size-default\">Termin vereinbaren<\/h3>\t\t\t\t<\/div>\n\t\t<div class=\"elementor-element elementor-element-29b4117f e-con-full animated-slow e-flex elementor-invisible e-con e-child\" data-id=\"29b4117f\" data-element_type=\"container\" data-e-type=\"container\" data-settings=\"{&quot;background_background&quot;:&quot;classic&quot;,&quot;animation&quot;:&quot;fadeIn&quot;}\">\n\t\t\t\t<div class=\"elementor-element elementor-element-11e0d607 elementor-widget elementor-widget-heading\" data-id=\"11e0d607\" data-element_type=\"widget\" data-e-type=\"widget\" data-widget_type=\"heading.default\">\n\t\t\t\t\t<h4 class=\"elementor-heading-title elementor-size-default\">Schnell und einfach<\/h4>\t\t\t\t<\/div>\n\t\t\t\t<div class=\"elementor-element elementor-element-7f2a555d elementor-align-left elementor-widget elementor-widget-button\" data-id=\"7f2a555d\" data-element_type=\"widget\" data-e-type=\"widget\" data-widget_type=\"button.default\">\n\t\t\t\t\t\t\t\t\t\t<a class=\"elementor-button elementor-button-link elementor-size-sm\" href=\"https:\/\/sommerhalder.sopl.ch\/de\/\" target=\"_blank\">\n\t\t\t\t\t\t<span class=\"elementor-button-content-wrapper\">\n\t\t\t\t\t\t<span class=\"elementor-button-icon\">\n\t\t\t\t<svg aria-hidden=\"true\" class=\"e-font-icon-svg e-fas-angle-right\" viewBox=\"0 0 256 512\" xmlns=\"http:\/\/www.w3.org\/2000\/svg\"><path d=\"M224.3 273l-136 136c-9.4 9.4-24.6 9.4-33.9 0l-22.6-22.6c-9.4-9.4-9.4-24.6 0-33.9l96.4-96.4-96.4-96.4c-9.4-9.4-9.4-24.6 0-33.9L54.3 103c9.4-9.4 24.6-9.4 33.9 0l136 136c9.5 9.4 9.5 24.6.1 34z\"><\/path><\/svg>\t\t\t<\/span>\n\t\t\t\t\t\t\t\t\t<span class=\"elementor-button-text\">Online Termin vereinbaren<\/span>\n\t\t\t\t\t<\/span>\n\t\t\t\t\t<\/a>\n\t\t\t\t\t\t\t\t<\/div>\n\t\t\t\t<\/div>\n\t\t\t\t<\/div>\n\t\t<div class=\"elementor-element elementor-element-66fd2b89 e-con-full animated-fast e-flex elementor-invisible e-con e-child\" data-id=\"66fd2b89\" data-element_type=\"container\" data-e-type=\"container\" data-settings=\"{&quot;animation&quot;:&quot;fadeInUp&quot;,&quot;animation_delay&quot;:&quot;200&quot;}\">\n\t\t\t\t<div class=\"elementor-element elementor-element-475cfad6 elementor-widget elementor-widget-heading\" data-id=\"475cfad6\" data-element_type=\"widget\" data-e-type=\"widget\" data-widget_type=\"heading.default\">\n\t\t\t\t\t<h3 class=\"elementor-heading-title elementor-size-default\">Im Herzen von Z\u00fcrich.<\/h3>\t\t\t\t<\/div>\n\t\t\t\t<div class=\"elementor-element elementor-element-63246df4 elementor-widget elementor-widget-image\" data-id=\"63246df4\" data-element_type=\"widget\" data-e-type=\"widget\" data-widget_type=\"image.default\">\n\t\t\t\t\t\t\t\t\t\t\t\t\t\t\t<img loading=\"lazy\" decoding=\"async\" width=\"640\" height=\"400\" src=\"https:\/\/jenatschgaragen.ch\/sommerhalder\/wp-content\/uploads\/sites\/2\/2026\/01\/garage-Sommerhalder.jpg\" class=\"elementor-animation-float attachment-medium_large size-medium_large wp-image-198\" alt=\"\" srcset=\"https:\/\/jenatschgaragen.ch\/sommerhalder\/wp-content\/uploads\/sites\/2\/2026\/01\/garage-Sommerhalder.jpg 640w, https:\/\/jenatschgaragen.ch\/sommerhalder\/wp-content\/uploads\/sites\/2\/2026\/01\/garage-Sommerhalder-300x188.jpg 300w\" sizes=\"(max-width: 640px) 100vw, 640px\" \/>\t\t\t\t\t\t\t\t\t\t\t\t\t\t\t<\/div>\n\t\t\t\t<div class=\"elementor-element elementor-element-52df65cc elementor-widget elementor-widget-text-editor\" data-id=\"52df65cc\" data-element_type=\"widget\" data-e-type=\"widget\" data-widget_type=\"text-editor.default\">\n\t\t\t\t\t\t\t\t\t<p class=\"p1\">Bei der <strong data-start=\"162\" data-end=\"185\">Garage Sommerhalder<\/strong> stehen Verl\u00e4sslichkeit, N\u00e4he und Fachkompetenz im Mittelpunkt. Als fest in Z\u00fcrich verwurzelter Garagenbetrieb begleiten wir unsere Kundinnen und Kunden seit vielen Jahren rund um ihre Mobilit\u00e4t. Wir setzen auf sorgf\u00e4ltige Arbeit, pers\u00f6nliche Beratung und einen offenen, ehrlichen Umgang. Unsere Leidenschaft f\u00fcr die Marke Volkswagen pr\u00e4gt dabei alles, was wir tun, jeden Tag aufs Neue.<\/p>\t\t\t\t\t\t\t\t<\/div>\n\t\t\t\t<\/div>\n\t\t\t\t<\/div>\n\t\t\t\t<\/div>\n\t\t\t\t\t<\/div>\n\t\t\t\t<\/div>\n\t\t\t\t<\/div>\n\t\t","protected":false},"excerpt":{"rendered":"<p>Karosserie und Lack Perfekte Arbeit f\u00fcr Ihren Volkswagen. Wir sorgen daf\u00fcr, dass Ihr Fahrzeug optisch und technisch wieder in einwandfreiem Zustand ist \u2013 von kleinen Kratzern bis hin zu gr\u00f6sseren Unfallsch\u00e4den. Mit professionellen Reparaturmethoden, hochwertigen Materialien und h\u00f6chsten Qualit\u00e4tsstandards stellen wir sicher, dass Ihr Fahrzeug wieder wie neu aussieht und optimal gesch\u00fctzt bleibt. Dabei \u00fcbernehmen [&hellip;]<\/p>\n","protected":false},"author":1,"featured_media":0,"parent":0,"menu_order":0,"comment_status":"closed","ping_status":"closed","template":"","meta":{"footnotes":""},"class_list":["post-1051","page","type-page","status-publish","hentry"],"yoast_head":"<!-- This site is optimized with the Yoast SEO plugin v27.2 - https:\/\/yoast.com\/product\/yoast-seo-wordpress\/ -->\n<title>Karosserie und Lack - Garage Sommerhalder<\/title>\n<meta name=\"description\" content=\"Karosserie- und Lackarbeiten bei Garage Sommerhalder! Wir reparieren Unfallsch\u00e4den, Dellen und Kratzer professionell, schnell und zuverl\u00e4ssig.\" \/>\n<meta name=\"robots\" content=\"index, follow, max-snippet:-1, max-image-preview:large, max-video-preview:-1\" \/>\n<link rel=\"canonical\" href=\"https:\/\/jenatschgaragen.ch\/sommerhalder\/karosserie-und-lack\/\" \/>\n<meta property=\"og:locale\" content=\"de_DE\" \/>\n<meta property=\"og:type\" content=\"article\" \/>\n<meta property=\"og:title\" content=\"Karosserie und Lack - Garage Sommerhalder\" \/>\n<meta property=\"og:description\" content=\"Karosserie- und Lackarbeiten bei Garage Sommerhalder! Wir reparieren Unfallsch\u00e4den, Dellen und Kratzer professionell, schnell und zuverl\u00e4ssig.\" \/>\n<meta property=\"og:url\" content=\"https:\/\/jenatschgaragen.ch\/sommerhalder\/karosserie-und-lack\/\" \/>\n<meta property=\"og:site_name\" content=\"Garage Sommerhalder\" \/>\n<meta property=\"article:modified_time\" content=\"2026-04-16T06:38:31+00:00\" \/>\n<meta property=\"og:image\" content=\"https:\/\/jenatschgaragen.ch\/sommerhalder\/wp-content\/uploads\/sites\/2\/2026\/02\/dienstleistungen-karosserie_und_lack-01-1024x628.jpg\" \/>\n<meta name=\"twitter:card\" content=\"summary_large_image\" \/>\n<meta name=\"twitter:label1\" content=\"Gesch\u00e4tzte Lesezeit\" \/>\n\t<meta name=\"twitter:data1\" content=\"3\u00a0Minuten\" \/>\n<script type=\"application\/ld+json\" class=\"yoast-schema-graph\">{\"@context\":\"https:\/\/schema.org\",\"@graph\":[{\"@type\":\"WebPage\",\"@id\":\"https:\/\/jenatschgaragen.ch\/sommerhalder\/karosserie-und-lack\/\",\"url\":\"https:\/\/jenatschgaragen.ch\/sommerhalder\/karosserie-und-lack\/\",\"name\":\"Karosserie und Lack - Garage Sommerhalder\",\"isPartOf\":{\"@id\":\"https:\/\/jenatschgaragen.ch\/sommerhalder\/#website\"},\"primaryImageOfPage\":{\"@id\":\"https:\/\/jenatschgaragen.ch\/sommerhalder\/karosserie-und-lack\/#primaryimage\"},\"image\":{\"@id\":\"https:\/\/jenatschgaragen.ch\/sommerhalder\/karosserie-und-lack\/#primaryimage\"},\"thumbnailUrl\":\"https:\/\/jenatschgaragen.ch\/sommerhalder\/wp-content\/uploads\/sites\/2\/2026\/02\/dienstleistungen-karosserie_und_lack-01-1024x628.jpg\",\"datePublished\":\"2026-02-02T11:31:32+00:00\",\"dateModified\":\"2026-04-16T06:38:31+00:00\",\"description\":\"Karosserie- und Lackarbeiten bei Garage Sommerhalder! Wir reparieren Unfallsch\u00e4den, Dellen und Kratzer professionell, schnell und zuverl\u00e4ssig.\",\"breadcrumb\":{\"@id\":\"https:\/\/jenatschgaragen.ch\/sommerhalder\/karosserie-und-lack\/#breadcrumb\"},\"inLanguage\":\"de-CH\",\"potentialAction\":[{\"@type\":\"ReadAction\",\"target\":[\"https:\/\/jenatschgaragen.ch\/sommerhalder\/karosserie-und-lack\/\"]}]},{\"@type\":\"ImageObject\",\"inLanguage\":\"de-CH\",\"@id\":\"https:\/\/jenatschgaragen.ch\/sommerhalder\/karosserie-und-lack\/#primaryimage\",\"url\":\"https:\/\/jenatschgaragen.ch\/sommerhalder\/wp-content\/uploads\/sites\/2\/2026\/02\/dienstleistungen-karosserie_und_lack-01.jpg\",\"contentUrl\":\"https:\/\/jenatschgaragen.ch\/sommerhalder\/wp-content\/uploads\/sites\/2\/2026\/02\/dienstleistungen-karosserie_und_lack-01.jpg\",\"width\":1047,\"height\":642},{\"@type\":\"BreadcrumbList\",\"@id\":\"https:\/\/jenatschgaragen.ch\/sommerhalder\/karosserie-und-lack\/#breadcrumb\",\"itemListElement\":[{\"@type\":\"ListItem\",\"position\":1,\"name\":\"Home\",\"item\":\"https:\/\/jenatschgaragen.ch\/sommerhalder\/\"},{\"@type\":\"ListItem\",\"position\":2,\"name\":\"Karosserie und Lack\"}]},{\"@type\":\"WebSite\",\"@id\":\"https:\/\/jenatschgaragen.ch\/sommerhalder\/#website\",\"url\":\"https:\/\/jenatschgaragen.ch\/sommerhalder\/\",\"name\":\"Garage Sommerhalder\",\"description\":\"Ihre Volkswagen-Experten im Herzen von Z\u00fcrich\\u2028\",\"publisher\":{\"@id\":\"https:\/\/jenatschgaragen.ch\/sommerhalder\/#organization\"},\"potentialAction\":[{\"@type\":\"SearchAction\",\"target\":{\"@type\":\"EntryPoint\",\"urlTemplate\":\"https:\/\/jenatschgaragen.ch\/sommerhalder\/?s={search_term_string}\"},\"query-input\":{\"@type\":\"PropertyValueSpecification\",\"valueRequired\":true,\"valueName\":\"search_term_string\"}}],\"inLanguage\":\"de-CH\"},{\"@type\":\"Organization\",\"@id\":\"https:\/\/jenatschgaragen.ch\/sommerhalder\/#organization\",\"name\":\"Garage Sommerhalder\",\"url\":\"https:\/\/jenatschgaragen.ch\/sommerhalder\/\",\"logo\":{\"@type\":\"ImageObject\",\"inLanguage\":\"de-CH\",\"@id\":\"https:\/\/jenatschgaragen.ch\/sommerhalder\/#\/schema\/logo\/image\/\",\"url\":\"https:\/\/jenatschgaragen.ch\/sommerhalder\/wp-content\/uploads\/sites\/2\/2026\/01\/logo-JG-Somerhalder.png\",\"contentUrl\":\"https:\/\/jenatschgaragen.ch\/sommerhalder\/wp-content\/uploads\/sites\/2\/2026\/01\/logo-JG-Somerhalder.png\",\"width\":560,\"height\":50,\"caption\":\"Garage Sommerhalder\"},\"image\":{\"@id\":\"https:\/\/jenatschgaragen.ch\/sommerhalder\/#\/schema\/logo\/image\/\"}}]}<\/script>\n<!-- \/ Yoast SEO plugin. -->","yoast_head_json":{"title":"Karosserie und Lack - Garage Sommerhalder","description":"Karosserie- und Lackarbeiten bei Garage Sommerhalder! Wir reparieren Unfallsch\u00e4den, Dellen und Kratzer professionell, schnell und zuverl\u00e4ssig.","robots":{"index":"index","follow":"follow","max-snippet":"max-snippet:-1","max-image-preview":"max-image-preview:large","max-video-preview":"max-video-preview:-1"},"canonical":"https:\/\/jenatschgaragen.ch\/sommerhalder\/karosserie-und-lack\/","og_locale":"de_DE","og_type":"article","og_title":"Karosserie und Lack - Garage Sommerhalder","og_description":"Karosserie- und Lackarbeiten bei Garage Sommerhalder! Wir reparieren Unfallsch\u00e4den, Dellen und Kratzer professionell, schnell und zuverl\u00e4ssig.","og_url":"https:\/\/jenatschgaragen.ch\/sommerhalder\/karosserie-und-lack\/","og_site_name":"Garage Sommerhalder","article_modified_time":"2026-04-16T06:38:31+00:00","og_image":[{"url":"https:\/\/jenatschgaragen.ch\/sommerhalder\/wp-content\/uploads\/sites\/2\/2026\/02\/dienstleistungen-karosserie_und_lack-01-1024x628.jpg","type":"","width":"","height":""}],"twitter_card":"summary_large_image","twitter_misc":{"Gesch\u00e4tzte Lesezeit":"3\u00a0Minuten"},"schema":{"@context":"https:\/\/schema.org","@graph":[{"@type":"WebPage","@id":"https:\/\/jenatschgaragen.ch\/sommerhalder\/karosserie-und-lack\/","url":"https:\/\/jenatschgaragen.ch\/sommerhalder\/karosserie-und-lack\/","name":"Karosserie und Lack - Garage Sommerhalder","isPartOf":{"@id":"https:\/\/jenatschgaragen.ch\/sommerhalder\/#website"},"primaryImageOfPage":{"@id":"https:\/\/jenatschgaragen.ch\/sommerhalder\/karosserie-und-lack\/#primaryimage"},"image":{"@id":"https:\/\/jenatschgaragen.ch\/sommerhalder\/karosserie-und-lack\/#primaryimage"},"thumbnailUrl":"https:\/\/jenatschgaragen.ch\/sommerhalder\/wp-content\/uploads\/sites\/2\/2026\/02\/dienstleistungen-karosserie_und_lack-01-1024x628.jpg","datePublished":"2026-02-02T11:31:32+00:00","dateModified":"2026-04-16T06:38:31+00:00","description":"Karosserie- und Lackarbeiten bei Garage Sommerhalder! Wir reparieren Unfallsch\u00e4den, Dellen und Kratzer professionell, schnell und zuverl\u00e4ssig.","breadcrumb":{"@id":"https:\/\/jenatschgaragen.ch\/sommerhalder\/karosserie-und-lack\/#breadcrumb"},"inLanguage":"de-CH","potentialAction":[{"@type":"ReadAction","target":["https:\/\/jenatschgaragen.ch\/sommerhalder\/karosserie-und-lack\/"]}]},{"@type":"ImageObject","inLanguage":"de-CH","@id":"https:\/\/jenatschgaragen.ch\/sommerhalder\/karosserie-und-lack\/#primaryimage","url":"https:\/\/jenatschgaragen.ch\/sommerhalder\/wp-content\/uploads\/sites\/2\/2026\/02\/dienstleistungen-karosserie_und_lack-01.jpg","contentUrl":"https:\/\/jenatschgaragen.ch\/sommerhalder\/wp-content\/uploads\/sites\/2\/2026\/02\/dienstleistungen-karosserie_und_lack-01.jpg","width":1047,"height":642},{"@type":"BreadcrumbList","@id":"https:\/\/jenatschgaragen.ch\/sommerhalder\/karosserie-und-lack\/#breadcrumb","itemListElement":[{"@type":"ListItem","position":1,"name":"Home","item":"https:\/\/jenatschgaragen.ch\/sommerhalder\/"},{"@type":"ListItem","position":2,"name":"Karosserie und Lack"}]},{"@type":"WebSite","@id":"https:\/\/jenatschgaragen.ch\/sommerhalder\/#website","url":"https:\/\/jenatschgaragen.ch\/sommerhalder\/","name":"Garage Sommerhalder","description":"Ihre Volkswagen-Experten im Herzen von Z\u00fcrich\u2028","publisher":{"@id":"https:\/\/jenatschgaragen.ch\/sommerhalder\/#organization"},"potentialAction":[{"@type":"SearchAction","target":{"@type":"EntryPoint","urlTemplate":"https:\/\/jenatschgaragen.ch\/sommerhalder\/?s={search_term_string}"},"query-input":{"@type":"PropertyValueSpecification","valueRequired":true,"valueName":"search_term_string"}}],"inLanguage":"de-CH"},{"@type":"Organization","@id":"https:\/\/jenatschgaragen.ch\/sommerhalder\/#organization","name":"Garage Sommerhalder","url":"https:\/\/jenatschgaragen.ch\/sommerhalder\/","logo":{"@type":"ImageObject","inLanguage":"de-CH","@id":"https:\/\/jenatschgaragen.ch\/sommerhalder\/#\/schema\/logo\/image\/","url":"https:\/\/jenatschgaragen.ch\/sommerhalder\/wp-content\/uploads\/sites\/2\/2026\/01\/logo-JG-Somerhalder.png","contentUrl":"https:\/\/jenatschgaragen.ch\/sommerhalder\/wp-content\/uploads\/sites\/2\/2026\/01\/logo-JG-Somerhalder.png","width":560,"height":50,"caption":"Garage Sommerhalder"},"image":{"@id":"https:\/\/jenatschgaragen.ch\/sommerhalder\/#\/schema\/logo\/image\/"}}]}},"_links":{"self":[{"href":"https:\/\/jenatschgaragen.ch\/sommerhalder\/wp-json\/wp\/v2\/pages\/1051","targetHints":{"allow":["GET"]}}],"collection":[{"href":"https:\/\/jenatschgaragen.ch\/sommerhalder\/wp-json\/wp\/v2\/pages"}],"about":[{"href":"https:\/\/jenatschgaragen.ch\/sommerhalder\/wp-json\/wp\/v2\/types\/page"}],"author":[{"embeddable":true,"href":"https:\/\/jenatschgaragen.ch\/sommerhalder\/wp-json\/wp\/v2\/users\/1"}],"replies":[{"embeddable":true,"href":"https:\/\/jenatschgaragen.ch\/sommerhalder\/wp-json\/wp\/v2\/comments?post=1051"}],"version-history":[{"count":31,"href":"https:\/\/jenatschgaragen.ch\/sommerhalder\/wp-json\/wp\/v2\/pages\/1051\/revisions"}],"predecessor-version":[{"id":1751,"href":"https:\/\/jenatschgaragen.ch\/sommerhalder\/wp-json\/wp\/v2\/pages\/1051\/revisions\/1751"}],"wp:attachment":[{"href":"https:\/\/jenatschgaragen.ch\/sommerhalder\/wp-json\/wp\/v2\/media?parent=1051"}],"curies":[{"name":"wp","href":"https:\/\/api.w.org\/{rel}","templated":true}]}}