{"id":1010,"date":"2026-02-02T12:14:20","date_gmt":"2026-02-02T11:14:20","guid":{"rendered":"https:\/\/effecto-marketing.ch\/jenatsch\/garage-sommerhalder\/?page_id=1010"},"modified":"2026-04-16T08:30:38","modified_gmt":"2026-04-16T06:30:38","slug":"firmenkunden-flotte","status":"publish","type":"page","link":"https:\/\/jenatschgaragen.ch\/sommerhalder\/firmenkunden-flotte\/","title":{"rendered":"Firmenkunden"},"content":{"rendered":"\t\t<div data-elementor-type=\"wp-page\" data-elementor-id=\"1010\" class=\"elementor elementor-1010\" data-elementor-post-type=\"page\">\n\t\t\t\t<div class=\"elementor-element elementor-element-a94a212 e-con-full e-flex e-con e-parent\" data-id=\"a94a212\" data-element_type=\"container\" data-e-type=\"container\" data-settings=\"{&quot;background_background&quot;:&quot;classic&quot;}\">\n\t\t\t\t<\/div>\n\t\t<div class=\"elementor-element elementor-element-220f206 e-flex e-con-boxed e-con e-parent\" data-id=\"220f206\" data-element_type=\"container\" data-e-type=\"container\" data-settings=\"{&quot;background_background&quot;:&quot;gradient&quot;}\">\n\t\t\t\t\t<div class=\"e-con-inner\">\n\t\t<div class=\"elementor-element elementor-element-584117e e-con-full e-flex e-con e-child\" data-id=\"584117e\" data-element_type=\"container\" data-e-type=\"container\">\n\t\t<div class=\"elementor-element elementor-element-945e50c e-con-full e-flex e-con e-child\" data-id=\"945e50c\" data-element_type=\"container\" data-e-type=\"container\">\n\t\t\t\t<div class=\"elementor-element elementor-element-2dca4a1 elementor-widget elementor-widget-heading\" data-id=\"2dca4a1\" data-element_type=\"widget\" data-e-type=\"widget\" data-widget_type=\"heading.default\">\n\t\t\t\t\t<h2 class=\"elementor-heading-title elementor-size-default\">Flottenl\u00f6sungen f\u00fcr Firmen im Raum Z\u00fcrich.<\/h2>\t\t\t\t<\/div>\n\t\t\t\t<\/div>\n\t\t<div class=\"elementor-element elementor-element-de7924b e-con-full e-flex e-con e-child\" data-id=\"de7924b\" data-element_type=\"container\" data-e-type=\"container\">\n\t\t\t\t<div class=\"elementor-element elementor-element-f7a975f elementor-widget elementor-widget-heading\" data-id=\"f7a975f\" data-element_type=\"widget\" data-e-type=\"widget\" data-widget_type=\"heading.default\">\n\t\t\t\t\t<h4 class=\"elementor-heading-title elementor-size-default\">Effizient. Flexibel. Zukunftssicher.<\/h4>\t\t\t\t<\/div>\n\t\t\t\t<div class=\"elementor-element elementor-element-68a83b6 elementor-widget elementor-widget-text-editor\" data-id=\"68a83b6\" data-element_type=\"widget\" data-e-type=\"widget\" data-widget_type=\"text-editor.default\">\n\t\t\t\t\t\t\t\t\t<p>Wir von der <strong>Garage Sommerhalder AG<\/strong> unterst\u00fctzen Unternehmen im Grossraum Z\u00fcrich mit massgeschneiderten Flottenl\u00f6sungen. Von der Fahrzeugbeschaffung \u00fcber Full-Service-Leasing bis hin zu individuellen Serviceleistungen. So bleibt Ihre Firmenflotte wirtschaftlich, effizient und bestens f\u00fcr die Zukunft ger\u00fcstet.<\/p>\t\t\t\t\t\t\t\t<\/div>\n\t\t\t\t<\/div>\n\t\t\t\t<\/div>\n\t\t\t\t\t<\/div>\n\t\t\t\t<\/div>\n\t\t<div class=\"elementor-element elementor-element-e740fba e-flex e-con-boxed e-con e-parent\" data-id=\"e740fba\" data-element_type=\"container\" data-e-type=\"container\" data-settings=\"{&quot;background_background&quot;:&quot;classic&quot;}\">\n\t\t\t\t\t<div class=\"e-con-inner\">\n\t\t<div class=\"elementor-element elementor-element-15d379d e-con-full e-flex e-con e-child\" data-id=\"15d379d\" data-element_type=\"container\" data-e-type=\"container\">\n\t\t<div class=\"elementor-element elementor-element-52bdc62 e-con-full e-flex e-con e-child\" data-id=\"52bdc62\" data-element_type=\"container\" data-e-type=\"container\">\n\t\t<div class=\"elementor-element elementor-element-65f9ff3 e-con-full e-flex e-con e-child\" data-id=\"65f9ff3\" data-element_type=\"container\" data-e-type=\"container\">\n\t\t\t\t<div class=\"elementor-element elementor-element-53cbc97 elementor-widget elementor-widget-heading\" data-id=\"53cbc97\" data-element_type=\"widget\" data-e-type=\"widget\" data-widget_type=\"heading.default\">\n\t\t\t\t\t<h3 class=\"elementor-heading-title elementor-size-default\">Volkswagen Flottenl\u00f6sungen.<\/h3>\t\t\t\t<\/div>\n\t\t\t\t<\/div>\n\t\t<div class=\"elementor-element elementor-element-2b53607 e-con-full e-flex e-con e-child\" data-id=\"2b53607\" data-element_type=\"container\" data-e-type=\"container\">\n\t\t\t\t<div class=\"elementor-element elementor-element-7ac5182 elementor-widget elementor-widget-text-editor\" data-id=\"7ac5182\" data-element_type=\"widget\" data-e-type=\"widget\" data-widget_type=\"text-editor.default\">\n\t\t\t\t\t\t\t\t\t<p>Mit Volkswagen bieten wir Unternehmen im Raum Z\u00fcrich eine breite Palette an modernen und wirtschaftlichen Firmenfahrzeugen. Vom sparsamen Verbrenner \u00fcber effiziente Plug-in-Hybride bis hin zu vollelektrischen Modellen. Wir unterst\u00fctzen Sie bei der Wahl der optimalen L\u00f6sung f\u00fcr Ihre Flotte. Dank attraktiver Flottenkonditionen, hoher Qualit\u00e4tsstandards und innovativer Technologien bleiben Sie flexibel und wettbewerbsf\u00e4hig.<\/p>\t\t\t\t\t\t\t\t<\/div>\n\t\t\t\t<\/div>\n\t\t\t\t<\/div>\n\t\t<div class=\"elementor-element elementor-element-e7408cc e-con-full e-flex e-con e-child\" data-id=\"e7408cc\" data-element_type=\"container\" data-e-type=\"container\">\n\t\t<div class=\"elementor-element elementor-element-14d9b31 e-con-full e-flex e-con e-child\" data-id=\"14d9b31\" data-element_type=\"container\" data-e-type=\"container\">\n\t\t\t\t<div class=\"elementor-element elementor-element-73ab6b7 elementor-widget elementor-widget-image\" data-id=\"73ab6b7\" data-element_type=\"widget\" data-e-type=\"widget\" data-widget_type=\"image.default\">\n\t\t\t\t\t\t\t\t\t\t\t\t\t\t\t<img fetchpriority=\"high\" decoding=\"async\" width=\"640\" height=\"427\" src=\"https:\/\/jenatschgaragen.ch\/sommerhalder\/wp-content\/uploads\/sites\/2\/2026\/02\/Volkswagen-Range.png\" class=\"elementor-animation-float attachment-full size-full wp-image-1241\" alt=\"\" srcset=\"https:\/\/jenatschgaragen.ch\/sommerhalder\/wp-content\/uploads\/sites\/2\/2026\/02\/Volkswagen-Range.png 640w, https:\/\/jenatschgaragen.ch\/sommerhalder\/wp-content\/uploads\/sites\/2\/2026\/02\/Volkswagen-Range-300x200.png 300w\" sizes=\"(max-width: 640px) 100vw, 640px\" \/>\t\t\t\t\t\t\t\t\t\t\t\t\t\t\t<\/div>\n\t\t<div class=\"elementor-element elementor-element-161a5f5 e-con-full e-flex e-con e-child\" data-id=\"161a5f5\" data-element_type=\"container\" data-e-type=\"container\">\n\t\t<div class=\"elementor-element elementor-element-4f217df e-con-full e-flex e-con e-child\" data-id=\"4f217df\" data-element_type=\"container\" data-e-type=\"container\">\n\t\t\t\t<div class=\"elementor-element elementor-element-d5e8d1c elementor-widget elementor-widget-heading\" data-id=\"d5e8d1c\" data-element_type=\"widget\" data-e-type=\"widget\" data-widget_type=\"heading.default\">\n\t\t\t\t\t<h4 class=\"elementor-heading-title elementor-size-default\">Zuverl\u00e4ssigkeit<\/h4>\t\t\t\t<\/div>\n\t\t\t\t<div class=\"elementor-element elementor-element-9dcc6bd elementor-widget elementor-widget-text-editor\" data-id=\"9dcc6bd\" data-element_type=\"widget\" data-e-type=\"widget\" data-widget_type=\"text-editor.default\">\n\t\t\t\t\t\t\t\t\t<p>Volkswagen steht f\u00fcr Zuverl\u00e4ssigkeit, Effizienz und Innovation \u2013 ideale Voraussetzungen f\u00fcr moderne Firmenflotten. Wir von den <strong data-start=\"1072\" data-end=\"1092\">Jenatsch-Garagen <\/strong>bieten Unternehmen im Grossraum Z\u00fcrich Zugang zur gesamten Volkswagen Modellpalette: vom kompakten Stadtfahrzeug \u00fcber vielseitige Nutzfahrzeuge bis hin zu elektrifizierten Mobilit\u00e4tsl\u00f6sungen.<\/p>\t\t\t\t\t\t\t\t<\/div>\n\t\t\t\t<\/div>\n\t\t\t\t<\/div>\n\t\t\t\t<\/div>\n\t\t<div class=\"elementor-element elementor-element-fead786 e-con-full e-flex e-con e-child\" data-id=\"fead786\" data-element_type=\"container\" data-e-type=\"container\">\n\t\t\t\t<div class=\"elementor-element elementor-element-1907a23 elementor-widget elementor-widget-image\" data-id=\"1907a23\" data-element_type=\"widget\" data-e-type=\"widget\" data-widget_type=\"image.default\">\n\t\t\t\t\t\t\t\t\t\t\t\t\t\t\t<img decoding=\"async\" width=\"640\" height=\"427\" src=\"https:\/\/jenatschgaragen.ch\/sommerhalder\/wp-content\/uploads\/sites\/2\/2026\/02\/Volkswagen-Elektro.png\" class=\"elementor-animation-float attachment-full size-full wp-image-1240\" alt=\"\" srcset=\"https:\/\/jenatschgaragen.ch\/sommerhalder\/wp-content\/uploads\/sites\/2\/2026\/02\/Volkswagen-Elektro.png 640w, https:\/\/jenatschgaragen.ch\/sommerhalder\/wp-content\/uploads\/sites\/2\/2026\/02\/Volkswagen-Elektro-300x200.png 300w\" sizes=\"(max-width: 640px) 100vw, 640px\" \/>\t\t\t\t\t\t\t\t\t\t\t\t\t\t\t<\/div>\n\t\t<div class=\"elementor-element elementor-element-0bcfa7f e-con-full e-flex e-con e-child\" data-id=\"0bcfa7f\" data-element_type=\"container\" data-e-type=\"container\">\n\t\t\t\t<div class=\"elementor-element elementor-element-fef7cb2 elementor-widget elementor-widget-heading\" data-id=\"fef7cb2\" data-element_type=\"widget\" data-e-type=\"widget\" data-widget_type=\"heading.default\">\n\t\t\t\t\t<h4 class=\"elementor-heading-title elementor-size-default\">Attraktive Konditionen<\/h4>\t\t\t\t<\/div>\n\t\t\t\t<div class=\"elementor-element elementor-element-2836762 elementor-widget elementor-widget-text-editor\" data-id=\"2836762\" data-element_type=\"widget\" data-e-type=\"widget\" data-widget_type=\"text-editor.default\">\n\t\t\t\t\t\t\t\t\t<p>Dank attraktiver Flotten- und Grosskundenkonditionen, moderner Assistenz- und Sicherheitssysteme sowie niedriger Gesamtbetriebskosten (TCO) profitieren Sie von maximaler Wirtschaftlichkeit. Erg\u00e4nzt durch flexible Leasingmodelle, digitale Flottenservices und unser pers\u00f6nliches Serviceversprechen entsteht eine zukunftssichere L\u00f6sung, die sich exakt an Ihren Unternehmensbedarf anpasst.<\/p>\t\t\t\t\t\t\t\t<\/div>\n\t\t\t\t<\/div>\n\t\t\t\t<\/div>\n\t\t\t\t<\/div>\n\t\t\t\t<\/div>\n\t\t\t\t\t<\/div>\n\t\t\t\t<\/div>\n\t\t<div class=\"elementor-element elementor-element-880b927 e-flex e-con-boxed e-con e-parent\" data-id=\"880b927\" data-element_type=\"container\" data-e-type=\"container\" data-settings=\"{&quot;background_background&quot;:&quot;gradient&quot;}\">\n\t\t\t\t\t<div class=\"e-con-inner\">\n\t\t<div class=\"elementor-element elementor-element-fbcb18f e-con-full e-flex e-con e-child\" data-id=\"fbcb18f\" data-element_type=\"container\" data-e-type=\"container\">\n\t\t<div class=\"elementor-element elementor-element-34729e8 e-con-full e-flex e-con e-child\" data-id=\"34729e8\" data-element_type=\"container\" data-e-type=\"container\">\n\t\t<div class=\"elementor-element elementor-element-88cc885 e-con-full e-flex e-con e-child\" data-id=\"88cc885\" data-element_type=\"container\" data-e-type=\"container\">\n\t\t\t\t<div class=\"elementor-element elementor-element-a31c6d1 elementor-widget elementor-widget-heading\" data-id=\"a31c6d1\" data-element_type=\"widget\" data-e-type=\"widget\" data-widget_type=\"heading.default\">\n\t\t\t\t\t<h4 class=\"elementor-heading-title elementor-size-default\">Ihre Bed\u00fcrfnisse. Unsere L\u00f6sungen.<\/h4>\t\t\t\t<\/div>\n\t\t\t\t<\/div>\n\t\t<div class=\"elementor-element elementor-element-69ffed5 e-con-full e-flex e-con e-child\" data-id=\"69ffed5\" data-element_type=\"container\" data-e-type=\"container\">\n\t\t\t\t<div class=\"elementor-element elementor-element-b385318 elementor-widget elementor-widget-text-editor\" data-id=\"b385318\" data-element_type=\"widget\" data-e-type=\"widget\" data-widget_type=\"text-editor.default\">\n\t\t\t\t\t\t\t\t\t<p>Dank unserer langj\u00e4hrigen Expertise im Flottenmanagement k\u00f6nnen Sie sich voll und ganz auf Ihr Kerngesch\u00e4ft konzentrieren. Wir \u00fcbernehmen s\u00e4mtliche Aufgaben rund um Ihre Firmenflotte und sorgen f\u00fcr effiziente Abl\u00e4ufe, transparente Kosten und maximale Entlastung. So sparen Sie Zeit, Geld und Nerven. Als Schweizer KMU verstehen wir Ihre Bed\u00fcrfnisse, denn wir sprechen dieselbe Sprache und kennen die Herausforderungen aus eigener Erfahrung.<\/p>\t\t\t\t\t\t\t\t<\/div>\n\t\t\t\t<\/div>\n\t\t\t\t<\/div>\n\t\t<div class=\"elementor-element elementor-element-f363573 e-con-full e-flex e-con e-child\" data-id=\"f363573\" data-element_type=\"container\" data-e-type=\"container\">\n\t\t<div class=\"elementor-element elementor-element-b07162e e-con-full e-flex e-con e-child\" data-id=\"b07162e\" data-element_type=\"container\" data-e-type=\"container\">\n\t\t\t\t<div class=\"elementor-element elementor-element-c9ebd82 elementor-widget elementor-widget-image\" data-id=\"c9ebd82\" data-element_type=\"widget\" data-e-type=\"widget\" data-widget_type=\"image.default\">\n\t\t\t\t\t\t\t\t\t\t\t\t\t\t\t<img decoding=\"async\" width=\"640\" height=\"427\" src=\"https:\/\/jenatschgaragen.ch\/sommerhalder\/wp-content\/uploads\/sites\/2\/2026\/03\/Passat_interne_SSSSSOMMERHALDER_01.jpg\" class=\"elementor-animation-float attachment-full size-full wp-image-1715\" alt=\"\" srcset=\"https:\/\/jenatschgaragen.ch\/sommerhalder\/wp-content\/uploads\/sites\/2\/2026\/03\/Passat_interne_SSSSSOMMERHALDER_01.jpg 640w, https:\/\/jenatschgaragen.ch\/sommerhalder\/wp-content\/uploads\/sites\/2\/2026\/03\/Passat_interne_SSSSSOMMERHALDER_01-300x200.jpg 300w\" sizes=\"(max-width: 640px) 100vw, 640px\" \/>\t\t\t\t\t\t\t\t\t\t\t\t\t\t\t<\/div>\n\t\t<div class=\"elementor-element elementor-element-dc1ecf8 e-con-full e-flex e-con e-child\" data-id=\"dc1ecf8\" data-element_type=\"container\" data-e-type=\"container\">\n\t\t\t\t<div class=\"elementor-element elementor-element-e830fab elementor-widget elementor-widget-heading\" data-id=\"e830fab\" data-element_type=\"widget\" data-e-type=\"widget\" data-widget_type=\"heading.default\">\n\t\t\t\t\t<h6 class=\"elementor-heading-title elementor-size-default\">Kilometerentsch\u00e4digung<\/h6>\t\t\t\t<\/div>\n\t\t\t\t<div class=\"elementor-element elementor-element-5af319a elementor-widget elementor-widget-text-editor\" data-id=\"5af319a\" data-element_type=\"widget\" data-e-type=\"widget\" data-widget_type=\"text-editor.default\">\n\t\t\t\t\t\t\t\t\t<p>Wenn Sie eine Kilometerent-sch\u00e4digung f\u00fcr Firmenwagen geltend machen k\u00f6nnen, sind wir Ihr richtiger Ansprechpartner. Um von unseren speziellen Rabatten f\u00fcr Firmenfahrzeuge zu profitieren, sprechen Sie mit uns und wir zeigen Ihnen auf, welche M\u00f6glichkeiten Ihnen zur Verf\u00fcgung stehen.<\/p>\t\t\t\t\t\t\t\t<\/div>\n\t\t\t\t<\/div>\n\t\t\t\t<\/div>\n\t\t<div class=\"elementor-element elementor-element-38162f8 e-con-full e-flex e-con e-child\" data-id=\"38162f8\" data-element_type=\"container\" data-e-type=\"container\">\n\t\t\t\t<div class=\"elementor-element elementor-element-f9f98a4 elementor-widget elementor-widget-image\" data-id=\"f9f98a4\" data-element_type=\"widget\" data-e-type=\"widget\" data-widget_type=\"image.default\">\n\t\t\t\t\t\t\t\t\t\t\t\t\t\t\t<img loading=\"lazy\" decoding=\"async\" width=\"640\" height=\"427\" src=\"https:\/\/jenatschgaragen.ch\/sommerhalder\/wp-content\/uploads\/sites\/2\/2026\/02\/ID7.png\" class=\"elementor-animation-float attachment-medium_large size-medium_large wp-image-1238\" alt=\"\" srcset=\"https:\/\/jenatschgaragen.ch\/sommerhalder\/wp-content\/uploads\/sites\/2\/2026\/02\/ID7.png 640w, https:\/\/jenatschgaragen.ch\/sommerhalder\/wp-content\/uploads\/sites\/2\/2026\/02\/ID7-300x200.png 300w\" sizes=\"(max-width: 640px) 100vw, 640px\" \/>\t\t\t\t\t\t\t\t\t\t\t\t\t\t\t<\/div>\n\t\t<div class=\"elementor-element elementor-element-c6198a1 e-con-full e-flex e-con e-child\" data-id=\"c6198a1\" data-element_type=\"container\" data-e-type=\"container\">\n\t\t\t\t<div class=\"elementor-element elementor-element-8f6bcb8 elementor-widget elementor-widget-heading\" data-id=\"8f6bcb8\" data-element_type=\"widget\" data-e-type=\"widget\" data-widget_type=\"heading.default\">\n\t\t\t\t\t<h6 class=\"elementor-heading-title elementor-size-default\">Pauschale Entsch\u00e4digung<\/h6>\t\t\t\t<\/div>\n\t\t\t\t<div class=\"elementor-element elementor-element-1bbf889 elementor-widget elementor-widget-text-editor\" data-id=\"1bbf889\" data-element_type=\"widget\" data-e-type=\"widget\" data-widget_type=\"text-editor.default\">\n\t\t\t\t\t\t\t\t\t<p>Erhalten Sie eine Mobilit\u00e4tspauschale f\u00fcr Firmenwagen, zeigen wir Ihnen die verschiedenen M\u00f6glichkeiten auf. Je nach Verg\u00fctungsmodell finden wir die passende L\u00f6sung f\u00fcr Sie. Vertrauen Sie uns Ihre individuellen Bed\u00fcrfnisse an und wir erarbeiten f\u00fcr Sie ein individuelles Angebot.<\/p>\t\t\t\t\t\t\t\t<\/div>\n\t\t\t\t<\/div>\n\t\t\t\t<\/div>\n\t\t<div class=\"elementor-element elementor-element-7542ffc e-con-full e-flex e-con e-child\" data-id=\"7542ffc\" data-element_type=\"container\" data-e-type=\"container\">\n\t\t\t\t<div class=\"elementor-element elementor-element-e5a1163 elementor-widget elementor-widget-image\" data-id=\"e5a1163\" data-element_type=\"widget\" data-e-type=\"widget\" data-widget_type=\"image.default\">\n\t\t\t\t\t\t\t\t\t\t\t\t\t\t\t<img loading=\"lazy\" decoding=\"async\" width=\"640\" height=\"427\" src=\"https:\/\/jenatschgaragen.ch\/sommerhalder\/wp-content\/uploads\/sites\/2\/2026\/02\/Volkswagen-Range.png\" class=\"elementor-animation-float attachment-medium_large size-medium_large wp-image-1241\" alt=\"\" srcset=\"https:\/\/jenatschgaragen.ch\/sommerhalder\/wp-content\/uploads\/sites\/2\/2026\/02\/Volkswagen-Range.png 640w, https:\/\/jenatschgaragen.ch\/sommerhalder\/wp-content\/uploads\/sites\/2\/2026\/02\/Volkswagen-Range-300x200.png 300w\" sizes=\"(max-width: 640px) 100vw, 640px\" \/>\t\t\t\t\t\t\t\t\t\t\t\t\t\t\t<\/div>\n\t\t<div class=\"elementor-element elementor-element-d75ee0b e-con-full e-flex e-con e-child\" data-id=\"d75ee0b\" data-element_type=\"container\" data-e-type=\"container\">\n\t\t\t\t<div class=\"elementor-element elementor-element-14d5fb3 elementor-widget elementor-widget-heading\" data-id=\"14d5fb3\" data-element_type=\"widget\" data-e-type=\"widget\" data-widget_type=\"heading.default\">\n\t\t\t\t\t<h6 class=\"elementor-heading-title elementor-size-default\">Firmenauto auf Firma eingel\u00f6st<\/h6>\t\t\t\t<\/div>\n\t\t\t\t<div class=\"elementor-element elementor-element-f091339 elementor-widget elementor-widget-text-editor\" data-id=\"f091339\" data-element_type=\"widget\" data-e-type=\"widget\" data-widget_type=\"text-editor.default\">\n\t\t\t\t\t\t\t\t\t<p>Wird der Firmenwagen auf Ihre Firma eingel\u00f6st, erhalten Sie je nach Flottenpark individuelle Kauf- und Finanzierungsl\u00f6sungen. F\u00fcr unsere speziellen Firmenkonditionen zeigen wir Ihnen auf, welche Bedingungen erf\u00fcllt sein m\u00fcssen und wie sie konkurrenzlose Konditionen f\u00fcr Ihren Audi erhalten k\u00f6nnen.<\/p>\t\t\t\t\t\t\t\t<\/div>\n\t\t\t\t<\/div>\n\t\t\t\t<\/div>\n\t\t<div class=\"elementor-element elementor-element-fccb53e e-con-full e-flex e-con e-child\" data-id=\"fccb53e\" data-element_type=\"container\" data-e-type=\"container\">\n\t\t\t\t<div class=\"elementor-element elementor-element-ff207c1 elementor-widget elementor-widget-image\" data-id=\"ff207c1\" data-element_type=\"widget\" data-e-type=\"widget\" data-widget_type=\"image.default\">\n\t\t\t\t\t\t\t\t\t\t\t\t\t\t\t<img loading=\"lazy\" decoding=\"async\" width=\"768\" height=\"512\" src=\"https:\/\/jenatschgaragen.ch\/sommerhalder\/wp-content\/uploads\/sites\/2\/2026\/03\/ID3_interne_SSSSSOMMERHALDER_01-768x512.jpg\" class=\"elementor-animation-float attachment-medium_large size-medium_large wp-image-1716\" alt=\"\" srcset=\"https:\/\/jenatschgaragen.ch\/sommerhalder\/wp-content\/uploads\/sites\/2\/2026\/03\/ID3_interne_SSSSSOMMERHALDER_01-768x512.jpg 768w, https:\/\/jenatschgaragen.ch\/sommerhalder\/wp-content\/uploads\/sites\/2\/2026\/03\/ID3_interne_SSSSSOMMERHALDER_01-300x200.jpg 300w, https:\/\/jenatschgaragen.ch\/sommerhalder\/wp-content\/uploads\/sites\/2\/2026\/03\/ID3_interne_SSSSSOMMERHALDER_01-1024x683.jpg 1024w, https:\/\/jenatschgaragen.ch\/sommerhalder\/wp-content\/uploads\/sites\/2\/2026\/03\/ID3_interne_SSSSSOMMERHALDER_01.jpg 1280w\" sizes=\"(max-width: 768px) 100vw, 768px\" \/>\t\t\t\t\t\t\t\t\t\t\t\t\t\t\t<\/div>\n\t\t<div class=\"elementor-element elementor-element-e4b4563 e-con-full e-flex e-con e-child\" data-id=\"e4b4563\" data-element_type=\"container\" data-e-type=\"container\">\n\t\t\t\t<div class=\"elementor-element elementor-element-2a67bc6 elementor-widget elementor-widget-heading\" data-id=\"2a67bc6\" data-element_type=\"widget\" data-e-type=\"widget\" data-widget_type=\"heading.default\">\n\t\t\t\t\t<h6 class=\"elementor-heading-title elementor-size-default\">Firmenauto auf Privat eingel\u00f6st<\/h6>\t\t\t\t<\/div>\n\t\t\t\t<div class=\"elementor-element elementor-element-2322c2b elementor-widget elementor-widget-text-editor\" data-id=\"2322c2b\" data-element_type=\"widget\" data-e-type=\"widget\" data-widget_type=\"text-editor.default\">\n\t\t\t\t\t\t\t\t\t<p>Bezahlt Ihre Firma den Firmenwagen, der auf Sie eingel\u00f6st wird, bezeichnen wir dar als \u201eUserChooser\u201c. Daf\u00fcr ben\u00f6tigen wir ein von der Firma unterzeichnetes Flottenformular, damit Sie von den sehr attraktiven Firmenkonditionen und weiteren Dienstleistungen profitieren k\u00f6nnen.<\/p>\t\t\t\t\t\t\t\t<\/div>\n\t\t\t\t<\/div>\n\t\t\t\t<\/div>\n\t\t\t\t<\/div>\n\t\t\t\t<\/div>\n\t\t<div class=\"elementor-element elementor-element-604537a e-con-full e-flex e-con e-child\" data-id=\"604537a\" data-element_type=\"container\" data-e-type=\"container\">\n\t\t<div class=\"elementor-element elementor-element-46c54fe e-con-full e-flex e-con e-child\" data-id=\"46c54fe\" data-element_type=\"container\" data-e-type=\"container\">\n\t\t<div class=\"elementor-element elementor-element-60dfe4f e-con-full e-flex e-con e-child\" data-id=\"60dfe4f\" data-element_type=\"container\" data-e-type=\"container\">\n\t\t\t\t<div class=\"elementor-element elementor-element-c458a72 elementor-widget elementor-widget-heading\" data-id=\"c458a72\" data-element_type=\"widget\" data-e-type=\"widget\" data-widget_type=\"heading.default\">\n\t\t\t\t\t<h4 class=\"elementor-heading-title elementor-size-default\">Ihr n\u00e4chster Dienstwagen wartet auf Sie.<\/h4>\t\t\t\t<\/div>\n\t\t<a class=\"elementor-element elementor-element-f87586e e-con-full e-flex elementor-invisible e-con e-child\" data-id=\"f87586e\" data-element_type=\"container\" data-e-type=\"container\" data-settings=\"{&quot;background_background&quot;:&quot;classic&quot;,&quot;animation&quot;:&quot;fadeIn&quot;}\" href=\"https:\/\/jenatschgaragen.ch\/sommerhalder\/#fahrzeuge\">\n\t\t<div class=\"elementor-element elementor-element-62683a6 e-con-full e-flex e-con e-child\" data-id=\"62683a6\" data-element_type=\"container\" data-e-type=\"container\" data-settings=\"{&quot;background_background&quot;:&quot;classic&quot;}\">\n\t\t\t\t<div class=\"elementor-element elementor-element-ee8b9ef elementor-widget elementor-widget-text-editor\" data-id=\"ee8b9ef\" data-element_type=\"widget\" data-e-type=\"widget\" data-widget_type=\"text-editor.default\">\n\t\t\t\t\t\t\t\t\t<p class=\"marginer-no\"><strong>\u203a \u00a0Fahrzeuge finden<\/strong><\/p>\t\t\t\t\t\t\t\t<\/div>\n\t\t\t\t<\/div>\n\t\t\t\t<\/a>\n\t\t\t\t<\/div>\n\t\t<div class=\"elementor-element elementor-element-efe0a94 e-con-full e-flex e-con e-child\" data-id=\"efe0a94\" data-element_type=\"container\" data-e-type=\"container\">\n\t\t\t\t<div class=\"elementor-element elementor-element-d8c8bc5 elementor-widget elementor-widget-heading\" data-id=\"d8c8bc5\" data-element_type=\"widget\" data-e-type=\"widget\" data-widget_type=\"heading.default\">\n\t\t\t\t\t<h4 class=\"elementor-heading-title elementor-size-default\">Voraussetzungen f\u00fcr Firmenkunden<\/h4>\t\t\t\t<\/div>\n\t\t\t\t<div class=\"elementor-element elementor-element-06cf943 elementor-widget elementor-widget-text-editor\" data-id=\"06cf943\" data-element_type=\"widget\" data-e-type=\"widget\" data-widget_type=\"text-editor.default\">\n\t\t\t\t\t\t\t\t\t<p><strong>Berechtigte Firmen:<\/strong><\/p><p>Die Anerkennung als Flottenbesitzer erfolgt f\u00fcr Firmen, die<\/p><ul><li>im Handelsregister eingetragen sind oder<\/li><li>eine Mehrwertsteuer-NR. (Best\u00e4tigung der MwSt-Beh\u00f6rde) oder<\/li><li>eine UID (Unternehmensidentifikationsnummer) besitzen<\/li><li>Bei Tochtergesellschaften ist ein Beteiligungsgrad von mindestens 50% Voraussetzung<\/li><\/ul><p>\u00a0<\/p><p><strong>Berechtigte Personen<\/strong>:<\/p><p>Im Zuge der Registrierung k\u00f6nnen Sie bereits die Personen Ihres Unternehmens definieren, welche allf\u00e4llige Flottenbest\u00e4tigungen f\u00fcr Ihre Mitarbeiter unterzeichnen d\u00fcrfen. Es steht Ihnen frei, ob Sie die Unterschriftenregelung nach Handelsregister benutzen wollen oder f\u00fcr Flottenbez\u00fcge eigene W\u00fcnsche haben.<\/p>\t\t\t\t\t\t\t\t<\/div>\n\t\t\t\t<\/div>\n\t\t\t\t<\/div>\n\t\t\t\t<\/div>\n\t\t\t\t\t<\/div>\n\t\t\t\t<\/div>\n\t\t<div class=\"elementor-element elementor-element-2eca10e e-flex e-con-boxed e-con e-parent\" data-id=\"2eca10e\" data-element_type=\"container\" data-e-type=\"container\" data-settings=\"{&quot;background_background&quot;:&quot;classic&quot;}\">\n\t\t\t\t\t<div class=\"e-con-inner\">\n\t\t<div class=\"elementor-element elementor-element-7de23d0 e-con-full e-flex e-con e-child\" data-id=\"7de23d0\" data-element_type=\"container\" data-e-type=\"container\">\n\t\t\t\t<div class=\"elementor-element elementor-element-72f3587 elementor-widget elementor-widget-heading\" data-id=\"72f3587\" data-element_type=\"widget\" data-e-type=\"widget\" data-widget_type=\"heading.default\">\n\t\t\t\t\t<h3 class=\"elementor-heading-title elementor-size-default\">Ihr Ansprechpartner<\/h3>\t\t\t\t<\/div>\n\t\t<div class=\"elementor-element elementor-element-9865e71 e-flex e-con-boxed e-con e-child\" data-id=\"9865e71\" data-element_type=\"container\" data-e-type=\"container\">\n\t\t\t\t\t<div class=\"e-con-inner\">\n\t\t<div class=\"elementor-element elementor-element-0820242 e-con-full e-flex e-con e-child\" data-id=\"0820242\" data-element_type=\"container\" data-e-type=\"container\" data-settings=\"{&quot;background_background&quot;:&quot;classic&quot;}\">\n\t\t<div class=\"elementor-element elementor-element-aa3c438 e-con-full e-flex e-con e-child\" data-id=\"aa3c438\" data-element_type=\"container\" data-e-type=\"container\" data-settings=\"{&quot;background_background&quot;:&quot;classic&quot;}\">\n\t\t\t\t<div class=\"elementor-element elementor-element-139034b elementor-widget elementor-widget-image\" data-id=\"139034b\" data-element_type=\"widget\" data-e-type=\"widget\" data-widget_type=\"image.default\">\n\t\t\t\t\t\t\t\t\t\t\t\t\t\t\t<img loading=\"lazy\" decoding=\"async\" width=\"512\" height=\"512\" src=\"https:\/\/jenatschgaragen.ch\/sommerhalder\/wp-content\/uploads\/sites\/2\/2026\/01\/favicon-Jenatsch_Garagen.png\" class=\"attachment-full size-full wp-image-137\" alt=\"\" srcset=\"https:\/\/jenatschgaragen.ch\/sommerhalder\/wp-content\/uploads\/sites\/2\/2026\/01\/favicon-Jenatsch_Garagen.png 512w, https:\/\/jenatschgaragen.ch\/sommerhalder\/wp-content\/uploads\/sites\/2\/2026\/01\/favicon-Jenatsch_Garagen-300x300.png 300w, https:\/\/jenatschgaragen.ch\/sommerhalder\/wp-content\/uploads\/sites\/2\/2026\/01\/favicon-Jenatsch_Garagen-150x150.png 150w\" sizes=\"(max-width: 512px) 100vw, 512px\" \/>\t\t\t\t\t\t\t\t\t\t\t\t\t\t\t<\/div>\n\t\t\t\t<\/div>\n\t\t\t\t<\/div>\n\t\t<div class=\"elementor-element elementor-element-3205389 e-con-full e-flex e-con e-child\" data-id=\"3205389\" data-element_type=\"container\" data-e-type=\"container\">\n\t\t\t\t<div class=\"elementor-element elementor-element-01e1b1c elementor-widget elementor-widget-heading\" data-id=\"01e1b1c\" data-element_type=\"widget\" data-e-type=\"widget\" data-widget_type=\"heading.default\">\n\t\t\t\t\t<h4 class=\"elementor-heading-title elementor-size-default\">Robert Markanovic<\/h4>\t\t\t\t<\/div>\n\t\t\t\t<div class=\"elementor-element elementor-element-3b9b4d1 elementor-widget elementor-widget-text-editor\" data-id=\"3b9b4d1\" data-element_type=\"widget\" data-e-type=\"widget\" data-widget_type=\"text-editor.default\">\n\t\t\t\t\t\t\t\t\t<p>Verkaufsleiter<\/p>\t\t\t\t\t\t\t\t<\/div>\n\t\t\t\t<div class=\"elementor-element elementor-element-fd59176 elementor-icon-list--layout-traditional elementor-list-item-link-full_width elementor-widget elementor-widget-icon-list\" data-id=\"fd59176\" data-element_type=\"widget\" data-e-type=\"widget\" data-widget_type=\"icon-list.default\">\n\t\t\t\t\t\t\t<ul class=\"elementor-icon-list-items\">\n\t\t\t\t\t\t\t<li class=\"elementor-icon-list-item\">\n\t\t\t\t\t\t\t\t\t\t\t<a href=\"tel:+41%2044%20381%2055%2050\">\n\n\t\t\t\t\t\t\t\t\t\t\t\t<span class=\"elementor-icon-list-icon\">\n\t\t\t\t\t\t\t<svg aria-hidden=\"true\" class=\"e-font-icon-svg e-fas-phone-alt\" viewBox=\"0 0 512 512\" xmlns=\"http:\/\/www.w3.org\/2000\/svg\"><path d=\"M497.39 361.8l-112-48a24 24 0 0 0-28 6.9l-49.6 60.6A370.66 370.66 0 0 1 130.6 204.11l60.6-49.6a23.94 23.94 0 0 0 6.9-28l-48-112A24.16 24.16 0 0 0 122.6.61l-104 24A24 24 0 0 0 0 48c0 256.5 207.9 464 464 464a24 24 0 0 0 23.4-18.6l24-104a24.29 24.29 0 0 0-14.01-27.6z\"><\/path><\/svg>\t\t\t\t\t\t<\/span>\n\t\t\t\t\t\t\t\t\t\t<span class=\"elementor-icon-list-text\">+41 44 381 55 50<\/span>\n\t\t\t\t\t\t\t\t\t\t\t<\/a>\n\t\t\t\t\t\t\t\t\t<\/li>\n\t\t\t\t\t\t\t\t<li class=\"elementor-icon-list-item\">\n\t\t\t\t\t\t\t\t\t\t\t<a href=\"mailto:info@sommerhalder.ch\">\n\n\t\t\t\t\t\t\t\t\t\t\t\t<span class=\"elementor-icon-list-icon\">\n\t\t\t\t\t\t\t<svg aria-hidden=\"true\" class=\"e-font-icon-svg e-far-envelope\" viewBox=\"0 0 512 512\" xmlns=\"http:\/\/www.w3.org\/2000\/svg\"><path d=\"M464 64H48C21.49 64 0 85.49 0 112v288c0 26.51 21.49 48 48 48h416c26.51 0 48-21.49 48-48V112c0-26.51-21.49-48-48-48zm0 48v40.805c-22.422 18.259-58.168 46.651-134.587 106.49-16.841 13.247-50.201 45.072-73.413 44.701-23.208.375-56.579-31.459-73.413-44.701C106.18 199.465 70.425 171.067 48 152.805V112h416zM48 400V214.398c22.914 18.251 55.409 43.862 104.938 82.646 21.857 17.205 60.134 55.186 103.062 54.955 42.717.231 80.509-37.199 103.053-54.947 49.528-38.783 82.032-64.401 104.947-82.653V400H48z\"><\/path><\/svg>\t\t\t\t\t\t<\/span>\n\t\t\t\t\t\t\t\t\t\t<span class=\"elementor-icon-list-text\">info@sommerhalder.ch<\/span>\n\t\t\t\t\t\t\t\t\t\t\t<\/a>\n\t\t\t\t\t\t\t\t\t<\/li>\n\t\t\t\t\t\t<\/ul>\n\t\t\t\t\t\t<\/div>\n\t\t\t\t<\/div>\n\t\t<div class=\"elementor-element elementor-element-90bf1ad e-con-full e-flex e-con e-child\" data-id=\"90bf1ad\" data-element_type=\"container\" data-e-type=\"container\">\n\t\t\t\t<div class=\"elementor-element elementor-element-00dd096 elementor-widget elementor-widget-text-editor\" data-id=\"00dd096\" data-element_type=\"widget\" data-e-type=\"widget\" data-widget_type=\"text-editor.default\">\n\t\t\t\t\t\t\t\t\t<p>Bei der <strong data-start=\"145\" data-end=\"178\">Garage Sommerhalder in Z\u00fcrich<\/strong> denken wir Mobilit\u00e4t ganzheitlich. Wir analysieren Ihre Anforderungen, planen vorausschauend und setzen L\u00f6sungen um, die Ihren Fuhrpark nachhaltig entlasten. Von der Auswahl der passenden Fahrzeuge bis zur laufenden Betreuung sorgen wir daf\u00fcr, dass Ihre Flotte reibungslos funktioniert und langfristig wirtschaftlich bleibt. Als pers\u00f6nlicher Ansprechpartner begleiten wir Sie Schritt f\u00fcr Schritt in eine moderne und zukunftsorientierte Mobilit\u00e4t.<\/p>\t\t\t\t\t\t\t\t<\/div>\n\t\t<div class=\"elementor-element elementor-element-31caf73 e-con-full e-flex e-con e-child\" data-id=\"31caf73\" data-element_type=\"container\" data-e-type=\"container\">\n\t\t\t\t<div class=\"elementor-element elementor-element-5a917b1 elementor-position-inline-start elementor-mobile-position-inline-start elementor-view-default elementor-invisible elementor-widget elementor-widget-icon-box\" data-id=\"5a917b1\" data-element_type=\"widget\" data-e-type=\"widget\" data-settings=\"{&quot;_animation&quot;:&quot;fadeInUp&quot;,&quot;_animation_delay&quot;:&quot;100&quot;}\" data-widget_type=\"icon-box.default\">\n\t\t\t\t\t\t\t<div class=\"elementor-icon-box-wrapper\">\n\n\t\t\t\t\t\t<div class=\"elementor-icon-box-icon\">\n\t\t\t\t<a href=\"https:\/\/jenatschgaragen.ch\/sommerhalder\/#fahrzeuge\" class=\"elementor-icon\" tabindex=\"-1\" aria-label=\"Sofort verf\u00fcgbare Neuwagen\">\n\t\t\t\t<svg aria-hidden=\"true\" class=\"e-font-icon-svg e-fas-car\" viewBox=\"0 0 512 512\" xmlns=\"http:\/\/www.w3.org\/2000\/svg\"><path d=\"M499.99 176h-59.87l-16.64-41.6C406.38 91.63 365.57 64 319.5 64h-127c-46.06 0-86.88 27.63-103.99 70.4L71.87 176H12.01C4.2 176-1.53 183.34.37 190.91l6 24C7.7 220.25 12.5 224 18.01 224h20.07C24.65 235.73 16 252.78 16 272v48c0 16.12 6.16 30.67 16 41.93V416c0 17.67 14.33 32 32 32h32c17.67 0 32-14.33 32-32v-32h256v32c0 17.67 14.33 32 32 32h32c17.67 0 32-14.33 32-32v-54.07c9.84-11.25 16-25.8 16-41.93v-48c0-19.22-8.65-36.27-22.07-48H494c5.51 0 10.31-3.75 11.64-9.09l6-24c1.89-7.57-3.84-14.91-11.65-14.91zm-352.06-17.83c7.29-18.22 24.94-30.17 44.57-30.17h127c19.63 0 37.28 11.95 44.57 30.17L384 208H128l19.93-49.83zM96 319.8c-19.2 0-32-12.76-32-31.9S76.8 256 96 256s48 28.71 48 47.85-28.8 15.95-48 15.95zm320 0c-19.2 0-48 3.19-48-15.95S396.8 256 416 256s32 12.76 32 31.9-12.8 31.9-32 31.9z\"><\/path><\/svg>\t\t\t\t<\/a>\n\t\t\t<\/div>\n\t\t\t\n\t\t\t\t\t\t<div class=\"elementor-icon-box-content\">\n\n\t\t\t\t\t\t\t\t\t<h4 class=\"elementor-icon-box-title\">\n\t\t\t\t\t\t<a href=\"https:\/\/jenatschgaragen.ch\/sommerhalder\/#fahrzeuge\" >\n\t\t\t\t\t\t\tSofort verf\u00fcgbare Neuwagen\t\t\t\t\t\t<\/a>\n\t\t\t\t\t<\/h4>\n\t\t\t\t\n\t\t\t\t\n\t\t\t<\/div>\n\t\t\t\n\t\t<\/div>\n\t\t\t\t\t\t<\/div>\n\t\t\t\t<div class=\"elementor-element elementor-element-b568252 elementor-position-inline-start elementor-mobile-position-inline-start elementor-view-default elementor-invisible elementor-widget elementor-widget-icon-box\" data-id=\"b568252\" data-element_type=\"widget\" data-e-type=\"widget\" data-settings=\"{&quot;_animation&quot;:&quot;fadeInUp&quot;,&quot;_animation_delay&quot;:&quot;200&quot;}\" data-widget_type=\"icon-box.default\">\n\t\t\t\t\t\t\t<div class=\"elementor-icon-box-wrapper\">\n\n\t\t\t\t\t\t<div class=\"elementor-icon-box-icon\">\n\t\t\t\t<a href=\"https:\/\/jenatschgaragen.ch\/sommerhalder\/#fahrzeuge\" class=\"elementor-icon\" tabindex=\"-1\" aria-label=\"Sofort verf\u00fcgbare Gebrauchtwagen\">\n\t\t\t\t<svg aria-hidden=\"true\" class=\"e-font-icon-svg e-fas-history\" viewBox=\"0 0 512 512\" xmlns=\"http:\/\/www.w3.org\/2000\/svg\"><path d=\"M504 255.531c.253 136.64-111.18 248.372-247.82 248.468-59.015.042-113.223-20.53-155.822-54.911-11.077-8.94-11.905-25.541-1.839-35.607l11.267-11.267c8.609-8.609 22.353-9.551 31.891-1.984C173.062 425.135 212.781 440 256 440c101.705 0 184-82.311 184-184 0-101.705-82.311-184-184-184-48.814 0-93.149 18.969-126.068 49.932l50.754 50.754c10.08 10.08 2.941 27.314-11.313 27.314H24c-8.837 0-16-7.163-16-16V38.627c0-14.254 17.234-21.393 27.314-11.314l49.372 49.372C129.209 34.136 189.552 8 256 8c136.81 0 247.747 110.78 248 247.531zm-180.912 78.784l9.823-12.63c8.138-10.463 6.253-25.542-4.21-33.679L288 256.349V152c0-13.255-10.745-24-24-24h-16c-13.255 0-24 10.745-24 24v135.651l65.409 50.874c10.463 8.137 25.541 6.253 33.679-4.21z\"><\/path><\/svg>\t\t\t\t<\/a>\n\t\t\t<\/div>\n\t\t\t\n\t\t\t\t\t\t<div class=\"elementor-icon-box-content\">\n\n\t\t\t\t\t\t\t\t\t<h4 class=\"elementor-icon-box-title\">\n\t\t\t\t\t\t<a href=\"https:\/\/jenatschgaragen.ch\/sommerhalder\/#fahrzeuge\" >\n\t\t\t\t\t\t\tSofort verf\u00fcgbare Gebrauchtwagen\t\t\t\t\t\t<\/a>\n\t\t\t\t\t<\/h4>\n\t\t\t\t\n\t\t\t\t\n\t\t\t<\/div>\n\t\t\t\n\t\t<\/div>\n\t\t\t\t\t\t<\/div>\n\t\t\t\t<div class=\"elementor-element elementor-element-c82064d elementor-position-inline-start elementor-mobile-position-inline-start elementor-view-default elementor-invisible elementor-widget elementor-widget-icon-box\" data-id=\"c82064d\" data-element_type=\"widget\" data-e-type=\"widget\" data-settings=\"{&quot;_animation&quot;:&quot;fadeInUp&quot;,&quot;_animation_delay&quot;:&quot;300&quot;}\" data-widget_type=\"icon-box.default\">\n\t\t\t\t\t\t\t<div class=\"elementor-icon-box-wrapper\">\n\n\t\t\t\t\t\t<div class=\"elementor-icon-box-icon\">\n\t\t\t\t<a href=\"https:\/\/www.volkswagen.ch\/de\/konfigurator.html\" class=\"elementor-icon\" tabindex=\"-1\" aria-label=\"Konfigurator\">\n\t\t\t\t<svg aria-hidden=\"true\" class=\"e-font-icon-svg e-fas-cogs\" viewBox=\"0 0 640 512\" xmlns=\"http:\/\/www.w3.org\/2000\/svg\"><path d=\"M512.1 191l-8.2 14.3c-3 5.3-9.4 7.5-15.1 5.4-11.8-4.4-22.6-10.7-32.1-18.6-4.6-3.8-5.8-10.5-2.8-15.7l8.2-14.3c-6.9-8-12.3-17.3-15.9-27.4h-16.5c-6 0-11.2-4.3-12.2-10.3-2-12-2.1-24.6 0-37.1 1-6 6.2-10.4 12.2-10.4h16.5c3.6-10.1 9-19.4 15.9-27.4l-8.2-14.3c-3-5.2-1.9-11.9 2.8-15.7 9.5-7.9 20.4-14.2 32.1-18.6 5.7-2.1 12.1.1 15.1 5.4l8.2 14.3c10.5-1.9 21.2-1.9 31.7 0L552 6.3c3-5.3 9.4-7.5 15.1-5.4 11.8 4.4 22.6 10.7 32.1 18.6 4.6 3.8 5.8 10.5 2.8 15.7l-8.2 14.3c6.9 8 12.3 17.3 15.9 27.4h16.5c6 0 11.2 4.3 12.2 10.3 2 12 2.1 24.6 0 37.1-1 6-6.2 10.4-12.2 10.4h-16.5c-3.6 10.1-9 19.4-15.9 27.4l8.2 14.3c3 5.2 1.9 11.9-2.8 15.7-9.5 7.9-20.4 14.2-32.1 18.6-5.7 2.1-12.1-.1-15.1-5.4l-8.2-14.3c-10.4 1.9-21.2 1.9-31.7 0zm-10.5-58.8c38.5 29.6 82.4-14.3 52.8-52.8-38.5-29.7-82.4 14.3-52.8 52.8zM386.3 286.1l33.7 16.8c10.1 5.8 14.5 18.1 10.5 29.1-8.9 24.2-26.4 46.4-42.6 65.8-7.4 8.9-20.2 11.1-30.3 5.3l-29.1-16.8c-16 13.7-34.6 24.6-54.9 31.7v33.6c0 11.6-8.3 21.6-19.7 23.6-24.6 4.2-50.4 4.4-75.9 0-11.5-2-20-11.9-20-23.6V418c-20.3-7.2-38.9-18-54.9-31.7L74 403c-10 5.8-22.9 3.6-30.3-5.3-16.2-19.4-33.3-41.6-42.2-65.7-4-10.9.4-23.2 10.5-29.1l33.3-16.8c-3.9-20.9-3.9-42.4 0-63.4L12 205.8c-10.1-5.8-14.6-18.1-10.5-29 8.9-24.2 26-46.4 42.2-65.8 7.4-8.9 20.2-11.1 30.3-5.3l29.1 16.8c16-13.7 34.6-24.6 54.9-31.7V57.1c0-11.5 8.2-21.5 19.6-23.5 24.6-4.2 50.5-4.4 76-.1 11.5 2 20 11.9 20 23.6v33.6c20.3 7.2 38.9 18 54.9 31.7l29.1-16.8c10-5.8 22.9-3.6 30.3 5.3 16.2 19.4 33.2 41.6 42.1 65.8 4 10.9.1 23.2-10 29.1l-33.7 16.8c3.9 21 3.9 42.5 0 63.5zm-117.6 21.1c59.2-77-28.7-164.9-105.7-105.7-59.2 77 28.7 164.9 105.7 105.7zm243.4 182.7l-8.2 14.3c-3 5.3-9.4 7.5-15.1 5.4-11.8-4.4-22.6-10.7-32.1-18.6-4.6-3.8-5.8-10.5-2.8-15.7l8.2-14.3c-6.9-8-12.3-17.3-15.9-27.4h-16.5c-6 0-11.2-4.3-12.2-10.3-2-12-2.1-24.6 0-37.1 1-6 6.2-10.4 12.2-10.4h16.5c3.6-10.1 9-19.4 15.9-27.4l-8.2-14.3c-3-5.2-1.9-11.9 2.8-15.7 9.5-7.9 20.4-14.2 32.1-18.6 5.7-2.1 12.1.1 15.1 5.4l8.2 14.3c10.5-1.9 21.2-1.9 31.7 0l8.2-14.3c3-5.3 9.4-7.5 15.1-5.4 11.8 4.4 22.6 10.7 32.1 18.6 4.6 3.8 5.8 10.5 2.8 15.7l-8.2 14.3c6.9 8 12.3 17.3 15.9 27.4h16.5c6 0 11.2 4.3 12.2 10.3 2 12 2.1 24.6 0 37.1-1 6-6.2 10.4-12.2 10.4h-16.5c-3.6 10.1-9 19.4-15.9 27.4l8.2 14.3c3 5.2 1.9 11.9-2.8 15.7-9.5 7.9-20.4 14.2-32.1 18.6-5.7 2.1-12.1-.1-15.1-5.4l-8.2-14.3c-10.4 1.9-21.2 1.9-31.7 0zM501.6 431c38.5 29.6 82.4-14.3 52.8-52.8-38.5-29.6-82.4 14.3-52.8 52.8z\"><\/path><\/svg>\t\t\t\t<\/a>\n\t\t\t<\/div>\n\t\t\t\n\t\t\t\t\t\t<div class=\"elementor-icon-box-content\">\n\n\t\t\t\t\t\t\t\t\t<h4 class=\"elementor-icon-box-title\">\n\t\t\t\t\t\t<a href=\"https:\/\/www.volkswagen.ch\/de\/konfigurator.html\" >\n\t\t\t\t\t\t\tKonfigurator\t\t\t\t\t\t<\/a>\n\t\t\t\t\t<\/h4>\n\t\t\t\t\n\t\t\t\t\n\t\t\t<\/div>\n\t\t\t\n\t\t<\/div>\n\t\t\t\t\t\t<\/div>\n\t\t\t\t<\/div>\n\t\t\t\t<\/div>\n\t\t\t\t\t<\/div>\n\t\t\t\t<\/div>\n\t\t\t\t<\/div>\n\t\t\t\t\t<\/div>\n\t\t\t\t<\/div>\n\t\t\t\t<\/div>\n\t\t","protected":false},"excerpt":{"rendered":"<p>Flottenl\u00f6sungen f\u00fcr Firmen im Raum Z\u00fcrich. Effizient. Flexibel. Zukunftssicher. Wir von der Garage Sommerhalder AG unterst\u00fctzen Unternehmen im Grossraum Z\u00fcrich mit massgeschneiderten Flottenl\u00f6sungen. Von der Fahrzeugbeschaffung \u00fcber Full-Service-Leasing bis hin zu individuellen Serviceleistungen. So bleibt Ihre Firmenflotte wirtschaftlich, effizient und bestens f\u00fcr die Zukunft ger\u00fcstet. Volkswagen Flottenl\u00f6sungen. Mit Volkswagen bieten wir Unternehmen im Raum Z\u00fcrich [&hellip;]<\/p>\n","protected":false},"author":1,"featured_media":0,"parent":0,"menu_order":0,"comment_status":"closed","ping_status":"closed","template":"","meta":{"footnotes":""},"class_list":["post-1010","page","type-page","status-publish","hentry"],"yoast_head":"<!-- This site is optimized with the Yoast SEO plugin v27.2 - https:\/\/yoast.com\/product\/yoast-seo-wordpress\/ -->\n<title>Firmenkunden - Garage Sommerhalder<\/title>\n<meta name=\"description\" content=\"Massgeschneiderte Fahrzeugl\u00f6sungen f\u00fcr Firmenkunden bei Garage Sommerhalder \u2013 Flottenberatung und Leasing.\" \/>\n<meta name=\"robots\" content=\"index, follow, max-snippet:-1, max-image-preview:large, max-video-preview:-1\" \/>\n<link rel=\"canonical\" href=\"https:\/\/jenatschgaragen.ch\/sommerhalder\/firmenkunden-flotte\/\" \/>\n<meta property=\"og:locale\" content=\"de_DE\" \/>\n<meta property=\"og:type\" content=\"article\" \/>\n<meta property=\"og:title\" content=\"Firmenkunden - Garage Sommerhalder\" \/>\n<meta property=\"og:description\" content=\"Massgeschneiderte Fahrzeugl\u00f6sungen f\u00fcr Firmenkunden bei Garage Sommerhalder \u2013 Flottenberatung und Leasing.\" \/>\n<meta property=\"og:url\" content=\"https:\/\/jenatschgaragen.ch\/sommerhalder\/firmenkunden-flotte\/\" \/>\n<meta property=\"og:site_name\" content=\"Garage Sommerhalder\" \/>\n<meta property=\"article:modified_time\" content=\"2026-04-16T06:30:38+00:00\" \/>\n<meta property=\"og:image\" content=\"https:\/\/jenatschgaragen.ch\/sommerhalder\/wp-content\/uploads\/sites\/2\/2026\/02\/Volkswagen-Range.png\" \/>\n<meta name=\"twitter:card\" content=\"summary_large_image\" \/>\n<meta name=\"twitter:label1\" content=\"Gesch\u00e4tzte Lesezeit\" \/>\n\t<meta name=\"twitter:data1\" content=\"5\u00a0Minuten\" \/>\n<script type=\"application\/ld+json\" class=\"yoast-schema-graph\">{\"@context\":\"https:\/\/schema.org\",\"@graph\":[{\"@type\":\"WebPage\",\"@id\":\"https:\/\/jenatschgaragen.ch\/sommerhalder\/firmenkunden-flotte\/\",\"url\":\"https:\/\/jenatschgaragen.ch\/sommerhalder\/firmenkunden-flotte\/\",\"name\":\"Firmenkunden - Garage Sommerhalder\",\"isPartOf\":{\"@id\":\"https:\/\/jenatschgaragen.ch\/sommerhalder\/#website\"},\"primaryImageOfPage\":{\"@id\":\"https:\/\/jenatschgaragen.ch\/sommerhalder\/firmenkunden-flotte\/#primaryimage\"},\"image\":{\"@id\":\"https:\/\/jenatschgaragen.ch\/sommerhalder\/firmenkunden-flotte\/#primaryimage\"},\"thumbnailUrl\":\"https:\/\/jenatschgaragen.ch\/sommerhalder\/wp-content\/uploads\/sites\/2\/2026\/02\/Volkswagen-Range.png\",\"datePublished\":\"2026-02-02T11:14:20+00:00\",\"dateModified\":\"2026-04-16T06:30:38+00:00\",\"description\":\"Massgeschneiderte Fahrzeugl\u00f6sungen f\u00fcr Firmenkunden bei Garage Sommerhalder \u2013 Flottenberatung und Leasing.\",\"breadcrumb\":{\"@id\":\"https:\/\/jenatschgaragen.ch\/sommerhalder\/firmenkunden-flotte\/#breadcrumb\"},\"inLanguage\":\"de-CH\",\"potentialAction\":[{\"@type\":\"ReadAction\",\"target\":[\"https:\/\/jenatschgaragen.ch\/sommerhalder\/firmenkunden-flotte\/\"]}]},{\"@type\":\"ImageObject\",\"inLanguage\":\"de-CH\",\"@id\":\"https:\/\/jenatschgaragen.ch\/sommerhalder\/firmenkunden-flotte\/#primaryimage\",\"url\":\"https:\/\/jenatschgaragen.ch\/sommerhalder\/wp-content\/uploads\/sites\/2\/2026\/02\/Volkswagen-Range.png\",\"contentUrl\":\"https:\/\/jenatschgaragen.ch\/sommerhalder\/wp-content\/uploads\/sites\/2\/2026\/02\/Volkswagen-Range.png\",\"width\":640,\"height\":427},{\"@type\":\"BreadcrumbList\",\"@id\":\"https:\/\/jenatschgaragen.ch\/sommerhalder\/firmenkunden-flotte\/#breadcrumb\",\"itemListElement\":[{\"@type\":\"ListItem\",\"position\":1,\"name\":\"Home\",\"item\":\"https:\/\/jenatschgaragen.ch\/sommerhalder\/\"},{\"@type\":\"ListItem\",\"position\":2,\"name\":\"Firmenkunden\"}]},{\"@type\":\"WebSite\",\"@id\":\"https:\/\/jenatschgaragen.ch\/sommerhalder\/#website\",\"url\":\"https:\/\/jenatschgaragen.ch\/sommerhalder\/\",\"name\":\"Garage Sommerhalder\",\"description\":\"Ihre Volkswagen-Experten im Herzen von Z\u00fcrich\\u2028\",\"publisher\":{\"@id\":\"https:\/\/jenatschgaragen.ch\/sommerhalder\/#organization\"},\"potentialAction\":[{\"@type\":\"SearchAction\",\"target\":{\"@type\":\"EntryPoint\",\"urlTemplate\":\"https:\/\/jenatschgaragen.ch\/sommerhalder\/?s={search_term_string}\"},\"query-input\":{\"@type\":\"PropertyValueSpecification\",\"valueRequired\":true,\"valueName\":\"search_term_string\"}}],\"inLanguage\":\"de-CH\"},{\"@type\":\"Organization\",\"@id\":\"https:\/\/jenatschgaragen.ch\/sommerhalder\/#organization\",\"name\":\"Garage Sommerhalder\",\"url\":\"https:\/\/jenatschgaragen.ch\/sommerhalder\/\",\"logo\":{\"@type\":\"ImageObject\",\"inLanguage\":\"de-CH\",\"@id\":\"https:\/\/jenatschgaragen.ch\/sommerhalder\/#\/schema\/logo\/image\/\",\"url\":\"https:\/\/jenatschgaragen.ch\/sommerhalder\/wp-content\/uploads\/sites\/2\/2026\/01\/logo-JG-Somerhalder.png\",\"contentUrl\":\"https:\/\/jenatschgaragen.ch\/sommerhalder\/wp-content\/uploads\/sites\/2\/2026\/01\/logo-JG-Somerhalder.png\",\"width\":560,\"height\":50,\"caption\":\"Garage Sommerhalder\"},\"image\":{\"@id\":\"https:\/\/jenatschgaragen.ch\/sommerhalder\/#\/schema\/logo\/image\/\"}}]}<\/script>\n<!-- \/ Yoast SEO plugin. -->","yoast_head_json":{"title":"Firmenkunden - Garage Sommerhalder","description":"Massgeschneiderte Fahrzeugl\u00f6sungen f\u00fcr Firmenkunden bei Garage Sommerhalder \u2013 Flottenberatung und Leasing.","robots":{"index":"index","follow":"follow","max-snippet":"max-snippet:-1","max-image-preview":"max-image-preview:large","max-video-preview":"max-video-preview:-1"},"canonical":"https:\/\/jenatschgaragen.ch\/sommerhalder\/firmenkunden-flotte\/","og_locale":"de_DE","og_type":"article","og_title":"Firmenkunden - Garage Sommerhalder","og_description":"Massgeschneiderte Fahrzeugl\u00f6sungen f\u00fcr Firmenkunden bei Garage Sommerhalder \u2013 Flottenberatung und Leasing.","og_url":"https:\/\/jenatschgaragen.ch\/sommerhalder\/firmenkunden-flotte\/","og_site_name":"Garage Sommerhalder","article_modified_time":"2026-04-16T06:30:38+00:00","og_image":[{"url":"https:\/\/jenatschgaragen.ch\/sommerhalder\/wp-content\/uploads\/sites\/2\/2026\/02\/Volkswagen-Range.png","type":"","width":"","height":""}],"twitter_card":"summary_large_image","twitter_misc":{"Gesch\u00e4tzte Lesezeit":"5\u00a0Minuten"},"schema":{"@context":"https:\/\/schema.org","@graph":[{"@type":"WebPage","@id":"https:\/\/jenatschgaragen.ch\/sommerhalder\/firmenkunden-flotte\/","url":"https:\/\/jenatschgaragen.ch\/sommerhalder\/firmenkunden-flotte\/","name":"Firmenkunden - Garage Sommerhalder","isPartOf":{"@id":"https:\/\/jenatschgaragen.ch\/sommerhalder\/#website"},"primaryImageOfPage":{"@id":"https:\/\/jenatschgaragen.ch\/sommerhalder\/firmenkunden-flotte\/#primaryimage"},"image":{"@id":"https:\/\/jenatschgaragen.ch\/sommerhalder\/firmenkunden-flotte\/#primaryimage"},"thumbnailUrl":"https:\/\/jenatschgaragen.ch\/sommerhalder\/wp-content\/uploads\/sites\/2\/2026\/02\/Volkswagen-Range.png","datePublished":"2026-02-02T11:14:20+00:00","dateModified":"2026-04-16T06:30:38+00:00","description":"Massgeschneiderte Fahrzeugl\u00f6sungen f\u00fcr Firmenkunden bei Garage Sommerhalder \u2013 Flottenberatung und Leasing.","breadcrumb":{"@id":"https:\/\/jenatschgaragen.ch\/sommerhalder\/firmenkunden-flotte\/#breadcrumb"},"inLanguage":"de-CH","potentialAction":[{"@type":"ReadAction","target":["https:\/\/jenatschgaragen.ch\/sommerhalder\/firmenkunden-flotte\/"]}]},{"@type":"ImageObject","inLanguage":"de-CH","@id":"https:\/\/jenatschgaragen.ch\/sommerhalder\/firmenkunden-flotte\/#primaryimage","url":"https:\/\/jenatschgaragen.ch\/sommerhalder\/wp-content\/uploads\/sites\/2\/2026\/02\/Volkswagen-Range.png","contentUrl":"https:\/\/jenatschgaragen.ch\/sommerhalder\/wp-content\/uploads\/sites\/2\/2026\/02\/Volkswagen-Range.png","width":640,"height":427},{"@type":"BreadcrumbList","@id":"https:\/\/jenatschgaragen.ch\/sommerhalder\/firmenkunden-flotte\/#breadcrumb","itemListElement":[{"@type":"ListItem","position":1,"name":"Home","item":"https:\/\/jenatschgaragen.ch\/sommerhalder\/"},{"@type":"ListItem","position":2,"name":"Firmenkunden"}]},{"@type":"WebSite","@id":"https:\/\/jenatschgaragen.ch\/sommerhalder\/#website","url":"https:\/\/jenatschgaragen.ch\/sommerhalder\/","name":"Garage Sommerhalder","description":"Ihre Volkswagen-Experten im Herzen von Z\u00fcrich\u2028","publisher":{"@id":"https:\/\/jenatschgaragen.ch\/sommerhalder\/#organization"},"potentialAction":[{"@type":"SearchAction","target":{"@type":"EntryPoint","urlTemplate":"https:\/\/jenatschgaragen.ch\/sommerhalder\/?s={search_term_string}"},"query-input":{"@type":"PropertyValueSpecification","valueRequired":true,"valueName":"search_term_string"}}],"inLanguage":"de-CH"},{"@type":"Organization","@id":"https:\/\/jenatschgaragen.ch\/sommerhalder\/#organization","name":"Garage Sommerhalder","url":"https:\/\/jenatschgaragen.ch\/sommerhalder\/","logo":{"@type":"ImageObject","inLanguage":"de-CH","@id":"https:\/\/jenatschgaragen.ch\/sommerhalder\/#\/schema\/logo\/image\/","url":"https:\/\/jenatschgaragen.ch\/sommerhalder\/wp-content\/uploads\/sites\/2\/2026\/01\/logo-JG-Somerhalder.png","contentUrl":"https:\/\/jenatschgaragen.ch\/sommerhalder\/wp-content\/uploads\/sites\/2\/2026\/01\/logo-JG-Somerhalder.png","width":560,"height":50,"caption":"Garage Sommerhalder"},"image":{"@id":"https:\/\/jenatschgaragen.ch\/sommerhalder\/#\/schema\/logo\/image\/"}}]}},"_links":{"self":[{"href":"https:\/\/jenatschgaragen.ch\/sommerhalder\/wp-json\/wp\/v2\/pages\/1010","targetHints":{"allow":["GET"]}}],"collection":[{"href":"https:\/\/jenatschgaragen.ch\/sommerhalder\/wp-json\/wp\/v2\/pages"}],"about":[{"href":"https:\/\/jenatschgaragen.ch\/sommerhalder\/wp-json\/wp\/v2\/types\/page"}],"author":[{"embeddable":true,"href":"https:\/\/jenatschgaragen.ch\/sommerhalder\/wp-json\/wp\/v2\/users\/1"}],"replies":[{"embeddable":true,"href":"https:\/\/jenatschgaragen.ch\/sommerhalder\/wp-json\/wp\/v2\/comments?post=1010"}],"version-history":[{"count":94,"href":"https:\/\/jenatschgaragen.ch\/sommerhalder\/wp-json\/wp\/v2\/pages\/1010\/revisions"}],"predecessor-version":[{"id":1726,"href":"https:\/\/jenatschgaragen.ch\/sommerhalder\/wp-json\/wp\/v2\/pages\/1010\/revisions\/1726"}],"wp:attachment":[{"href":"https:\/\/jenatschgaragen.ch\/sommerhalder\/wp-json\/wp\/v2\/media?parent=1010"}],"curies":[{"name":"wp","href":"https:\/\/api.w.org\/{rel}","templated":true}]}}