{"id":1002,"date":"2026-02-02T12:10:41","date_gmt":"2026-02-02T11:10:41","guid":{"rendered":"https:\/\/effecto-marketing.ch\/jenatsch\/garage-sommerhalder\/?page_id=1002"},"modified":"2026-04-16T08:43:38","modified_gmt":"2026-04-16T06:43:38","slug":"raeder-und-reifen","status":"publish","type":"page","link":"https:\/\/jenatschgaragen.ch\/sommerhalder\/raeder-und-reifen\/","title":{"rendered":"R\u00e4der und Reifen"},"content":{"rendered":"\t\t<div data-elementor-type=\"wp-page\" data-elementor-id=\"1002\" class=\"elementor elementor-1002\" data-elementor-post-type=\"page\">\n\t\t\t\t<div class=\"elementor-element elementor-element-e2fff7c e-flex e-con-boxed e-con e-parent\" data-id=\"e2fff7c\" data-element_type=\"container\" data-e-type=\"container\" data-settings=\"{&quot;background_background&quot;:&quot;classic&quot;}\">\n\t\t\t\t\t<div class=\"e-con-inner\">\n\t\t\t\t\t<\/div>\n\t\t\t\t<\/div>\n\t\t<div class=\"elementor-element elementor-element-5ca0a7fc e-flex e-con-boxed e-con e-parent\" data-id=\"5ca0a7fc\" data-element_type=\"container\" data-e-type=\"container\">\n\t\t\t\t\t<div class=\"e-con-inner\">\n\t\t<div class=\"elementor-element elementor-element-6c7c0906 e-con-full e-flex e-con e-child\" data-id=\"6c7c0906\" data-element_type=\"container\" data-e-type=\"container\">\n\t\t<div class=\"elementor-element elementor-element-502f8942 e-con-full animated-fast e-flex elementor-invisible e-con e-child\" data-id=\"502f8942\" data-element_type=\"container\" data-e-type=\"container\" data-settings=\"{&quot;animation&quot;:&quot;fadeInLeft&quot;}\">\n\t\t\t\t<div class=\"elementor-element elementor-element-46097ef0 elementor-widget elementor-widget-heading\" data-id=\"46097ef0\" data-element_type=\"widget\" data-e-type=\"widget\" data-widget_type=\"heading.default\">\n\t\t\t\t\t<h2 class=\"elementor-heading-title elementor-size-default\">R\u00e4der und Reifen<\/h2>\t\t\t\t<\/div>\n\t\t\t\t<\/div>\n\t\t<div class=\"elementor-element elementor-element-8ab47b e-con-full animated-slow e-flex elementor-invisible e-con e-child\" data-id=\"8ab47b\" data-element_type=\"container\" data-e-type=\"container\" data-settings=\"{&quot;animation&quot;:&quot;fadeIn&quot;,&quot;animation_delay&quot;:&quot;100&quot;}\">\n\t\t\t\t<div class=\"elementor-element elementor-element-4f310448 elementor-widget elementor-widget-heading\" data-id=\"4f310448\" data-element_type=\"widget\" data-e-type=\"widget\" data-widget_type=\"heading.default\">\n\t\t\t\t\t<h4 class=\"elementor-heading-title elementor-size-default\">Mehr als nur ein Reifenwechsel.<\/h4>\t\t\t\t<\/div>\n\t\t\t\t<div class=\"elementor-element elementor-element-501dacea elementor-widget elementor-widget-text-editor\" data-id=\"501dacea\" data-element_type=\"widget\" data-e-type=\"widget\" data-widget_type=\"text-editor.default\">\n\t\t\t\t\t\t\t\t\t<p class=\"p1\"><span class=\"s1\">F\u00fcr Ihren saisonalen Reifenwechsel: Mit unserem Volkswagen R\u00e4der Service wappnen wir Sie stets passend f\u00fcr die kommende Jahreszeit. Zus\u00e4tzlich k\u00f6nnen Sie Ihre Winter- oder Sommerr\u00e4der bei uns einlagern. Seien Sie bestens f\u00fcr die Herausforderungen der Strasse ger\u00fcstet <\/span><span class=\"s2\">\u2013 Wir begleiten Sie. <\/span><\/p>\t\t\t\t\t\t\t\t<\/div>\n\t\t\t\t<\/div>\n\t\t\t\t<\/div>\n\t\t\t\t\t<\/div>\n\t\t\t\t<\/div>\n\t\t<div class=\"elementor-element elementor-element-6d9d0a9c e-flex e-con-boxed e-con e-parent\" data-id=\"6d9d0a9c\" data-element_type=\"container\" data-e-type=\"container\">\n\t\t\t\t\t<div class=\"e-con-inner\">\n\t\t<div class=\"elementor-element elementor-element-1e7f4cdf e-con-full e-flex e-con e-child\" data-id=\"1e7f4cdf\" data-element_type=\"container\" data-e-type=\"container\">\n\t\t<div class=\"elementor-element elementor-element-4d90ccbc e-con-full e-flex e-con e-child\" data-id=\"4d90ccbc\" data-element_type=\"container\" data-e-type=\"container\">\n\t\t<div class=\"elementor-element elementor-element-201ff5f0 e-con-full animated-fast e-flex elementor-invisible e-con e-child\" data-id=\"201ff5f0\" data-element_type=\"container\" data-e-type=\"container\" data-settings=\"{&quot;animation&quot;:&quot;fadeInLeft&quot;}\">\n\t\t\t\t<div class=\"elementor-element elementor-element-5c8cfaed elementor-widget elementor-widget-heading\" data-id=\"5c8cfaed\" data-element_type=\"widget\" data-e-type=\"widget\" data-widget_type=\"heading.default\">\n\t\t\t\t\t<h3 class=\"elementor-heading-title elementor-size-default\">Reifen- und R\u00e4derwechsel \u2013 sicher unterwegs mit der Garage Sommerhalder.<\/h3>\t\t\t\t<\/div>\n\t\t\t\t<\/div>\n\t\t<div class=\"elementor-element elementor-element-7ff330bc e-con-full animated-slow e-flex elementor-invisible e-con e-child\" data-id=\"7ff330bc\" data-element_type=\"container\" data-e-type=\"container\" data-settings=\"{&quot;animation&quot;:&quot;fadeIn&quot;,&quot;animation_delay&quot;:&quot;100&quot;}\">\n\t\t\t\t<div class=\"elementor-element elementor-element-b8f69ff elementor-widget elementor-widget-text-editor\" data-id=\"b8f69ff\" data-element_type=\"widget\" data-e-type=\"widget\" data-widget_type=\"text-editor.default\">\n\t\t\t\t\t\t\t\t\t<p class=\"p1\">Bei der <strong data-start=\"132\" data-end=\"155\">Garage Sommerhalder<\/strong> sind Sie f\u00fcr Ihren Reifen- und R\u00e4derwechsel in besten H\u00e4nden. Ob saisonaler Wechsel oder der Ersatz abgenutzter Reifen \u2013 diese Servicearbeiten sind entscheidend f\u00fcr Sicherheit, Fahrkomfort und Performance Ihres Fahrzeugs. Wir sorgen f\u00fcr eine fachgerechte, pr\u00e4zise und z\u00fcgige Ausf\u00fchrung, damit Sie jederzeit sicher und zuverl\u00e4ssig unterwegs sind.<\/p>\t\t\t\t\t\t\t\t<\/div>\n\t\t\t\t<\/div>\n\t\t\t\t<\/div>\n\t\t<div class=\"elementor-element elementor-element-f639a5d e-con-full e-flex e-con e-child\" data-id=\"f639a5d\" data-element_type=\"container\" data-e-type=\"container\">\n\t\t<div class=\"elementor-element elementor-element-1c5d2ac e-con-full e-flex elementor-invisible e-con e-child\" data-id=\"1c5d2ac\" data-element_type=\"container\" data-e-type=\"container\" data-settings=\"{&quot;animation&quot;:&quot;fadeInUp&quot;}\">\n\t\t\t\t<div class=\"elementor-element elementor-element-ec2060d elementor-widget elementor-widget-image\" data-id=\"ec2060d\" data-element_type=\"widget\" data-e-type=\"widget\" data-widget_type=\"image.default\">\n\t\t\t\t\t\t\t\t\t\t\t\t\t\t\t<img fetchpriority=\"high\" decoding=\"async\" width=\"1047\" height=\"642\" src=\"https:\/\/jenatschgaragen.ch\/sommerhalder\/wp-content\/uploads\/sites\/2\/2026\/02\/dienstleistungen-aufdorf_maennedorf-raeder_und_reifen-01.jpg\" class=\"elementor-animation-float attachment-full size-full wp-image-969\" alt=\"\" srcset=\"https:\/\/jenatschgaragen.ch\/sommerhalder\/wp-content\/uploads\/sites\/2\/2026\/02\/dienstleistungen-aufdorf_maennedorf-raeder_und_reifen-01.jpg 1047w, https:\/\/jenatschgaragen.ch\/sommerhalder\/wp-content\/uploads\/sites\/2\/2026\/02\/dienstleistungen-aufdorf_maennedorf-raeder_und_reifen-01-300x184.jpg 300w, https:\/\/jenatschgaragen.ch\/sommerhalder\/wp-content\/uploads\/sites\/2\/2026\/02\/dienstleistungen-aufdorf_maennedorf-raeder_und_reifen-01-1024x628.jpg 1024w, https:\/\/jenatschgaragen.ch\/sommerhalder\/wp-content\/uploads\/sites\/2\/2026\/02\/dienstleistungen-aufdorf_maennedorf-raeder_und_reifen-01-768x471.jpg 768w\" sizes=\"(max-width: 1047px) 100vw, 1047px\" \/>\t\t\t\t\t\t\t\t\t\t\t\t\t\t\t<\/div>\n\t\t<div class=\"elementor-element elementor-element-14f55f86 e-con-full e-flex e-con e-child\" data-id=\"14f55f86\" data-element_type=\"container\" data-e-type=\"container\">\n\t\t\t\t<div class=\"elementor-element elementor-element-2133441d elementor-widget elementor-widget-heading\" data-id=\"2133441d\" data-element_type=\"widget\" data-e-type=\"widget\" data-widget_type=\"heading.default\">\n\t\t\t\t\t<h6 class=\"elementor-heading-title elementor-size-default\">Volkswagen Reifen und R\u00e4derservice<\/h6>\t\t\t\t<\/div>\n\t\t\t\t<div class=\"elementor-element elementor-element-162f8c8c elementor-widget elementor-widget-text-editor\" data-id=\"162f8c8c\" data-element_type=\"widget\" data-e-type=\"widget\" data-widget_type=\"text-editor.default\">\n\t\t\t\t\t\t\t\t\t<p class=\"p1\"><span class=\"s1\">Der Reifenwechsel ist ein wichtiger Schritt, um die Fahrsicherheit und die Leistung Ihres Fahrzeugs an die wechselnden Wetterbedingungen anzupassen. Wir kontrollieren nicht nur die Profiltiefe, sondern auch das Reifenlaufbild, um sicherzustellen, dass Ihre Reifen gleichm\u00e4ssig abgenutzt sind und optimal auf der Strasse haften.<\/span><\/p>\t\t\t\t\t\t\t\t<\/div>\n\t\t\t\t<\/div>\n\t\t\t\t<\/div>\n\t\t<div class=\"elementor-element elementor-element-50df1197 e-con-full e-flex elementor-invisible e-con e-child\" data-id=\"50df1197\" data-element_type=\"container\" data-e-type=\"container\" data-settings=\"{&quot;animation&quot;:&quot;fadeInUp&quot;,&quot;animation_delay&quot;:&quot;100&quot;}\">\n\t\t\t\t<div class=\"elementor-element elementor-element-72980a12 elementor-widget elementor-widget-image\" data-id=\"72980a12\" data-element_type=\"widget\" data-e-type=\"widget\" data-widget_type=\"image.default\">\n\t\t\t\t\t\t\t\t\t\t\t\t\t\t\t<img decoding=\"async\" width=\"1047\" height=\"642\" src=\"https:\/\/jenatschgaragen.ch\/sommerhalder\/wp-content\/uploads\/sites\/2\/2026\/02\/dienstleistungen-aufdorf_maennedorf-raeder_und_reifen-02.jpg\" class=\"elementor-animation-float attachment-full size-full wp-image-970\" alt=\"\" srcset=\"https:\/\/jenatschgaragen.ch\/sommerhalder\/wp-content\/uploads\/sites\/2\/2026\/02\/dienstleistungen-aufdorf_maennedorf-raeder_und_reifen-02.jpg 1047w, https:\/\/jenatschgaragen.ch\/sommerhalder\/wp-content\/uploads\/sites\/2\/2026\/02\/dienstleistungen-aufdorf_maennedorf-raeder_und_reifen-02-300x184.jpg 300w, https:\/\/jenatschgaragen.ch\/sommerhalder\/wp-content\/uploads\/sites\/2\/2026\/02\/dienstleistungen-aufdorf_maennedorf-raeder_und_reifen-02-1024x628.jpg 1024w, https:\/\/jenatschgaragen.ch\/sommerhalder\/wp-content\/uploads\/sites\/2\/2026\/02\/dienstleistungen-aufdorf_maennedorf-raeder_und_reifen-02-768x471.jpg 768w\" sizes=\"(max-width: 1047px) 100vw, 1047px\" \/>\t\t\t\t\t\t\t\t\t\t\t\t\t\t\t<\/div>\n\t\t<div class=\"elementor-element elementor-element-1d703748 e-con-full e-flex e-con e-child\" data-id=\"1d703748\" data-element_type=\"container\" data-e-type=\"container\">\n\t\t\t\t<div class=\"elementor-element elementor-element-5d9ce61d elementor-widget elementor-widget-heading\" data-id=\"5d9ce61d\" data-element_type=\"widget\" data-e-type=\"widget\" data-widget_type=\"heading.default\">\n\t\t\t\t\t<h6 class=\"elementor-heading-title elementor-size-default\">Unser Einlagerungsservice<\/h6>\t\t\t\t<\/div>\n\t\t\t\t<div class=\"elementor-element elementor-element-4b260dcb elementor-widget elementor-widget-text-editor\" data-id=\"4b260dcb\" data-element_type=\"widget\" data-e-type=\"widget\" data-widget_type=\"text-editor.default\">\n\t\t\t\t\t\t\t\t\t<p class=\"p1\">Sie m\u00f6chten Ihre Winter- oder Sommerr\u00e4der ganz\u00a0komfortabel bei uns verstauen? Nutzen Sie unsere Reifen- und R\u00e4dereinlagerung.<\/p><p class=\"p1\">Wir reinigen ausserdem die Komplettr\u00e4der, kontrollieren Ihre Reifen und Felgen auf Besch\u00e4digungen und pr\u00fcfen das Profil.<\/p>\t\t\t\t\t\t\t\t<\/div>\n\t\t\t\t<\/div>\n\t\t\t\t<\/div>\n\t\t<div class=\"elementor-element elementor-element-2120fd52 e-con-full e-flex elementor-invisible e-con e-child\" data-id=\"2120fd52\" data-element_type=\"container\" data-e-type=\"container\" data-settings=\"{&quot;animation&quot;:&quot;fadeInUp&quot;,&quot;animation_delay&quot;:&quot;200&quot;}\">\n\t\t\t\t<div class=\"elementor-element elementor-element-408d2f66 elementor-widget elementor-widget-image\" data-id=\"408d2f66\" data-element_type=\"widget\" data-e-type=\"widget\" data-widget_type=\"image.default\">\n\t\t\t\t\t\t\t\t\t\t\t\t\t\t\t<img decoding=\"async\" width=\"1047\" height=\"642\" src=\"https:\/\/jenatschgaragen.ch\/sommerhalder\/wp-content\/uploads\/sites\/2\/2026\/02\/dienstleistungen-aufdorf_maennedorf-raeder_und_reifen-03.jpg\" class=\"elementor-animation-float attachment-full size-full wp-image-971\" alt=\"\" srcset=\"https:\/\/jenatschgaragen.ch\/sommerhalder\/wp-content\/uploads\/sites\/2\/2026\/02\/dienstleistungen-aufdorf_maennedorf-raeder_und_reifen-03.jpg 1047w, https:\/\/jenatschgaragen.ch\/sommerhalder\/wp-content\/uploads\/sites\/2\/2026\/02\/dienstleistungen-aufdorf_maennedorf-raeder_und_reifen-03-300x184.jpg 300w, https:\/\/jenatschgaragen.ch\/sommerhalder\/wp-content\/uploads\/sites\/2\/2026\/02\/dienstleistungen-aufdorf_maennedorf-raeder_und_reifen-03-1024x628.jpg 1024w, https:\/\/jenatschgaragen.ch\/sommerhalder\/wp-content\/uploads\/sites\/2\/2026\/02\/dienstleistungen-aufdorf_maennedorf-raeder_und_reifen-03-768x471.jpg 768w\" sizes=\"(max-width: 1047px) 100vw, 1047px\" \/>\t\t\t\t\t\t\t\t\t\t\t\t\t\t\t<\/div>\n\t\t<div class=\"elementor-element elementor-element-788f0fe6 e-con-full e-flex e-con e-child\" data-id=\"788f0fe6\" data-element_type=\"container\" data-e-type=\"container\">\n\t\t\t\t<div class=\"elementor-element elementor-element-3b1b46a1 elementor-widget elementor-widget-heading\" data-id=\"3b1b46a1\" data-element_type=\"widget\" data-e-type=\"widget\" data-widget_type=\"heading.default\">\n\t\t\t\t\t<h6 class=\"elementor-heading-title elementor-size-default\">Sommer und Winterkomplettr\u00e4der<\/h6>\t\t\t\t<\/div>\n\t\t\t\t<div class=\"elementor-element elementor-element-718fd62a elementor-widget elementor-widget-text-editor\" data-id=\"718fd62a\" data-element_type=\"widget\" data-e-type=\"widget\" data-widget_type=\"text-editor.default\">\n\t\t\t\t\t\t\t\t\t<p class=\"p1\"><span class=\"s1\">Lassen Sie sich von uns beraten in Bezug auf Sommer- und Winterkomplettr\u00e4der. Die R\u00e4der und Felgen aus dem Volkswagen Original Zubeh\u00f6r sorgen durch ihre hochwertige Qualit\u00e4t f\u00fcr verl\u00e4ssliche Bodenhaftung, optimale Traktion und damit f\u00fcr Fahrsicherheit und Komfort. Fragen Sie uns, wir zeigen Ihnen alle M\u00f6glichkeiten f\u00fcr Ihren Volkswagen auf.\u00a0<\/span><\/p>\t\t\t\t\t\t\t\t<\/div>\n\t\t\t\t<\/div>\n\t\t\t\t<\/div>\n\t\t\t\t<\/div>\n\t\t\t\t<\/div>\n\t\t\t\t\t<\/div>\n\t\t\t\t<\/div>\n\t\t<div class=\"elementor-element elementor-element-43054a9 e-flex e-con-boxed e-con e-parent\" data-id=\"43054a9\" data-element_type=\"container\" data-e-type=\"container\" data-settings=\"{&quot;background_background&quot;:&quot;classic&quot;}\">\n\t\t\t\t\t<div class=\"e-con-inner\">\n\t\t<div class=\"elementor-element elementor-element-1929faee e-con-full e-flex e-con e-child\" data-id=\"1929faee\" data-element_type=\"container\" data-e-type=\"container\">\n\t\t<div class=\"elementor-element elementor-element-4af37677 e-con-full e-flex e-con e-child\" data-id=\"4af37677\" data-element_type=\"container\" data-e-type=\"container\">\n\t\t<div class=\"elementor-element elementor-element-17de549d e-con-full e-flex e-con e-child\" data-id=\"17de549d\" data-element_type=\"container\" data-e-type=\"container\">\n\t\t\t\t<div class=\"elementor-element elementor-element-6176cc01 elementor-widget elementor-widget-heading\" data-id=\"6176cc01\" data-element_type=\"widget\" data-e-type=\"widget\" data-widget_type=\"heading.default\">\n\t\t\t\t\t<h3 class=\"elementor-heading-title elementor-size-default\">Termin vereinbaren<\/h3>\t\t\t\t<\/div>\n\t\t<div class=\"elementor-element elementor-element-603f31e1 e-con-full animated-slow e-flex elementor-invisible e-con e-child\" data-id=\"603f31e1\" data-element_type=\"container\" data-e-type=\"container\" data-settings=\"{&quot;background_background&quot;:&quot;classic&quot;,&quot;animation&quot;:&quot;fadeIn&quot;}\">\n\t\t\t\t<div class=\"elementor-element elementor-element-5d826c54 elementor-widget elementor-widget-heading\" data-id=\"5d826c54\" data-element_type=\"widget\" data-e-type=\"widget\" data-widget_type=\"heading.default\">\n\t\t\t\t\t<h4 class=\"elementor-heading-title elementor-size-default\">Schnell und einfach<\/h4>\t\t\t\t<\/div>\n\t\t\t\t<div class=\"elementor-element elementor-element-6525c3b1 elementor-align-left elementor-widget elementor-widget-button\" data-id=\"6525c3b1\" data-element_type=\"widget\" data-e-type=\"widget\" data-widget_type=\"button.default\">\n\t\t\t\t\t\t\t\t\t\t<a class=\"elementor-button elementor-button-link elementor-size-sm\" href=\"https:\/\/sommerhalder.sopl.ch\/de\/\" target=\"_blank\">\n\t\t\t\t\t\t<span class=\"elementor-button-content-wrapper\">\n\t\t\t\t\t\t<span class=\"elementor-button-icon\">\n\t\t\t\t<svg aria-hidden=\"true\" class=\"e-font-icon-svg e-fas-angle-right\" viewBox=\"0 0 256 512\" xmlns=\"http:\/\/www.w3.org\/2000\/svg\"><path d=\"M224.3 273l-136 136c-9.4 9.4-24.6 9.4-33.9 0l-22.6-22.6c-9.4-9.4-9.4-24.6 0-33.9l96.4-96.4-96.4-96.4c-9.4-9.4-9.4-24.6 0-33.9L54.3 103c9.4-9.4 24.6-9.4 33.9 0l136 136c9.5 9.4 9.5 24.6.1 34z\"><\/path><\/svg>\t\t\t<\/span>\n\t\t\t\t\t\t\t\t\t<span class=\"elementor-button-text\">Online Termin vereinbaren<\/span>\n\t\t\t\t\t<\/span>\n\t\t\t\t\t<\/a>\n\t\t\t\t\t\t\t\t<\/div>\n\t\t\t\t<\/div>\n\t\t\t\t<\/div>\n\t\t<div class=\"elementor-element elementor-element-1db50202 e-con-full animated-fast e-flex elementor-invisible e-con e-child\" data-id=\"1db50202\" data-element_type=\"container\" data-e-type=\"container\" data-settings=\"{&quot;animation&quot;:&quot;fadeInUp&quot;,&quot;animation_delay&quot;:&quot;200&quot;}\">\n\t\t\t\t<div class=\"elementor-element elementor-element-206382e elementor-widget elementor-widget-heading\" data-id=\"206382e\" data-element_type=\"widget\" data-e-type=\"widget\" data-widget_type=\"heading.default\">\n\t\t\t\t\t<h3 class=\"elementor-heading-title elementor-size-default\">Im Herzen von Z\u00fcrich.<\/h3>\t\t\t\t<\/div>\n\t\t\t\t<div class=\"elementor-element elementor-element-c6d34bd elementor-widget elementor-widget-image\" data-id=\"c6d34bd\" data-element_type=\"widget\" data-e-type=\"widget\" data-widget_type=\"image.default\">\n\t\t\t\t\t\t\t\t\t\t\t\t\t\t\t<img loading=\"lazy\" decoding=\"async\" width=\"640\" height=\"400\" src=\"https:\/\/jenatschgaragen.ch\/sommerhalder\/wp-content\/uploads\/sites\/2\/2026\/01\/garage-Sommerhalder.jpg\" class=\"elementor-animation-float attachment-full size-full wp-image-198\" alt=\"\" srcset=\"https:\/\/jenatschgaragen.ch\/sommerhalder\/wp-content\/uploads\/sites\/2\/2026\/01\/garage-Sommerhalder.jpg 640w, https:\/\/jenatschgaragen.ch\/sommerhalder\/wp-content\/uploads\/sites\/2\/2026\/01\/garage-Sommerhalder-300x188.jpg 300w\" sizes=\"(max-width: 640px) 100vw, 640px\" \/>\t\t\t\t\t\t\t\t\t\t\t\t\t\t\t<\/div>\n\t\t\t\t<div class=\"elementor-element elementor-element-1f6e3b4e elementor-widget elementor-widget-text-editor\" data-id=\"1f6e3b4e\" data-element_type=\"widget\" data-e-type=\"widget\" data-widget_type=\"text-editor.default\">\n\t\t\t\t\t\t\t\t\t<p class=\"p1\">Bei der <strong data-start=\"162\" data-end=\"185\">Garage Sommerhalder<\/strong> stehen Verl\u00e4sslichkeit, N\u00e4he und Fachkompetenz im Mittelpunkt. Als fest in Z\u00fcrich verwurzelter Garagenbetrieb begleiten wir unsere Kundinnen und Kunden seit vielen Jahren rund um ihre Mobilit\u00e4t. Wir setzen auf sorgf\u00e4ltige Arbeit, pers\u00f6nliche Beratung und einen offenen, ehrlichen Umgang. Unsere Leidenschaft f\u00fcr die Marke Volkswagen pr\u00e4gt dabei alles, was wir tun, jeden Tag aufs Neue.<\/p>\t\t\t\t\t\t\t\t<\/div>\n\t\t\t\t<\/div>\n\t\t\t\t<\/div>\n\t\t\t\t<\/div>\n\t\t\t\t\t<\/div>\n\t\t\t\t<\/div>\n\t\t\t\t<\/div>\n\t\t","protected":false},"excerpt":{"rendered":"<p>R\u00e4der und Reifen Mehr als nur ein Reifenwechsel. F\u00fcr Ihren saisonalen Reifenwechsel: Mit unserem Volkswagen R\u00e4der Service wappnen wir Sie stets passend f\u00fcr die kommende Jahreszeit. Zus\u00e4tzlich k\u00f6nnen Sie Ihre Winter- oder Sommerr\u00e4der bei uns einlagern. Seien Sie bestens f\u00fcr die Herausforderungen der Strasse ger\u00fcstet \u2013 Wir begleiten Sie. Reifen- und R\u00e4derwechsel \u2013 sicher unterwegs [&hellip;]<\/p>\n","protected":false},"author":1,"featured_media":0,"parent":0,"menu_order":0,"comment_status":"closed","ping_status":"closed","template":"","meta":{"footnotes":""},"class_list":["post-1002","page","type-page","status-publish","hentry"],"yoast_head":"<!-- This site is optimized with the Yoast SEO plugin v27.2 - https:\/\/yoast.com\/product\/yoast-seo-wordpress\/ -->\n<title>R\u00e4der und Reifen - Garage Sommerhalder<\/title>\n<meta name=\"description\" content=\"R\u00e4der und Reifen bei Garage Sommerhalder \u2013 Sommer- und Winterreifen, Montage sowie Einlagerung f\u00fcr VW, Audi und Skoda aus einer Hand.\" \/>\n<meta name=\"robots\" content=\"index, follow, max-snippet:-1, max-image-preview:large, max-video-preview:-1\" \/>\n<link rel=\"canonical\" href=\"https:\/\/jenatschgaragen.ch\/sommerhalder\/raeder-und-reifen\/\" \/>\n<meta property=\"og:locale\" content=\"de_DE\" \/>\n<meta property=\"og:type\" content=\"article\" \/>\n<meta property=\"og:title\" content=\"R\u00e4der und Reifen - Garage Sommerhalder\" \/>\n<meta property=\"og:description\" content=\"R\u00e4der und Reifen bei Garage Sommerhalder \u2013 Sommer- und Winterreifen, Montage sowie Einlagerung f\u00fcr VW, Audi und Skoda aus einer Hand.\" \/>\n<meta property=\"og:url\" content=\"https:\/\/jenatschgaragen.ch\/sommerhalder\/raeder-und-reifen\/\" \/>\n<meta property=\"og:site_name\" content=\"Garage Sommerhalder\" \/>\n<meta property=\"article:modified_time\" content=\"2026-04-16T06:43:38+00:00\" \/>\n<meta property=\"og:image\" content=\"https:\/\/jenatschgaragen.ch\/garage-sommerhalder\/wp-content\/uploads\/sites\/2\/2026\/02\/dienstleistungen-aufdorf_maennedorf-raeder_und_reifen-01.jpg\" \/>\n<meta name=\"twitter:card\" content=\"summary_large_image\" \/>\n<meta name=\"twitter:label1\" content=\"Gesch\u00e4tzte Lesezeit\" \/>\n\t<meta name=\"twitter:data1\" content=\"3\u00a0Minuten\" \/>\n<script type=\"application\/ld+json\" class=\"yoast-schema-graph\">{\"@context\":\"https:\/\/schema.org\",\"@graph\":[{\"@type\":\"WebPage\",\"@id\":\"https:\/\/jenatschgaragen.ch\/sommerhalder\/raeder-und-reifen\/\",\"url\":\"https:\/\/jenatschgaragen.ch\/sommerhalder\/raeder-und-reifen\/\",\"name\":\"R\u00e4der und Reifen - Garage Sommerhalder\",\"isPartOf\":{\"@id\":\"https:\/\/jenatschgaragen.ch\/sommerhalder\/#website\"},\"primaryImageOfPage\":{\"@id\":\"https:\/\/jenatschgaragen.ch\/sommerhalder\/raeder-und-reifen\/#primaryimage\"},\"image\":{\"@id\":\"https:\/\/jenatschgaragen.ch\/sommerhalder\/raeder-und-reifen\/#primaryimage\"},\"thumbnailUrl\":\"https:\/\/jenatschgaragen.ch\/garage-sommerhalder\/wp-content\/uploads\/sites\/2\/2026\/02\/dienstleistungen-aufdorf_maennedorf-raeder_und_reifen-01.jpg\",\"datePublished\":\"2026-02-02T11:10:41+00:00\",\"dateModified\":\"2026-04-16T06:43:38+00:00\",\"description\":\"R\u00e4der und Reifen bei Garage Sommerhalder \u2013 Sommer- und Winterreifen, Montage sowie Einlagerung f\u00fcr VW, Audi und Skoda aus einer Hand.\",\"breadcrumb\":{\"@id\":\"https:\/\/jenatschgaragen.ch\/sommerhalder\/raeder-und-reifen\/#breadcrumb\"},\"inLanguage\":\"de-CH\",\"potentialAction\":[{\"@type\":\"ReadAction\",\"target\":[\"https:\/\/jenatschgaragen.ch\/sommerhalder\/raeder-und-reifen\/\"]}]},{\"@type\":\"ImageObject\",\"inLanguage\":\"de-CH\",\"@id\":\"https:\/\/jenatschgaragen.ch\/sommerhalder\/raeder-und-reifen\/#primaryimage\",\"url\":\"https:\/\/jenatschgaragen.ch\/garage-sommerhalder\/wp-content\/uploads\/sites\/2\/2026\/02\/dienstleistungen-aufdorf_maennedorf-raeder_und_reifen-01.jpg\",\"contentUrl\":\"https:\/\/jenatschgaragen.ch\/garage-sommerhalder\/wp-content\/uploads\/sites\/2\/2026\/02\/dienstleistungen-aufdorf_maennedorf-raeder_und_reifen-01.jpg\"},{\"@type\":\"BreadcrumbList\",\"@id\":\"https:\/\/jenatschgaragen.ch\/sommerhalder\/raeder-und-reifen\/#breadcrumb\",\"itemListElement\":[{\"@type\":\"ListItem\",\"position\":1,\"name\":\"Home\",\"item\":\"https:\/\/jenatschgaragen.ch\/sommerhalder\/\"},{\"@type\":\"ListItem\",\"position\":2,\"name\":\"R\u00e4der und Reifen\"}]},{\"@type\":\"WebSite\",\"@id\":\"https:\/\/jenatschgaragen.ch\/sommerhalder\/#website\",\"url\":\"https:\/\/jenatschgaragen.ch\/sommerhalder\/\",\"name\":\"Garage Sommerhalder\",\"description\":\"Ihre Volkswagen-Experten im Herzen von Z\u00fcrich\\u2028\",\"publisher\":{\"@id\":\"https:\/\/jenatschgaragen.ch\/sommerhalder\/#organization\"},\"potentialAction\":[{\"@type\":\"SearchAction\",\"target\":{\"@type\":\"EntryPoint\",\"urlTemplate\":\"https:\/\/jenatschgaragen.ch\/sommerhalder\/?s={search_term_string}\"},\"query-input\":{\"@type\":\"PropertyValueSpecification\",\"valueRequired\":true,\"valueName\":\"search_term_string\"}}],\"inLanguage\":\"de-CH\"},{\"@type\":\"Organization\",\"@id\":\"https:\/\/jenatschgaragen.ch\/sommerhalder\/#organization\",\"name\":\"Garage Sommerhalder\",\"url\":\"https:\/\/jenatschgaragen.ch\/sommerhalder\/\",\"logo\":{\"@type\":\"ImageObject\",\"inLanguage\":\"de-CH\",\"@id\":\"https:\/\/jenatschgaragen.ch\/sommerhalder\/#\/schema\/logo\/image\/\",\"url\":\"https:\/\/jenatschgaragen.ch\/sommerhalder\/wp-content\/uploads\/sites\/2\/2026\/01\/logo-JG-Somerhalder.png\",\"contentUrl\":\"https:\/\/jenatschgaragen.ch\/sommerhalder\/wp-content\/uploads\/sites\/2\/2026\/01\/logo-JG-Somerhalder.png\",\"width\":560,\"height\":50,\"caption\":\"Garage Sommerhalder\"},\"image\":{\"@id\":\"https:\/\/jenatschgaragen.ch\/sommerhalder\/#\/schema\/logo\/image\/\"}}]}<\/script>\n<!-- \/ Yoast SEO plugin. -->","yoast_head_json":{"title":"R\u00e4der und Reifen - Garage Sommerhalder","description":"R\u00e4der und Reifen bei Garage Sommerhalder \u2013 Sommer- und Winterreifen, Montage sowie Einlagerung f\u00fcr VW, Audi und Skoda aus einer Hand.","robots":{"index":"index","follow":"follow","max-snippet":"max-snippet:-1","max-image-preview":"max-image-preview:large","max-video-preview":"max-video-preview:-1"},"canonical":"https:\/\/jenatschgaragen.ch\/sommerhalder\/raeder-und-reifen\/","og_locale":"de_DE","og_type":"article","og_title":"R\u00e4der und Reifen - Garage Sommerhalder","og_description":"R\u00e4der und Reifen bei Garage Sommerhalder \u2013 Sommer- und Winterreifen, Montage sowie Einlagerung f\u00fcr VW, Audi und Skoda aus einer Hand.","og_url":"https:\/\/jenatschgaragen.ch\/sommerhalder\/raeder-und-reifen\/","og_site_name":"Garage Sommerhalder","article_modified_time":"2026-04-16T06:43:38+00:00","og_image":[{"url":"https:\/\/jenatschgaragen.ch\/garage-sommerhalder\/wp-content\/uploads\/sites\/2\/2026\/02\/dienstleistungen-aufdorf_maennedorf-raeder_und_reifen-01.jpg","type":"","width":"","height":""}],"twitter_card":"summary_large_image","twitter_misc":{"Gesch\u00e4tzte Lesezeit":"3\u00a0Minuten"},"schema":{"@context":"https:\/\/schema.org","@graph":[{"@type":"WebPage","@id":"https:\/\/jenatschgaragen.ch\/sommerhalder\/raeder-und-reifen\/","url":"https:\/\/jenatschgaragen.ch\/sommerhalder\/raeder-und-reifen\/","name":"R\u00e4der und Reifen - Garage Sommerhalder","isPartOf":{"@id":"https:\/\/jenatschgaragen.ch\/sommerhalder\/#website"},"primaryImageOfPage":{"@id":"https:\/\/jenatschgaragen.ch\/sommerhalder\/raeder-und-reifen\/#primaryimage"},"image":{"@id":"https:\/\/jenatschgaragen.ch\/sommerhalder\/raeder-und-reifen\/#primaryimage"},"thumbnailUrl":"https:\/\/jenatschgaragen.ch\/garage-sommerhalder\/wp-content\/uploads\/sites\/2\/2026\/02\/dienstleistungen-aufdorf_maennedorf-raeder_und_reifen-01.jpg","datePublished":"2026-02-02T11:10:41+00:00","dateModified":"2026-04-16T06:43:38+00:00","description":"R\u00e4der und Reifen bei Garage Sommerhalder \u2013 Sommer- und Winterreifen, Montage sowie Einlagerung f\u00fcr VW, Audi und Skoda aus einer Hand.","breadcrumb":{"@id":"https:\/\/jenatschgaragen.ch\/sommerhalder\/raeder-und-reifen\/#breadcrumb"},"inLanguage":"de-CH","potentialAction":[{"@type":"ReadAction","target":["https:\/\/jenatschgaragen.ch\/sommerhalder\/raeder-und-reifen\/"]}]},{"@type":"ImageObject","inLanguage":"de-CH","@id":"https:\/\/jenatschgaragen.ch\/sommerhalder\/raeder-und-reifen\/#primaryimage","url":"https:\/\/jenatschgaragen.ch\/garage-sommerhalder\/wp-content\/uploads\/sites\/2\/2026\/02\/dienstleistungen-aufdorf_maennedorf-raeder_und_reifen-01.jpg","contentUrl":"https:\/\/jenatschgaragen.ch\/garage-sommerhalder\/wp-content\/uploads\/sites\/2\/2026\/02\/dienstleistungen-aufdorf_maennedorf-raeder_und_reifen-01.jpg"},{"@type":"BreadcrumbList","@id":"https:\/\/jenatschgaragen.ch\/sommerhalder\/raeder-und-reifen\/#breadcrumb","itemListElement":[{"@type":"ListItem","position":1,"name":"Home","item":"https:\/\/jenatschgaragen.ch\/sommerhalder\/"},{"@type":"ListItem","position":2,"name":"R\u00e4der und Reifen"}]},{"@type":"WebSite","@id":"https:\/\/jenatschgaragen.ch\/sommerhalder\/#website","url":"https:\/\/jenatschgaragen.ch\/sommerhalder\/","name":"Garage Sommerhalder","description":"Ihre Volkswagen-Experten im Herzen von Z\u00fcrich\u2028","publisher":{"@id":"https:\/\/jenatschgaragen.ch\/sommerhalder\/#organization"},"potentialAction":[{"@type":"SearchAction","target":{"@type":"EntryPoint","urlTemplate":"https:\/\/jenatschgaragen.ch\/sommerhalder\/?s={search_term_string}"},"query-input":{"@type":"PropertyValueSpecification","valueRequired":true,"valueName":"search_term_string"}}],"inLanguage":"de-CH"},{"@type":"Organization","@id":"https:\/\/jenatschgaragen.ch\/sommerhalder\/#organization","name":"Garage Sommerhalder","url":"https:\/\/jenatschgaragen.ch\/sommerhalder\/","logo":{"@type":"ImageObject","inLanguage":"de-CH","@id":"https:\/\/jenatschgaragen.ch\/sommerhalder\/#\/schema\/logo\/image\/","url":"https:\/\/jenatschgaragen.ch\/sommerhalder\/wp-content\/uploads\/sites\/2\/2026\/01\/logo-JG-Somerhalder.png","contentUrl":"https:\/\/jenatschgaragen.ch\/sommerhalder\/wp-content\/uploads\/sites\/2\/2026\/01\/logo-JG-Somerhalder.png","width":560,"height":50,"caption":"Garage Sommerhalder"},"image":{"@id":"https:\/\/jenatschgaragen.ch\/sommerhalder\/#\/schema\/logo\/image\/"}}]}},"_links":{"self":[{"href":"https:\/\/jenatschgaragen.ch\/sommerhalder\/wp-json\/wp\/v2\/pages\/1002","targetHints":{"allow":["GET"]}}],"collection":[{"href":"https:\/\/jenatschgaragen.ch\/sommerhalder\/wp-json\/wp\/v2\/pages"}],"about":[{"href":"https:\/\/jenatschgaragen.ch\/sommerhalder\/wp-json\/wp\/v2\/types\/page"}],"author":[{"embeddable":true,"href":"https:\/\/jenatschgaragen.ch\/sommerhalder\/wp-json\/wp\/v2\/users\/1"}],"replies":[{"embeddable":true,"href":"https:\/\/jenatschgaragen.ch\/sommerhalder\/wp-json\/wp\/v2\/comments?post=1002"}],"version-history":[{"count":28,"href":"https:\/\/jenatschgaragen.ch\/sommerhalder\/wp-json\/wp\/v2\/pages\/1002\/revisions"}],"predecessor-version":[{"id":1578,"href":"https:\/\/jenatschgaragen.ch\/sommerhalder\/wp-json\/wp\/v2\/pages\/1002\/revisions\/1578"}],"wp:attachment":[{"href":"https:\/\/jenatschgaragen.ch\/sommerhalder\/wp-json\/wp\/v2\/media?parent=1002"}],"curies":[{"name":"wp","href":"https:\/\/api.w.org\/{rel}","templated":true}]}}