{"id":967,"date":"2026-02-02T13:10:47","date_gmt":"2026-02-02T12:10:47","guid":{"rendered":"https:\/\/effecto-marketing.ch\/jenatsch\/garage-zuerich-city\/?page_id=967"},"modified":"2026-04-15T13:29:00","modified_gmt":"2026-04-15T11:29:00","slug":"elektro-expertcenter","status":"publish","type":"page","link":"https:\/\/jenatschgaragen.ch\/city\/elektro-expertcenter\/","title":{"rendered":"Elektro-Expertcenter"},"content":{"rendered":"\t\t<div data-elementor-type=\"wp-page\" data-elementor-id=\"967\" class=\"elementor elementor-967\" data-elementor-post-type=\"page\">\n\t\t\t\t<div class=\"elementor-element elementor-element-173cc8d e-flex e-con-boxed e-con e-parent\" data-id=\"173cc8d\" data-element_type=\"container\" data-e-type=\"container\" data-settings=\"{&quot;background_background&quot;:&quot;classic&quot;}\">\n\t\t\t\t\t<div class=\"e-con-inner\">\n\t\t\t\t\t<\/div>\n\t\t\t\t<\/div>\n\t\t<div class=\"elementor-element elementor-element-26a6078 e-flex e-con-boxed e-con e-parent\" data-id=\"26a6078\" data-element_type=\"container\" data-e-type=\"container\">\n\t\t\t\t\t<div class=\"e-con-inner\">\n\t\t<div class=\"elementor-element elementor-element-2c38a5f e-con-full e-flex e-con e-child\" data-id=\"2c38a5f\" data-element_type=\"container\" data-e-type=\"container\">\n\t\t<div class=\"elementor-element elementor-element-fb3d4e1 e-con-full animated-fast e-flex elementor-invisible e-con e-child\" data-id=\"fb3d4e1\" data-element_type=\"container\" data-e-type=\"container\" data-settings=\"{&quot;animation&quot;:&quot;fadeInLeft&quot;}\">\n\t\t\t\t<div class=\"elementor-element elementor-element-fc19799 elementor-widget elementor-widget-heading\" data-id=\"fc19799\" data-element_type=\"widget\" data-e-type=\"widget\" data-widget_type=\"heading.default\">\n\t\t\t\t\t<h2 class=\"elementor-heading-title elementor-size-default\">Elektro Expertcenter<\/h2>\t\t\t\t<\/div>\n\t\t\t\t<\/div>\n\t\t<div class=\"elementor-element elementor-element-4f9c0b6 e-con-full animated-slow e-flex elementor-invisible e-con e-child\" data-id=\"4f9c0b6\" data-element_type=\"container\" data-e-type=\"container\" data-settings=\"{&quot;animation&quot;:&quot;fadeIn&quot;}\">\n\t\t\t\t<div class=\"elementor-element elementor-element-972f37b elementor-widget elementor-widget-heading\" data-id=\"972f37b\" data-element_type=\"widget\" data-e-type=\"widget\" data-widget_type=\"heading.default\">\n\t\t\t\t\t<h4 class=\"elementor-heading-title elementor-size-default\">E-Kompetenz f\u00fcr Ihren Volkswagen.\u2028<\/h4>\t\t\t\t<\/div>\n\t\t\t\t<div class=\"elementor-element elementor-element-abeea8d elementor-widget elementor-widget-text-editor\" data-id=\"abeea8d\" data-element_type=\"widget\" data-e-type=\"widget\" data-widget_type=\"text-editor.default\">\n\t\t\t\t\t\t\t\t\t<p class=\"p1\"><span class=\"s1\">Ein Volkswagen Elektroauto bietet nicht nur beeindruckende Leistung und Innovation, sondern auch eine deutlich vereinfachte Wartung im Vergleich zu herk\u00f6mmlichen Verbrennungsmotoren. Doch auch f\u00fcr Ihr Elektrofahrzeug ist regelm\u00e4ssige Pflege entscheidend, um die Effizienz, Sicherheit und Lebensdauer langfristig zu gew\u00e4hrleisten. Vertrauen Sie auf unsere Expertise.<\/span><\/p>\t\t\t\t\t\t\t\t<\/div>\n\t\t\t\t<\/div>\n\t\t\t\t<\/div>\n\t\t\t\t\t<\/div>\n\t\t\t\t<\/div>\n\t\t<div class=\"elementor-element elementor-element-c578a20 e-flex e-con-boxed e-con e-parent\" data-id=\"c578a20\" data-element_type=\"container\" data-e-type=\"container\">\n\t\t\t\t\t<div class=\"e-con-inner\">\n\t\t<div class=\"elementor-element elementor-element-3e44e86 e-con-full e-flex e-con e-child\" data-id=\"3e44e86\" data-element_type=\"container\" data-e-type=\"container\">\n\t\t<div class=\"elementor-element elementor-element-a0f3e6a e-con-full e-flex e-con e-child\" data-id=\"a0f3e6a\" data-element_type=\"container\" data-e-type=\"container\">\n\t\t<div class=\"elementor-element elementor-element-43b1fdc e-con-full animated-fast e-flex elementor-invisible e-con e-child\" data-id=\"43b1fdc\" data-element_type=\"container\" data-e-type=\"container\" data-settings=\"{&quot;animation&quot;:&quot;fadeInLeft&quot;}\">\n\t\t\t\t<div class=\"elementor-element elementor-element-25be290 elementor-widget elementor-widget-heading\" data-id=\"25be290\" data-element_type=\"widget\" data-e-type=\"widget\" data-widget_type=\"heading.default\">\n\t\t\t\t\t<h3 class=\"elementor-heading-title elementor-size-default\">Volkswagen Service f\u00fcr Elektroautos<\/h3>\t\t\t\t<\/div>\n\t\t\t\t<\/div>\n\t\t<div class=\"elementor-element elementor-element-eb60a27 e-con-full animated-slow e-flex elementor-invisible e-con e-child\" data-id=\"eb60a27\" data-element_type=\"container\" data-e-type=\"container\" data-settings=\"{&quot;animation&quot;:&quot;fadeIn&quot;}\">\n\t\t\t\t<div class=\"elementor-element elementor-element-2fef6b4 elementor-widget elementor-widget-text-editor\" data-id=\"2fef6b4\" data-element_type=\"widget\" data-e-type=\"widget\" data-widget_type=\"text-editor.default\">\n\t\t\t\t\t\t\t\t\t<p class=\"p1\">Bei der <strong data-start=\"86\" data-end=\"116\">Jenatschgarage Z\u00fcrich-City<\/strong> sind Sie und Ihr Elektro-Volkswagen in besten H\u00e4nden. Mit unserem Qualit\u00e4tsversprechen sorgen wir daf\u00fcr, dass Sie jederzeit zuverl\u00e4ssig mobil bleiben. Wir bieten Ihnen individuelle L\u00f6sungen \u2013 abgestimmt auf Ihre Bed\u00fcrfnisse, auf jedes VW-Modell und auf viele unbeschwerte, elektrische Kilometer, die noch vor Ihnen liegen.<\/p>\t\t\t\t\t\t\t\t<\/div>\n\t\t\t\t<\/div>\n\t\t\t\t<\/div>\n\t\t<div class=\"elementor-element elementor-element-0011a18 e-con-full e-flex e-con e-child\" data-id=\"0011a18\" data-element_type=\"container\" data-e-type=\"container\">\n\t\t<div class=\"elementor-element elementor-element-1f522b6 e-con-full e-flex elementor-invisible e-con e-child\" data-id=\"1f522b6\" data-element_type=\"container\" data-e-type=\"container\" data-settings=\"{&quot;animation&quot;:&quot;fadeInUp&quot;}\">\n\t\t\t\t<div class=\"elementor-element elementor-element-d2ce48a elementor-widget elementor-widget-image\" data-id=\"d2ce48a\" data-element_type=\"widget\" data-e-type=\"widget\" data-widget_type=\"image.default\">\n\t\t\t\t\t\t\t\t\t\t\t\t\t\t\t<img fetchpriority=\"high\" decoding=\"async\" width=\"800\" height=\"491\" src=\"https:\/\/jenatschgaragen.ch\/city\/wp-content\/uploads\/sites\/3\/2026\/02\/dienstleistungen-aufdorf_maennedorf-elektroexpertcenter-01-1024x628.jpg\" class=\"elementor-animation-float attachment-large size-large wp-image-970\" alt=\"\" srcset=\"https:\/\/jenatschgaragen.ch\/city\/wp-content\/uploads\/sites\/3\/2026\/02\/dienstleistungen-aufdorf_maennedorf-elektroexpertcenter-01-1024x628.jpg 1024w, https:\/\/jenatschgaragen.ch\/city\/wp-content\/uploads\/sites\/3\/2026\/02\/dienstleistungen-aufdorf_maennedorf-elektroexpertcenter-01-300x184.jpg 300w, https:\/\/jenatschgaragen.ch\/city\/wp-content\/uploads\/sites\/3\/2026\/02\/dienstleistungen-aufdorf_maennedorf-elektroexpertcenter-01-768x471.jpg 768w, https:\/\/jenatschgaragen.ch\/city\/wp-content\/uploads\/sites\/3\/2026\/02\/dienstleistungen-aufdorf_maennedorf-elektroexpertcenter-01.jpg 1047w\" sizes=\"(max-width: 800px) 100vw, 800px\" \/>\t\t\t\t\t\t\t\t\t\t\t\t\t\t\t<\/div>\n\t\t<div class=\"elementor-element elementor-element-953c5bc e-con-full e-flex e-con e-child\" data-id=\"953c5bc\" data-element_type=\"container\" data-e-type=\"container\">\n\t\t\t\t<div class=\"elementor-element elementor-element-e636e02 elementor-widget elementor-widget-heading\" data-id=\"e636e02\" data-element_type=\"widget\" data-e-type=\"widget\" data-widget_type=\"heading.default\">\n\t\t\t\t\t<h6 class=\"elementor-heading-title elementor-size-default\">Volkswagen Pflege und Wartung<\/h6>\t\t\t\t<\/div>\n\t\t\t\t<div class=\"elementor-element elementor-element-0039fd9 elementor-widget elementor-widget-text-editor\" data-id=\"0039fd9\" data-element_type=\"widget\" data-e-type=\"widget\" data-widget_type=\"text-editor.default\">\n\t\t\t\t\t\t\t\t\t<p class=\"p1\"><span class=\"s1\">Pflege und Wartung von Elektroautos unterscheiden sich von der des herk\u00f6mmlichen Verbrennungsmotors: kein Auspuff, keine Z\u00fcndkerzen, kein Motoren\u00f6l. Das spart nicht nur Zeit, sondern auch Geld. Dennoch ist ein regelm\u00e4ssiges Service-Intervall bei Ihrem Volkswagen ID.Modell wichtig.<\/span><\/p>\t\t\t\t\t\t\t\t<\/div>\n\t\t\t\t<\/div>\n\t\t\t\t<\/div>\n\t\t<div class=\"elementor-element elementor-element-ce059ca e-con-full e-flex elementor-invisible e-con e-child\" data-id=\"ce059ca\" data-element_type=\"container\" data-e-type=\"container\" data-settings=\"{&quot;animation&quot;:&quot;fadeInUp&quot;,&quot;animation_delay&quot;:100}\">\n\t\t\t\t<div class=\"elementor-element elementor-element-bb7ad2e elementor-widget elementor-widget-image\" data-id=\"bb7ad2e\" data-element_type=\"widget\" data-e-type=\"widget\" data-widget_type=\"image.default\">\n\t\t\t\t\t\t\t\t\t\t\t\t\t\t\t<img decoding=\"async\" width=\"800\" height=\"491\" src=\"https:\/\/jenatschgaragen.ch\/city\/wp-content\/uploads\/sites\/3\/2026\/02\/dienstleistungen-aufdorf_maennedorf-elektroexpertcenter-02-1024x628.jpg\" class=\"elementor-animation-float attachment-large size-large wp-image-971\" alt=\"\" srcset=\"https:\/\/jenatschgaragen.ch\/city\/wp-content\/uploads\/sites\/3\/2026\/02\/dienstleistungen-aufdorf_maennedorf-elektroexpertcenter-02-1024x628.jpg 1024w, https:\/\/jenatschgaragen.ch\/city\/wp-content\/uploads\/sites\/3\/2026\/02\/dienstleistungen-aufdorf_maennedorf-elektroexpertcenter-02-300x184.jpg 300w, https:\/\/jenatschgaragen.ch\/city\/wp-content\/uploads\/sites\/3\/2026\/02\/dienstleistungen-aufdorf_maennedorf-elektroexpertcenter-02-768x471.jpg 768w, https:\/\/jenatschgaragen.ch\/city\/wp-content\/uploads\/sites\/3\/2026\/02\/dienstleistungen-aufdorf_maennedorf-elektroexpertcenter-02.jpg 1047w\" sizes=\"(max-width: 800px) 100vw, 800px\" \/>\t\t\t\t\t\t\t\t\t\t\t\t\t\t\t<\/div>\n\t\t<div class=\"elementor-element elementor-element-88adf1b e-con-full e-flex e-con e-child\" data-id=\"88adf1b\" data-element_type=\"container\" data-e-type=\"container\">\n\t\t\t\t<div class=\"elementor-element elementor-element-99c2360 elementor-widget elementor-widget-heading\" data-id=\"99c2360\" data-element_type=\"widget\" data-e-type=\"widget\" data-widget_type=\"heading.default\">\n\t\t\t\t\t<h6 class=\"elementor-heading-title elementor-size-default\">35 Prozent geringere Wartungskosten<\/h6>\t\t\t\t<\/div>\n\t\t\t\t<div class=\"elementor-element elementor-element-eedab1b elementor-widget elementor-widget-text-editor\" data-id=\"eedab1b\" data-element_type=\"widget\" data-e-type=\"widget\" data-widget_type=\"text-editor.default\">\n\t\t\t\t\t\t\t\t\t<p class=\"p1\"><span class=\"s1\">Selbst wenn E-Autos andere Anspr\u00fcche an die regelm\u00e4ssige Inspektion stellen als Fahrzeuge mit klassischen Verbrennungsmotoren, liegen die Reparatur- und Wartungskosten f\u00fcr Elektroautos alles in allem rund 35 Prozent unter denen eines vergleichbaren Autos mit Verbrennungsmotor.<\/span><\/p>\t\t\t\t\t\t\t\t<\/div>\n\t\t\t\t<\/div>\n\t\t\t\t<\/div>\n\t\t<div class=\"elementor-element elementor-element-0b3dfc9 e-con-full e-flex elementor-invisible e-con e-child\" data-id=\"0b3dfc9\" data-element_type=\"container\" data-e-type=\"container\" data-settings=\"{&quot;animation&quot;:&quot;fadeInUp&quot;,&quot;animation_delay&quot;:200}\">\n\t\t\t\t<div class=\"elementor-element elementor-element-91f2128 elementor-widget elementor-widget-image\" data-id=\"91f2128\" data-element_type=\"widget\" data-e-type=\"widget\" data-widget_type=\"image.default\">\n\t\t\t\t\t\t\t\t\t\t\t\t\t\t\t<img decoding=\"async\" width=\"800\" height=\"491\" src=\"https:\/\/jenatschgaragen.ch\/city\/wp-content\/uploads\/sites\/3\/2026\/02\/dienstleistungen-aufdorf_maennedorf-elektroexpertcenter-03-1024x628.jpg\" class=\"elementor-animation-float attachment-large size-large wp-image-972\" alt=\"\" srcset=\"https:\/\/jenatschgaragen.ch\/city\/wp-content\/uploads\/sites\/3\/2026\/02\/dienstleistungen-aufdorf_maennedorf-elektroexpertcenter-03-1024x628.jpg 1024w, https:\/\/jenatschgaragen.ch\/city\/wp-content\/uploads\/sites\/3\/2026\/02\/dienstleistungen-aufdorf_maennedorf-elektroexpertcenter-03-300x184.jpg 300w, https:\/\/jenatschgaragen.ch\/city\/wp-content\/uploads\/sites\/3\/2026\/02\/dienstleistungen-aufdorf_maennedorf-elektroexpertcenter-03-768x471.jpg 768w, https:\/\/jenatschgaragen.ch\/city\/wp-content\/uploads\/sites\/3\/2026\/02\/dienstleistungen-aufdorf_maennedorf-elektroexpertcenter-03.jpg 1047w\" sizes=\"(max-width: 800px) 100vw, 800px\" \/>\t\t\t\t\t\t\t\t\t\t\t\t\t\t\t<\/div>\n\t\t<div class=\"elementor-element elementor-element-5476fae e-con-full e-flex e-con e-child\" data-id=\"5476fae\" data-element_type=\"container\" data-e-type=\"container\">\n\t\t\t\t<div class=\"elementor-element elementor-element-8a9c5f8 elementor-widget elementor-widget-heading\" data-id=\"8a9c5f8\" data-element_type=\"widget\" data-e-type=\"widget\" data-widget_type=\"heading.default\">\n\t\t\t\t\t<h6 class=\"elementor-heading-title elementor-size-default\">Volkswagen Garantie+<\/h6>\t\t\t\t<\/div>\n\t\t\t\t<div class=\"elementor-element elementor-element-f356b47 elementor-widget elementor-widget-text-editor\" data-id=\"f356b47\" data-element_type=\"widget\" data-e-type=\"widget\" data-widget_type=\"text-editor.default\">\n\t\t\t\t\t\t\t\t\t<p>Eine Garantieverl\u00e4ngerung f\u00fcr Ihren Neuwagen lohnt sich besonders, wenn Sie viel unterwegs sind. Sie profitieren von einem umfassenden Schutz bis zu f\u00fcnf Jahre ab Kaufdatum. Dabei k\u00f6nnen Sie die Laufzeit und die Gesamtfahrleistung individuell an Ihre Bed\u00fcrfnisse anpassen \u2013 bis zu 150.000 km.\u00a0<\/p>\t\t\t\t\t\t\t\t<\/div>\n\t\t\t\t<\/div>\n\t\t\t\t<\/div>\n\t\t\t\t<\/div>\n\t\t\t\t<\/div>\n\t\t\t\t\t<\/div>\n\t\t\t\t<\/div>\n\t\t<div class=\"elementor-element elementor-element-7bab74e e-flex e-con-boxed e-con e-parent\" data-id=\"7bab74e\" data-element_type=\"container\" data-e-type=\"container\" data-settings=\"{&quot;background_background&quot;:&quot;classic&quot;}\">\n\t\t\t\t\t<div class=\"e-con-inner\">\n\t\t<div class=\"elementor-element elementor-element-bef470f e-con-full e-flex e-con e-child\" data-id=\"bef470f\" data-element_type=\"container\" data-e-type=\"container\">\n\t\t<div class=\"elementor-element elementor-element-10edde9 e-con-full e-flex e-con e-child\" data-id=\"10edde9\" data-element_type=\"container\" data-e-type=\"container\">\n\t\t<div class=\"elementor-element elementor-element-591fa1b e-con-full e-flex e-con e-child\" data-id=\"591fa1b\" data-element_type=\"container\" data-e-type=\"container\">\n\t\t\t\t<div class=\"elementor-element elementor-element-93fde06 elementor-widget elementor-widget-heading\" data-id=\"93fde06\" data-element_type=\"widget\" data-e-type=\"widget\" data-widget_type=\"heading.default\">\n\t\t\t\t\t<h3 class=\"elementor-heading-title elementor-size-default\">Termin vereinbaren<\/h3>\t\t\t\t<\/div>\n\t\t<div class=\"elementor-element elementor-element-6225ba4 e-con-full animated-slow e-flex elementor-invisible e-con e-child\" data-id=\"6225ba4\" data-element_type=\"container\" data-e-type=\"container\" data-settings=\"{&quot;background_background&quot;:&quot;classic&quot;,&quot;animation&quot;:&quot;fadeIn&quot;}\">\n\t\t\t\t<div class=\"elementor-element elementor-element-c375b61 elementor-widget elementor-widget-heading\" data-id=\"c375b61\" data-element_type=\"widget\" data-e-type=\"widget\" data-widget_type=\"heading.default\">\n\t\t\t\t\t<h4 class=\"elementor-heading-title elementor-size-default\">Schnell und einfach<\/h4>\t\t\t\t<\/div>\n\t\t\t\t<div class=\"elementor-element elementor-element-9c54fe8 elementor-align-left elementor-widget elementor-widget-button\" data-id=\"9c54fe8\" data-element_type=\"widget\" data-e-type=\"widget\" data-widget_type=\"button.default\">\n\t\t\t\t\t\t\t\t\t\t<a class=\"elementor-button elementor-button-link elementor-size-sm\" href=\"https:\/\/jenatschgarage.sopl.ch\/de\/\" target=\"_blank\">\n\t\t\t\t\t\t<span class=\"elementor-button-content-wrapper\">\n\t\t\t\t\t\t<span class=\"elementor-button-icon\">\n\t\t\t\t<svg aria-hidden=\"true\" class=\"e-font-icon-svg e-fas-angle-right\" viewBox=\"0 0 256 512\" xmlns=\"http:\/\/www.w3.org\/2000\/svg\"><path d=\"M224.3 273l-136 136c-9.4 9.4-24.6 9.4-33.9 0l-22.6-22.6c-9.4-9.4-9.4-24.6 0-33.9l96.4-96.4-96.4-96.4c-9.4-9.4-9.4-24.6 0-33.9L54.3 103c9.4-9.4 24.6-9.4 33.9 0l136 136c9.5 9.4 9.5 24.6.1 34z\"><\/path><\/svg>\t\t\t<\/span>\n\t\t\t\t\t\t\t\t\t<span class=\"elementor-button-text\">Online Termin vereinbaren<\/span>\n\t\t\t\t\t<\/span>\n\t\t\t\t\t<\/a>\n\t\t\t\t\t\t\t\t<\/div>\n\t\t\t\t<\/div>\n\t\t\t\t<\/div>\n\t\t<div class=\"elementor-element elementor-element-80f4293 e-con-full animated-fast e-flex elementor-invisible e-con e-child\" data-id=\"80f4293\" data-element_type=\"container\" data-e-type=\"container\" data-settings=\"{&quot;animation&quot;:&quot;fadeInUp&quot;}\">\n\t\t\t\t<div class=\"elementor-element elementor-element-bef2183 elementor-widget elementor-widget-heading\" data-id=\"bef2183\" data-element_type=\"widget\" data-e-type=\"widget\" data-widget_type=\"heading.default\">\n\t\t\t\t\t<h3 class=\"elementor-heading-title elementor-size-default\">Im Herzen von Z\u00fcrich.<\/h3>\t\t\t\t<\/div>\n\t\t\t\t<div class=\"elementor-element elementor-element-e4ad5bb elementor-widget elementor-widget-image\" data-id=\"e4ad5bb\" data-element_type=\"widget\" data-e-type=\"widget\" data-widget_type=\"image.default\">\n\t\t\t\t\t\t\t\t\t\t\t\t\t\t\t<img loading=\"lazy\" decoding=\"async\" width=\"640\" height=\"400\" src=\"https:\/\/jenatschgaragen.ch\/city\/wp-content\/uploads\/sites\/3\/2026\/03\/Jenatschgarage-Zuerich-City.jpg\" class=\"elementor-animation-float attachment-full size-full wp-image-1491\" alt=\"\" srcset=\"https:\/\/jenatschgaragen.ch\/city\/wp-content\/uploads\/sites\/3\/2026\/03\/Jenatschgarage-Zuerich-City.jpg 640w, https:\/\/jenatschgaragen.ch\/city\/wp-content\/uploads\/sites\/3\/2026\/03\/Jenatschgarage-Zuerich-City-300x188.jpg 300w\" sizes=\"(max-width: 640px) 100vw, 640px\" \/>\t\t\t\t\t\t\t\t\t\t\t\t\t\t\t<\/div>\n\t\t\t\t<div class=\"elementor-element elementor-element-76cc754 elementor-widget elementor-widget-text-editor\" data-id=\"76cc754\" data-element_type=\"widget\" data-e-type=\"widget\" data-widget_type=\"text-editor.default\">\n\t\t\t\t\t\t\t\t\t<p class=\"p1\">Bei der <strong data-start=\"157\" data-end=\"187\">Jenatschgarage Z\u00fcrich-City<\/strong> stehen Verl\u00e4sslichkeit, pers\u00f6nliche N\u00e4he und hohe Fachkompetenz im Zentrum. Als zentral gelegener Garagenbetrieb begleiten wir unsere Kundinnen und Kunden in Z\u00fcrich seit vielen Jahren in allen Fragen rund um ihre Mobilit\u00e4t. Wir setzen auf pr\u00e4zise Arbeit, individuelle Beratung und eine offene, ehrliche Kommunikation. Unsere Begeisterung f\u00fcr die Marke Volkswagen pr\u00e4gt unser t\u00e4gliches Handeln \u2013 konsequent und mit Leidenschaft.<\/p>\t\t\t\t\t\t\t\t<\/div>\n\t\t\t\t<\/div>\n\t\t\t\t<\/div>\n\t\t\t\t<\/div>\n\t\t\t\t\t<\/div>\n\t\t\t\t<\/div>\n\t\t\t\t<\/div>\n\t\t","protected":false},"excerpt":{"rendered":"<p>Elektro Expertcenter E-Kompetenz f\u00fcr Ihren Volkswagen.\u2028 Ein Volkswagen Elektroauto bietet nicht nur beeindruckende Leistung und Innovation, sondern auch eine deutlich vereinfachte Wartung im Vergleich zu herk\u00f6mmlichen Verbrennungsmotoren. Doch auch f\u00fcr Ihr Elektrofahrzeug ist regelm\u00e4ssige Pflege entscheidend, um die Effizienz, Sicherheit und Lebensdauer langfristig zu gew\u00e4hrleisten. Vertrauen Sie auf unsere Expertise. Volkswagen Service f\u00fcr Elektroautos Bei [&hellip;]<\/p>\n","protected":false},"author":1,"featured_media":0,"parent":0,"menu_order":0,"comment_status":"closed","ping_status":"closed","template":"","meta":{"footnotes":""},"class_list":["post-967","page","type-page","status-publish","hentry"],"yoast_head":"<!-- This site is optimized with the Yoast SEO plugin v27.2 - https:\/\/yoast.com\/product\/yoast-seo-wordpress\/ -->\n<title>Elektro-Expertcenter - Jenatschgarage Z\u00fcrich-City<\/title>\n<meta name=\"description\" content=\"Ihr Elektro-Expertcenter bei Jenatschgarage Z\u00fcrich-City! Beratung, Service und Ladeinfrastruktur f\u00fcr Elektrofahrzeuge von VW, Audi und Skoda.\" \/>\n<meta name=\"robots\" content=\"index, follow, max-snippet:-1, max-image-preview:large, max-video-preview:-1\" \/>\n<link rel=\"canonical\" href=\"https:\/\/jenatschgaragen.ch\/city\/elektro-expertcenter\/\" \/>\n<meta property=\"og:locale\" content=\"de_DE\" \/>\n<meta property=\"og:type\" content=\"article\" \/>\n<meta property=\"og:title\" content=\"Elektro-Expertcenter - Jenatschgarage Z\u00fcrich-City\" \/>\n<meta property=\"og:description\" content=\"Ihr Elektro-Expertcenter bei Jenatschgarage Z\u00fcrich-City! Beratung, Service und Ladeinfrastruktur f\u00fcr Elektrofahrzeuge von VW, Audi und Skoda.\" \/>\n<meta property=\"og:url\" content=\"https:\/\/jenatschgaragen.ch\/city\/elektro-expertcenter\/\" \/>\n<meta property=\"og:site_name\" content=\"Jenatschgarage Z\u00fcrich-City\" \/>\n<meta property=\"article:modified_time\" content=\"2026-04-15T11:29:00+00:00\" \/>\n<meta property=\"og:image\" content=\"https:\/\/jenatschgaragen.ch\/city\/wp-content\/uploads\/sites\/3\/2026\/02\/dienstleistungen-aufdorf_maennedorf-elektroexpertcenter-01-1024x628.jpg\" \/>\n<meta name=\"twitter:card\" content=\"summary_large_image\" \/>\n<meta name=\"twitter:label1\" content=\"Gesch\u00e4tzte Lesezeit\" \/>\n\t<meta name=\"twitter:data1\" content=\"3\u00a0Minuten\" \/>\n<script type=\"application\/ld+json\" class=\"yoast-schema-graph\">{\"@context\":\"https:\/\/schema.org\",\"@graph\":[{\"@type\":\"WebPage\",\"@id\":\"https:\/\/jenatschgaragen.ch\/city\/elektro-expertcenter\/\",\"url\":\"https:\/\/jenatschgaragen.ch\/city\/elektro-expertcenter\/\",\"name\":\"Elektro-Expertcenter - Jenatschgarage Z\u00fcrich-City\",\"isPartOf\":{\"@id\":\"https:\/\/jenatschgaragen.ch\/city\/#website\"},\"primaryImageOfPage\":{\"@id\":\"https:\/\/jenatschgaragen.ch\/city\/elektro-expertcenter\/#primaryimage\"},\"image\":{\"@id\":\"https:\/\/jenatschgaragen.ch\/city\/elektro-expertcenter\/#primaryimage\"},\"thumbnailUrl\":\"https:\/\/jenatschgaragen.ch\/city\/wp-content\/uploads\/sites\/3\/2026\/02\/dienstleistungen-aufdorf_maennedorf-elektroexpertcenter-01-1024x628.jpg\",\"datePublished\":\"2026-02-02T12:10:47+00:00\",\"dateModified\":\"2026-04-15T11:29:00+00:00\",\"description\":\"Ihr Elektro-Expertcenter bei Jenatschgarage Z\u00fcrich-City! Beratung, Service und Ladeinfrastruktur f\u00fcr Elektrofahrzeuge von VW, Audi und Skoda.\",\"breadcrumb\":{\"@id\":\"https:\/\/jenatschgaragen.ch\/city\/elektro-expertcenter\/#breadcrumb\"},\"inLanguage\":\"de-CH\",\"potentialAction\":[{\"@type\":\"ReadAction\",\"target\":[\"https:\/\/jenatschgaragen.ch\/city\/elektro-expertcenter\/\"]}]},{\"@type\":\"ImageObject\",\"inLanguage\":\"de-CH\",\"@id\":\"https:\/\/jenatschgaragen.ch\/city\/elektro-expertcenter\/#primaryimage\",\"url\":\"https:\/\/jenatschgaragen.ch\/city\/wp-content\/uploads\/sites\/3\/2026\/02\/dienstleistungen-aufdorf_maennedorf-elektroexpertcenter-01.jpg\",\"contentUrl\":\"https:\/\/jenatschgaragen.ch\/city\/wp-content\/uploads\/sites\/3\/2026\/02\/dienstleistungen-aufdorf_maennedorf-elektroexpertcenter-01.jpg\",\"width\":1047,\"height\":642},{\"@type\":\"BreadcrumbList\",\"@id\":\"https:\/\/jenatschgaragen.ch\/city\/elektro-expertcenter\/#breadcrumb\",\"itemListElement\":[{\"@type\":\"ListItem\",\"position\":1,\"name\":\"Home\",\"item\":\"https:\/\/jenatschgaragen.ch\/city\/\"},{\"@type\":\"ListItem\",\"position\":2,\"name\":\"Elektro-Expertcenter\"}]},{\"@type\":\"WebSite\",\"@id\":\"https:\/\/jenatschgaragen.ch\/city\/#website\",\"url\":\"https:\/\/jenatschgaragen.ch\/city\/\",\"name\":\"Jenatschgarage Z\u00fcrich-City\",\"description\":\"Ihre Mobilit\u00e4ts-Experten im Herzen von Z\u00fcrich\",\"publisher\":{\"@id\":\"https:\/\/jenatschgaragen.ch\/city\/#organization\"},\"potentialAction\":[{\"@type\":\"SearchAction\",\"target\":{\"@type\":\"EntryPoint\",\"urlTemplate\":\"https:\/\/jenatschgaragen.ch\/city\/?s={search_term_string}\"},\"query-input\":{\"@type\":\"PropertyValueSpecification\",\"valueRequired\":true,\"valueName\":\"search_term_string\"}}],\"inLanguage\":\"de-CH\"},{\"@type\":\"Organization\",\"@id\":\"https:\/\/jenatschgaragen.ch\/city\/#organization\",\"name\":\"Jenatschgarage Z\u00fcrich-City\",\"url\":\"https:\/\/jenatschgaragen.ch\/city\/\",\"logo\":{\"@type\":\"ImageObject\",\"inLanguage\":\"de-CH\",\"@id\":\"https:\/\/jenatschgaragen.ch\/city\/#\/schema\/logo\/image\/\",\"url\":\"https:\/\/jenatschgaragen.ch\/city\/wp-content\/uploads\/sites\/3\/2026\/01\/logo-Jenatschgarage-Zuerich-City.png\",\"contentUrl\":\"https:\/\/jenatschgaragen.ch\/city\/wp-content\/uploads\/sites\/3\/2026\/01\/logo-Jenatschgarage-Zuerich-City.png\",\"width\":530,\"height\":110,\"caption\":\"Jenatschgarage Z\u00fcrich-City\"},\"image\":{\"@id\":\"https:\/\/jenatschgaragen.ch\/city\/#\/schema\/logo\/image\/\"}}]}<\/script>\n<!-- \/ Yoast SEO plugin. -->","yoast_head_json":{"title":"Elektro-Expertcenter - Jenatschgarage Z\u00fcrich-City","description":"Ihr Elektro-Expertcenter bei Jenatschgarage Z\u00fcrich-City! Beratung, Service und Ladeinfrastruktur f\u00fcr Elektrofahrzeuge von VW, Audi und Skoda.","robots":{"index":"index","follow":"follow","max-snippet":"max-snippet:-1","max-image-preview":"max-image-preview:large","max-video-preview":"max-video-preview:-1"},"canonical":"https:\/\/jenatschgaragen.ch\/city\/elektro-expertcenter\/","og_locale":"de_DE","og_type":"article","og_title":"Elektro-Expertcenter - Jenatschgarage Z\u00fcrich-City","og_description":"Ihr Elektro-Expertcenter bei Jenatschgarage Z\u00fcrich-City! Beratung, Service und Ladeinfrastruktur f\u00fcr Elektrofahrzeuge von VW, Audi und Skoda.","og_url":"https:\/\/jenatschgaragen.ch\/city\/elektro-expertcenter\/","og_site_name":"Jenatschgarage Z\u00fcrich-City","article_modified_time":"2026-04-15T11:29:00+00:00","og_image":[{"url":"https:\/\/jenatschgaragen.ch\/city\/wp-content\/uploads\/sites\/3\/2026\/02\/dienstleistungen-aufdorf_maennedorf-elektroexpertcenter-01-1024x628.jpg","type":"","width":"","height":""}],"twitter_card":"summary_large_image","twitter_misc":{"Gesch\u00e4tzte Lesezeit":"3\u00a0Minuten"},"schema":{"@context":"https:\/\/schema.org","@graph":[{"@type":"WebPage","@id":"https:\/\/jenatschgaragen.ch\/city\/elektro-expertcenter\/","url":"https:\/\/jenatschgaragen.ch\/city\/elektro-expertcenter\/","name":"Elektro-Expertcenter - Jenatschgarage Z\u00fcrich-City","isPartOf":{"@id":"https:\/\/jenatschgaragen.ch\/city\/#website"},"primaryImageOfPage":{"@id":"https:\/\/jenatschgaragen.ch\/city\/elektro-expertcenter\/#primaryimage"},"image":{"@id":"https:\/\/jenatschgaragen.ch\/city\/elektro-expertcenter\/#primaryimage"},"thumbnailUrl":"https:\/\/jenatschgaragen.ch\/city\/wp-content\/uploads\/sites\/3\/2026\/02\/dienstleistungen-aufdorf_maennedorf-elektroexpertcenter-01-1024x628.jpg","datePublished":"2026-02-02T12:10:47+00:00","dateModified":"2026-04-15T11:29:00+00:00","description":"Ihr Elektro-Expertcenter bei Jenatschgarage Z\u00fcrich-City! Beratung, Service und Ladeinfrastruktur f\u00fcr Elektrofahrzeuge von VW, Audi und Skoda.","breadcrumb":{"@id":"https:\/\/jenatschgaragen.ch\/city\/elektro-expertcenter\/#breadcrumb"},"inLanguage":"de-CH","potentialAction":[{"@type":"ReadAction","target":["https:\/\/jenatschgaragen.ch\/city\/elektro-expertcenter\/"]}]},{"@type":"ImageObject","inLanguage":"de-CH","@id":"https:\/\/jenatschgaragen.ch\/city\/elektro-expertcenter\/#primaryimage","url":"https:\/\/jenatschgaragen.ch\/city\/wp-content\/uploads\/sites\/3\/2026\/02\/dienstleistungen-aufdorf_maennedorf-elektroexpertcenter-01.jpg","contentUrl":"https:\/\/jenatschgaragen.ch\/city\/wp-content\/uploads\/sites\/3\/2026\/02\/dienstleistungen-aufdorf_maennedorf-elektroexpertcenter-01.jpg","width":1047,"height":642},{"@type":"BreadcrumbList","@id":"https:\/\/jenatschgaragen.ch\/city\/elektro-expertcenter\/#breadcrumb","itemListElement":[{"@type":"ListItem","position":1,"name":"Home","item":"https:\/\/jenatschgaragen.ch\/city\/"},{"@type":"ListItem","position":2,"name":"Elektro-Expertcenter"}]},{"@type":"WebSite","@id":"https:\/\/jenatschgaragen.ch\/city\/#website","url":"https:\/\/jenatschgaragen.ch\/city\/","name":"Jenatschgarage Z\u00fcrich-City","description":"Ihre Mobilit\u00e4ts-Experten im Herzen von Z\u00fcrich","publisher":{"@id":"https:\/\/jenatschgaragen.ch\/city\/#organization"},"potentialAction":[{"@type":"SearchAction","target":{"@type":"EntryPoint","urlTemplate":"https:\/\/jenatschgaragen.ch\/city\/?s={search_term_string}"},"query-input":{"@type":"PropertyValueSpecification","valueRequired":true,"valueName":"search_term_string"}}],"inLanguage":"de-CH"},{"@type":"Organization","@id":"https:\/\/jenatschgaragen.ch\/city\/#organization","name":"Jenatschgarage Z\u00fcrich-City","url":"https:\/\/jenatschgaragen.ch\/city\/","logo":{"@type":"ImageObject","inLanguage":"de-CH","@id":"https:\/\/jenatschgaragen.ch\/city\/#\/schema\/logo\/image\/","url":"https:\/\/jenatschgaragen.ch\/city\/wp-content\/uploads\/sites\/3\/2026\/01\/logo-Jenatschgarage-Zuerich-City.png","contentUrl":"https:\/\/jenatschgaragen.ch\/city\/wp-content\/uploads\/sites\/3\/2026\/01\/logo-Jenatschgarage-Zuerich-City.png","width":530,"height":110,"caption":"Jenatschgarage Z\u00fcrich-City"},"image":{"@id":"https:\/\/jenatschgaragen.ch\/city\/#\/schema\/logo\/image\/"}}]}},"_links":{"self":[{"href":"https:\/\/jenatschgaragen.ch\/city\/wp-json\/wp\/v2\/pages\/967","targetHints":{"allow":["GET"]}}],"collection":[{"href":"https:\/\/jenatschgaragen.ch\/city\/wp-json\/wp\/v2\/pages"}],"about":[{"href":"https:\/\/jenatschgaragen.ch\/city\/wp-json\/wp\/v2\/types\/page"}],"author":[{"embeddable":true,"href":"https:\/\/jenatschgaragen.ch\/city\/wp-json\/wp\/v2\/users\/1"}],"replies":[{"embeddable":true,"href":"https:\/\/jenatschgaragen.ch\/city\/wp-json\/wp\/v2\/comments?post=967"}],"version-history":[{"count":37,"href":"https:\/\/jenatschgaragen.ch\/city\/wp-json\/wp\/v2\/pages\/967\/revisions"}],"predecessor-version":[{"id":1502,"href":"https:\/\/jenatschgaragen.ch\/city\/wp-json\/wp\/v2\/pages\/967\/revisions\/1502"}],"wp:attachment":[{"href":"https:\/\/jenatschgaragen.ch\/city\/wp-json\/wp\/v2\/media?parent=967"}],"curies":[{"name":"wp","href":"https:\/\/api.w.org\/{rel}","templated":true}]}}