{"id":433,"date":"2026-01-20T14:17:59","date_gmt":"2026-01-20T13:17:59","guid":{"rendered":"https:\/\/effecto-marketing.ch\/jenatsch\/garage-zuerich-city\/?page_id=433"},"modified":"2026-04-16T08:48:28","modified_gmt":"2026-04-16T06:48:28","slug":"aktuelles-news","status":"publish","type":"page","link":"https:\/\/jenatschgaragen.ch\/city\/aktuelles-news\/","title":{"rendered":"News"},"content":{"rendered":"\t\t<div data-elementor-type=\"wp-page\" data-elementor-id=\"433\" class=\"elementor elementor-433\" data-elementor-post-type=\"page\">\n\t\t\t\t<div class=\"elementor-element elementor-element-e454d38 e-con-full e-flex e-con e-parent\" data-id=\"e454d38\" data-element_type=\"container\" data-e-type=\"container\" data-settings=\"{&quot;background_background&quot;:&quot;classic&quot;}\">\n\t\t\t\t<\/div>\n\t\t<div class=\"elementor-element elementor-element-30d7ce9 e-flex e-con-boxed e-con e-parent\" data-id=\"30d7ce9\" data-element_type=\"container\" data-e-type=\"container\">\n\t\t\t\t\t<div class=\"e-con-inner\">\n\t\t<div class=\"elementor-element elementor-element-bfdffe9 e-con-full e-flex e-con e-child\" data-id=\"bfdffe9\" data-element_type=\"container\" data-e-type=\"container\">\n\t\t<div class=\"elementor-element elementor-element-e0144cd e-con-full e-flex e-con e-child\" data-id=\"e0144cd\" data-element_type=\"container\" data-e-type=\"container\">\n\t\t\t\t<div class=\"elementor-element elementor-element-6864ce6 elementor-widget elementor-widget-heading\" data-id=\"6864ce6\" data-element_type=\"widget\" data-e-type=\"widget\" data-widget_type=\"heading.default\">\n\t\t\t\t\t<h1 class=\"elementor-heading-title elementor-size-default\">News<\/h1>\t\t\t\t<\/div>\n\t\t\t\t<\/div>\n\t\t<div class=\"elementor-element elementor-element-05b7531 e-con-full e-flex e-con e-child\" data-id=\"05b7531\" data-element_type=\"container\" data-e-type=\"container\">\n\t\t\t\t<div class=\"elementor-element elementor-element-210ce09 elementor-widget elementor-widget-heading\" data-id=\"210ce09\" data-element_type=\"widget\" data-e-type=\"widget\" data-widget_type=\"heading.default\">\n\t\t\t\t\t<h4 class=\"elementor-heading-title elementor-size-default\">Alle Neuheiten und Angebote<\/h4>\t\t\t\t<\/div>\n\t\t\t\t<div class=\"elementor-element elementor-element-741ed6a elementor-widget elementor-widget-text-editor\" data-id=\"741ed6a\" data-element_type=\"widget\" data-e-type=\"widget\" data-widget_type=\"text-editor.default\">\n\t\t\t\t\t\t\t\t\t<p>Willkommen in unserer News-Rubrik. Hier informieren wir Sie regelm\u00e4ssig \u00fcber spannende Neuigkeiten, exklusive Angebote, Events und alles, was die <strong data-start=\"224\" data-end=\"254\">Jenatschgarage Z\u00fcrich-City<\/strong> bewegt. Ob neue Fahrzeugmodelle oder wichtige Informationen rund um Ihren Werkstattbesuch \u2013 bei uns bleiben Sie stets bestens informiert.<\/p>\t\t\t\t\t\t\t\t<\/div>\n\t\t\t\t<\/div>\n\t\t\t\t<\/div>\n\t\t<div class=\"elementor-element elementor-element-e7362fc e-con-full e-flex e-con e-child\" data-id=\"e7362fc\" data-element_type=\"container\" data-e-type=\"container\" id=\"news\">\n\t\t\t\t<\/div>\n\t\t\t\t\t<\/div>\n\t\t\t\t<\/div>\n\t\t<div class=\"elementor-element elementor-element-ada58f5 e-flex e-con-boxed e-con e-parent\" data-id=\"ada58f5\" data-element_type=\"container\" data-e-type=\"container\">\n\t\t\t\t\t<div class=\"e-con-inner\">\n\t\t<div class=\"elementor-element elementor-element-90fa3d1 e-con-full e-flex e-con e-child\" data-id=\"90fa3d1\" data-element_type=\"container\" data-e-type=\"container\">\n\t\t\t\t<div class=\"elementor-element elementor-element-a89635c elementor-grid-4 elementor-grid-tablet-2 elementor-widget__width-inherit elementor-grid-mobile-1 elementor-widget elementor-widget-loop-grid\" data-id=\"a89635c\" data-element_type=\"widget\" data-e-type=\"widget\" data-settings=\"{&quot;template_id&quot;:727,&quot;columns&quot;:4,&quot;columns_tablet&quot;:2,&quot;_skin&quot;:&quot;post&quot;,&quot;columns_mobile&quot;:&quot;1&quot;,&quot;edit_handle_selector&quot;:&quot;[data-elementor-type=\\&quot;loop-item\\&quot;]&quot;,&quot;row_gap&quot;:{&quot;unit&quot;:&quot;px&quot;,&quot;size&quot;:&quot;&quot;,&quot;sizes&quot;:[]},&quot;row_gap_tablet&quot;:{&quot;unit&quot;:&quot;px&quot;,&quot;size&quot;:&quot;&quot;,&quot;sizes&quot;:[]},&quot;row_gap_mobile&quot;:{&quot;unit&quot;:&quot;px&quot;,&quot;size&quot;:&quot;&quot;,&quot;sizes&quot;:[]}}\" data-widget_type=\"loop-grid.post\">\n\t\t\t\t<div class=\"elementor-widget-container\">\n\t\t\t\t\t\t\t<div class=\"elementor-loop-container elementor-grid\" role=\"list\">\n\t\t<style id=\"loop-dynamic-727\">.e-loop-item-1407 .elementor-element.elementor-element-c2d0f8f:not(.elementor-motion-effects-element-type-background), .e-loop-item-1407 .elementor-element.elementor-element-c2d0f8f > .elementor-motion-effects-container > .elementor-motion-effects-layer{background-image:url(\"https:\/\/jenatschgaragen.ch\/city\/wp-content\/uploads\/sites\/3\/2026\/01\/immagini_JENATSCH_GAREGEN_07.jpg\");}<\/style><style id=\"loop-727\">.elementor-727 .elementor-element.elementor-element-f907595{--display:flex;--flex-direction:column;--container-widget-width:100%;--container-widget-height:initial;--container-widget-flex-grow:0;--container-widget-align-self:initial;--flex-wrap-mobile:wrap;--justify-content:space-between;--gap:10px 10px;--row-gap:10px;--column-gap:10px;--border-radius:7px 7px 7px 7px;--padding-top:0px;--padding-bottom:0px;--padding-left:0px;--padding-right:0px;}.elementor-727 .elementor-element.elementor-element-c2d0f8f{--display:flex;--min-height:240px;--justify-content:flex-end;--overlay-opacity:0;--border-radius:7px 7px 7px 7px;--padding-top:15px;--padding-bottom:15px;--padding-left:15px;--padding-right:15px;}.elementor-727 .elementor-element.elementor-element-c2d0f8f:not(.elementor-motion-effects-element-type-background), .elementor-727 .elementor-element.elementor-element-c2d0f8f > .elementor-motion-effects-container > .elementor-motion-effects-layer{background-position:center center;background-size:cover;}.elementor-727 .elementor-element.elementor-element-c2d0f8f::before, .elementor-727 .elementor-element.elementor-element-c2d0f8f > .elementor-background-video-container::before, .elementor-727 .elementor-element.elementor-element-c2d0f8f > .e-con-inner > .elementor-background-video-container::before, .elementor-727 .elementor-element.elementor-element-c2d0f8f > .elementor-background-slideshow::before, .elementor-727 .elementor-element.elementor-element-c2d0f8f > .e-con-inner > .elementor-background-slideshow::before, .elementor-727 .elementor-element.elementor-element-c2d0f8f > .elementor-motion-effects-container > .elementor-motion-effects-layer::before{--background-overlay:'';background-color:var( --e-global-color-6f4df70 );}.elementor-727 .elementor-element.elementor-element-c2d0f8f:hover::before, .elementor-727 .elementor-element.elementor-element-c2d0f8f:hover > .elementor-background-video-container::before, .elementor-727 .elementor-element.elementor-element-c2d0f8f:hover > .e-con-inner > .elementor-background-video-container::before, .elementor-727 .elementor-element.elementor-element-c2d0f8f > .elementor-background-slideshow:hover::before, .elementor-727 .elementor-element.elementor-element-c2d0f8f > .e-con-inner > .elementor-background-slideshow:hover::before{--background-overlay:'';background-color:var( --e-global-color-6f4df70 );}.elementor-727 .elementor-element.elementor-element-c2d0f8f:hover{--overlay-opacity:0.25;}.elementor-widget-text-editor{font-family:var( --e-global-typography-text-font-family ), Sans-serif;font-weight:var( --e-global-typography-text-font-weight );color:var( --e-global-color-text );}.elementor-widget-text-editor.elementor-drop-cap-view-stacked .elementor-drop-cap{background-color:var( --e-global-color-primary );}.elementor-widget-text-editor.elementor-drop-cap-view-framed .elementor-drop-cap, .elementor-widget-text-editor.elementor-drop-cap-view-default .elementor-drop-cap{color:var( --e-global-color-primary );border-color:var( --e-global-color-primary );}.elementor-727 .elementor-element.elementor-element-bf4f730{font-size:10px;font-weight:700;text-transform:uppercase;line-height:19px;letter-spacing:-0.1px;padding:3px 10px 3px 10px;background-color:var( --e-global-color-accent );border-radius:7px 7px 7px 7px;}.elementor-727 .elementor-element.elementor-element-bf4f730.elementor-element{--align-self:flex-start;}.elementor-727 .elementor-element.elementor-element-47f62c6{--display:flex;--gap:5px 5px;--row-gap:5px;--column-gap:5px;--border-radius:7px 7px 7px 7px;}.elementor-727 .elementor-element.elementor-element-47f62c6:not(.elementor-motion-effects-element-type-background), .elementor-727 .elementor-element.elementor-element-47f62c6 > .elementor-motion-effects-container > .elementor-motion-effects-layer{background-color:var( --e-global-color-primary );}.elementor-727 .elementor-element.elementor-element-47f62c6.e-con{--align-self:center;}.elementor-widget-theme-post-title .elementor-heading-title{font-family:var( --e-global-typography-primary-font-family ), Sans-serif;font-weight:var( --e-global-typography-primary-font-weight );color:var( --e-global-color-primary );}.elementor-727 .elementor-element.elementor-element-09f3010 .elementor-heading-title{font-size:18px;line-height:22px;color:var( --e-global-color-secondary );}.elementor-widget-button .elementor-button{font-family:var( --e-global-typography-accent-font-family ), Sans-serif;font-weight:var( --e-global-typography-accent-font-weight );background-color:var( --e-global-color-accent );}.elementor-727 .elementor-element.elementor-element-6f09f4a .elementor-button-content-wrapper{flex-direction:row;}.elementor-727 .elementor-element.elementor-element-6f09f4a .elementor-button .elementor-button-content-wrapper{gap:5px;}.elementor-727 .elementor-element.elementor-element-6f09f4a .elementor-button{font-family:\"VW Text\", Sans-serif;font-size:12px;font-weight:bold;text-transform:uppercase;fill:var( --e-global-color-accent );color:var( --e-global-color-accent );background-color:#FFFFFF00;padding:0px 0px 0px 0px;}.elementor-727 .elementor-element.elementor-element-6f09f4a .elementor-button:hover, .elementor-727 .elementor-element.elementor-element-6f09f4a .elementor-button:focus{color:var( --e-global-color-3fe6165 );}.elementor-727 .elementor-element.elementor-element-6f09f4a .elementor-button:hover svg, .elementor-727 .elementor-element.elementor-element-6f09f4a .elementor-button:focus svg{fill:var( --e-global-color-3fe6165 );}.elementor-727 .elementor-element.elementor-element-6f09f4a{margin:0px 0px calc(var(--kit-widget-spacing, 0px) + 0px) 0px;padding:0px 0px 0px 0px;}\/* Start custom CSS for text-editor, class: .elementor-element-bf4f730 *\/.loop-button a { color:#fff !important; }\/* End custom CSS *\/<\/style>\t\t<div data-elementor-type=\"loop-item\" data-elementor-id=\"727\" class=\"elementor elementor-727 e-loop-item e-loop-item-1407 post-1407 post type-post status-publish format-standard has-post-thumbnail hentry category-jenatschgarage-zuerich-city\" data-elementor-post-type=\"elementor_library\" data-custom-edit-handle=\"1\">\n\t\t\t<div class=\"elementor-element elementor-element-f907595 e-con-full e-flex e-con e-parent\" data-id=\"f907595\" data-element_type=\"container\" data-e-type=\"container\">\n\t\t<a class=\"elementor-element elementor-element-c2d0f8f e-con-full e-flex e-con e-child\" data-id=\"c2d0f8f\" data-element_type=\"container\" data-e-type=\"container\" data-settings=\"{&quot;background_background&quot;:&quot;classic&quot;}\" href=\"https:\/\/jenatschgaragen.ch\/city\/blog\/2026\/02\/19\/saisonale-checks\/\">\n\t\t\t\t<div class=\"elementor-element elementor-element-bf4f730 loop-button elementor-widget elementor-widget-text-editor\" data-id=\"bf4f730\" data-element_type=\"widget\" data-e-type=\"widget\" data-widget_type=\"text-editor.default\">\n\t\t\t\t\t\t\t\t\t<p class=\"marginer-no\">Jenatschgarage Z\u00fcrich-City<\/p>\t\t\t\t\t\t\t\t<\/div>\n\t\t\t\t<\/a>\n\t\t<div class=\"elementor-element elementor-element-47f62c6 e-con-full e-flex e-con e-child\" data-id=\"47f62c6\" data-element_type=\"container\" data-e-type=\"container\" data-settings=\"{&quot;background_background&quot;:&quot;classic&quot;}\">\n\t\t\t\t<div class=\"elementor-element elementor-element-09f3010 elementor-widget elementor-widget-theme-post-title elementor-page-title elementor-widget-heading\" data-id=\"09f3010\" data-element_type=\"widget\" data-e-type=\"widget\" data-widget_type=\"theme-post-title.default\">\n\t\t\t\t\t<h3 class=\"elementor-heading-title elementor-size-default\"><a href=\"https:\/\/jenatschgaragen.ch\/city\/blog\/2026\/02\/19\/saisonale-checks\/\">Reifenwechsel und Fr\u00fchlingscheck<\/a><\/h3>\t\t\t\t<\/div>\n\t\t\t\t<div class=\"elementor-element elementor-element-6f09f4a elementor-widget elementor-widget-button\" data-id=\"6f09f4a\" data-element_type=\"widget\" data-e-type=\"widget\" data-widget_type=\"button.default\">\n\t\t\t\t\t\t\t\t\t\t<a class=\"elementor-button elementor-button-link elementor-size-sm\" href=\"https:\/\/jenatschgaragen.ch\/city\/blog\/2026\/02\/19\/saisonale-checks\/\">\n\t\t\t\t\t\t<span class=\"elementor-button-content-wrapper\">\n\t\t\t\t\t\t<span class=\"elementor-button-icon\">\n\t\t\t\t<svg aria-hidden=\"true\" class=\"e-font-icon-svg e-fas-chevron-right\" viewBox=\"0 0 320 512\" xmlns=\"http:\/\/www.w3.org\/2000\/svg\"><path d=\"M285.476 272.971L91.132 467.314c-9.373 9.373-24.569 9.373-33.941 0l-22.667-22.667c-9.357-9.357-9.375-24.522-.04-33.901L188.505 256 34.484 101.255c-9.335-9.379-9.317-24.544.04-33.901l22.667-22.667c9.373-9.373 24.569-9.373 33.941 0L285.475 239.03c9.373 9.372 9.373 24.568.001 33.941z\"><\/path><\/svg>\t\t\t<\/span>\n\t\t\t\t\t\t\t\t\t<span class=\"elementor-button-text\">Mehr lesen<\/span>\n\t\t\t\t\t<\/span>\n\t\t\t\t\t<\/a>\n\t\t\t\t\t\t\t\t<\/div>\n\t\t\t\t<\/div>\n\t\t\t\t<\/div>\n\t\t\t\t<\/div>\n\t\t<style id=\"loop-dynamic-727\">.e-loop-item-1401 .elementor-element.elementor-element-c2d0f8f:not(.elementor-motion-effects-element-type-background), .e-loop-item-1401 .elementor-element.elementor-element-c2d0f8f > .elementor-motion-effects-container > .elementor-motion-effects-layer{background-image:url(\"https:\/\/jenatschgaragen.ch\/city\/wp-content\/uploads\/sites\/3\/2026\/02\/immagini_JENATSCH_GAREGEN_05.jpg\");}<\/style>\t\t<div data-elementor-type=\"loop-item\" data-elementor-id=\"727\" class=\"elementor elementor-727 e-loop-item e-loop-item-1401 post-1401 post type-post status-publish format-standard has-post-thumbnail hentry category-jenatschgarage-zuerich-city\" data-elementor-post-type=\"elementor_library\" data-custom-edit-handle=\"1\">\n\t\t\t<div class=\"elementor-element elementor-element-f907595 e-con-full e-flex e-con e-parent\" data-id=\"f907595\" data-element_type=\"container\" data-e-type=\"container\">\n\t\t<a class=\"elementor-element elementor-element-c2d0f8f e-con-full e-flex e-con e-child\" data-id=\"c2d0f8f\" data-element_type=\"container\" data-e-type=\"container\" data-settings=\"{&quot;background_background&quot;:&quot;classic&quot;}\" href=\"https:\/\/jenatschgaragen.ch\/city\/blog\/2026\/02\/19\/fahrzeugzubehoer\/\">\n\t\t\t\t<div class=\"elementor-element elementor-element-bf4f730 loop-button elementor-widget elementor-widget-text-editor\" data-id=\"bf4f730\" data-element_type=\"widget\" data-e-type=\"widget\" data-widget_type=\"text-editor.default\">\n\t\t\t\t\t\t\t\t\t<p class=\"marginer-no\">Jenatschgarage Z\u00fcrich-City<\/p>\t\t\t\t\t\t\t\t<\/div>\n\t\t\t\t<\/a>\n\t\t<div class=\"elementor-element elementor-element-47f62c6 e-con-full e-flex e-con e-child\" data-id=\"47f62c6\" data-element_type=\"container\" data-e-type=\"container\" data-settings=\"{&quot;background_background&quot;:&quot;classic&quot;}\">\n\t\t\t\t<div class=\"elementor-element elementor-element-09f3010 elementor-widget elementor-widget-theme-post-title elementor-page-title elementor-widget-heading\" data-id=\"09f3010\" data-element_type=\"widget\" data-e-type=\"widget\" data-widget_type=\"theme-post-title.default\">\n\t\t\t\t\t<h3 class=\"elementor-heading-title elementor-size-default\"><a href=\"https:\/\/jenatschgaragen.ch\/city\/blog\/2026\/02\/19\/fahrzeugzubehoer\/\">Fahrzeugzubeh\u00f6r<\/a><\/h3>\t\t\t\t<\/div>\n\t\t\t\t<div class=\"elementor-element elementor-element-6f09f4a elementor-widget elementor-widget-button\" data-id=\"6f09f4a\" data-element_type=\"widget\" data-e-type=\"widget\" data-widget_type=\"button.default\">\n\t\t\t\t\t\t\t\t\t\t<a class=\"elementor-button elementor-button-link elementor-size-sm\" href=\"https:\/\/jenatschgaragen.ch\/city\/blog\/2026\/02\/19\/fahrzeugzubehoer\/\">\n\t\t\t\t\t\t<span class=\"elementor-button-content-wrapper\">\n\t\t\t\t\t\t<span class=\"elementor-button-icon\">\n\t\t\t\t<svg aria-hidden=\"true\" class=\"e-font-icon-svg e-fas-chevron-right\" viewBox=\"0 0 320 512\" xmlns=\"http:\/\/www.w3.org\/2000\/svg\"><path d=\"M285.476 272.971L91.132 467.314c-9.373 9.373-24.569 9.373-33.941 0l-22.667-22.667c-9.357-9.357-9.375-24.522-.04-33.901L188.505 256 34.484 101.255c-9.335-9.379-9.317-24.544.04-33.901l22.667-22.667c9.373-9.373 24.569-9.373 33.941 0L285.475 239.03c9.373 9.372 9.373 24.568.001 33.941z\"><\/path><\/svg>\t\t\t<\/span>\n\t\t\t\t\t\t\t\t\t<span class=\"elementor-button-text\">Mehr lesen<\/span>\n\t\t\t\t\t<\/span>\n\t\t\t\t\t<\/a>\n\t\t\t\t\t\t\t\t<\/div>\n\t\t\t\t<\/div>\n\t\t\t\t<\/div>\n\t\t\t\t<\/div>\n\t\t<style id=\"loop-dynamic-727\">.e-loop-item-1396 .elementor-element.elementor-element-c2d0f8f:not(.elementor-motion-effects-element-type-background), .e-loop-item-1396 .elementor-element.elementor-element-c2d0f8f > .elementor-motion-effects-container > .elementor-motion-effects-layer{background-image:url(\"https:\/\/jenatschgaragen.ch\/city\/wp-content\/uploads\/sites\/3\/2026\/01\/Service_DL_VW_Subsite_Klima-Service_Header_dfi.jpg\");}<\/style>\t\t<div data-elementor-type=\"loop-item\" data-elementor-id=\"727\" class=\"elementor elementor-727 e-loop-item e-loop-item-1396 post-1396 post type-post status-publish format-standard has-post-thumbnail hentry category-jenatschgarage-zuerich-city\" data-elementor-post-type=\"elementor_library\" data-custom-edit-handle=\"1\">\n\t\t\t<div class=\"elementor-element elementor-element-f907595 e-con-full e-flex e-con e-parent\" data-id=\"f907595\" data-element_type=\"container\" data-e-type=\"container\">\n\t\t<a class=\"elementor-element elementor-element-c2d0f8f e-con-full e-flex e-con e-child\" data-id=\"c2d0f8f\" data-element_type=\"container\" data-e-type=\"container\" data-settings=\"{&quot;background_background&quot;:&quot;classic&quot;}\" href=\"https:\/\/jenatschgaragen.ch\/city\/blog\/2026\/02\/19\/klima-service\/\">\n\t\t\t\t<div class=\"elementor-element elementor-element-bf4f730 loop-button elementor-widget elementor-widget-text-editor\" data-id=\"bf4f730\" data-element_type=\"widget\" data-e-type=\"widget\" data-widget_type=\"text-editor.default\">\n\t\t\t\t\t\t\t\t\t<p class=\"marginer-no\">Jenatschgarage Z\u00fcrich-City<\/p>\t\t\t\t\t\t\t\t<\/div>\n\t\t\t\t<\/a>\n\t\t<div class=\"elementor-element elementor-element-47f62c6 e-con-full e-flex e-con e-child\" data-id=\"47f62c6\" data-element_type=\"container\" data-e-type=\"container\" data-settings=\"{&quot;background_background&quot;:&quot;classic&quot;}\">\n\t\t\t\t<div class=\"elementor-element elementor-element-09f3010 elementor-widget elementor-widget-theme-post-title elementor-page-title elementor-widget-heading\" data-id=\"09f3010\" data-element_type=\"widget\" data-e-type=\"widget\" data-widget_type=\"theme-post-title.default\">\n\t\t\t\t\t<h3 class=\"elementor-heading-title elementor-size-default\"><a href=\"https:\/\/jenatschgaragen.ch\/city\/blog\/2026\/02\/19\/klima-service\/\">Klima-Service<\/a><\/h3>\t\t\t\t<\/div>\n\t\t\t\t<div class=\"elementor-element elementor-element-6f09f4a elementor-widget elementor-widget-button\" data-id=\"6f09f4a\" data-element_type=\"widget\" data-e-type=\"widget\" data-widget_type=\"button.default\">\n\t\t\t\t\t\t\t\t\t\t<a class=\"elementor-button elementor-button-link elementor-size-sm\" href=\"https:\/\/jenatschgaragen.ch\/city\/blog\/2026\/02\/19\/klima-service\/\">\n\t\t\t\t\t\t<span class=\"elementor-button-content-wrapper\">\n\t\t\t\t\t\t<span class=\"elementor-button-icon\">\n\t\t\t\t<svg aria-hidden=\"true\" class=\"e-font-icon-svg e-fas-chevron-right\" viewBox=\"0 0 320 512\" xmlns=\"http:\/\/www.w3.org\/2000\/svg\"><path d=\"M285.476 272.971L91.132 467.314c-9.373 9.373-24.569 9.373-33.941 0l-22.667-22.667c-9.357-9.357-9.375-24.522-.04-33.901L188.505 256 34.484 101.255c-9.335-9.379-9.317-24.544.04-33.901l22.667-22.667c9.373-9.373 24.569-9.373 33.941 0L285.475 239.03c9.373 9.372 9.373 24.568.001 33.941z\"><\/path><\/svg>\t\t\t<\/span>\n\t\t\t\t\t\t\t\t\t<span class=\"elementor-button-text\">Mehr lesen<\/span>\n\t\t\t\t\t<\/span>\n\t\t\t\t\t<\/a>\n\t\t\t\t\t\t\t\t<\/div>\n\t\t\t\t<\/div>\n\t\t\t\t<\/div>\n\t\t\t\t<\/div>\n\t\t<style id=\"loop-dynamic-727\">.e-loop-item-755 .elementor-element.elementor-element-c2d0f8f:not(.elementor-motion-effects-element-type-background), .e-loop-item-755 .elementor-element.elementor-element-c2d0f8f > .elementor-motion-effects-container > .elementor-motion-effects-layer{background-image:url(\"https:\/\/jenatschgaragen.ch\/city\/wp-content\/uploads\/sites\/3\/2026\/01\/Service_DL_VW_Subsite_Reifenwechsel_Header_dfi.jpg\");}<\/style>\t\t<div data-elementor-type=\"loop-item\" data-elementor-id=\"727\" class=\"elementor elementor-727 e-loop-item e-loop-item-755 post-755 post type-post status-publish format-standard has-post-thumbnail hentry category-jenatschgarage-zuerich-city\" data-elementor-post-type=\"elementor_library\" data-custom-edit-handle=\"1\">\n\t\t\t<div class=\"elementor-element elementor-element-f907595 e-con-full e-flex e-con e-parent\" data-id=\"f907595\" data-element_type=\"container\" data-e-type=\"container\">\n\t\t<a class=\"elementor-element elementor-element-c2d0f8f e-con-full e-flex e-con e-child\" data-id=\"c2d0f8f\" data-element_type=\"container\" data-e-type=\"container\" data-settings=\"{&quot;background_background&quot;:&quot;classic&quot;}\" href=\"https:\/\/jenatschgaragen.ch\/city\/blog\/2026\/01\/27\/reifenwechsel\/\">\n\t\t\t\t<div class=\"elementor-element elementor-element-bf4f730 loop-button elementor-widget elementor-widget-text-editor\" data-id=\"bf4f730\" data-element_type=\"widget\" data-e-type=\"widget\" data-widget_type=\"text-editor.default\">\n\t\t\t\t\t\t\t\t\t<p class=\"marginer-no\">Jenatschgarage Z\u00fcrich-City<\/p>\t\t\t\t\t\t\t\t<\/div>\n\t\t\t\t<\/a>\n\t\t<div class=\"elementor-element elementor-element-47f62c6 e-con-full e-flex e-con e-child\" data-id=\"47f62c6\" data-element_type=\"container\" data-e-type=\"container\" data-settings=\"{&quot;background_background&quot;:&quot;classic&quot;}\">\n\t\t\t\t<div class=\"elementor-element elementor-element-09f3010 elementor-widget elementor-widget-theme-post-title elementor-page-title elementor-widget-heading\" data-id=\"09f3010\" data-element_type=\"widget\" data-e-type=\"widget\" data-widget_type=\"theme-post-title.default\">\n\t\t\t\t\t<h3 class=\"elementor-heading-title elementor-size-default\"><a href=\"https:\/\/jenatschgaragen.ch\/city\/blog\/2026\/01\/27\/reifenwechsel\/\">Reifenwechsel<\/a><\/h3>\t\t\t\t<\/div>\n\t\t\t\t<div class=\"elementor-element elementor-element-6f09f4a elementor-widget elementor-widget-button\" data-id=\"6f09f4a\" data-element_type=\"widget\" data-e-type=\"widget\" data-widget_type=\"button.default\">\n\t\t\t\t\t\t\t\t\t\t<a class=\"elementor-button elementor-button-link elementor-size-sm\" href=\"https:\/\/jenatschgaragen.ch\/city\/blog\/2026\/01\/27\/reifenwechsel\/\">\n\t\t\t\t\t\t<span class=\"elementor-button-content-wrapper\">\n\t\t\t\t\t\t<span class=\"elementor-button-icon\">\n\t\t\t\t<svg aria-hidden=\"true\" class=\"e-font-icon-svg e-fas-chevron-right\" viewBox=\"0 0 320 512\" xmlns=\"http:\/\/www.w3.org\/2000\/svg\"><path d=\"M285.476 272.971L91.132 467.314c-9.373 9.373-24.569 9.373-33.941 0l-22.667-22.667c-9.357-9.357-9.375-24.522-.04-33.901L188.505 256 34.484 101.255c-9.335-9.379-9.317-24.544.04-33.901l22.667-22.667c9.373-9.373 24.569-9.373 33.941 0L285.475 239.03c9.373 9.372 9.373 24.568.001 33.941z\"><\/path><\/svg>\t\t\t<\/span>\n\t\t\t\t\t\t\t\t\t<span class=\"elementor-button-text\">Mehr lesen<\/span>\n\t\t\t\t\t<\/span>\n\t\t\t\t\t<\/a>\n\t\t\t\t\t\t\t\t<\/div>\n\t\t\t\t<\/div>\n\t\t\t\t<\/div>\n\t\t\t\t<\/div>\n\t\t\t\t<\/div>\n\t\t\n\t\t\t\t\t\t<\/div>\n\t\t\t\t<\/div>\n\t\t\t\t<\/div>\n\t\t<div class=\"elementor-element elementor-element-2bf161f e-con-full e-flex e-con e-child\" data-id=\"2bf161f\" data-element_type=\"container\" data-e-type=\"container\" id=\"standorte\">\n\t\t\t\t<\/div>\n\t\t\t\t\t<\/div>\n\t\t\t\t<\/div>\n\t\t<div class=\"elementor-element elementor-element-be1f0e9 e-flex e-con-boxed e-con e-parent\" data-id=\"be1f0e9\" data-element_type=\"container\" data-e-type=\"container\">\n\t\t\t\t\t<div class=\"e-con-inner\">\n\t\t<div class=\"elementor-element elementor-element-62a71b1 e-con-full e-flex e-con e-child\" data-id=\"62a71b1\" data-element_type=\"container\" data-e-type=\"container\">\n\t\t\t\t<div class=\"elementor-element elementor-element-1f65ed8 elementor-widget elementor-widget-heading\" data-id=\"1f65ed8\" data-element_type=\"widget\" data-e-type=\"widget\" data-widget_type=\"heading.default\">\n\t\t\t\t\t<h3 class=\"elementor-heading-title elementor-size-default\">In Z\u00fcrich zu Hause - an drei Standorten<\/h3>\t\t\t\t<\/div>\n\t\t\t\t<div class=\"elementor-element elementor-element-0678e2f elementor-widget elementor-widget-text-editor\" data-id=\"0678e2f\" data-element_type=\"widget\" data-e-type=\"widget\" data-widget_type=\"text-editor.default\">\n\t\t\t\t\t\t\t\t\t<p>Am linken und rechten Z\u00fcrichsee<\/p>\t\t\t\t\t\t\t\t<\/div>\n\t\t<div class=\"elementor-element elementor-element-53215c9 e-con-full e-flex e-con e-child\" data-id=\"53215c9\" data-element_type=\"container\" data-e-type=\"container\">\n\t\t<div class=\"elementor-element elementor-element-679bbc6 e-con-full e-flex e-con e-child\" data-id=\"679bbc6\" data-element_type=\"container\" data-e-type=\"container\">\n\t\t\t\t<div class=\"elementor-element elementor-element-ee2b17b elementor-widget elementor-widget-image\" data-id=\"ee2b17b\" data-element_type=\"widget\" data-e-type=\"widget\" data-widget_type=\"image.default\">\n\t\t\t\t\t\t\t\t\t\t\t\t\t\t\t\t<a href=\"https:\/\/jenatschgaragen.ch\/sommerhalder\/\">\n\t\t\t\t\t\t\t<img fetchpriority=\"high\" decoding=\"async\" width=\"640\" height=\"400\" src=\"https:\/\/jenatschgaragen.ch\/city\/wp-content\/uploads\/sites\/3\/2026\/03\/Garage-Sommerhalder.jpg\" class=\"elementor-animation-float attachment-full size-full wp-image-1489\" alt=\"\" srcset=\"https:\/\/jenatschgaragen.ch\/city\/wp-content\/uploads\/sites\/3\/2026\/03\/Garage-Sommerhalder.jpg 640w, https:\/\/jenatschgaragen.ch\/city\/wp-content\/uploads\/sites\/3\/2026\/03\/Garage-Sommerhalder-300x188.jpg 300w\" sizes=\"(max-width: 640px) 100vw, 640px\" \/>\t\t\t\t\t\t\t\t<\/a>\n\t\t\t\t\t\t\t\t\t\t\t\t\t\t\t<\/div>\n\t\t<div class=\"elementor-element elementor-element-df7244a e-con-full e-flex e-con e-child\" data-id=\"df7244a\" data-element_type=\"container\" data-e-type=\"container\">\n\t\t\t\t<div class=\"elementor-element elementor-element-8ed8e57 elementor-widget elementor-widget-heading\" data-id=\"8ed8e57\" data-element_type=\"widget\" data-e-type=\"widget\" data-widget_type=\"heading.default\">\n\t\t\t\t\t<h5 class=\"elementor-heading-title elementor-size-default\"><a href=\"https:\/\/jenatschgaragen.ch\/sommerhalder\/\">Garage Sommerhalder<\/a><\/h5>\t\t\t\t<\/div>\n\t\t<div class=\"elementor-element elementor-element-9c222b4 e-con-full e-flex e-con e-child\" data-id=\"9c222b4\" data-element_type=\"container\" data-e-type=\"container\">\n\t\t\t\t<div class=\"elementor-element elementor-element-05de5c4 elementor-widget elementor-widget-image\" data-id=\"05de5c4\" data-element_type=\"widget\" data-e-type=\"widget\" data-widget_type=\"image.default\">\n\t\t\t\t\t\t\t\t\t\t\t\t\t\t\t<img decoding=\"async\" width=\"150\" height=\"150\" src=\"https:\/\/jenatschgaragen.ch\/city\/wp-content\/uploads\/sites\/3\/2026\/01\/logo-VW-weiss-150x150.png\" class=\"attachment-thumbnail size-thumbnail wp-image-208\" alt=\"VW\" srcset=\"https:\/\/jenatschgaragen.ch\/city\/wp-content\/uploads\/sites\/3\/2026\/01\/logo-VW-weiss-150x150.png 150w, https:\/\/jenatschgaragen.ch\/city\/wp-content\/uploads\/sites\/3\/2026\/01\/logo-VW-weiss-300x300.png 300w, https:\/\/jenatschgaragen.ch\/city\/wp-content\/uploads\/sites\/3\/2026\/01\/logo-VW-weiss.png 500w\" sizes=\"(max-width: 150px) 100vw, 150px\" \/>\t\t\t\t\t\t\t\t\t\t\t\t\t\t\t<\/div>\n\t\t\t\t<div class=\"elementor-element elementor-element-4570f6c elementor-widget elementor-widget-text-editor\" data-id=\"4570f6c\" data-element_type=\"widget\" data-e-type=\"widget\" data-widget_type=\"text-editor.default\">\n\t\t\t\t\t\t\t\t\t<p class=\"marginer-no\">Offizielle Markenvertretung f\u00fcr Volkswagen<\/p>\t\t\t\t\t\t\t\t<\/div>\n\t\t\t\t<\/div>\n\t\t\t\t<div class=\"elementor-element elementor-element-8507136 elementor-widget elementor-widget-text-editor\" data-id=\"8507136\" data-element_type=\"widget\" data-e-type=\"widget\" data-widget_type=\"text-editor.default\">\n\t\t\t\t\t\t\t\t\t<ul><li>Verkauf Neuwagen Volkswagen<\/li><li>Verkauf Occasionen alle Marken<\/li><li>Reparaturen<\/li><li>Service<\/li><li>Reifenwechsel<\/li><li>Elektroexpertise<\/li><\/ul>\t\t\t\t\t\t\t\t<\/div>\n\t\t\t\t<div class=\"elementor-element elementor-element-06e80ab elementor-widget elementor-widget-button\" data-id=\"06e80ab\" data-element_type=\"widget\" data-e-type=\"widget\" data-widget_type=\"button.default\">\n\t\t\t\t\t\t\t\t\t\t<a class=\"elementor-button elementor-button-link elementor-size-sm\" href=\"https:\/\/jenatschgaragen.ch\/sommerhalder\/\">\n\t\t\t\t\t\t<span class=\"elementor-button-content-wrapper\">\n\t\t\t\t\t\t<span class=\"elementor-button-icon\">\n\t\t\t\t<svg aria-hidden=\"true\" class=\"e-font-icon-svg e-fas-angle-right\" viewBox=\"0 0 256 512\" xmlns=\"http:\/\/www.w3.org\/2000\/svg\"><path d=\"M224.3 273l-136 136c-9.4 9.4-24.6 9.4-33.9 0l-22.6-22.6c-9.4-9.4-9.4-24.6 0-33.9l96.4-96.4-96.4-96.4c-9.4-9.4-9.4-24.6 0-33.9L54.3 103c9.4-9.4 24.6-9.4 33.9 0l136 136c9.5 9.4 9.5 24.6.1 34z\"><\/path><\/svg>\t\t\t<\/span>\n\t\t\t\t\t\t\t\t\t<span class=\"elementor-button-text\">Weiter zur Garage Sommerhalder<\/span>\n\t\t\t\t\t<\/span>\n\t\t\t\t\t<\/a>\n\t\t\t\t\t\t\t\t<\/div>\n\t\t\t\t<\/div>\n\t\t\t\t<\/div>\n\t\t<div class=\"elementor-element elementor-element-1bc4be9 e-con-full e-flex e-con e-child\" data-id=\"1bc4be9\" data-element_type=\"container\" data-e-type=\"container\">\n\t\t\t\t<div class=\"elementor-element elementor-element-a313057 elementor-widget elementor-widget-image\" data-id=\"a313057\" data-element_type=\"widget\" data-e-type=\"widget\" data-widget_type=\"image.default\">\n\t\t\t\t\t\t\t\t\t\t\t\t\t\t\t<img decoding=\"async\" width=\"640\" height=\"400\" src=\"https:\/\/jenatschgaragen.ch\/city\/wp-content\/uploads\/sites\/3\/2026\/03\/Jenatschgarage-Zuerich-City.jpg\" class=\"elementor-animation-float attachment-full size-full wp-image-1491\" alt=\"\" srcset=\"https:\/\/jenatschgaragen.ch\/city\/wp-content\/uploads\/sites\/3\/2026\/03\/Jenatschgarage-Zuerich-City.jpg 640w, https:\/\/jenatschgaragen.ch\/city\/wp-content\/uploads\/sites\/3\/2026\/03\/Jenatschgarage-Zuerich-City-300x188.jpg 300w\" sizes=\"(max-width: 640px) 100vw, 640px\" \/>\t\t\t\t\t\t\t\t\t\t\t\t\t\t\t<\/div>\n\t\t<div class=\"elementor-element elementor-element-c4176ef e-con-full e-flex e-con e-child\" data-id=\"c4176ef\" data-element_type=\"container\" data-e-type=\"container\">\n\t\t\t\t<div class=\"elementor-element elementor-element-04a08ec elementor-widget elementor-widget-heading\" data-id=\"04a08ec\" data-element_type=\"widget\" data-e-type=\"widget\" data-widget_type=\"heading.default\">\n\t\t\t\t\t<h5 class=\"elementor-heading-title elementor-size-default\">Jenatsch-Garage Z\u00fcrich-City<\/h5>\t\t\t\t<\/div>\n\t\t<div class=\"elementor-element elementor-element-b72124a e-con-full e-flex e-con e-child\" data-id=\"b72124a\" data-element_type=\"container\" data-e-type=\"container\">\n\t\t\t\t<div class=\"elementor-element elementor-element-fcb3be2 elementor-widget elementor-widget-image\" data-id=\"fcb3be2\" data-element_type=\"widget\" data-e-type=\"widget\" data-widget_type=\"image.default\">\n\t\t\t\t\t\t\t\t\t\t\t\t\t\t\t<img decoding=\"async\" width=\"150\" height=\"150\" src=\"https:\/\/jenatschgaragen.ch\/city\/wp-content\/uploads\/sites\/3\/2026\/01\/logo-VW-weiss-150x150.png\" class=\"attachment-thumbnail size-thumbnail wp-image-208\" alt=\"VW\" srcset=\"https:\/\/jenatschgaragen.ch\/city\/wp-content\/uploads\/sites\/3\/2026\/01\/logo-VW-weiss-150x150.png 150w, https:\/\/jenatschgaragen.ch\/city\/wp-content\/uploads\/sites\/3\/2026\/01\/logo-VW-weiss-300x300.png 300w, https:\/\/jenatschgaragen.ch\/city\/wp-content\/uploads\/sites\/3\/2026\/01\/logo-VW-weiss.png 500w\" sizes=\"(max-width: 150px) 100vw, 150px\" \/>\t\t\t\t\t\t\t\t\t\t\t\t\t\t\t<\/div>\n\t\t\t\t<div class=\"elementor-element elementor-element-65c3645 elementor-widget elementor-widget-text-editor\" data-id=\"65c3645\" data-element_type=\"widget\" data-e-type=\"widget\" data-widget_type=\"text-editor.default\">\n\t\t\t\t\t\t\t\t\t<p class=\"marginer-no\">Offizielle Markenvertretung f\u00fcr Volkswagen<\/p>\t\t\t\t\t\t\t\t<\/div>\n\t\t\t\t<\/div>\n\t\t\t\t<div class=\"elementor-element elementor-element-285a70f elementor-widget elementor-widget-text-editor\" data-id=\"285a70f\" data-element_type=\"widget\" data-e-type=\"widget\" data-widget_type=\"text-editor.default\">\n\t\t\t\t\t\t\t\t\t<ul><li>Verkauf Neuwagen alle Marken<\/li><li>Verkauf Occasionen alle Marken<\/li><li>Reparaturen<\/li><li>Service<\/li><li>Reifenwechsel<\/li><li>Elektroexpertise<\/li><li>Waschanlage<\/li><\/ul>\t\t\t\t\t\t\t\t<\/div>\n\t\t\t\t<\/div>\n\t\t\t\t<\/div>\n\t\t<div class=\"elementor-element elementor-element-d33b070 e-con-full e-flex e-con e-child\" data-id=\"d33b070\" data-element_type=\"container\" data-e-type=\"container\">\n\t\t\t\t<div class=\"elementor-element elementor-element-fdc7ae5 elementor-widget elementor-widget-image\" data-id=\"fdc7ae5\" data-element_type=\"widget\" data-e-type=\"widget\" data-widget_type=\"image.default\">\n\t\t\t\t\t\t\t\t\t\t\t\t\t\t\t\t<a href=\"https:\/\/jenatschgaragen.ch\/wollishofen\/\">\n\t\t\t\t\t\t\t<img loading=\"lazy\" decoding=\"async\" width=\"640\" height=\"400\" src=\"https:\/\/jenatschgaragen.ch\/city\/wp-content\/uploads\/sites\/3\/2026\/03\/Jenatschgarage-Wollishofen.jpg\" class=\"elementor-animation-float attachment-full size-full wp-image-1490\" alt=\"\" srcset=\"https:\/\/jenatschgaragen.ch\/city\/wp-content\/uploads\/sites\/3\/2026\/03\/Jenatschgarage-Wollishofen.jpg 640w, https:\/\/jenatschgaragen.ch\/city\/wp-content\/uploads\/sites\/3\/2026\/03\/Jenatschgarage-Wollishofen-300x188.jpg 300w\" sizes=\"(max-width: 640px) 100vw, 640px\" \/>\t\t\t\t\t\t\t\t<\/a>\n\t\t\t\t\t\t\t\t\t\t\t\t\t\t\t<\/div>\n\t\t<div class=\"elementor-element elementor-element-0f484e4 e-con-full e-flex e-con e-child\" data-id=\"0f484e4\" data-element_type=\"container\" data-e-type=\"container\">\n\t\t\t\t<div class=\"elementor-element elementor-element-fd04c61 elementor-widget elementor-widget-heading\" data-id=\"fd04c61\" data-element_type=\"widget\" data-e-type=\"widget\" data-widget_type=\"heading.default\">\n\t\t\t\t\t<h5 class=\"elementor-heading-title elementor-size-default\"><a href=\"https:\/\/jenatschgaragen.ch\/wollishofen\/\">Jenatsch-Garage Z\u00fcrich-Wollishofen<\/a><\/h5>\t\t\t\t<\/div>\n\t\t\t\t<div class=\"elementor-element elementor-element-56949d7 elementor-widget elementor-widget-text-editor\" data-id=\"56949d7\" data-element_type=\"widget\" data-e-type=\"widget\" data-widget_type=\"text-editor.default\">\n\t\t\t\t\t\t\t\t\t<p><b>Die Experten f\u00fcr Volkswagen, Audi und Skoda<\/b><\/p>\n<ul>\n<li>Verkauf Occasionen alle Marken<\/li>\n<li>Reparaturen<\/li>\n<li>Service<\/li>\n<li>Reifenwechsel<\/li>\n<li>Elektroexpertise<\/li>\n<\/ul>\t\t\t\t\t\t\t\t<\/div>\n\t\t\t\t<div class=\"elementor-element elementor-element-9a0c3cc elementor-widget elementor-widget-button\" data-id=\"9a0c3cc\" data-element_type=\"widget\" data-e-type=\"widget\" data-widget_type=\"button.default\">\n\t\t\t\t\t\t\t\t\t\t<a class=\"elementor-button elementor-button-link elementor-size-sm\" href=\"https:\/\/jenatschgaragen.ch\/wollishofen\/\">\n\t\t\t\t\t\t<span class=\"elementor-button-content-wrapper\">\n\t\t\t\t\t\t<span class=\"elementor-button-icon\">\n\t\t\t\t<svg aria-hidden=\"true\" class=\"e-font-icon-svg e-fas-angle-right\" viewBox=\"0 0 256 512\" xmlns=\"http:\/\/www.w3.org\/2000\/svg\"><path d=\"M224.3 273l-136 136c-9.4 9.4-24.6 9.4-33.9 0l-22.6-22.6c-9.4-9.4-9.4-24.6 0-33.9l96.4-96.4-96.4-96.4c-9.4-9.4-9.4-24.6 0-33.9L54.3 103c9.4-9.4 24.6-9.4 33.9 0l136 136c9.5 9.4 9.5 24.6.1 34z\"><\/path><\/svg>\t\t\t<\/span>\n\t\t\t\t\t\t\t\t\t<span class=\"elementor-button-text\">Weiter zur Jenatsch-Garage Z\u00fcrich-Wollishofen<\/span>\n\t\t\t\t\t<\/span>\n\t\t\t\t\t<\/a>\n\t\t\t\t\t\t\t\t<\/div>\n\t\t\t\t<\/div>\n\t\t\t\t<\/div>\n\t\t\t\t<\/div>\n\t\t\t\t<\/div>\n\t\t\t\t\t<\/div>\n\t\t\t\t<\/div>\n\t\t\t\t<\/div>\n\t\t","protected":false},"excerpt":{"rendered":"<p>News Alle Neuheiten und Angebote Willkommen in unserer News-Rubrik. Hier informieren wir Sie regelm\u00e4ssig \u00fcber spannende Neuigkeiten, exklusive Angebote, Events und alles, was die Jenatschgarage Z\u00fcrich-City bewegt. Ob neue Fahrzeugmodelle oder wichtige Informationen rund um Ihren Werkstattbesuch \u2013 bei uns bleiben Sie stets bestens informiert. In Z\u00fcrich zu Hause &#8211; an drei Standorten Am linken [&hellip;]<\/p>\n","protected":false},"author":1,"featured_media":0,"parent":0,"menu_order":0,"comment_status":"closed","ping_status":"closed","template":"","meta":{"footnotes":""},"class_list":["post-433","page","type-page","status-publish","hentry"],"yoast_head":"<!-- This site is optimized with the Yoast SEO plugin v27.2 - https:\/\/yoast.com\/product\/yoast-seo-wordpress\/ -->\n<title>News - Jenatschgarage Z\u00fcrich-City<\/title>\n<meta name=\"description\" content=\"Aktuelle News und Angebote der Jenatschgarage Z\u00fcrich-City! Bleib informiert \u00fcber Aktionen, neue Fahrzeuge und Tipps rund ums Auto in Z\u00fcrich.\" \/>\n<meta name=\"robots\" content=\"index, follow, max-snippet:-1, max-image-preview:large, max-video-preview:-1\" \/>\n<link rel=\"canonical\" href=\"https:\/\/jenatschgaragen.ch\/city\/aktuelles-news\/\" \/>\n<meta property=\"og:locale\" content=\"de_DE\" \/>\n<meta property=\"og:type\" content=\"article\" \/>\n<meta property=\"og:title\" content=\"News - Jenatschgarage Z\u00fcrich-City\" \/>\n<meta property=\"og:description\" content=\"Aktuelle News und Angebote der Jenatschgarage Z\u00fcrich-City! Bleib informiert \u00fcber Aktionen, neue Fahrzeuge und Tipps rund ums Auto in Z\u00fcrich.\" \/>\n<meta property=\"og:url\" content=\"https:\/\/jenatschgaragen.ch\/city\/aktuelles-news\/\" \/>\n<meta property=\"og:site_name\" content=\"Jenatschgarage Z\u00fcrich-City\" \/>\n<meta property=\"article:modified_time\" content=\"2026-04-16T06:48:28+00:00\" \/>\n<meta property=\"og:image\" content=\"https:\/\/jenatschgaragen.ch\/city\/wp-content\/uploads\/sites\/3\/2026\/03\/Garage-Sommerhalder.jpg\" \/>\n<meta name=\"twitter:card\" content=\"summary_large_image\" \/>\n<meta name=\"twitter:label1\" content=\"Gesch\u00e4tzte Lesezeit\" \/>\n\t<meta name=\"twitter:data1\" content=\"2\u00a0Minuten\" \/>\n<script type=\"application\/ld+json\" class=\"yoast-schema-graph\">{\"@context\":\"https:\/\/schema.org\",\"@graph\":[{\"@type\":\"WebPage\",\"@id\":\"https:\/\/jenatschgaragen.ch\/city\/aktuelles-news\/\",\"url\":\"https:\/\/jenatschgaragen.ch\/city\/aktuelles-news\/\",\"name\":\"News - Jenatschgarage Z\u00fcrich-City\",\"isPartOf\":{\"@id\":\"https:\/\/jenatschgaragen.ch\/city\/#website\"},\"primaryImageOfPage\":{\"@id\":\"https:\/\/jenatschgaragen.ch\/city\/aktuelles-news\/#primaryimage\"},\"image\":{\"@id\":\"https:\/\/jenatschgaragen.ch\/city\/aktuelles-news\/#primaryimage\"},\"thumbnailUrl\":\"https:\/\/jenatschgaragen.ch\/city\/wp-content\/uploads\/sites\/3\/2026\/03\/Garage-Sommerhalder.jpg\",\"datePublished\":\"2026-01-20T13:17:59+00:00\",\"dateModified\":\"2026-04-16T06:48:28+00:00\",\"description\":\"Aktuelle News und Angebote der Jenatschgarage Z\u00fcrich-City! Bleib informiert \u00fcber Aktionen, neue Fahrzeuge und Tipps rund ums Auto in Z\u00fcrich.\",\"breadcrumb\":{\"@id\":\"https:\/\/jenatschgaragen.ch\/city\/aktuelles-news\/#breadcrumb\"},\"inLanguage\":\"de-CH\",\"potentialAction\":[{\"@type\":\"ReadAction\",\"target\":[\"https:\/\/jenatschgaragen.ch\/city\/aktuelles-news\/\"]}]},{\"@type\":\"ImageObject\",\"inLanguage\":\"de-CH\",\"@id\":\"https:\/\/jenatschgaragen.ch\/city\/aktuelles-news\/#primaryimage\",\"url\":\"https:\/\/jenatschgaragen.ch\/city\/wp-content\/uploads\/sites\/3\/2026\/03\/Garage-Sommerhalder.jpg\",\"contentUrl\":\"https:\/\/jenatschgaragen.ch\/city\/wp-content\/uploads\/sites\/3\/2026\/03\/Garage-Sommerhalder.jpg\",\"width\":640,\"height\":400},{\"@type\":\"BreadcrumbList\",\"@id\":\"https:\/\/jenatschgaragen.ch\/city\/aktuelles-news\/#breadcrumb\",\"itemListElement\":[{\"@type\":\"ListItem\",\"position\":1,\"name\":\"Home\",\"item\":\"https:\/\/jenatschgaragen.ch\/city\/\"},{\"@type\":\"ListItem\",\"position\":2,\"name\":\"News\"}]},{\"@type\":\"WebSite\",\"@id\":\"https:\/\/jenatschgaragen.ch\/city\/#website\",\"url\":\"https:\/\/jenatschgaragen.ch\/city\/\",\"name\":\"Jenatschgarage Z\u00fcrich-City\",\"description\":\"Ihre Mobilit\u00e4ts-Experten im Herzen von Z\u00fcrich\",\"publisher\":{\"@id\":\"https:\/\/jenatschgaragen.ch\/city\/#organization\"},\"potentialAction\":[{\"@type\":\"SearchAction\",\"target\":{\"@type\":\"EntryPoint\",\"urlTemplate\":\"https:\/\/jenatschgaragen.ch\/city\/?s={search_term_string}\"},\"query-input\":{\"@type\":\"PropertyValueSpecification\",\"valueRequired\":true,\"valueName\":\"search_term_string\"}}],\"inLanguage\":\"de-CH\"},{\"@type\":\"Organization\",\"@id\":\"https:\/\/jenatschgaragen.ch\/city\/#organization\",\"name\":\"Jenatschgarage Z\u00fcrich-City\",\"url\":\"https:\/\/jenatschgaragen.ch\/city\/\",\"logo\":{\"@type\":\"ImageObject\",\"inLanguage\":\"de-CH\",\"@id\":\"https:\/\/jenatschgaragen.ch\/city\/#\/schema\/logo\/image\/\",\"url\":\"https:\/\/jenatschgaragen.ch\/city\/wp-content\/uploads\/sites\/3\/2026\/01\/logo-Jenatschgarage-Zuerich-City.png\",\"contentUrl\":\"https:\/\/jenatschgaragen.ch\/city\/wp-content\/uploads\/sites\/3\/2026\/01\/logo-Jenatschgarage-Zuerich-City.png\",\"width\":530,\"height\":110,\"caption\":\"Jenatschgarage Z\u00fcrich-City\"},\"image\":{\"@id\":\"https:\/\/jenatschgaragen.ch\/city\/#\/schema\/logo\/image\/\"}}]}<\/script>\n<!-- \/ Yoast SEO plugin. -->","yoast_head_json":{"title":"News - Jenatschgarage Z\u00fcrich-City","description":"Aktuelle News und Angebote der Jenatschgarage Z\u00fcrich-City! Bleib informiert \u00fcber Aktionen, neue Fahrzeuge und Tipps rund ums Auto in Z\u00fcrich.","robots":{"index":"index","follow":"follow","max-snippet":"max-snippet:-1","max-image-preview":"max-image-preview:large","max-video-preview":"max-video-preview:-1"},"canonical":"https:\/\/jenatschgaragen.ch\/city\/aktuelles-news\/","og_locale":"de_DE","og_type":"article","og_title":"News - Jenatschgarage Z\u00fcrich-City","og_description":"Aktuelle News und Angebote der Jenatschgarage Z\u00fcrich-City! Bleib informiert \u00fcber Aktionen, neue Fahrzeuge und Tipps rund ums Auto in Z\u00fcrich.","og_url":"https:\/\/jenatschgaragen.ch\/city\/aktuelles-news\/","og_site_name":"Jenatschgarage Z\u00fcrich-City","article_modified_time":"2026-04-16T06:48:28+00:00","og_image":[{"url":"https:\/\/jenatschgaragen.ch\/city\/wp-content\/uploads\/sites\/3\/2026\/03\/Garage-Sommerhalder.jpg","type":"","width":"","height":""}],"twitter_card":"summary_large_image","twitter_misc":{"Gesch\u00e4tzte Lesezeit":"2\u00a0Minuten"},"schema":{"@context":"https:\/\/schema.org","@graph":[{"@type":"WebPage","@id":"https:\/\/jenatschgaragen.ch\/city\/aktuelles-news\/","url":"https:\/\/jenatschgaragen.ch\/city\/aktuelles-news\/","name":"News - Jenatschgarage Z\u00fcrich-City","isPartOf":{"@id":"https:\/\/jenatschgaragen.ch\/city\/#website"},"primaryImageOfPage":{"@id":"https:\/\/jenatschgaragen.ch\/city\/aktuelles-news\/#primaryimage"},"image":{"@id":"https:\/\/jenatschgaragen.ch\/city\/aktuelles-news\/#primaryimage"},"thumbnailUrl":"https:\/\/jenatschgaragen.ch\/city\/wp-content\/uploads\/sites\/3\/2026\/03\/Garage-Sommerhalder.jpg","datePublished":"2026-01-20T13:17:59+00:00","dateModified":"2026-04-16T06:48:28+00:00","description":"Aktuelle News und Angebote der Jenatschgarage Z\u00fcrich-City! Bleib informiert \u00fcber Aktionen, neue Fahrzeuge und Tipps rund ums Auto in Z\u00fcrich.","breadcrumb":{"@id":"https:\/\/jenatschgaragen.ch\/city\/aktuelles-news\/#breadcrumb"},"inLanguage":"de-CH","potentialAction":[{"@type":"ReadAction","target":["https:\/\/jenatschgaragen.ch\/city\/aktuelles-news\/"]}]},{"@type":"ImageObject","inLanguage":"de-CH","@id":"https:\/\/jenatschgaragen.ch\/city\/aktuelles-news\/#primaryimage","url":"https:\/\/jenatschgaragen.ch\/city\/wp-content\/uploads\/sites\/3\/2026\/03\/Garage-Sommerhalder.jpg","contentUrl":"https:\/\/jenatschgaragen.ch\/city\/wp-content\/uploads\/sites\/3\/2026\/03\/Garage-Sommerhalder.jpg","width":640,"height":400},{"@type":"BreadcrumbList","@id":"https:\/\/jenatschgaragen.ch\/city\/aktuelles-news\/#breadcrumb","itemListElement":[{"@type":"ListItem","position":1,"name":"Home","item":"https:\/\/jenatschgaragen.ch\/city\/"},{"@type":"ListItem","position":2,"name":"News"}]},{"@type":"WebSite","@id":"https:\/\/jenatschgaragen.ch\/city\/#website","url":"https:\/\/jenatschgaragen.ch\/city\/","name":"Jenatschgarage Z\u00fcrich-City","description":"Ihre Mobilit\u00e4ts-Experten im Herzen von Z\u00fcrich","publisher":{"@id":"https:\/\/jenatschgaragen.ch\/city\/#organization"},"potentialAction":[{"@type":"SearchAction","target":{"@type":"EntryPoint","urlTemplate":"https:\/\/jenatschgaragen.ch\/city\/?s={search_term_string}"},"query-input":{"@type":"PropertyValueSpecification","valueRequired":true,"valueName":"search_term_string"}}],"inLanguage":"de-CH"},{"@type":"Organization","@id":"https:\/\/jenatschgaragen.ch\/city\/#organization","name":"Jenatschgarage Z\u00fcrich-City","url":"https:\/\/jenatschgaragen.ch\/city\/","logo":{"@type":"ImageObject","inLanguage":"de-CH","@id":"https:\/\/jenatschgaragen.ch\/city\/#\/schema\/logo\/image\/","url":"https:\/\/jenatschgaragen.ch\/city\/wp-content\/uploads\/sites\/3\/2026\/01\/logo-Jenatschgarage-Zuerich-City.png","contentUrl":"https:\/\/jenatschgaragen.ch\/city\/wp-content\/uploads\/sites\/3\/2026\/01\/logo-Jenatschgarage-Zuerich-City.png","width":530,"height":110,"caption":"Jenatschgarage Z\u00fcrich-City"},"image":{"@id":"https:\/\/jenatschgaragen.ch\/city\/#\/schema\/logo\/image\/"}}]}},"_links":{"self":[{"href":"https:\/\/jenatschgaragen.ch\/city\/wp-json\/wp\/v2\/pages\/433","targetHints":{"allow":["GET"]}}],"collection":[{"href":"https:\/\/jenatschgaragen.ch\/city\/wp-json\/wp\/v2\/pages"}],"about":[{"href":"https:\/\/jenatschgaragen.ch\/city\/wp-json\/wp\/v2\/types\/page"}],"author":[{"embeddable":true,"href":"https:\/\/jenatschgaragen.ch\/city\/wp-json\/wp\/v2\/users\/1"}],"replies":[{"embeddable":true,"href":"https:\/\/jenatschgaragen.ch\/city\/wp-json\/wp\/v2\/comments?post=433"}],"version-history":[{"count":82,"href":"https:\/\/jenatschgaragen.ch\/city\/wp-json\/wp\/v2\/pages\/433\/revisions"}],"predecessor-version":[{"id":1554,"href":"https:\/\/jenatschgaragen.ch\/city\/wp-json\/wp\/v2\/pages\/433\/revisions\/1554"}],"wp:attachment":[{"href":"https:\/\/jenatschgaragen.ch\/city\/wp-json\/wp\/v2\/media?parent=433"}],"curies":[{"name":"wp","href":"https:\/\/api.w.org\/{rel}","templated":true}]}}