{"id":1044,"date":"2026-02-02T13:57:54","date_gmt":"2026-02-02T12:57:54","guid":{"rendered":"https:\/\/effecto-marketing.ch\/jenatsch\/garage-zuerich-city\/?page_id=1044"},"modified":"2026-04-15T13:35:12","modified_gmt":"2026-04-15T11:35:12","slug":"glasschaden","status":"publish","type":"page","link":"https:\/\/jenatschgaragen.ch\/city\/glasschaden\/","title":{"rendered":"Glasschaden"},"content":{"rendered":"\t\t<div data-elementor-type=\"wp-page\" data-elementor-id=\"1044\" class=\"elementor elementor-1044\" data-elementor-post-type=\"page\">\n\t\t\t\t<div class=\"elementor-element elementor-element-a7fefcd e-flex e-con-boxed e-con e-parent\" data-id=\"a7fefcd\" data-element_type=\"container\" data-e-type=\"container\" data-settings=\"{&quot;background_background&quot;:&quot;classic&quot;}\">\n\t\t\t\t\t<div class=\"e-con-inner\">\n\t\t\t\t\t<\/div>\n\t\t\t\t<\/div>\n\t\t<div class=\"elementor-element elementor-element-6ae4f7d e-flex e-con-boxed e-con e-parent\" data-id=\"6ae4f7d\" data-element_type=\"container\" data-e-type=\"container\">\n\t\t\t\t\t<div class=\"e-con-inner\">\n\t\t<div class=\"elementor-element elementor-element-2d33c87 e-con-full e-flex e-con e-child\" data-id=\"2d33c87\" data-element_type=\"container\" data-e-type=\"container\">\n\t\t<div class=\"elementor-element elementor-element-e0e254c e-con-full animated-fast e-flex elementor-invisible e-con e-child\" data-id=\"e0e254c\" data-element_type=\"container\" data-e-type=\"container\" data-settings=\"{&quot;animation&quot;:&quot;fadeInLeft&quot;}\">\n\t\t\t\t<div class=\"elementor-element elementor-element-d943b9b elementor-widget elementor-widget-heading\" data-id=\"d943b9b\" data-element_type=\"widget\" data-e-type=\"widget\" data-widget_type=\"heading.default\">\n\t\t\t\t\t<h2 class=\"elementor-heading-title elementor-size-default\">Glasreparaturen<\/h2>\t\t\t\t<\/div>\n\t\t\t\t<\/div>\n\t\t<div class=\"elementor-element elementor-element-9e1cc45 e-con-full animated-slow e-flex elementor-invisible e-con e-child\" data-id=\"9e1cc45\" data-element_type=\"container\" data-e-type=\"container\" data-settings=\"{&quot;animation&quot;:&quot;fadeIn&quot;}\">\n\t\t\t\t<div class=\"elementor-element elementor-element-ed970a2 elementor-widget elementor-widget-heading\" data-id=\"ed970a2\" data-element_type=\"widget\" data-e-type=\"widget\" data-widget_type=\"heading.default\">\n\t\t\t\t\t<h4 class=\"elementor-heading-title elementor-size-default\">F\u00fcr den perfekten Durchblick.<\/h4>\t\t\t\t<\/div>\n\t\t\t\t<div class=\"elementor-element elementor-element-fd8be65 elementor-widget elementor-widget-text-editor\" data-id=\"fd8be65\" data-element_type=\"widget\" data-e-type=\"widget\" data-widget_type=\"text-editor.default\">\n\t\t\t\t\t\t\t\t\t<p class=\"p1\"><span class=\"s1\">Ein Steinschlag in der Frontscheibe? Kein Problem! Wir sind Ihre kompetenten Ansprechpartner f\u00fcr Sch\u00e4den an Windschutz-, Seiten- oder Heckscheiben. Vertrauen Sie auf unsere Expertise, um Glassch\u00e4den schnell und zuverl\u00e4ssig zu beheben und die Sicherheit Ihres Fahrzeugs wiederherzustellen.<\/span><\/p>\t\t\t\t\t\t\t\t<\/div>\n\t\t\t\t<\/div>\n\t\t\t\t<\/div>\n\t\t\t\t\t<\/div>\n\t\t\t\t<\/div>\n\t\t<div class=\"elementor-element elementor-element-f1729fd e-flex e-con-boxed e-con e-parent\" data-id=\"f1729fd\" data-element_type=\"container\" data-e-type=\"container\">\n\t\t\t\t\t<div class=\"e-con-inner\">\n\t\t<div class=\"elementor-element elementor-element-afff3a8 e-con-full e-flex e-con e-child\" data-id=\"afff3a8\" data-element_type=\"container\" data-e-type=\"container\">\n\t\t<div class=\"elementor-element elementor-element-e296a3b e-con-full e-flex e-con e-child\" data-id=\"e296a3b\" data-element_type=\"container\" data-e-type=\"container\">\n\t\t<div class=\"elementor-element elementor-element-e74277a e-con-full animated-fast e-flex elementor-invisible e-con e-child\" data-id=\"e74277a\" data-element_type=\"container\" data-e-type=\"container\" data-settings=\"{&quot;animation&quot;:&quot;fadeInLeft&quot;}\">\n\t\t\t\t<div class=\"elementor-element elementor-element-0b7b300 elementor-widget elementor-widget-heading\" data-id=\"0b7b300\" data-element_type=\"widget\" data-e-type=\"widget\" data-widget_type=\"heading.default\">\n\t\t\t\t\t<h3 class=\"elementor-heading-title elementor-size-default\">Professionelle Hilfe bei Steinschlag und Glassch\u00e4den<\/h3>\t\t\t\t<\/div>\n\t\t\t\t<\/div>\n\t\t<div class=\"elementor-element elementor-element-1e5f21f e-con-full animated-slow e-flex elementor-invisible e-con e-child\" data-id=\"1e5f21f\" data-element_type=\"container\" data-e-type=\"container\" data-settings=\"{&quot;animation&quot;:&quot;fadeIn&quot;}\">\n\t\t\t\t<div class=\"elementor-element elementor-element-22d25c6 elementor-widget elementor-widget-text-editor\" data-id=\"22d25c6\" data-element_type=\"widget\" data-e-type=\"widget\" data-widget_type=\"text-editor.default\">\n\t\t\t\t\t\t\t\t\t<p class=\"p1\"><span class=\"s1\">Fast jede\/r Autofahrer\/in hat wohl schon einmal erlebt, dass ein Steinchen auf die Windschutzscheibe prallt. Nicht nur das Ger\u00e4usch ist dabei unangenehm, sondern meistens auch die Konsequenzen. Dies sollte schnell behoben werden und daf\u00fcr stehen wir Ihnen mit unseren Volkswagen-Experten zur Seite.<\/span><\/p>\t\t\t\t\t\t\t\t<\/div>\n\t\t\t\t<\/div>\n\t\t\t\t<\/div>\n\t\t<div class=\"elementor-element elementor-element-57cef6a e-con-full e-flex e-con e-child\" data-id=\"57cef6a\" data-element_type=\"container\" data-e-type=\"container\">\n\t\t<div class=\"elementor-element elementor-element-f512ab8 e-con-full animated-slow e-flex elementor-invisible e-con e-child\" data-id=\"f512ab8\" data-element_type=\"container\" data-e-type=\"container\" data-settings=\"{&quot;animation&quot;:&quot;fadeIn&quot;}\">\n\t\t\t\t<div class=\"elementor-element elementor-element-98b3edf elementor-widget elementor-widget-image\" data-id=\"98b3edf\" data-element_type=\"widget\" data-e-type=\"widget\" data-widget_type=\"image.default\">\n\t\t\t\t\t\t\t\t\t\t\t\t\t\t\t<img fetchpriority=\"high\" decoding=\"async\" width=\"580\" height=\"480\" src=\"https:\/\/jenatschgaragen.ch\/city\/wp-content\/uploads\/sites\/3\/2026\/02\/dienstleistungen-aufdorf_maennedorf-glasschaden-1.jpg\" class=\"elementor-animation-float attachment-large size-large wp-image-1047\" alt=\"\" srcset=\"https:\/\/jenatschgaragen.ch\/city\/wp-content\/uploads\/sites\/3\/2026\/02\/dienstleistungen-aufdorf_maennedorf-glasschaden-1.jpg 580w, https:\/\/jenatschgaragen.ch\/city\/wp-content\/uploads\/sites\/3\/2026\/02\/dienstleistungen-aufdorf_maennedorf-glasschaden-1-300x248.jpg 300w\" sizes=\"(max-width: 580px) 100vw, 580px\" \/>\t\t\t\t\t\t\t\t\t\t\t\t\t\t\t<\/div>\n\t\t\t\t<\/div>\n\t\t<div class=\"elementor-element elementor-element-562abce e-con-full e-flex e-con e-child\" data-id=\"562abce\" data-element_type=\"container\" data-e-type=\"container\">\n\t\t<div class=\"elementor-element elementor-element-ac0a1b6 e-con-full animated-fast e-flex elementor-invisible e-con e-child\" data-id=\"ac0a1b6\" data-element_type=\"container\" data-e-type=\"container\" data-settings=\"{&quot;animation&quot;:&quot;fadeInUp&quot;,&quot;animation_delay&quot;:100}\">\n\t\t\t\t<div class=\"elementor-element elementor-element-2ef9f48 elementor-widget elementor-widget-heading\" data-id=\"2ef9f48\" data-element_type=\"widget\" data-e-type=\"widget\" data-widget_type=\"heading.default\">\n\t\t\t\t\t<h6 class=\"elementor-heading-title elementor-size-default\">Schnell handeln<\/h6>\t\t\t\t<\/div>\n\t\t\t\t<div class=\"elementor-element elementor-element-4299c68 elementor-widget elementor-widget-text-editor\" data-id=\"4299c68\" data-element_type=\"widget\" data-e-type=\"widget\" data-widget_type=\"text-editor.default\">\n\t\t\t\t\t\t\t\t\t<p class=\"p1\">Ein Steinschlag sollte so bald wie m\u00f6glich behandelt werden, um gr\u00f6ssere Sch\u00e4den zu verhindern. Bereits kleinste Einschl\u00e4ge k\u00f6nnen sich schnell zu Rissen ausweiten. Ein einfacher Trick zur ersten Hilfe: Decken Sie die betroffene Stelle mit einer speziellen Folie oder einem Aufkleber ab \u2013 jedoch nur, wenn sich der Steinschlag nicht im Sichtfeld befindet. Diese L\u00f6sung ist jedoch nur tempor\u00e4r und bietet keinen dauerhaften Schutz. Oftmals lassen sich kleinere Steinschl\u00e4ge unkompliziert reparieren, ohne dass ein kompletter Austausch der Windschutzscheibe n\u00f6tig ist.<\/p><p class=\"p1\">Wenden Sie sich an uns \u2013 wir beraten Sie gerne und sorgen f\u00fcr eine sichere L\u00f6sung.<\/p>\t\t\t\t\t\t\t\t<\/div>\n\t\t\t\t<\/div>\n\t\t\t\t<\/div>\n\t\t\t\t<\/div>\n\t\t\t\t<\/div>\n\t\t\t\t\t<\/div>\n\t\t\t\t<\/div>\n\t\t<div class=\"elementor-element elementor-element-83685dd e-flex e-con-boxed e-con e-parent\" data-id=\"83685dd\" data-element_type=\"container\" data-e-type=\"container\" data-settings=\"{&quot;background_background&quot;:&quot;classic&quot;}\">\n\t\t\t\t\t<div class=\"e-con-inner\">\n\t\t<div class=\"elementor-element elementor-element-79221ef e-con-full e-flex e-con e-child\" data-id=\"79221ef\" data-element_type=\"container\" data-e-type=\"container\">\n\t\t<div class=\"elementor-element elementor-element-772dcd0 e-con-full e-flex e-con e-child\" data-id=\"772dcd0\" data-element_type=\"container\" data-e-type=\"container\">\n\t\t<div class=\"elementor-element elementor-element-42a91f8 e-con-full e-flex e-con e-child\" data-id=\"42a91f8\" data-element_type=\"container\" data-e-type=\"container\">\n\t\t\t\t<div class=\"elementor-element elementor-element-18b2a46 elementor-widget elementor-widget-heading\" data-id=\"18b2a46\" data-element_type=\"widget\" data-e-type=\"widget\" data-widget_type=\"heading.default\">\n\t\t\t\t\t<h3 class=\"elementor-heading-title elementor-size-default\">Termin vereinbaren<\/h3>\t\t\t\t<\/div>\n\t\t<div class=\"elementor-element elementor-element-6d6948b e-con-full animated-slow e-flex elementor-invisible e-con e-child\" data-id=\"6d6948b\" data-element_type=\"container\" data-e-type=\"container\" data-settings=\"{&quot;background_background&quot;:&quot;classic&quot;,&quot;animation&quot;:&quot;fadeIn&quot;}\">\n\t\t\t\t<div class=\"elementor-element elementor-element-9c75e57 elementor-widget elementor-widget-heading\" data-id=\"9c75e57\" data-element_type=\"widget\" data-e-type=\"widget\" data-widget_type=\"heading.default\">\n\t\t\t\t\t<h4 class=\"elementor-heading-title elementor-size-default\">Schnell und einfach<\/h4>\t\t\t\t<\/div>\n\t\t\t\t<div class=\"elementor-element elementor-element-df1abb1 elementor-align-left elementor-widget elementor-widget-button\" data-id=\"df1abb1\" data-element_type=\"widget\" data-e-type=\"widget\" data-widget_type=\"button.default\">\n\t\t\t\t\t\t\t\t\t\t<a class=\"elementor-button elementor-button-link elementor-size-sm\" href=\"https:\/\/jenatschgarage.sopl.ch\/de\/\" target=\"_blank\">\n\t\t\t\t\t\t<span class=\"elementor-button-content-wrapper\">\n\t\t\t\t\t\t<span class=\"elementor-button-icon\">\n\t\t\t\t<svg aria-hidden=\"true\" class=\"e-font-icon-svg e-fas-angle-right\" viewBox=\"0 0 256 512\" xmlns=\"http:\/\/www.w3.org\/2000\/svg\"><path d=\"M224.3 273l-136 136c-9.4 9.4-24.6 9.4-33.9 0l-22.6-22.6c-9.4-9.4-9.4-24.6 0-33.9l96.4-96.4-96.4-96.4c-9.4-9.4-9.4-24.6 0-33.9L54.3 103c9.4-9.4 24.6-9.4 33.9 0l136 136c9.5 9.4 9.5 24.6.1 34z\"><\/path><\/svg>\t\t\t<\/span>\n\t\t\t\t\t\t\t\t\t<span class=\"elementor-button-text\">Online Termin vereinbaren<\/span>\n\t\t\t\t\t<\/span>\n\t\t\t\t\t<\/a>\n\t\t\t\t\t\t\t\t<\/div>\n\t\t\t\t<\/div>\n\t\t\t\t<\/div>\n\t\t<div class=\"elementor-element elementor-element-3bb3000 e-con-full animated-fast e-flex elementor-invisible e-con e-child\" data-id=\"3bb3000\" data-element_type=\"container\" data-e-type=\"container\" data-settings=\"{&quot;animation&quot;:&quot;fadeInUp&quot;,&quot;animation_delay&quot;:200}\">\n\t\t\t\t<div class=\"elementor-element elementor-element-d0d1f32 elementor-widget elementor-widget-heading\" data-id=\"d0d1f32\" data-element_type=\"widget\" data-e-type=\"widget\" data-widget_type=\"heading.default\">\n\t\t\t\t\t<h3 class=\"elementor-heading-title elementor-size-default\">Im Herzen von Z\u00fcrich.<\/h3>\t\t\t\t<\/div>\n\t\t\t\t<div class=\"elementor-element elementor-element-c105fc6 elementor-widget elementor-widget-image\" data-id=\"c105fc6\" data-element_type=\"widget\" data-e-type=\"widget\" data-widget_type=\"image.default\">\n\t\t\t\t\t\t\t\t\t\t\t\t\t\t\t<img decoding=\"async\" width=\"640\" height=\"400\" src=\"https:\/\/jenatschgaragen.ch\/city\/wp-content\/uploads\/sites\/3\/2026\/03\/Jenatschgarage-Zuerich-City.jpg\" class=\"elementor-animation-float attachment-medium_large size-medium_large wp-image-1491\" alt=\"\" srcset=\"https:\/\/jenatschgaragen.ch\/city\/wp-content\/uploads\/sites\/3\/2026\/03\/Jenatschgarage-Zuerich-City.jpg 640w, https:\/\/jenatschgaragen.ch\/city\/wp-content\/uploads\/sites\/3\/2026\/03\/Jenatschgarage-Zuerich-City-300x188.jpg 300w\" sizes=\"(max-width: 640px) 100vw, 640px\" \/>\t\t\t\t\t\t\t\t\t\t\t\t\t\t\t<\/div>\n\t\t\t\t<div class=\"elementor-element elementor-element-741506f elementor-widget elementor-widget-text-editor\" data-id=\"741506f\" data-element_type=\"widget\" data-e-type=\"widget\" data-widget_type=\"text-editor.default\">\n\t\t\t\t\t\t\t\t\t<p class=\"p1\">Bei der <strong data-start=\"157\" data-end=\"187\">Jenatschgarage Z\u00fcrich-City<\/strong> stehen Verl\u00e4sslichkeit, pers\u00f6nliche N\u00e4he und hohe Fachkompetenz im Zentrum. Als zentral gelegener Garagenbetrieb begleiten wir unsere Kundinnen und Kunden in Z\u00fcrich seit vielen Jahren in allen Fragen rund um ihre Mobilit\u00e4t. Wir setzen auf pr\u00e4zise Arbeit, individuelle Beratung und eine offene, ehrliche Kommunikation. Unsere Begeisterung f\u00fcr die Marke Volkswagen pr\u00e4gt unser t\u00e4gliches Handeln \u2013 konsequent und mit Leidenschaft.<\/p>\t\t\t\t\t\t\t\t<\/div>\n\t\t\t\t<\/div>\n\t\t\t\t<\/div>\n\t\t\t\t<\/div>\n\t\t\t\t\t<\/div>\n\t\t\t\t<\/div>\n\t\t\t\t<\/div>\n\t\t","protected":false},"excerpt":{"rendered":"<p>Glasreparaturen F\u00fcr den perfekten Durchblick. Ein Steinschlag in der Frontscheibe? Kein Problem! Wir sind Ihre kompetenten Ansprechpartner f\u00fcr Sch\u00e4den an Windschutz-, Seiten- oder Heckscheiben. Vertrauen Sie auf unsere Expertise, um Glassch\u00e4den schnell und zuverl\u00e4ssig zu beheben und die Sicherheit Ihres Fahrzeugs wiederherzustellen. Professionelle Hilfe bei Steinschlag und Glassch\u00e4den Fast jede\/r Autofahrer\/in hat wohl schon einmal [&hellip;]<\/p>\n","protected":false},"author":1,"featured_media":0,"parent":0,"menu_order":0,"comment_status":"closed","ping_status":"closed","template":"","meta":{"footnotes":""},"class_list":["post-1044","page","type-page","status-publish","hentry"],"yoast_head":"<!-- This site is optimized with the Yoast SEO plugin v27.2 - https:\/\/yoast.com\/product\/yoast-seo-wordpress\/ -->\n<title>Glasschaden - Jenatschgarage Z\u00fcrich-City<\/title>\n<meta name=\"description\" content=\"Glasschaden am Auto? Jenatschgarage Z\u00fcrich-City repariert Windschutzscheiben schnell und professionell \u2013 jetzt Termin vereinbaren!\" \/>\n<meta name=\"robots\" content=\"index, follow, max-snippet:-1, max-image-preview:large, max-video-preview:-1\" \/>\n<link rel=\"canonical\" href=\"https:\/\/jenatschgaragen.ch\/city\/glasschaden\/\" \/>\n<meta property=\"og:locale\" content=\"de_DE\" \/>\n<meta property=\"og:type\" content=\"article\" \/>\n<meta property=\"og:title\" content=\"Glasschaden - Jenatschgarage Z\u00fcrich-City\" \/>\n<meta property=\"og:description\" content=\"Glasschaden am Auto? Jenatschgarage Z\u00fcrich-City repariert Windschutzscheiben schnell und professionell \u2013 jetzt Termin vereinbaren!\" \/>\n<meta property=\"og:url\" content=\"https:\/\/jenatschgaragen.ch\/city\/glasschaden\/\" \/>\n<meta property=\"og:site_name\" content=\"Jenatschgarage Z\u00fcrich-City\" \/>\n<meta property=\"article:modified_time\" content=\"2026-04-15T11:35:12+00:00\" \/>\n<meta property=\"og:image\" content=\"https:\/\/jenatschgaragen.ch\/city\/wp-content\/uploads\/sites\/3\/2026\/02\/dienstleistungen-aufdorf_maennedorf-glasschaden-1.jpg\" \/>\n<meta name=\"twitter:card\" content=\"summary_large_image\" \/>\n<meta name=\"twitter:label1\" content=\"Gesch\u00e4tzte Lesezeit\" \/>\n\t<meta name=\"twitter:data1\" content=\"2\u00a0Minuten\" \/>\n<script type=\"application\/ld+json\" class=\"yoast-schema-graph\">{\"@context\":\"https:\/\/schema.org\",\"@graph\":[{\"@type\":\"WebPage\",\"@id\":\"https:\/\/jenatschgaragen.ch\/city\/glasschaden\/\",\"url\":\"https:\/\/jenatschgaragen.ch\/city\/glasschaden\/\",\"name\":\"Glasschaden - Jenatschgarage Z\u00fcrich-City\",\"isPartOf\":{\"@id\":\"https:\/\/jenatschgaragen.ch\/city\/#website\"},\"primaryImageOfPage\":{\"@id\":\"https:\/\/jenatschgaragen.ch\/city\/glasschaden\/#primaryimage\"},\"image\":{\"@id\":\"https:\/\/jenatschgaragen.ch\/city\/glasschaden\/#primaryimage\"},\"thumbnailUrl\":\"https:\/\/jenatschgaragen.ch\/city\/wp-content\/uploads\/sites\/3\/2026\/02\/dienstleistungen-aufdorf_maennedorf-glasschaden-1.jpg\",\"datePublished\":\"2026-02-02T12:57:54+00:00\",\"dateModified\":\"2026-04-15T11:35:12+00:00\",\"description\":\"Glasschaden am Auto? Jenatschgarage Z\u00fcrich-City repariert Windschutzscheiben schnell und professionell \u2013 jetzt Termin vereinbaren!\",\"breadcrumb\":{\"@id\":\"https:\/\/jenatschgaragen.ch\/city\/glasschaden\/#breadcrumb\"},\"inLanguage\":\"de-CH\",\"potentialAction\":[{\"@type\":\"ReadAction\",\"target\":[\"https:\/\/jenatschgaragen.ch\/city\/glasschaden\/\"]}]},{\"@type\":\"ImageObject\",\"inLanguage\":\"de-CH\",\"@id\":\"https:\/\/jenatschgaragen.ch\/city\/glasschaden\/#primaryimage\",\"url\":\"https:\/\/jenatschgaragen.ch\/city\/wp-content\/uploads\/sites\/3\/2026\/02\/dienstleistungen-aufdorf_maennedorf-glasschaden-1.jpg\",\"contentUrl\":\"https:\/\/jenatschgaragen.ch\/city\/wp-content\/uploads\/sites\/3\/2026\/02\/dienstleistungen-aufdorf_maennedorf-glasschaden-1.jpg\",\"width\":580,\"height\":480},{\"@type\":\"BreadcrumbList\",\"@id\":\"https:\/\/jenatschgaragen.ch\/city\/glasschaden\/#breadcrumb\",\"itemListElement\":[{\"@type\":\"ListItem\",\"position\":1,\"name\":\"Home\",\"item\":\"https:\/\/jenatschgaragen.ch\/city\/\"},{\"@type\":\"ListItem\",\"position\":2,\"name\":\"Glasschaden\"}]},{\"@type\":\"WebSite\",\"@id\":\"https:\/\/jenatschgaragen.ch\/city\/#website\",\"url\":\"https:\/\/jenatschgaragen.ch\/city\/\",\"name\":\"Jenatschgarage Z\u00fcrich-City\",\"description\":\"Ihre Mobilit\u00e4ts-Experten im Herzen von Z\u00fcrich\",\"publisher\":{\"@id\":\"https:\/\/jenatschgaragen.ch\/city\/#organization\"},\"potentialAction\":[{\"@type\":\"SearchAction\",\"target\":{\"@type\":\"EntryPoint\",\"urlTemplate\":\"https:\/\/jenatschgaragen.ch\/city\/?s={search_term_string}\"},\"query-input\":{\"@type\":\"PropertyValueSpecification\",\"valueRequired\":true,\"valueName\":\"search_term_string\"}}],\"inLanguage\":\"de-CH\"},{\"@type\":\"Organization\",\"@id\":\"https:\/\/jenatschgaragen.ch\/city\/#organization\",\"name\":\"Jenatschgarage Z\u00fcrich-City\",\"url\":\"https:\/\/jenatschgaragen.ch\/city\/\",\"logo\":{\"@type\":\"ImageObject\",\"inLanguage\":\"de-CH\",\"@id\":\"https:\/\/jenatschgaragen.ch\/city\/#\/schema\/logo\/image\/\",\"url\":\"https:\/\/jenatschgaragen.ch\/city\/wp-content\/uploads\/sites\/3\/2026\/01\/logo-Jenatschgarage-Zuerich-City.png\",\"contentUrl\":\"https:\/\/jenatschgaragen.ch\/city\/wp-content\/uploads\/sites\/3\/2026\/01\/logo-Jenatschgarage-Zuerich-City.png\",\"width\":530,\"height\":110,\"caption\":\"Jenatschgarage Z\u00fcrich-City\"},\"image\":{\"@id\":\"https:\/\/jenatschgaragen.ch\/city\/#\/schema\/logo\/image\/\"}}]}<\/script>\n<!-- \/ Yoast SEO plugin. -->","yoast_head_json":{"title":"Glasschaden - Jenatschgarage Z\u00fcrich-City","description":"Glasschaden am Auto? Jenatschgarage Z\u00fcrich-City repariert Windschutzscheiben schnell und professionell \u2013 jetzt Termin vereinbaren!","robots":{"index":"index","follow":"follow","max-snippet":"max-snippet:-1","max-image-preview":"max-image-preview:large","max-video-preview":"max-video-preview:-1"},"canonical":"https:\/\/jenatschgaragen.ch\/city\/glasschaden\/","og_locale":"de_DE","og_type":"article","og_title":"Glasschaden - Jenatschgarage Z\u00fcrich-City","og_description":"Glasschaden am Auto? Jenatschgarage Z\u00fcrich-City repariert Windschutzscheiben schnell und professionell \u2013 jetzt Termin vereinbaren!","og_url":"https:\/\/jenatschgaragen.ch\/city\/glasschaden\/","og_site_name":"Jenatschgarage Z\u00fcrich-City","article_modified_time":"2026-04-15T11:35:12+00:00","og_image":[{"url":"https:\/\/jenatschgaragen.ch\/city\/wp-content\/uploads\/sites\/3\/2026\/02\/dienstleistungen-aufdorf_maennedorf-glasschaden-1.jpg","type":"","width":"","height":""}],"twitter_card":"summary_large_image","twitter_misc":{"Gesch\u00e4tzte Lesezeit":"2\u00a0Minuten"},"schema":{"@context":"https:\/\/schema.org","@graph":[{"@type":"WebPage","@id":"https:\/\/jenatschgaragen.ch\/city\/glasschaden\/","url":"https:\/\/jenatschgaragen.ch\/city\/glasschaden\/","name":"Glasschaden - Jenatschgarage Z\u00fcrich-City","isPartOf":{"@id":"https:\/\/jenatschgaragen.ch\/city\/#website"},"primaryImageOfPage":{"@id":"https:\/\/jenatschgaragen.ch\/city\/glasschaden\/#primaryimage"},"image":{"@id":"https:\/\/jenatschgaragen.ch\/city\/glasschaden\/#primaryimage"},"thumbnailUrl":"https:\/\/jenatschgaragen.ch\/city\/wp-content\/uploads\/sites\/3\/2026\/02\/dienstleistungen-aufdorf_maennedorf-glasschaden-1.jpg","datePublished":"2026-02-02T12:57:54+00:00","dateModified":"2026-04-15T11:35:12+00:00","description":"Glasschaden am Auto? Jenatschgarage Z\u00fcrich-City repariert Windschutzscheiben schnell und professionell \u2013 jetzt Termin vereinbaren!","breadcrumb":{"@id":"https:\/\/jenatschgaragen.ch\/city\/glasschaden\/#breadcrumb"},"inLanguage":"de-CH","potentialAction":[{"@type":"ReadAction","target":["https:\/\/jenatschgaragen.ch\/city\/glasschaden\/"]}]},{"@type":"ImageObject","inLanguage":"de-CH","@id":"https:\/\/jenatschgaragen.ch\/city\/glasschaden\/#primaryimage","url":"https:\/\/jenatschgaragen.ch\/city\/wp-content\/uploads\/sites\/3\/2026\/02\/dienstleistungen-aufdorf_maennedorf-glasschaden-1.jpg","contentUrl":"https:\/\/jenatschgaragen.ch\/city\/wp-content\/uploads\/sites\/3\/2026\/02\/dienstleistungen-aufdorf_maennedorf-glasschaden-1.jpg","width":580,"height":480},{"@type":"BreadcrumbList","@id":"https:\/\/jenatschgaragen.ch\/city\/glasschaden\/#breadcrumb","itemListElement":[{"@type":"ListItem","position":1,"name":"Home","item":"https:\/\/jenatschgaragen.ch\/city\/"},{"@type":"ListItem","position":2,"name":"Glasschaden"}]},{"@type":"WebSite","@id":"https:\/\/jenatschgaragen.ch\/city\/#website","url":"https:\/\/jenatschgaragen.ch\/city\/","name":"Jenatschgarage Z\u00fcrich-City","description":"Ihre Mobilit\u00e4ts-Experten im Herzen von Z\u00fcrich","publisher":{"@id":"https:\/\/jenatschgaragen.ch\/city\/#organization"},"potentialAction":[{"@type":"SearchAction","target":{"@type":"EntryPoint","urlTemplate":"https:\/\/jenatschgaragen.ch\/city\/?s={search_term_string}"},"query-input":{"@type":"PropertyValueSpecification","valueRequired":true,"valueName":"search_term_string"}}],"inLanguage":"de-CH"},{"@type":"Organization","@id":"https:\/\/jenatschgaragen.ch\/city\/#organization","name":"Jenatschgarage Z\u00fcrich-City","url":"https:\/\/jenatschgaragen.ch\/city\/","logo":{"@type":"ImageObject","inLanguage":"de-CH","@id":"https:\/\/jenatschgaragen.ch\/city\/#\/schema\/logo\/image\/","url":"https:\/\/jenatschgaragen.ch\/city\/wp-content\/uploads\/sites\/3\/2026\/01\/logo-Jenatschgarage-Zuerich-City.png","contentUrl":"https:\/\/jenatschgaragen.ch\/city\/wp-content\/uploads\/sites\/3\/2026\/01\/logo-Jenatschgarage-Zuerich-City.png","width":530,"height":110,"caption":"Jenatschgarage Z\u00fcrich-City"},"image":{"@id":"https:\/\/jenatschgaragen.ch\/city\/#\/schema\/logo\/image\/"}}]}},"_links":{"self":[{"href":"https:\/\/jenatschgaragen.ch\/city\/wp-json\/wp\/v2\/pages\/1044","targetHints":{"allow":["GET"]}}],"collection":[{"href":"https:\/\/jenatschgaragen.ch\/city\/wp-json\/wp\/v2\/pages"}],"about":[{"href":"https:\/\/jenatschgaragen.ch\/city\/wp-json\/wp\/v2\/types\/page"}],"author":[{"embeddable":true,"href":"https:\/\/jenatschgaragen.ch\/city\/wp-json\/wp\/v2\/users\/1"}],"replies":[{"embeddable":true,"href":"https:\/\/jenatschgaragen.ch\/city\/wp-json\/wp\/v2\/comments?post=1044"}],"version-history":[{"count":31,"href":"https:\/\/jenatschgaragen.ch\/city\/wp-json\/wp\/v2\/pages\/1044\/revisions"}],"predecessor-version":[{"id":1505,"href":"https:\/\/jenatschgaragen.ch\/city\/wp-json\/wp\/v2\/pages\/1044\/revisions\/1505"}],"wp:attachment":[{"href":"https:\/\/jenatschgaragen.ch\/city\/wp-json\/wp\/v2\/media?parent=1044"}],"curies":[{"name":"wp","href":"https:\/\/api.w.org\/{rel}","templated":true}]}}