{"id":1032,"date":"2026-02-02T13:56:08","date_gmt":"2026-02-02T12:56:08","guid":{"rendered":"https:\/\/effecto-marketing.ch\/jenatsch\/garage-zuerich-city\/?page_id=1032"},"modified":"2026-04-15T13:42:18","modified_gmt":"2026-04-15T11:42:18","slug":"karosserie-und-lack","status":"publish","type":"page","link":"https:\/\/jenatschgaragen.ch\/city\/karosserie-und-lack\/","title":{"rendered":"Karosserie und Lack"},"content":{"rendered":"\t\t<div data-elementor-type=\"wp-page\" data-elementor-id=\"1032\" class=\"elementor elementor-1032\" data-elementor-post-type=\"page\">\n\t\t\t\t<div class=\"elementor-element elementor-element-7207ad9 e-flex e-con-boxed e-con e-parent\" data-id=\"7207ad9\" data-element_type=\"container\" data-e-type=\"container\" data-settings=\"{&quot;background_background&quot;:&quot;classic&quot;}\">\n\t\t\t\t\t<div class=\"e-con-inner\">\n\t\t\t\t\t<\/div>\n\t\t\t\t<\/div>\n\t\t<div class=\"elementor-element elementor-element-872b039 e-flex e-con-boxed e-con e-parent\" data-id=\"872b039\" data-element_type=\"container\" data-e-type=\"container\">\n\t\t\t\t\t<div class=\"e-con-inner\">\n\t\t<div class=\"elementor-element elementor-element-3de1300 e-con-full e-flex e-con e-child\" data-id=\"3de1300\" data-element_type=\"container\" data-e-type=\"container\">\n\t\t<div class=\"elementor-element elementor-element-7a1cf54 e-con-full animated-fast e-flex elementor-invisible e-con e-child\" data-id=\"7a1cf54\" data-element_type=\"container\" data-e-type=\"container\" data-settings=\"{&quot;animation&quot;:&quot;fadeInLeft&quot;}\">\n\t\t\t\t<div class=\"elementor-element elementor-element-ce025ee elementor-widget elementor-widget-heading\" data-id=\"ce025ee\" data-element_type=\"widget\" data-e-type=\"widget\" data-widget_type=\"heading.default\">\n\t\t\t\t\t<h2 class=\"elementor-heading-title elementor-size-default\">Karosserie und Lack<\/h2>\t\t\t\t<\/div>\n\t\t\t\t<\/div>\n\t\t<div class=\"elementor-element elementor-element-0131d17 e-con-full animated-slow e-flex elementor-invisible e-con e-child\" data-id=\"0131d17\" data-element_type=\"container\" data-e-type=\"container\" data-settings=\"{&quot;animation&quot;:&quot;fadeIn&quot;}\">\n\t\t\t\t<div class=\"elementor-element elementor-element-9f35972 elementor-widget elementor-widget-heading\" data-id=\"9f35972\" data-element_type=\"widget\" data-e-type=\"widget\" data-widget_type=\"heading.default\">\n\t\t\t\t\t<h4 class=\"elementor-heading-title elementor-size-default\">Perfekte Arbeit f\u00fcr Ihren Volkswagen.<\/h4>\t\t\t\t<\/div>\n\t\t\t\t<div class=\"elementor-element elementor-element-35c94f4 elementor-widget elementor-widget-text-editor\" data-id=\"35c94f4\" data-element_type=\"widget\" data-e-type=\"widget\" data-widget_type=\"text-editor.default\">\n\t\t\t\t\t\t\t\t\t<p class=\"p1\">Bei der <strong data-start=\"86\" data-end=\"116\">Jenatschgarage Z\u00fcrich-City<\/strong> sorgen wir daf\u00fcr, dass Ihr Fahrzeug optisch und technisch wieder in einwandfreiem Zustand ist \u2013 von kleinen Kratzern bis hin zu gr\u00f6sseren Unfallsch\u00e4den. Mit professionellen Reparaturmethoden, hochwertigen Materialien und h\u00f6chsten Qualit\u00e4tsstandards stellen wir sicher, dass Ihr Fahrzeug wieder wie neu aussieht und optimal gesch\u00fctzt bleibt. Die komplette Koordination \u00fcbernehmen wir f\u00fcr Sie \u2013 unkompliziert und zuverl\u00e4ssig.<\/p>\t\t\t\t\t\t\t\t<\/div>\n\t\t\t\t<\/div>\n\t\t\t\t<\/div>\n\t\t\t\t\t<\/div>\n\t\t\t\t<\/div>\n\t\t<div class=\"elementor-element elementor-element-6fedf79 e-flex e-con-boxed e-con e-parent\" data-id=\"6fedf79\" data-element_type=\"container\" data-e-type=\"container\">\n\t\t\t\t\t<div class=\"e-con-inner\">\n\t\t<div class=\"elementor-element elementor-element-47dfbc1 e-con-full e-flex e-con e-child\" data-id=\"47dfbc1\" data-element_type=\"container\" data-e-type=\"container\">\n\t\t<div class=\"elementor-element elementor-element-84cda1a e-con-full e-flex e-con e-child\" data-id=\"84cda1a\" data-element_type=\"container\" data-e-type=\"container\">\n\t\t<div class=\"elementor-element elementor-element-2f9c042 e-con-full animated-fast e-flex elementor-invisible e-con e-child\" data-id=\"2f9c042\" data-element_type=\"container\" data-e-type=\"container\" data-settings=\"{&quot;animation&quot;:&quot;fadeInLeft&quot;}\">\n\t\t\t\t<div class=\"elementor-element elementor-element-3e31691 elementor-widget elementor-widget-heading\" data-id=\"3e31691\" data-element_type=\"widget\" data-e-type=\"widget\" data-widget_type=\"heading.default\">\n\t\t\t\t\t<h3 class=\"elementor-heading-title elementor-size-default\">Perfekt repariert<\/h3>\t\t\t\t<\/div>\n\t\t\t\t<\/div>\n\t\t<div class=\"elementor-element elementor-element-2fc8b2c e-con-full animated-slow e-flex elementor-invisible e-con e-child\" data-id=\"2fc8b2c\" data-element_type=\"container\" data-e-type=\"container\" data-settings=\"{&quot;animation&quot;:&quot;fadeIn&quot;}\">\n\t\t\t\t<div class=\"elementor-element elementor-element-0ae224c elementor-widget elementor-widget-text-editor\" data-id=\"0ae224c\" data-element_type=\"widget\" data-e-type=\"widget\" data-widget_type=\"text-editor.default\">\n\t\t\t\t\t\t\t\t\t<p class=\"p1\">Verlassen Sie sich auf unsere Erfahrung und unser Qualit\u00e4tsverst\u00e4ndnis. Bei der <strong data-start=\"158\" data-end=\"188\">Jenatschgarage Z\u00fcrich-City<\/strong> k\u00fcmmern wir uns um die fachgerechte Behebung von Lacksch\u00e4den \u2013 von kleinen Kratzern bis hin zu umfangreicheren Reparaturen. Alle Arbeiten erfolgen konsequent nach den Herstellervorgaben und mit Originalteilen sowie Original\u00adlacken, sodass die Garantie Ihres Fahrzeugs vollst\u00e4ndig erhalten bleibt.<\/p>\t\t\t\t\t\t\t\t<\/div>\n\t\t\t\t<\/div>\n\t\t\t\t<\/div>\n\t\t<div class=\"elementor-element elementor-element-1f31ee8 e-con-full e-flex e-con e-child\" data-id=\"1f31ee8\" data-element_type=\"container\" data-e-type=\"container\">\n\t\t<div class=\"elementor-element elementor-element-76522ab e-con-full e-flex elementor-invisible e-con e-child\" data-id=\"76522ab\" data-element_type=\"container\" data-e-type=\"container\" data-settings=\"{&quot;animation&quot;:&quot;fadeInUp&quot;}\">\n\t\t\t\t<div class=\"elementor-element elementor-element-15be068 elementor-widget elementor-widget-image\" data-id=\"15be068\" data-element_type=\"widget\" data-e-type=\"widget\" data-widget_type=\"image.default\">\n\t\t\t\t\t\t\t\t\t\t\t\t\t\t\t<img fetchpriority=\"high\" decoding=\"async\" width=\"800\" height=\"491\" src=\"https:\/\/jenatschgaragen.ch\/city\/wp-content\/uploads\/sites\/3\/2026\/02\/dienstleistungen-karosserie_und_lack-01-1024x628.jpg\" class=\"elementor-animation-float attachment-large size-large wp-image-1035\" alt=\"\" srcset=\"https:\/\/jenatschgaragen.ch\/city\/wp-content\/uploads\/sites\/3\/2026\/02\/dienstleistungen-karosserie_und_lack-01-1024x628.jpg 1024w, https:\/\/jenatschgaragen.ch\/city\/wp-content\/uploads\/sites\/3\/2026\/02\/dienstleistungen-karosserie_und_lack-01-300x184.jpg 300w, https:\/\/jenatschgaragen.ch\/city\/wp-content\/uploads\/sites\/3\/2026\/02\/dienstleistungen-karosserie_und_lack-01-768x471.jpg 768w, https:\/\/jenatschgaragen.ch\/city\/wp-content\/uploads\/sites\/3\/2026\/02\/dienstleistungen-karosserie_und_lack-01.jpg 1047w\" sizes=\"(max-width: 800px) 100vw, 800px\" \/>\t\t\t\t\t\t\t\t\t\t\t\t\t\t\t<\/div>\n\t\t<div class=\"elementor-element elementor-element-0a059f5 e-con-full e-flex e-con e-child\" data-id=\"0a059f5\" data-element_type=\"container\" data-e-type=\"container\">\n\t\t\t\t<div class=\"elementor-element elementor-element-78c9711 elementor-widget elementor-widget-heading\" data-id=\"78c9711\" data-element_type=\"widget\" data-e-type=\"widget\" data-widget_type=\"heading.default\">\n\t\t\t\t\t<h6 class=\"elementor-heading-title elementor-size-default\">H\u00f6chste Qualit\u00e4t<\/h6>\t\t\t\t<\/div>\n\t\t\t\t<div class=\"elementor-element elementor-element-66fbce7 elementor-widget elementor-widget-text-editor\" data-id=\"66fbce7\" data-element_type=\"widget\" data-e-type=\"widget\" data-widget_type=\"text-editor.default\">\n\t\t\t\t\t\t\t\t\t<p class=\"p1\">Unser Service rund um Karosserie- und Instandsetzungsarbeiten steht f\u00fcr hohe Qualit\u00e4t, faire Konditionen und nachhaltigen Werterhalt Ihres Volkswagens. S\u00e4mtliche Reparaturen erfolgen konsequent nach den Herstellervorgaben und ausschliesslich mit Originalteilen, sodass alle Garantien vollumf\u00e4nglich erhalten bleiben. Wir \u00fcbernehmen f\u00fcr Sie die gesamte Abwicklung \u2013 professionell, transparent und zuverl\u00e4ssig.<\/p>\t\t\t\t\t\t\t\t<\/div>\n\t\t\t\t<\/div>\n\t\t\t\t<\/div>\n\t\t<div class=\"elementor-element elementor-element-4b9616e e-con-full e-flex elementor-invisible e-con e-child\" data-id=\"4b9616e\" data-element_type=\"container\" data-e-type=\"container\" data-settings=\"{&quot;animation&quot;:&quot;fadeInUp&quot;,&quot;animation_delay&quot;:&quot;100&quot;}\">\n\t\t\t\t<div class=\"elementor-element elementor-element-b27b735 elementor-widget elementor-widget-image\" data-id=\"b27b735\" data-element_type=\"widget\" data-e-type=\"widget\" data-widget_type=\"image.default\">\n\t\t\t\t\t\t\t\t\t\t\t\t\t\t\t<img decoding=\"async\" width=\"800\" height=\"491\" src=\"https:\/\/jenatschgaragen.ch\/city\/wp-content\/uploads\/sites\/3\/2026\/02\/dienstleistungen-aufdorf_maennedorf-karosserie_und_lack-02-1024x628.jpg\" class=\"elementor-animation-float attachment-large size-large wp-image-1036\" alt=\"\" srcset=\"https:\/\/jenatschgaragen.ch\/city\/wp-content\/uploads\/sites\/3\/2026\/02\/dienstleistungen-aufdorf_maennedorf-karosserie_und_lack-02-1024x628.jpg 1024w, https:\/\/jenatschgaragen.ch\/city\/wp-content\/uploads\/sites\/3\/2026\/02\/dienstleistungen-aufdorf_maennedorf-karosserie_und_lack-02-300x184.jpg 300w, https:\/\/jenatschgaragen.ch\/city\/wp-content\/uploads\/sites\/3\/2026\/02\/dienstleistungen-aufdorf_maennedorf-karosserie_und_lack-02-768x471.jpg 768w, https:\/\/jenatschgaragen.ch\/city\/wp-content\/uploads\/sites\/3\/2026\/02\/dienstleistungen-aufdorf_maennedorf-karosserie_und_lack-02.jpg 1047w\" sizes=\"(max-width: 800px) 100vw, 800px\" \/>\t\t\t\t\t\t\t\t\t\t\t\t\t\t\t<\/div>\n\t\t<div class=\"elementor-element elementor-element-9682edd e-con-full e-flex e-con e-child\" data-id=\"9682edd\" data-element_type=\"container\" data-e-type=\"container\">\n\t\t\t\t<div class=\"elementor-element elementor-element-81068c7 elementor-widget elementor-widget-heading\" data-id=\"81068c7\" data-element_type=\"widget\" data-e-type=\"widget\" data-widget_type=\"heading.default\">\n\t\t\t\t\t<h6 class=\"elementor-heading-title elementor-size-default\">Werterhaltung <\/h6>\t\t\t\t<\/div>\n\t\t\t\t<div class=\"elementor-element elementor-element-3fbc435 elementor-widget elementor-widget-text-editor\" data-id=\"3fbc435\" data-element_type=\"widget\" data-e-type=\"widget\" data-widget_type=\"text-editor.default\">\n\t\t\t\t\t\t\t\t\t<p class=\"p1\">Ein Volkswagen, der durch eine professionelle Karosseriebehandlung aufbereitet wurde, gewinnt nicht nur optisch, sondern auch in seinem Wert. Fachgerechte Karosseriearbeiten sorgen daf\u00fcr, dass kleinere Sch\u00e4den wie Kratzer, Dellen oder Lacksch\u00e4den beseitigt werden und das Fahrzeug wieder in seinem besten Zustand erstrahlt.<\/p>\t\t\t\t\t\t\t\t<\/div>\n\t\t\t\t<\/div>\n\t\t\t\t<\/div>\n\t\t<div class=\"elementor-element elementor-element-6e29c69 e-con-full e-flex elementor-invisible e-con e-child\" data-id=\"6e29c69\" data-element_type=\"container\" data-e-type=\"container\" data-settings=\"{&quot;animation&quot;:&quot;fadeInUp&quot;,&quot;animation_delay&quot;:&quot;200&quot;}\">\n\t\t\t\t<div class=\"elementor-element elementor-element-612b1e5 elementor-widget elementor-widget-image\" data-id=\"612b1e5\" data-element_type=\"widget\" data-e-type=\"widget\" data-widget_type=\"image.default\">\n\t\t\t\t\t\t\t\t\t\t\t\t\t\t\t<img decoding=\"async\" width=\"800\" height=\"491\" src=\"https:\/\/jenatschgaragen.ch\/city\/wp-content\/uploads\/sites\/3\/2026\/02\/dienstleistungen-aufdorf_maennedorf-karosserie_und_lack-03-1024x628.jpg\" class=\"elementor-animation-float attachment-large size-large wp-image-1037\" alt=\"\" srcset=\"https:\/\/jenatschgaragen.ch\/city\/wp-content\/uploads\/sites\/3\/2026\/02\/dienstleistungen-aufdorf_maennedorf-karosserie_und_lack-03-1024x628.jpg 1024w, https:\/\/jenatschgaragen.ch\/city\/wp-content\/uploads\/sites\/3\/2026\/02\/dienstleistungen-aufdorf_maennedorf-karosserie_und_lack-03-300x184.jpg 300w, https:\/\/jenatschgaragen.ch\/city\/wp-content\/uploads\/sites\/3\/2026\/02\/dienstleistungen-aufdorf_maennedorf-karosserie_und_lack-03-768x471.jpg 768w, https:\/\/jenatschgaragen.ch\/city\/wp-content\/uploads\/sites\/3\/2026\/02\/dienstleistungen-aufdorf_maennedorf-karosserie_und_lack-03.jpg 1047w\" sizes=\"(max-width: 800px) 100vw, 800px\" \/>\t\t\t\t\t\t\t\t\t\t\t\t\t\t\t<\/div>\n\t\t<div class=\"elementor-element elementor-element-1437264 e-con-full e-flex e-con e-child\" data-id=\"1437264\" data-element_type=\"container\" data-e-type=\"container\">\n\t\t\t\t<div class=\"elementor-element elementor-element-4cc2e31 elementor-widget elementor-widget-heading\" data-id=\"4cc2e31\" data-element_type=\"widget\" data-e-type=\"widget\" data-widget_type=\"heading.default\">\n\t\t\t\t\t<h6 class=\"elementor-heading-title elementor-size-default\">Wir erledigen das f\u00fcr Sie<\/h6>\t\t\t\t<\/div>\n\t\t\t\t<div class=\"elementor-element elementor-element-1f7aa40 elementor-widget elementor-widget-text-editor\" data-id=\"1f7aa40\" data-element_type=\"widget\" data-e-type=\"widget\" data-widget_type=\"text-editor.default\">\n\t\t\t\t\t\t\t\t\t<p class=\"p1\">Unsere Fachspezialisten pr\u00fcfen sorgf\u00e4ltig, ob sicherheitsrelevante Systeme von einem Schaden betroffen sind, um eine fachgerechte und sichere Instandsetzung zu gew\u00e4hrleisten. Kleinere Lack- und oberfl\u00e4chliche Sch\u00e4den beheben wir \u2013 sofern technisch sinnvoll \u2013 effizient und kostenschonend mit modernen Reparaturmethoden wie Clever Repair.<\/p>\t\t\t\t\t\t\t\t<\/div>\n\t\t\t\t<\/div>\n\t\t\t\t<\/div>\n\t\t\t\t<\/div>\n\t\t\t\t<\/div>\n\t\t\t\t\t<\/div>\n\t\t\t\t<\/div>\n\t\t<div class=\"elementor-element elementor-element-0e5b039 e-flex e-con-boxed e-con e-parent\" data-id=\"0e5b039\" data-element_type=\"container\" data-e-type=\"container\" data-settings=\"{&quot;background_background&quot;:&quot;classic&quot;}\">\n\t\t\t\t\t<div class=\"e-con-inner\">\n\t\t<div class=\"elementor-element elementor-element-d3d478e e-con-full e-flex e-con e-child\" data-id=\"d3d478e\" data-element_type=\"container\" data-e-type=\"container\">\n\t\t<div class=\"elementor-element elementor-element-7f7b9d7 e-con-full e-flex e-con e-child\" data-id=\"7f7b9d7\" data-element_type=\"container\" data-e-type=\"container\">\n\t\t<div class=\"elementor-element elementor-element-f68ac76 e-con-full e-flex e-con e-child\" data-id=\"f68ac76\" data-element_type=\"container\" data-e-type=\"container\">\n\t\t\t\t<div class=\"elementor-element elementor-element-ad0dd9a elementor-widget elementor-widget-heading\" data-id=\"ad0dd9a\" data-element_type=\"widget\" data-e-type=\"widget\" data-widget_type=\"heading.default\">\n\t\t\t\t\t<h3 class=\"elementor-heading-title elementor-size-default\">Termin vereinbaren<\/h3>\t\t\t\t<\/div>\n\t\t<div class=\"elementor-element elementor-element-fb2ed47 e-con-full animated-slow e-flex elementor-invisible e-con e-child\" data-id=\"fb2ed47\" data-element_type=\"container\" data-e-type=\"container\" data-settings=\"{&quot;background_background&quot;:&quot;classic&quot;,&quot;animation&quot;:&quot;fadeIn&quot;}\">\n\t\t\t\t<div class=\"elementor-element elementor-element-7f48af6 elementor-widget elementor-widget-heading\" data-id=\"7f48af6\" data-element_type=\"widget\" data-e-type=\"widget\" data-widget_type=\"heading.default\">\n\t\t\t\t\t<h4 class=\"elementor-heading-title elementor-size-default\">Schnell und einfach<\/h4>\t\t\t\t<\/div>\n\t\t\t\t<div class=\"elementor-element elementor-element-b21911a elementor-align-left elementor-widget elementor-widget-button\" data-id=\"b21911a\" data-element_type=\"widget\" data-e-type=\"widget\" data-widget_type=\"button.default\">\n\t\t\t\t\t\t\t\t\t\t<a class=\"elementor-button elementor-button-link elementor-size-sm\" href=\"https:\/\/jenatschgarage.sopl.ch\/de\/\" target=\"_blank\">\n\t\t\t\t\t\t<span class=\"elementor-button-content-wrapper\">\n\t\t\t\t\t\t<span class=\"elementor-button-icon\">\n\t\t\t\t<svg aria-hidden=\"true\" class=\"e-font-icon-svg e-fas-angle-right\" viewBox=\"0 0 256 512\" xmlns=\"http:\/\/www.w3.org\/2000\/svg\"><path d=\"M224.3 273l-136 136c-9.4 9.4-24.6 9.4-33.9 0l-22.6-22.6c-9.4-9.4-9.4-24.6 0-33.9l96.4-96.4-96.4-96.4c-9.4-9.4-9.4-24.6 0-33.9L54.3 103c9.4-9.4 24.6-9.4 33.9 0l136 136c9.5 9.4 9.5 24.6.1 34z\"><\/path><\/svg>\t\t\t<\/span>\n\t\t\t\t\t\t\t\t\t<span class=\"elementor-button-text\">Online Termin vereinbaren<\/span>\n\t\t\t\t\t<\/span>\n\t\t\t\t\t<\/a>\n\t\t\t\t\t\t\t\t<\/div>\n\t\t\t\t<\/div>\n\t\t\t\t<\/div>\n\t\t<div class=\"elementor-element elementor-element-c0fe4b1 e-con-full animated-fast e-flex elementor-invisible e-con e-child\" data-id=\"c0fe4b1\" data-element_type=\"container\" data-e-type=\"container\" data-settings=\"{&quot;animation&quot;:&quot;fadeInUp&quot;,&quot;animation_delay&quot;:&quot;200&quot;}\">\n\t\t\t\t<div class=\"elementor-element elementor-element-acf77fc elementor-widget elementor-widget-heading\" data-id=\"acf77fc\" data-element_type=\"widget\" data-e-type=\"widget\" data-widget_type=\"heading.default\">\n\t\t\t\t\t<h3 class=\"elementor-heading-title elementor-size-default\">Im Herzen von Z\u00fcrich.<\/h3>\t\t\t\t<\/div>\n\t\t\t\t<div class=\"elementor-element elementor-element-ede4364 elementor-widget elementor-widget-image\" data-id=\"ede4364\" data-element_type=\"widget\" data-e-type=\"widget\" data-widget_type=\"image.default\">\n\t\t\t\t\t\t\t\t\t\t\t\t\t\t\t<img loading=\"lazy\" decoding=\"async\" width=\"640\" height=\"400\" src=\"https:\/\/jenatschgaragen.ch\/city\/wp-content\/uploads\/sites\/3\/2026\/03\/Jenatschgarage-Zuerich-City.jpg\" class=\"elementor-animation-float attachment-medium_large size-medium_large wp-image-1491\" alt=\"\" srcset=\"https:\/\/jenatschgaragen.ch\/city\/wp-content\/uploads\/sites\/3\/2026\/03\/Jenatschgarage-Zuerich-City.jpg 640w, https:\/\/jenatschgaragen.ch\/city\/wp-content\/uploads\/sites\/3\/2026\/03\/Jenatschgarage-Zuerich-City-300x188.jpg 300w\" sizes=\"(max-width: 640px) 100vw, 640px\" \/>\t\t\t\t\t\t\t\t\t\t\t\t\t\t\t<\/div>\n\t\t\t\t<div class=\"elementor-element elementor-element-7e108fc elementor-widget elementor-widget-text-editor\" data-id=\"7e108fc\" data-element_type=\"widget\" data-e-type=\"widget\" data-widget_type=\"text-editor.default\">\n\t\t\t\t\t\t\t\t\t<p class=\"p1\">Bei der <strong data-start=\"86\" data-end=\"116\">Jenatschgarage Z\u00fcrich-City<\/strong> stehen Verl\u00e4sslichkeit, pers\u00f6nliche N\u00e4he und hohe Fachkompetenz im Mittelpunkt. Als zentral gelegener Garagenbetrieb begleiten wir unsere Kundinnen und Kunden in Z\u00fcrich seit vielen Jahren rund um ihre Mobilit\u00e4t. Wir setzen auf sorgf\u00e4ltige Arbeit, individuelle Beratung und eine offene, ehrliche Kommunikation. Unsere Leidenschaft f\u00fcr die Marke Volkswagen pr\u00e4gt dabei alles, was wir tun \u2013 jeden Tag aufs Neue.<\/p>\t\t\t\t\t\t\t\t<\/div>\n\t\t\t\t<\/div>\n\t\t\t\t<\/div>\n\t\t\t\t<\/div>\n\t\t\t\t\t<\/div>\n\t\t\t\t<\/div>\n\t\t\t\t<\/div>\n\t\t","protected":false},"excerpt":{"rendered":"<p>Karosserie und Lack Perfekte Arbeit f\u00fcr Ihren Volkswagen. Bei der Jenatschgarage Z\u00fcrich-City sorgen wir daf\u00fcr, dass Ihr Fahrzeug optisch und technisch wieder in einwandfreiem Zustand ist \u2013 von kleinen Kratzern bis hin zu gr\u00f6sseren Unfallsch\u00e4den. Mit professionellen Reparaturmethoden, hochwertigen Materialien und h\u00f6chsten Qualit\u00e4tsstandards stellen wir sicher, dass Ihr Fahrzeug wieder wie neu aussieht und optimal [&hellip;]<\/p>\n","protected":false},"author":1,"featured_media":0,"parent":0,"menu_order":0,"comment_status":"closed","ping_status":"closed","template":"","meta":{"footnotes":""},"class_list":["post-1032","page","type-page","status-publish","hentry"],"yoast_head":"<!-- This site is optimized with the Yoast SEO plugin v27.2 - https:\/\/yoast.com\/product\/yoast-seo-wordpress\/ -->\n<title>Karosserie und Lack - Jenatschgarage Z\u00fcrich-City<\/title>\n<meta name=\"description\" content=\"Karosserie- und Lackarbeiten in Z\u00fcrich! Jenatschgarage Z\u00fcrich-City repariert Unfallsch\u00e4den, Dellen und Kratzer professionell und schnell.\" \/>\n<meta name=\"robots\" content=\"index, follow, max-snippet:-1, max-image-preview:large, max-video-preview:-1\" \/>\n<link rel=\"canonical\" href=\"https:\/\/jenatschgaragen.ch\/city\/karosserie-und-lack\/\" \/>\n<meta property=\"og:locale\" content=\"de_DE\" \/>\n<meta property=\"og:type\" content=\"article\" \/>\n<meta property=\"og:title\" content=\"Karosserie und Lack - Jenatschgarage Z\u00fcrich-City\" \/>\n<meta property=\"og:description\" content=\"Karosserie- und Lackarbeiten in Z\u00fcrich! Jenatschgarage Z\u00fcrich-City repariert Unfallsch\u00e4den, Dellen und Kratzer professionell und schnell.\" \/>\n<meta property=\"og:url\" content=\"https:\/\/jenatschgaragen.ch\/city\/karosserie-und-lack\/\" \/>\n<meta property=\"og:site_name\" content=\"Jenatschgarage Z\u00fcrich-City\" \/>\n<meta property=\"article:modified_time\" content=\"2026-04-15T11:42:18+00:00\" \/>\n<meta property=\"og:image\" content=\"https:\/\/jenatschgaragen.ch\/city\/wp-content\/uploads\/sites\/3\/2026\/02\/dienstleistungen-karosserie_und_lack-01-1024x628.jpg\" \/>\n<meta name=\"twitter:card\" content=\"summary_large_image\" \/>\n<meta name=\"twitter:label1\" content=\"Gesch\u00e4tzte Lesezeit\" \/>\n\t<meta name=\"twitter:data1\" content=\"3\u00a0Minuten\" \/>\n<script type=\"application\/ld+json\" class=\"yoast-schema-graph\">{\"@context\":\"https:\/\/schema.org\",\"@graph\":[{\"@type\":\"WebPage\",\"@id\":\"https:\/\/jenatschgaragen.ch\/city\/karosserie-und-lack\/\",\"url\":\"https:\/\/jenatschgaragen.ch\/city\/karosserie-und-lack\/\",\"name\":\"Karosserie und Lack - Jenatschgarage Z\u00fcrich-City\",\"isPartOf\":{\"@id\":\"https:\/\/jenatschgaragen.ch\/city\/#website\"},\"primaryImageOfPage\":{\"@id\":\"https:\/\/jenatschgaragen.ch\/city\/karosserie-und-lack\/#primaryimage\"},\"image\":{\"@id\":\"https:\/\/jenatschgaragen.ch\/city\/karosserie-und-lack\/#primaryimage\"},\"thumbnailUrl\":\"https:\/\/jenatschgaragen.ch\/city\/wp-content\/uploads\/sites\/3\/2026\/02\/dienstleistungen-karosserie_und_lack-01-1024x628.jpg\",\"datePublished\":\"2026-02-02T12:56:08+00:00\",\"dateModified\":\"2026-04-15T11:42:18+00:00\",\"description\":\"Karosserie- und Lackarbeiten in Z\u00fcrich! Jenatschgarage Z\u00fcrich-City repariert Unfallsch\u00e4den, Dellen und Kratzer professionell und schnell.\",\"breadcrumb\":{\"@id\":\"https:\/\/jenatschgaragen.ch\/city\/karosserie-und-lack\/#breadcrumb\"},\"inLanguage\":\"de-CH\",\"potentialAction\":[{\"@type\":\"ReadAction\",\"target\":[\"https:\/\/jenatschgaragen.ch\/city\/karosserie-und-lack\/\"]}]},{\"@type\":\"ImageObject\",\"inLanguage\":\"de-CH\",\"@id\":\"https:\/\/jenatschgaragen.ch\/city\/karosserie-und-lack\/#primaryimage\",\"url\":\"https:\/\/jenatschgaragen.ch\/city\/wp-content\/uploads\/sites\/3\/2026\/02\/dienstleistungen-karosserie_und_lack-01.jpg\",\"contentUrl\":\"https:\/\/jenatschgaragen.ch\/city\/wp-content\/uploads\/sites\/3\/2026\/02\/dienstleistungen-karosserie_und_lack-01.jpg\",\"width\":1047,\"height\":642},{\"@type\":\"BreadcrumbList\",\"@id\":\"https:\/\/jenatschgaragen.ch\/city\/karosserie-und-lack\/#breadcrumb\",\"itemListElement\":[{\"@type\":\"ListItem\",\"position\":1,\"name\":\"Home\",\"item\":\"https:\/\/jenatschgaragen.ch\/city\/\"},{\"@type\":\"ListItem\",\"position\":2,\"name\":\"Karosserie und Lack\"}]},{\"@type\":\"WebSite\",\"@id\":\"https:\/\/jenatschgaragen.ch\/city\/#website\",\"url\":\"https:\/\/jenatschgaragen.ch\/city\/\",\"name\":\"Jenatschgarage Z\u00fcrich-City\",\"description\":\"Ihre Mobilit\u00e4ts-Experten im Herzen von Z\u00fcrich\",\"publisher\":{\"@id\":\"https:\/\/jenatschgaragen.ch\/city\/#organization\"},\"potentialAction\":[{\"@type\":\"SearchAction\",\"target\":{\"@type\":\"EntryPoint\",\"urlTemplate\":\"https:\/\/jenatschgaragen.ch\/city\/?s={search_term_string}\"},\"query-input\":{\"@type\":\"PropertyValueSpecification\",\"valueRequired\":true,\"valueName\":\"search_term_string\"}}],\"inLanguage\":\"de-CH\"},{\"@type\":\"Organization\",\"@id\":\"https:\/\/jenatschgaragen.ch\/city\/#organization\",\"name\":\"Jenatschgarage Z\u00fcrich-City\",\"url\":\"https:\/\/jenatschgaragen.ch\/city\/\",\"logo\":{\"@type\":\"ImageObject\",\"inLanguage\":\"de-CH\",\"@id\":\"https:\/\/jenatschgaragen.ch\/city\/#\/schema\/logo\/image\/\",\"url\":\"https:\/\/jenatschgaragen.ch\/city\/wp-content\/uploads\/sites\/3\/2026\/01\/logo-Jenatschgarage-Zuerich-City.png\",\"contentUrl\":\"https:\/\/jenatschgaragen.ch\/city\/wp-content\/uploads\/sites\/3\/2026\/01\/logo-Jenatschgarage-Zuerich-City.png\",\"width\":530,\"height\":110,\"caption\":\"Jenatschgarage Z\u00fcrich-City\"},\"image\":{\"@id\":\"https:\/\/jenatschgaragen.ch\/city\/#\/schema\/logo\/image\/\"}}]}<\/script>\n<!-- \/ Yoast SEO plugin. -->","yoast_head_json":{"title":"Karosserie und Lack - Jenatschgarage Z\u00fcrich-City","description":"Karosserie- und Lackarbeiten in Z\u00fcrich! Jenatschgarage Z\u00fcrich-City repariert Unfallsch\u00e4den, Dellen und Kratzer professionell und schnell.","robots":{"index":"index","follow":"follow","max-snippet":"max-snippet:-1","max-image-preview":"max-image-preview:large","max-video-preview":"max-video-preview:-1"},"canonical":"https:\/\/jenatschgaragen.ch\/city\/karosserie-und-lack\/","og_locale":"de_DE","og_type":"article","og_title":"Karosserie und Lack - Jenatschgarage Z\u00fcrich-City","og_description":"Karosserie- und Lackarbeiten in Z\u00fcrich! Jenatschgarage Z\u00fcrich-City repariert Unfallsch\u00e4den, Dellen und Kratzer professionell und schnell.","og_url":"https:\/\/jenatschgaragen.ch\/city\/karosserie-und-lack\/","og_site_name":"Jenatschgarage Z\u00fcrich-City","article_modified_time":"2026-04-15T11:42:18+00:00","og_image":[{"url":"https:\/\/jenatschgaragen.ch\/city\/wp-content\/uploads\/sites\/3\/2026\/02\/dienstleistungen-karosserie_und_lack-01-1024x628.jpg","type":"","width":"","height":""}],"twitter_card":"summary_large_image","twitter_misc":{"Gesch\u00e4tzte Lesezeit":"3\u00a0Minuten"},"schema":{"@context":"https:\/\/schema.org","@graph":[{"@type":"WebPage","@id":"https:\/\/jenatschgaragen.ch\/city\/karosserie-und-lack\/","url":"https:\/\/jenatschgaragen.ch\/city\/karosserie-und-lack\/","name":"Karosserie und Lack - Jenatschgarage Z\u00fcrich-City","isPartOf":{"@id":"https:\/\/jenatschgaragen.ch\/city\/#website"},"primaryImageOfPage":{"@id":"https:\/\/jenatschgaragen.ch\/city\/karosserie-und-lack\/#primaryimage"},"image":{"@id":"https:\/\/jenatschgaragen.ch\/city\/karosserie-und-lack\/#primaryimage"},"thumbnailUrl":"https:\/\/jenatschgaragen.ch\/city\/wp-content\/uploads\/sites\/3\/2026\/02\/dienstleistungen-karosserie_und_lack-01-1024x628.jpg","datePublished":"2026-02-02T12:56:08+00:00","dateModified":"2026-04-15T11:42:18+00:00","description":"Karosserie- und Lackarbeiten in Z\u00fcrich! Jenatschgarage Z\u00fcrich-City repariert Unfallsch\u00e4den, Dellen und Kratzer professionell und schnell.","breadcrumb":{"@id":"https:\/\/jenatschgaragen.ch\/city\/karosserie-und-lack\/#breadcrumb"},"inLanguage":"de-CH","potentialAction":[{"@type":"ReadAction","target":["https:\/\/jenatschgaragen.ch\/city\/karosserie-und-lack\/"]}]},{"@type":"ImageObject","inLanguage":"de-CH","@id":"https:\/\/jenatschgaragen.ch\/city\/karosserie-und-lack\/#primaryimage","url":"https:\/\/jenatschgaragen.ch\/city\/wp-content\/uploads\/sites\/3\/2026\/02\/dienstleistungen-karosserie_und_lack-01.jpg","contentUrl":"https:\/\/jenatschgaragen.ch\/city\/wp-content\/uploads\/sites\/3\/2026\/02\/dienstleistungen-karosserie_und_lack-01.jpg","width":1047,"height":642},{"@type":"BreadcrumbList","@id":"https:\/\/jenatschgaragen.ch\/city\/karosserie-und-lack\/#breadcrumb","itemListElement":[{"@type":"ListItem","position":1,"name":"Home","item":"https:\/\/jenatschgaragen.ch\/city\/"},{"@type":"ListItem","position":2,"name":"Karosserie und Lack"}]},{"@type":"WebSite","@id":"https:\/\/jenatschgaragen.ch\/city\/#website","url":"https:\/\/jenatschgaragen.ch\/city\/","name":"Jenatschgarage Z\u00fcrich-City","description":"Ihre Mobilit\u00e4ts-Experten im Herzen von Z\u00fcrich","publisher":{"@id":"https:\/\/jenatschgaragen.ch\/city\/#organization"},"potentialAction":[{"@type":"SearchAction","target":{"@type":"EntryPoint","urlTemplate":"https:\/\/jenatschgaragen.ch\/city\/?s={search_term_string}"},"query-input":{"@type":"PropertyValueSpecification","valueRequired":true,"valueName":"search_term_string"}}],"inLanguage":"de-CH"},{"@type":"Organization","@id":"https:\/\/jenatschgaragen.ch\/city\/#organization","name":"Jenatschgarage Z\u00fcrich-City","url":"https:\/\/jenatschgaragen.ch\/city\/","logo":{"@type":"ImageObject","inLanguage":"de-CH","@id":"https:\/\/jenatschgaragen.ch\/city\/#\/schema\/logo\/image\/","url":"https:\/\/jenatschgaragen.ch\/city\/wp-content\/uploads\/sites\/3\/2026\/01\/logo-Jenatschgarage-Zuerich-City.png","contentUrl":"https:\/\/jenatschgaragen.ch\/city\/wp-content\/uploads\/sites\/3\/2026\/01\/logo-Jenatschgarage-Zuerich-City.png","width":530,"height":110,"caption":"Jenatschgarage Z\u00fcrich-City"},"image":{"@id":"https:\/\/jenatschgaragen.ch\/city\/#\/schema\/logo\/image\/"}}]}},"_links":{"self":[{"href":"https:\/\/jenatschgaragen.ch\/city\/wp-json\/wp\/v2\/pages\/1032","targetHints":{"allow":["GET"]}}],"collection":[{"href":"https:\/\/jenatschgaragen.ch\/city\/wp-json\/wp\/v2\/pages"}],"about":[{"href":"https:\/\/jenatschgaragen.ch\/city\/wp-json\/wp\/v2\/types\/page"}],"author":[{"embeddable":true,"href":"https:\/\/jenatschgaragen.ch\/city\/wp-json\/wp\/v2\/users\/1"}],"replies":[{"embeddable":true,"href":"https:\/\/jenatschgaragen.ch\/city\/wp-json\/wp\/v2\/comments?post=1032"}],"version-history":[{"count":25,"href":"https:\/\/jenatschgaragen.ch\/city\/wp-json\/wp\/v2\/pages\/1032\/revisions"}],"predecessor-version":[{"id":1508,"href":"https:\/\/jenatschgaragen.ch\/city\/wp-json\/wp\/v2\/pages\/1032\/revisions\/1508"}],"wp:attachment":[{"href":"https:\/\/jenatschgaragen.ch\/city\/wp-json\/wp\/v2\/media?parent=1032"}],"curies":[{"name":"wp","href":"https:\/\/api.w.org\/{rel}","templated":true}]}}