{"id":1020,"date":"2026-02-02T13:53:28","date_gmt":"2026-02-02T12:53:28","guid":{"rendered":"https:\/\/effecto-marketing.ch\/jenatsch\/garage-zuerich-city\/?page_id=1020"},"modified":"2026-04-16T08:54:06","modified_gmt":"2026-04-16T06:54:06","slug":"raeder-und-reifen","status":"publish","type":"page","link":"https:\/\/jenatschgaragen.ch\/city\/raeder-und-reifen\/","title":{"rendered":"R\u00e4der und Reifen"},"content":{"rendered":"\t\t<div data-elementor-type=\"wp-page\" data-elementor-id=\"1020\" class=\"elementor elementor-1020\" data-elementor-post-type=\"page\">\n\t\t\t\t<div class=\"elementor-element elementor-element-84aec66 e-flex e-con-boxed e-con e-parent\" data-id=\"84aec66\" data-element_type=\"container\" data-e-type=\"container\" data-settings=\"{&quot;background_background&quot;:&quot;classic&quot;}\">\n\t\t\t\t\t<div class=\"e-con-inner\">\n\t\t\t\t\t<\/div>\n\t\t\t\t<\/div>\n\t\t<div class=\"elementor-element elementor-element-ba295a8 e-flex e-con-boxed e-con e-parent\" data-id=\"ba295a8\" data-element_type=\"container\" data-e-type=\"container\">\n\t\t\t\t\t<div class=\"e-con-inner\">\n\t\t<div class=\"elementor-element elementor-element-75a8d9a e-con-full e-flex e-con e-child\" data-id=\"75a8d9a\" data-element_type=\"container\" data-e-type=\"container\">\n\t\t<div class=\"elementor-element elementor-element-471fb11 e-con-full animated-fast e-flex elementor-invisible e-con e-child\" data-id=\"471fb11\" data-element_type=\"container\" data-e-type=\"container\" data-settings=\"{&quot;animation&quot;:&quot;fadeInLeft&quot;}\">\n\t\t\t\t<div class=\"elementor-element elementor-element-032f2d9 elementor-widget elementor-widget-heading\" data-id=\"032f2d9\" data-element_type=\"widget\" data-e-type=\"widget\" data-widget_type=\"heading.default\">\n\t\t\t\t\t<h2 class=\"elementor-heading-title elementor-size-default\">R\u00e4der und Reifen<\/h2>\t\t\t\t<\/div>\n\t\t\t\t<\/div>\n\t\t<div class=\"elementor-element elementor-element-a525b44 e-con-full animated-slow e-flex elementor-invisible e-con e-child\" data-id=\"a525b44\" data-element_type=\"container\" data-e-type=\"container\" data-settings=\"{&quot;animation&quot;:&quot;fadeIn&quot;,&quot;animation_delay&quot;:&quot;100&quot;}\">\n\t\t\t\t<div class=\"elementor-element elementor-element-0926a0c elementor-widget elementor-widget-heading\" data-id=\"0926a0c\" data-element_type=\"widget\" data-e-type=\"widget\" data-widget_type=\"heading.default\">\n\t\t\t\t\t<h4 class=\"elementor-heading-title elementor-size-default\">Mehr als nur ein Reifenwechsel.<\/h4>\t\t\t\t<\/div>\n\t\t\t\t<div class=\"elementor-element elementor-element-14a5d69 elementor-widget elementor-widget-text-editor\" data-id=\"14a5d69\" data-element_type=\"widget\" data-e-type=\"widget\" data-widget_type=\"text-editor.default\">\n\t\t\t\t\t\t\t\t\t<p class=\"p1\"><span class=\"s1\">F\u00fcr Ihren saisonalen Reifenwechsel: Mit unserem Volkswagen R\u00e4der Service wappnen wir Sie stets passend f\u00fcr die kommende Jahreszeit. Zus\u00e4tzlich k\u00f6nnen Sie Ihre Winter- oder Sommerr\u00e4der bei uns einlagern. Seien Sie bestens f\u00fcr die Herausforderungen der Strasse ger\u00fcstet <\/span><span class=\"s2\">\u2013 Wir begleiten Sie. <\/span><\/p>\t\t\t\t\t\t\t\t<\/div>\n\t\t\t\t<\/div>\n\t\t\t\t<\/div>\n\t\t\t\t\t<\/div>\n\t\t\t\t<\/div>\n\t\t<div class=\"elementor-element elementor-element-c580a7e e-flex e-con-boxed e-con e-parent\" data-id=\"c580a7e\" data-element_type=\"container\" data-e-type=\"container\">\n\t\t\t\t\t<div class=\"e-con-inner\">\n\t\t<div class=\"elementor-element elementor-element-3ec62a1 e-con-full e-flex e-con e-child\" data-id=\"3ec62a1\" data-element_type=\"container\" data-e-type=\"container\">\n\t\t<div class=\"elementor-element elementor-element-5673957 e-con-full e-flex e-con e-child\" data-id=\"5673957\" data-element_type=\"container\" data-e-type=\"container\">\n\t\t<div class=\"elementor-element elementor-element-47b7405 e-con-full animated-fast e-flex elementor-invisible e-con e-child\" data-id=\"47b7405\" data-element_type=\"container\" data-e-type=\"container\" data-settings=\"{&quot;animation&quot;:&quot;fadeInLeft&quot;}\">\n\t\t\t\t<div class=\"elementor-element elementor-element-876e1cd elementor-widget elementor-widget-heading\" data-id=\"876e1cd\" data-element_type=\"widget\" data-e-type=\"widget\" data-widget_type=\"heading.default\">\n\t\t\t\t\t<h3 class=\"elementor-heading-title elementor-size-default\">Reifen- und R\u00e4derwechsel \u2013 sicher unterwegs mit der Jenatschgarage Z\u00fcrich-City<\/h3>\t\t\t\t<\/div>\n\t\t\t\t<\/div>\n\t\t<div class=\"elementor-element elementor-element-df750ec e-con-full animated-slow e-flex elementor-invisible e-con e-child\" data-id=\"df750ec\" data-element_type=\"container\" data-e-type=\"container\" data-settings=\"{&quot;animation&quot;:&quot;fadeIn&quot;,&quot;animation_delay&quot;:&quot;100&quot;}\">\n\t\t\t\t<div class=\"elementor-element elementor-element-47ae11a elementor-widget elementor-widget-text-editor\" data-id=\"47ae11a\" data-element_type=\"widget\" data-e-type=\"widget\" data-widget_type=\"text-editor.default\">\n\t\t\t\t\t\t\t\t\t<p class=\"p1\">Bei der <strong data-start=\"86\" data-end=\"116\">Jenatschgarage Z\u00fcrich-City<\/strong> sind Sie f\u00fcr Ihren Reifen- und R\u00e4derwechsel in besten H\u00e4nden. Ob saisonaler Wechsel oder der Ersatz abgenutzter Reifen \u2013 diese Serviceleistungen sind entscheidend f\u00fcr Sicherheit, Fahrkomfort und Performance Ihres Fahrzeugs. Wir sorgen f\u00fcr eine fachgerechte, pr\u00e4zise und z\u00fcgige Ausf\u00fchrung, damit Sie jederzeit sicher und zuverl\u00e4ssig unterwegs sind.<\/p>\t\t\t\t\t\t\t\t<\/div>\n\t\t\t\t<\/div>\n\t\t\t\t<\/div>\n\t\t<div class=\"elementor-element elementor-element-ede926f e-con-full e-flex e-con e-child\" data-id=\"ede926f\" data-element_type=\"container\" data-e-type=\"container\">\n\t\t<div class=\"elementor-element elementor-element-235632f e-con-full e-flex elementor-invisible e-con e-child\" data-id=\"235632f\" data-element_type=\"container\" data-e-type=\"container\" data-settings=\"{&quot;animation&quot;:&quot;fadeInUp&quot;}\">\n\t\t\t\t<div class=\"elementor-element elementor-element-5d1a722 elementor-widget elementor-widget-image\" data-id=\"5d1a722\" data-element_type=\"widget\" data-e-type=\"widget\" data-widget_type=\"image.default\">\n\t\t\t\t\t\t\t\t\t\t\t\t\t\t\t<img fetchpriority=\"high\" decoding=\"async\" width=\"1047\" height=\"642\" src=\"https:\/\/jenatschgaragen.ch\/city\/wp-content\/uploads\/sites\/3\/2026\/02\/dienstleistungen-aufdorf_maennedorf-raeder_und_reifen-01.jpg\" class=\"elementor-animation-float attachment-full size-full wp-image-1023\" alt=\"\" srcset=\"https:\/\/jenatschgaragen.ch\/city\/wp-content\/uploads\/sites\/3\/2026\/02\/dienstleistungen-aufdorf_maennedorf-raeder_und_reifen-01.jpg 1047w, https:\/\/jenatschgaragen.ch\/city\/wp-content\/uploads\/sites\/3\/2026\/02\/dienstleistungen-aufdorf_maennedorf-raeder_und_reifen-01-300x184.jpg 300w, https:\/\/jenatschgaragen.ch\/city\/wp-content\/uploads\/sites\/3\/2026\/02\/dienstleistungen-aufdorf_maennedorf-raeder_und_reifen-01-1024x628.jpg 1024w, https:\/\/jenatschgaragen.ch\/city\/wp-content\/uploads\/sites\/3\/2026\/02\/dienstleistungen-aufdorf_maennedorf-raeder_und_reifen-01-768x471.jpg 768w\" sizes=\"(max-width: 1047px) 100vw, 1047px\" \/>\t\t\t\t\t\t\t\t\t\t\t\t\t\t\t<\/div>\n\t\t<div class=\"elementor-element elementor-element-ca03d0d e-con-full e-flex e-con e-child\" data-id=\"ca03d0d\" data-element_type=\"container\" data-e-type=\"container\">\n\t\t\t\t<div class=\"elementor-element elementor-element-bd80ab2 elementor-widget elementor-widget-heading\" data-id=\"bd80ab2\" data-element_type=\"widget\" data-e-type=\"widget\" data-widget_type=\"heading.default\">\n\t\t\t\t\t<h6 class=\"elementor-heading-title elementor-size-default\">Volkswagen Reifen und R\u00e4derservice<\/h6>\t\t\t\t<\/div>\n\t\t\t\t<div class=\"elementor-element elementor-element-7e53b0e elementor-widget elementor-widget-text-editor\" data-id=\"7e53b0e\" data-element_type=\"widget\" data-e-type=\"widget\" data-widget_type=\"text-editor.default\">\n\t\t\t\t\t\t\t\t\t<p class=\"p1\"><span class=\"s1\">Der Reifenwechsel ist ein wichtiger Schritt, um die Fahrsicherheit und die Leistung Ihres Fahrzeugs an die wechselnden Wetterbedingungen anzupassen. Wir kontrollieren nicht nur die Profiltiefe, sondern auch das Reifenlaufbild, um sicherzustellen, dass Ihre Reifen gleichm\u00e4ssig abgenutzt sind und optimal auf der Strasse haften.<\/span><\/p>\t\t\t\t\t\t\t\t<\/div>\n\t\t\t\t<\/div>\n\t\t\t\t<\/div>\n\t\t<div class=\"elementor-element elementor-element-2b8aa72 e-con-full e-flex elementor-invisible e-con e-child\" data-id=\"2b8aa72\" data-element_type=\"container\" data-e-type=\"container\" data-settings=\"{&quot;animation&quot;:&quot;fadeInUp&quot;,&quot;animation_delay&quot;:&quot;100&quot;}\">\n\t\t\t\t<div class=\"elementor-element elementor-element-a15ed01 elementor-widget elementor-widget-image\" data-id=\"a15ed01\" data-element_type=\"widget\" data-e-type=\"widget\" data-widget_type=\"image.default\">\n\t\t\t\t\t\t\t\t\t\t\t\t\t\t\t<img decoding=\"async\" width=\"1047\" height=\"642\" src=\"https:\/\/jenatschgaragen.ch\/city\/wp-content\/uploads\/sites\/3\/2026\/02\/dienstleistungen-aufdorf_maennedorf-raeder_und_reifen-02.jpg\" class=\"elementor-animation-float attachment-full size-full wp-image-1024\" alt=\"\" srcset=\"https:\/\/jenatschgaragen.ch\/city\/wp-content\/uploads\/sites\/3\/2026\/02\/dienstleistungen-aufdorf_maennedorf-raeder_und_reifen-02.jpg 1047w, https:\/\/jenatschgaragen.ch\/city\/wp-content\/uploads\/sites\/3\/2026\/02\/dienstleistungen-aufdorf_maennedorf-raeder_und_reifen-02-300x184.jpg 300w, https:\/\/jenatschgaragen.ch\/city\/wp-content\/uploads\/sites\/3\/2026\/02\/dienstleistungen-aufdorf_maennedorf-raeder_und_reifen-02-1024x628.jpg 1024w, https:\/\/jenatschgaragen.ch\/city\/wp-content\/uploads\/sites\/3\/2026\/02\/dienstleistungen-aufdorf_maennedorf-raeder_und_reifen-02-768x471.jpg 768w\" sizes=\"(max-width: 1047px) 100vw, 1047px\" \/>\t\t\t\t\t\t\t\t\t\t\t\t\t\t\t<\/div>\n\t\t<div class=\"elementor-element elementor-element-0361571 e-con-full e-flex e-con e-child\" data-id=\"0361571\" data-element_type=\"container\" data-e-type=\"container\">\n\t\t\t\t<div class=\"elementor-element elementor-element-1afac66 elementor-widget elementor-widget-heading\" data-id=\"1afac66\" data-element_type=\"widget\" data-e-type=\"widget\" data-widget_type=\"heading.default\">\n\t\t\t\t\t<h6 class=\"elementor-heading-title elementor-size-default\">Unser Einlagerungsservice<\/h6>\t\t\t\t<\/div>\n\t\t\t\t<div class=\"elementor-element elementor-element-9ff930e elementor-widget elementor-widget-text-editor\" data-id=\"9ff930e\" data-element_type=\"widget\" data-e-type=\"widget\" data-widget_type=\"text-editor.default\">\n\t\t\t\t\t\t\t\t\t<p class=\"p1\">Sie m\u00f6chten Ihre Winter- oder Sommerr\u00e4der ganz\u00a0komfortabel bei uns verstauen? Nutzen Sie unsere Reifen- und R\u00e4dereinlagerung.<\/p><p class=\"p1\">Wir reinigen ausserdem die Komplettr\u00e4der, kontrollieren Ihre Reifen und Felgen auf Besch\u00e4digungen und pr\u00fcfen das Profil.<\/p>\t\t\t\t\t\t\t\t<\/div>\n\t\t\t\t<\/div>\n\t\t\t\t<\/div>\n\t\t<div class=\"elementor-element elementor-element-051828f e-con-full e-flex elementor-invisible e-con e-child\" data-id=\"051828f\" data-element_type=\"container\" data-e-type=\"container\" data-settings=\"{&quot;animation&quot;:&quot;fadeInUp&quot;,&quot;animation_delay&quot;:&quot;200&quot;}\">\n\t\t\t\t<div class=\"elementor-element elementor-element-23b6d26 elementor-widget elementor-widget-image\" data-id=\"23b6d26\" data-element_type=\"widget\" data-e-type=\"widget\" data-widget_type=\"image.default\">\n\t\t\t\t\t\t\t\t\t\t\t\t\t\t\t<img decoding=\"async\" width=\"1047\" height=\"642\" src=\"https:\/\/jenatschgaragen.ch\/city\/wp-content\/uploads\/sites\/3\/2026\/02\/dienstleistungen-aufdorf_maennedorf-raeder_und_reifen-03.jpg\" class=\"elementor-animation-float attachment-full size-full wp-image-1025\" alt=\"\" srcset=\"https:\/\/jenatschgaragen.ch\/city\/wp-content\/uploads\/sites\/3\/2026\/02\/dienstleistungen-aufdorf_maennedorf-raeder_und_reifen-03.jpg 1047w, https:\/\/jenatschgaragen.ch\/city\/wp-content\/uploads\/sites\/3\/2026\/02\/dienstleistungen-aufdorf_maennedorf-raeder_und_reifen-03-300x184.jpg 300w, https:\/\/jenatschgaragen.ch\/city\/wp-content\/uploads\/sites\/3\/2026\/02\/dienstleistungen-aufdorf_maennedorf-raeder_und_reifen-03-1024x628.jpg 1024w, https:\/\/jenatschgaragen.ch\/city\/wp-content\/uploads\/sites\/3\/2026\/02\/dienstleistungen-aufdorf_maennedorf-raeder_und_reifen-03-768x471.jpg 768w\" sizes=\"(max-width: 1047px) 100vw, 1047px\" \/>\t\t\t\t\t\t\t\t\t\t\t\t\t\t\t<\/div>\n\t\t<div class=\"elementor-element elementor-element-adad1ed e-con-full e-flex e-con e-child\" data-id=\"adad1ed\" data-element_type=\"container\" data-e-type=\"container\">\n\t\t\t\t<div class=\"elementor-element elementor-element-ef59c7c elementor-widget elementor-widget-heading\" data-id=\"ef59c7c\" data-element_type=\"widget\" data-e-type=\"widget\" data-widget_type=\"heading.default\">\n\t\t\t\t\t<h6 class=\"elementor-heading-title elementor-size-default\">Sommer und Winterkomplettr\u00e4der<\/h6>\t\t\t\t<\/div>\n\t\t\t\t<div class=\"elementor-element elementor-element-81417c7 elementor-widget elementor-widget-text-editor\" data-id=\"81417c7\" data-element_type=\"widget\" data-e-type=\"widget\" data-widget_type=\"text-editor.default\">\n\t\t\t\t\t\t\t\t\t<p class=\"p1\"><span class=\"s1\">Lassen Sie sich von uns beraten in Bezug auf Sommer- und Winterkomplettr\u00e4der. Die R\u00e4der und Felgen aus dem Volkswagen Original Zubeh\u00f6r sorgen durch ihre hochwertige Qualit\u00e4t f\u00fcr verl\u00e4ssliche Bodenhaftung, optimale Traktion und damit f\u00fcr Fahrsicherheit und Komfort. Fragen Sie uns, wir zeigen Ihnen alle M\u00f6glichkeiten f\u00fcr Ihren Volkswagen auf.\u00a0<\/span><\/p>\t\t\t\t\t\t\t\t<\/div>\n\t\t\t\t<\/div>\n\t\t\t\t<\/div>\n\t\t\t\t<\/div>\n\t\t\t\t<\/div>\n\t\t\t\t\t<\/div>\n\t\t\t\t<\/div>\n\t\t<div class=\"elementor-element elementor-element-bc8b3ef e-flex e-con-boxed e-con e-parent\" data-id=\"bc8b3ef\" data-element_type=\"container\" data-e-type=\"container\" data-settings=\"{&quot;background_background&quot;:&quot;classic&quot;}\">\n\t\t\t\t\t<div class=\"e-con-inner\">\n\t\t<div class=\"elementor-element elementor-element-e77084c e-con-full e-flex e-con e-child\" data-id=\"e77084c\" data-element_type=\"container\" data-e-type=\"container\">\n\t\t<div class=\"elementor-element elementor-element-c117e9d e-con-full e-flex e-con e-child\" data-id=\"c117e9d\" data-element_type=\"container\" data-e-type=\"container\">\n\t\t<div class=\"elementor-element elementor-element-abff863 e-con-full e-flex e-con e-child\" data-id=\"abff863\" data-element_type=\"container\" data-e-type=\"container\">\n\t\t\t\t<div class=\"elementor-element elementor-element-acb3b06 elementor-widget elementor-widget-heading\" data-id=\"acb3b06\" data-element_type=\"widget\" data-e-type=\"widget\" data-widget_type=\"heading.default\">\n\t\t\t\t\t<h3 class=\"elementor-heading-title elementor-size-default\">Termin vereinbaren<\/h3>\t\t\t\t<\/div>\n\t\t<div class=\"elementor-element elementor-element-fdf43e0 e-con-full animated-slow e-flex elementor-invisible e-con e-child\" data-id=\"fdf43e0\" data-element_type=\"container\" data-e-type=\"container\" data-settings=\"{&quot;background_background&quot;:&quot;classic&quot;,&quot;animation&quot;:&quot;fadeIn&quot;}\">\n\t\t\t\t<div class=\"elementor-element elementor-element-2bd9985 elementor-widget elementor-widget-heading\" data-id=\"2bd9985\" data-element_type=\"widget\" data-e-type=\"widget\" data-widget_type=\"heading.default\">\n\t\t\t\t\t<h4 class=\"elementor-heading-title elementor-size-default\">Schnell und einfach<\/h4>\t\t\t\t<\/div>\n\t\t\t\t<div class=\"elementor-element elementor-element-fe18779 elementor-align-left elementor-widget elementor-widget-button\" data-id=\"fe18779\" data-element_type=\"widget\" data-e-type=\"widget\" data-widget_type=\"button.default\">\n\t\t\t\t\t\t\t\t\t\t<a class=\"elementor-button elementor-button-link elementor-size-sm\" href=\"https:\/\/jenatschgarage.sopl.ch\/de\/\" target=\"_blank\">\n\t\t\t\t\t\t<span class=\"elementor-button-content-wrapper\">\n\t\t\t\t\t\t<span class=\"elementor-button-icon\">\n\t\t\t\t<svg aria-hidden=\"true\" class=\"e-font-icon-svg e-fas-angle-right\" viewBox=\"0 0 256 512\" xmlns=\"http:\/\/www.w3.org\/2000\/svg\"><path d=\"M224.3 273l-136 136c-9.4 9.4-24.6 9.4-33.9 0l-22.6-22.6c-9.4-9.4-9.4-24.6 0-33.9l96.4-96.4-96.4-96.4c-9.4-9.4-9.4-24.6 0-33.9L54.3 103c9.4-9.4 24.6-9.4 33.9 0l136 136c9.5 9.4 9.5 24.6.1 34z\"><\/path><\/svg>\t\t\t<\/span>\n\t\t\t\t\t\t\t\t\t<span class=\"elementor-button-text\">Online Termin vereinbaren<\/span>\n\t\t\t\t\t<\/span>\n\t\t\t\t\t<\/a>\n\t\t\t\t\t\t\t\t<\/div>\n\t\t\t\t<\/div>\n\t\t\t\t<\/div>\n\t\t<div class=\"elementor-element elementor-element-93d8a48 e-con-full animated-fast e-flex elementor-invisible e-con e-child\" data-id=\"93d8a48\" data-element_type=\"container\" data-e-type=\"container\" data-settings=\"{&quot;animation&quot;:&quot;fadeInUp&quot;,&quot;animation_delay&quot;:&quot;200&quot;}\">\n\t\t\t\t<div class=\"elementor-element elementor-element-6a80bc2 elementor-widget elementor-widget-heading\" data-id=\"6a80bc2\" data-element_type=\"widget\" data-e-type=\"widget\" data-widget_type=\"heading.default\">\n\t\t\t\t\t<h3 class=\"elementor-heading-title elementor-size-default\">Im Herzen von Z\u00fcrich.<\/h3>\t\t\t\t<\/div>\n\t\t\t\t<div class=\"elementor-element elementor-element-a5e8915 elementor-widget elementor-widget-image\" data-id=\"a5e8915\" data-element_type=\"widget\" data-e-type=\"widget\" data-widget_type=\"image.default\">\n\t\t\t\t\t\t\t\t\t\t\t\t\t\t\t<img loading=\"lazy\" decoding=\"async\" width=\"640\" height=\"400\" src=\"https:\/\/jenatschgaragen.ch\/city\/wp-content\/uploads\/sites\/3\/2026\/03\/Jenatschgarage-Zuerich-City.jpg\" class=\"elementor-animation-float attachment-full size-full wp-image-1491\" alt=\"\" srcset=\"https:\/\/jenatschgaragen.ch\/city\/wp-content\/uploads\/sites\/3\/2026\/03\/Jenatschgarage-Zuerich-City.jpg 640w, https:\/\/jenatschgaragen.ch\/city\/wp-content\/uploads\/sites\/3\/2026\/03\/Jenatschgarage-Zuerich-City-300x188.jpg 300w\" sizes=\"(max-width: 640px) 100vw, 640px\" \/>\t\t\t\t\t\t\t\t\t\t\t\t\t\t\t<\/div>\n\t\t\t\t<div class=\"elementor-element elementor-element-e9da191 elementor-widget elementor-widget-text-editor\" data-id=\"e9da191\" data-element_type=\"widget\" data-e-type=\"widget\" data-widget_type=\"text-editor.default\">\n\t\t\t\t\t\t\t\t\t<p class=\"p1\">Bei der <strong data-start=\"157\" data-end=\"187\">Jenatschgarage Z\u00fcrich-City<\/strong> stehen Verl\u00e4sslichkeit, pers\u00f6nliche N\u00e4he und hohe Fachkompetenz im Zentrum. Als zentral gelegener Garagenbetrieb begleiten wir unsere Kundinnen und Kunden in Z\u00fcrich seit vielen Jahren in allen Fragen rund um ihre Mobilit\u00e4t. Wir setzen auf pr\u00e4zise Arbeit, individuelle Beratung und eine offene, ehrliche Kommunikation. Unsere Begeisterung f\u00fcr die Marke Volkswagen pr\u00e4gt unser t\u00e4gliches Handeln \u2013 konsequent und mit Leidenschaft.<\/p>\t\t\t\t\t\t\t\t<\/div>\n\t\t\t\t<\/div>\n\t\t\t\t<\/div>\n\t\t\t\t<\/div>\n\t\t\t\t\t<\/div>\n\t\t\t\t<\/div>\n\t\t\t\t<\/div>\n\t\t","protected":false},"excerpt":{"rendered":"<p>R\u00e4der und Reifen Mehr als nur ein Reifenwechsel. F\u00fcr Ihren saisonalen Reifenwechsel: Mit unserem Volkswagen R\u00e4der Service wappnen wir Sie stets passend f\u00fcr die kommende Jahreszeit. Zus\u00e4tzlich k\u00f6nnen Sie Ihre Winter- oder Sommerr\u00e4der bei uns einlagern. Seien Sie bestens f\u00fcr die Herausforderungen der Strasse ger\u00fcstet \u2013 Wir begleiten Sie. Reifen- und R\u00e4derwechsel \u2013 sicher unterwegs [&hellip;]<\/p>\n","protected":false},"author":1,"featured_media":0,"parent":0,"menu_order":0,"comment_status":"closed","ping_status":"closed","template":"","meta":{"footnotes":""},"class_list":["post-1020","page","type-page","status-publish","hentry"],"yoast_head":"<!-- This site is optimized with the Yoast SEO plugin v27.2 - https:\/\/yoast.com\/product\/yoast-seo-wordpress\/ -->\n<title>R\u00e4der und Reifen - Jenatschgarage Z\u00fcrich-City<\/title>\n<meta name=\"description\" content=\"R\u00e4der und Reifen bei der Jenatschgarage \u2013 Sommer- und Winterreifen, Montage sowie Einlagerung f\u00fcr VW, Audi und Skoda aus einer Hand.\" \/>\n<meta name=\"robots\" content=\"index, follow, max-snippet:-1, max-image-preview:large, max-video-preview:-1\" \/>\n<link rel=\"canonical\" href=\"https:\/\/jenatschgaragen.ch\/city\/raeder-und-reifen\/\" \/>\n<meta property=\"og:locale\" content=\"de_DE\" \/>\n<meta property=\"og:type\" content=\"article\" \/>\n<meta property=\"og:title\" content=\"R\u00e4der und Reifen - Jenatschgarage Z\u00fcrich-City\" \/>\n<meta property=\"og:description\" content=\"R\u00e4der und Reifen bei der Jenatschgarage \u2013 Sommer- und Winterreifen, Montage sowie Einlagerung f\u00fcr VW, Audi und Skoda aus einer Hand.\" \/>\n<meta property=\"og:url\" content=\"https:\/\/jenatschgaragen.ch\/city\/raeder-und-reifen\/\" \/>\n<meta property=\"og:site_name\" content=\"Jenatschgarage Z\u00fcrich-City\" \/>\n<meta property=\"article:modified_time\" content=\"2026-04-16T06:54:06+00:00\" \/>\n<meta property=\"og:image\" content=\"https:\/\/jenatschgaragen.ch\/city\/wp-content\/uploads\/sites\/3\/2026\/02\/dienstleistungen-aufdorf_maennedorf-raeder_und_reifen-01.jpg\" \/>\n<meta name=\"twitter:card\" content=\"summary_large_image\" \/>\n<meta name=\"twitter:label1\" content=\"Gesch\u00e4tzte Lesezeit\" \/>\n\t<meta name=\"twitter:data1\" content=\"3\u00a0Minuten\" \/>\n<script type=\"application\/ld+json\" class=\"yoast-schema-graph\">{\"@context\":\"https:\/\/schema.org\",\"@graph\":[{\"@type\":\"WebPage\",\"@id\":\"https:\/\/jenatschgaragen.ch\/city\/raeder-und-reifen\/\",\"url\":\"https:\/\/jenatschgaragen.ch\/city\/raeder-und-reifen\/\",\"name\":\"R\u00e4der und Reifen - Jenatschgarage Z\u00fcrich-City\",\"isPartOf\":{\"@id\":\"https:\/\/jenatschgaragen.ch\/city\/#website\"},\"primaryImageOfPage\":{\"@id\":\"https:\/\/jenatschgaragen.ch\/city\/raeder-und-reifen\/#primaryimage\"},\"image\":{\"@id\":\"https:\/\/jenatschgaragen.ch\/city\/raeder-und-reifen\/#primaryimage\"},\"thumbnailUrl\":\"https:\/\/jenatschgaragen.ch\/city\/wp-content\/uploads\/sites\/3\/2026\/02\/dienstleistungen-aufdorf_maennedorf-raeder_und_reifen-01.jpg\",\"datePublished\":\"2026-02-02T12:53:28+00:00\",\"dateModified\":\"2026-04-16T06:54:06+00:00\",\"description\":\"R\u00e4der und Reifen bei der Jenatschgarage \u2013 Sommer- und Winterreifen, Montage sowie Einlagerung f\u00fcr VW, Audi und Skoda aus einer Hand.\",\"breadcrumb\":{\"@id\":\"https:\/\/jenatschgaragen.ch\/city\/raeder-und-reifen\/#breadcrumb\"},\"inLanguage\":\"de-CH\",\"potentialAction\":[{\"@type\":\"ReadAction\",\"target\":[\"https:\/\/jenatschgaragen.ch\/city\/raeder-und-reifen\/\"]}]},{\"@type\":\"ImageObject\",\"inLanguage\":\"de-CH\",\"@id\":\"https:\/\/jenatschgaragen.ch\/city\/raeder-und-reifen\/#primaryimage\",\"url\":\"https:\/\/jenatschgaragen.ch\/city\/wp-content\/uploads\/sites\/3\/2026\/02\/dienstleistungen-aufdorf_maennedorf-raeder_und_reifen-01.jpg\",\"contentUrl\":\"https:\/\/jenatschgaragen.ch\/city\/wp-content\/uploads\/sites\/3\/2026\/02\/dienstleistungen-aufdorf_maennedorf-raeder_und_reifen-01.jpg\",\"width\":1047,\"height\":642},{\"@type\":\"BreadcrumbList\",\"@id\":\"https:\/\/jenatschgaragen.ch\/city\/raeder-und-reifen\/#breadcrumb\",\"itemListElement\":[{\"@type\":\"ListItem\",\"position\":1,\"name\":\"Home\",\"item\":\"https:\/\/jenatschgaragen.ch\/city\/\"},{\"@type\":\"ListItem\",\"position\":2,\"name\":\"R\u00e4der und Reifen\"}]},{\"@type\":\"WebSite\",\"@id\":\"https:\/\/jenatschgaragen.ch\/city\/#website\",\"url\":\"https:\/\/jenatschgaragen.ch\/city\/\",\"name\":\"Jenatschgarage Z\u00fcrich-City\",\"description\":\"Ihre Mobilit\u00e4ts-Experten im Herzen von Z\u00fcrich\",\"publisher\":{\"@id\":\"https:\/\/jenatschgaragen.ch\/city\/#organization\"},\"potentialAction\":[{\"@type\":\"SearchAction\",\"target\":{\"@type\":\"EntryPoint\",\"urlTemplate\":\"https:\/\/jenatschgaragen.ch\/city\/?s={search_term_string}\"},\"query-input\":{\"@type\":\"PropertyValueSpecification\",\"valueRequired\":true,\"valueName\":\"search_term_string\"}}],\"inLanguage\":\"de-CH\"},{\"@type\":\"Organization\",\"@id\":\"https:\/\/jenatschgaragen.ch\/city\/#organization\",\"name\":\"Jenatschgarage Z\u00fcrich-City\",\"url\":\"https:\/\/jenatschgaragen.ch\/city\/\",\"logo\":{\"@type\":\"ImageObject\",\"inLanguage\":\"de-CH\",\"@id\":\"https:\/\/jenatschgaragen.ch\/city\/#\/schema\/logo\/image\/\",\"url\":\"https:\/\/jenatschgaragen.ch\/city\/wp-content\/uploads\/sites\/3\/2026\/01\/logo-Jenatschgarage-Zuerich-City.png\",\"contentUrl\":\"https:\/\/jenatschgaragen.ch\/city\/wp-content\/uploads\/sites\/3\/2026\/01\/logo-Jenatschgarage-Zuerich-City.png\",\"width\":530,\"height\":110,\"caption\":\"Jenatschgarage Z\u00fcrich-City\"},\"image\":{\"@id\":\"https:\/\/jenatschgaragen.ch\/city\/#\/schema\/logo\/image\/\"}}]}<\/script>\n<!-- \/ Yoast SEO plugin. -->","yoast_head_json":{"title":"R\u00e4der und Reifen - Jenatschgarage Z\u00fcrich-City","description":"R\u00e4der und Reifen bei der Jenatschgarage \u2013 Sommer- und Winterreifen, Montage sowie Einlagerung f\u00fcr VW, Audi und Skoda aus einer Hand.","robots":{"index":"index","follow":"follow","max-snippet":"max-snippet:-1","max-image-preview":"max-image-preview:large","max-video-preview":"max-video-preview:-1"},"canonical":"https:\/\/jenatschgaragen.ch\/city\/raeder-und-reifen\/","og_locale":"de_DE","og_type":"article","og_title":"R\u00e4der und Reifen - Jenatschgarage Z\u00fcrich-City","og_description":"R\u00e4der und Reifen bei der Jenatschgarage \u2013 Sommer- und Winterreifen, Montage sowie Einlagerung f\u00fcr VW, Audi und Skoda aus einer Hand.","og_url":"https:\/\/jenatschgaragen.ch\/city\/raeder-und-reifen\/","og_site_name":"Jenatschgarage Z\u00fcrich-City","article_modified_time":"2026-04-16T06:54:06+00:00","og_image":[{"url":"https:\/\/jenatschgaragen.ch\/city\/wp-content\/uploads\/sites\/3\/2026\/02\/dienstleistungen-aufdorf_maennedorf-raeder_und_reifen-01.jpg","type":"","width":"","height":""}],"twitter_card":"summary_large_image","twitter_misc":{"Gesch\u00e4tzte Lesezeit":"3\u00a0Minuten"},"schema":{"@context":"https:\/\/schema.org","@graph":[{"@type":"WebPage","@id":"https:\/\/jenatschgaragen.ch\/city\/raeder-und-reifen\/","url":"https:\/\/jenatschgaragen.ch\/city\/raeder-und-reifen\/","name":"R\u00e4der und Reifen - Jenatschgarage Z\u00fcrich-City","isPartOf":{"@id":"https:\/\/jenatschgaragen.ch\/city\/#website"},"primaryImageOfPage":{"@id":"https:\/\/jenatschgaragen.ch\/city\/raeder-und-reifen\/#primaryimage"},"image":{"@id":"https:\/\/jenatschgaragen.ch\/city\/raeder-und-reifen\/#primaryimage"},"thumbnailUrl":"https:\/\/jenatschgaragen.ch\/city\/wp-content\/uploads\/sites\/3\/2026\/02\/dienstleistungen-aufdorf_maennedorf-raeder_und_reifen-01.jpg","datePublished":"2026-02-02T12:53:28+00:00","dateModified":"2026-04-16T06:54:06+00:00","description":"R\u00e4der und Reifen bei der Jenatschgarage \u2013 Sommer- und Winterreifen, Montage sowie Einlagerung f\u00fcr VW, Audi und Skoda aus einer Hand.","breadcrumb":{"@id":"https:\/\/jenatschgaragen.ch\/city\/raeder-und-reifen\/#breadcrumb"},"inLanguage":"de-CH","potentialAction":[{"@type":"ReadAction","target":["https:\/\/jenatschgaragen.ch\/city\/raeder-und-reifen\/"]}]},{"@type":"ImageObject","inLanguage":"de-CH","@id":"https:\/\/jenatschgaragen.ch\/city\/raeder-und-reifen\/#primaryimage","url":"https:\/\/jenatschgaragen.ch\/city\/wp-content\/uploads\/sites\/3\/2026\/02\/dienstleistungen-aufdorf_maennedorf-raeder_und_reifen-01.jpg","contentUrl":"https:\/\/jenatschgaragen.ch\/city\/wp-content\/uploads\/sites\/3\/2026\/02\/dienstleistungen-aufdorf_maennedorf-raeder_und_reifen-01.jpg","width":1047,"height":642},{"@type":"BreadcrumbList","@id":"https:\/\/jenatschgaragen.ch\/city\/raeder-und-reifen\/#breadcrumb","itemListElement":[{"@type":"ListItem","position":1,"name":"Home","item":"https:\/\/jenatschgaragen.ch\/city\/"},{"@type":"ListItem","position":2,"name":"R\u00e4der und Reifen"}]},{"@type":"WebSite","@id":"https:\/\/jenatschgaragen.ch\/city\/#website","url":"https:\/\/jenatschgaragen.ch\/city\/","name":"Jenatschgarage Z\u00fcrich-City","description":"Ihre Mobilit\u00e4ts-Experten im Herzen von Z\u00fcrich","publisher":{"@id":"https:\/\/jenatschgaragen.ch\/city\/#organization"},"potentialAction":[{"@type":"SearchAction","target":{"@type":"EntryPoint","urlTemplate":"https:\/\/jenatschgaragen.ch\/city\/?s={search_term_string}"},"query-input":{"@type":"PropertyValueSpecification","valueRequired":true,"valueName":"search_term_string"}}],"inLanguage":"de-CH"},{"@type":"Organization","@id":"https:\/\/jenatschgaragen.ch\/city\/#organization","name":"Jenatschgarage Z\u00fcrich-City","url":"https:\/\/jenatschgaragen.ch\/city\/","logo":{"@type":"ImageObject","inLanguage":"de-CH","@id":"https:\/\/jenatschgaragen.ch\/city\/#\/schema\/logo\/image\/","url":"https:\/\/jenatschgaragen.ch\/city\/wp-content\/uploads\/sites\/3\/2026\/01\/logo-Jenatschgarage-Zuerich-City.png","contentUrl":"https:\/\/jenatschgaragen.ch\/city\/wp-content\/uploads\/sites\/3\/2026\/01\/logo-Jenatschgarage-Zuerich-City.png","width":530,"height":110,"caption":"Jenatschgarage Z\u00fcrich-City"},"image":{"@id":"https:\/\/jenatschgaragen.ch\/city\/#\/schema\/logo\/image\/"}}]}},"_links":{"self":[{"href":"https:\/\/jenatschgaragen.ch\/city\/wp-json\/wp\/v2\/pages\/1020","targetHints":{"allow":["GET"]}}],"collection":[{"href":"https:\/\/jenatschgaragen.ch\/city\/wp-json\/wp\/v2\/pages"}],"about":[{"href":"https:\/\/jenatschgaragen.ch\/city\/wp-json\/wp\/v2\/types\/page"}],"author":[{"embeddable":true,"href":"https:\/\/jenatschgaragen.ch\/city\/wp-json\/wp\/v2\/users\/1"}],"replies":[{"embeddable":true,"href":"https:\/\/jenatschgaragen.ch\/city\/wp-json\/wp\/v2\/comments?post=1020"}],"version-history":[{"count":28,"href":"https:\/\/jenatschgaragen.ch\/city\/wp-json\/wp\/v2\/pages\/1020\/revisions"}],"predecessor-version":[{"id":1514,"href":"https:\/\/jenatschgaragen.ch\/city\/wp-json\/wp\/v2\/pages\/1020\/revisions\/1514"}],"wp:attachment":[{"href":"https:\/\/jenatschgaragen.ch\/city\/wp-json\/wp\/v2\/media?parent=1020"}],"curies":[{"name":"wp","href":"https:\/\/api.w.org\/{rel}","templated":true}]}}