{"id":1000,"date":"2026-02-02T13:51:11","date_gmt":"2026-02-02T12:51:11","guid":{"rendered":"https:\/\/effecto-marketing.ch\/jenatsch\/garage-zuerich-city\/?page_id=1000"},"modified":"2026-04-16T08:55:03","modified_gmt":"2026-04-16T06:55:03","slug":"service-und-reparaturen","status":"publish","type":"page","link":"https:\/\/jenatschgaragen.ch\/city\/service-und-reparaturen\/","title":{"rendered":"Service und Reparaturen"},"content":{"rendered":"\t\t<div data-elementor-type=\"wp-page\" data-elementor-id=\"1000\" class=\"elementor elementor-1000\" data-elementor-post-type=\"page\">\n\t\t\t\t<div class=\"elementor-element elementor-element-962f958 e-flex e-con-boxed e-con e-parent\" data-id=\"962f958\" data-element_type=\"container\" data-e-type=\"container\" data-settings=\"{&quot;background_background&quot;:&quot;classic&quot;}\">\n\t\t\t\t\t<div class=\"e-con-inner\">\n\t\t\t\t\t<\/div>\n\t\t\t\t<\/div>\n\t\t<div class=\"elementor-element elementor-element-fb72a57 e-flex e-con-boxed e-con e-parent\" data-id=\"fb72a57\" data-element_type=\"container\" data-e-type=\"container\">\n\t\t\t\t\t<div class=\"e-con-inner\">\n\t\t<div class=\"elementor-element elementor-element-075e884 e-con-full e-flex e-con e-child\" data-id=\"075e884\" data-element_type=\"container\" data-e-type=\"container\">\n\t\t<div class=\"elementor-element elementor-element-4b58297 e-con-full animated-fast e-flex elementor-invisible e-con e-child\" data-id=\"4b58297\" data-element_type=\"container\" data-e-type=\"container\" data-settings=\"{&quot;animation&quot;:&quot;fadeInLeft&quot;}\">\n\t\t\t\t<div class=\"elementor-element elementor-element-001d057 elementor-widget elementor-widget-heading\" data-id=\"001d057\" data-element_type=\"widget\" data-e-type=\"widget\" data-widget_type=\"heading.default\">\n\t\t\t\t\t<h2 class=\"elementor-heading-title elementor-size-default\">Service &amp; Reparaturen<\/h2>\t\t\t\t<\/div>\n\t\t\t\t<\/div>\n\t\t<div class=\"elementor-element elementor-element-210c072 e-con-full animated-slow e-flex elementor-invisible e-con e-child\" data-id=\"210c072\" data-element_type=\"container\" data-e-type=\"container\" data-settings=\"{&quot;animation&quot;:&quot;fadeIn&quot;,&quot;animation_delay&quot;:&quot;100&quot;}\">\n\t\t\t\t<div class=\"elementor-element elementor-element-2b9c521 elementor-widget elementor-widget-heading\" data-id=\"2b9c521\" data-element_type=\"widget\" data-e-type=\"widget\" data-widget_type=\"heading.default\">\n\t\t\t\t\t<h4 class=\"elementor-heading-title elementor-size-default\">Ihr Volkswagen. Unser Versprechen.<\/h4>\t\t\t\t<\/div>\n\t\t\t\t<div class=\"elementor-element elementor-element-8037851 elementor-widget elementor-widget-text-editor\" data-id=\"8037851\" data-element_type=\"widget\" data-e-type=\"widget\" data-widget_type=\"text-editor.default\">\n\t\t\t\t\t\t\t\t\t<p class=\"p1\"><span class=\"s1\">Bei uns ist Ihr Volkswagen in den besten H\u00e4nden. Unsere erfahrenen Experten stellen sicher, dass Sie jederzeit mobil bleiben \u2013 ob im Alltag oder auf neuen Wegen. Sollte Ihr Volkswagen einmal nicht fahrbereit sein, setzen wir alles daran, Sie schnellstm\u00f6glich wieder auf die Strasse zu bringen.<\/span><\/p>\t\t\t\t\t\t\t\t<\/div>\n\t\t\t\t<\/div>\n\t\t\t\t<\/div>\n\t\t\t\t\t<\/div>\n\t\t\t\t<\/div>\n\t\t<div class=\"elementor-element elementor-element-67e59c8 e-flex e-con-boxed e-con e-parent\" data-id=\"67e59c8\" data-element_type=\"container\" data-e-type=\"container\">\n\t\t\t\t\t<div class=\"e-con-inner\">\n\t\t<div class=\"elementor-element elementor-element-e670a5d e-con-full e-flex e-con e-child\" data-id=\"e670a5d\" data-element_type=\"container\" data-e-type=\"container\">\n\t\t<div class=\"elementor-element elementor-element-b45b716 e-con-full e-flex e-con e-child\" data-id=\"b45b716\" data-element_type=\"container\" data-e-type=\"container\">\n\t\t<div class=\"elementor-element elementor-element-89d2f57 e-con-full animated-fast e-flex elementor-invisible e-con e-child\" data-id=\"89d2f57\" data-element_type=\"container\" data-e-type=\"container\" data-settings=\"{&quot;animation&quot;:&quot;fadeInLeft&quot;}\">\n\t\t\t\t<div class=\"elementor-element elementor-element-fe5bf97 elementor-widget elementor-widget-heading\" data-id=\"fe5bf97\" data-element_type=\"widget\" data-e-type=\"widget\" data-widget_type=\"heading.default\">\n\t\t\t\t\t<h3 class=\"elementor-heading-title elementor-size-default\">Verl\u00e4sslicher Service<\/h3>\t\t\t\t<\/div>\n\t\t\t\t<\/div>\n\t\t<div class=\"elementor-element elementor-element-b769117 e-con-full animated-slow e-flex elementor-invisible e-con e-child\" data-id=\"b769117\" data-element_type=\"container\" data-e-type=\"container\" data-settings=\"{&quot;animation&quot;:&quot;fadeIn&quot;,&quot;animation_delay&quot;:&quot;100&quot;}\">\n\t\t\t\t<div class=\"elementor-element elementor-element-4ba7b0f elementor-widget elementor-widget-text-editor\" data-id=\"4ba7b0f\" data-element_type=\"widget\" data-e-type=\"widget\" data-widget_type=\"text-editor.default\">\n\t\t\t\t\t\t\t\t\t<p class=\"p1\">In der Jenatschgarage Z\u00fcrich-City sind Sie und Ihr Volkswagen in besten H\u00e4nden. Mit unserem klaren Qualit\u00e4tsversprechen sorgen wir daf\u00fcr, dass Ihre Mobilit\u00e4t jederzeit gesichert ist. Freuen Sie sich auf passgenaue Angebote, abgestimmt auf Ihre Bed\u00fcrfnisse, auf jedes Volkswagen Modell und auf viele sorgenfreie Kilometer, die vor Ihnen liegen.<\/p>\t\t\t\t\t\t\t\t<\/div>\n\t\t\t\t<\/div>\n\t\t\t\t<\/div>\n\t\t<div class=\"elementor-element elementor-element-bbec926 e-con-full e-flex e-con e-child\" data-id=\"bbec926\" data-element_type=\"container\" data-e-type=\"container\">\n\t\t<div class=\"elementor-element elementor-element-1f89f3a e-con-full e-flex elementor-invisible e-con e-child\" data-id=\"1f89f3a\" data-element_type=\"container\" data-e-type=\"container\" data-settings=\"{&quot;animation&quot;:&quot;fadeInUp&quot;}\">\n\t\t\t\t<div class=\"elementor-element elementor-element-385e51d elementor-widget elementor-widget-image\" data-id=\"385e51d\" data-element_type=\"widget\" data-e-type=\"widget\" data-widget_type=\"image.default\">\n\t\t\t\t\t\t\t\t\t\t\t\t\t\t\t<img fetchpriority=\"high\" decoding=\"async\" width=\"800\" height=\"491\" src=\"https:\/\/jenatschgaragen.ch\/city\/wp-content\/uploads\/sites\/3\/2026\/02\/dienstleistungen-aufdorf_maennedorf-service_und_reparatur-01-1024x628.jpg\" class=\"elementor-animation-float attachment-large size-large wp-image-1006\" alt=\"\" srcset=\"https:\/\/jenatschgaragen.ch\/city\/wp-content\/uploads\/sites\/3\/2026\/02\/dienstleistungen-aufdorf_maennedorf-service_und_reparatur-01-1024x628.jpg 1024w, https:\/\/jenatschgaragen.ch\/city\/wp-content\/uploads\/sites\/3\/2026\/02\/dienstleistungen-aufdorf_maennedorf-service_und_reparatur-01-300x184.jpg 300w, https:\/\/jenatschgaragen.ch\/city\/wp-content\/uploads\/sites\/3\/2026\/02\/dienstleistungen-aufdorf_maennedorf-service_und_reparatur-01-768x471.jpg 768w, https:\/\/jenatschgaragen.ch\/city\/wp-content\/uploads\/sites\/3\/2026\/02\/dienstleistungen-aufdorf_maennedorf-service_und_reparatur-01.jpg 1047w\" sizes=\"(max-width: 800px) 100vw, 800px\" \/>\t\t\t\t\t\t\t\t\t\t\t\t\t\t\t<\/div>\n\t\t<div class=\"elementor-element elementor-element-adb8f5b e-con-full e-flex e-con e-child\" data-id=\"adb8f5b\" data-element_type=\"container\" data-e-type=\"container\">\n\t\t\t\t<div class=\"elementor-element elementor-element-5ddcdc2 elementor-widget elementor-widget-heading\" data-id=\"5ddcdc2\" data-element_type=\"widget\" data-e-type=\"widget\" data-widget_type=\"heading.default\">\n\t\t\t\t\t<h6 class=\"elementor-heading-title elementor-size-default\">Volkswagen Service und Wartung<\/h6>\t\t\t\t<\/div>\n\t\t\t\t<div class=\"elementor-element elementor-element-953a2ca elementor-widget elementor-widget-text-editor\" data-id=\"953a2ca\" data-element_type=\"widget\" data-e-type=\"widget\" data-widget_type=\"text-editor.default\">\n\t\t\t\t\t\t\t\t\t<p class=\"p1\">Regelm\u00e4ssige Wartung ist entscheidend f\u00fcr den Werterhalt und die Zuverl\u00e4ssigkeit Ihres Volkswagen. Als autorisierter Volkswagen Partner in Z\u00fcrich k\u00fcmmern wir uns fachgerecht um Service und Wartung Ihres Fahrzeugs. Mit jedem Service bei uns verl\u00e4ngern wir f\u00fcr Sie automatisch die kostenlose VW Mobilit\u00e4tsgarantie Totalmobil, f\u00fcr ein sicheres Gef\u00fchl auf jeder Fahrt.<\/p>\t\t\t\t\t\t\t\t<\/div>\n\t\t\t\t<\/div>\n\t\t\t\t<\/div>\n\t\t<div class=\"elementor-element elementor-element-df904a5 e-con-full e-flex elementor-invisible e-con e-child\" data-id=\"df904a5\" data-element_type=\"container\" data-e-type=\"container\" data-settings=\"{&quot;animation&quot;:&quot;fadeInUp&quot;,&quot;animation_delay&quot;:&quot;100&quot;}\">\n\t\t\t\t<div class=\"elementor-element elementor-element-ac8716b elementor-widget elementor-widget-image\" data-id=\"ac8716b\" data-element_type=\"widget\" data-e-type=\"widget\" data-widget_type=\"image.default\">\n\t\t\t\t\t\t\t\t\t\t\t\t\t\t\t<img decoding=\"async\" width=\"800\" height=\"491\" src=\"https:\/\/jenatschgaragen.ch\/city\/wp-content\/uploads\/sites\/3\/2026\/02\/dienstleistungen-aufdorf_maennedorf-service_und_reparatur-02-1024x628.jpg\" class=\"elementor-animation-float attachment-large size-large wp-image-1007\" alt=\"\" srcset=\"https:\/\/jenatschgaragen.ch\/city\/wp-content\/uploads\/sites\/3\/2026\/02\/dienstleistungen-aufdorf_maennedorf-service_und_reparatur-02-1024x628.jpg 1024w, https:\/\/jenatschgaragen.ch\/city\/wp-content\/uploads\/sites\/3\/2026\/02\/dienstleistungen-aufdorf_maennedorf-service_und_reparatur-02-300x184.jpg 300w, https:\/\/jenatschgaragen.ch\/city\/wp-content\/uploads\/sites\/3\/2026\/02\/dienstleistungen-aufdorf_maennedorf-service_und_reparatur-02-768x471.jpg 768w, https:\/\/jenatschgaragen.ch\/city\/wp-content\/uploads\/sites\/3\/2026\/02\/dienstleistungen-aufdorf_maennedorf-service_und_reparatur-02.jpg 1047w\" sizes=\"(max-width: 800px) 100vw, 800px\" \/>\t\t\t\t\t\t\t\t\t\t\t\t\t\t\t<\/div>\n\t\t<div class=\"elementor-element elementor-element-8addcf7 e-con-full e-flex e-con e-child\" data-id=\"8addcf7\" data-element_type=\"container\" data-e-type=\"container\">\n\t\t\t\t<div class=\"elementor-element elementor-element-f76e623 elementor-widget elementor-widget-heading\" data-id=\"f76e623\" data-element_type=\"widget\" data-e-type=\"widget\" data-widget_type=\"heading.default\">\n\t\t\t\t\t<h6 class=\"elementor-heading-title elementor-size-default\">Volkswagen Original Teile<\/h6>\t\t\t\t<\/div>\n\t\t\t\t<div class=\"elementor-element elementor-element-0a9b8ab elementor-widget elementor-widget-text-editor\" data-id=\"0a9b8ab\" data-element_type=\"widget\" data-e-type=\"widget\" data-widget_type=\"text-editor.default\">\n\t\t\t\t\t\t\t\t\t<p class=\"p1\">Je nach Fahrzeugausstattung und Ihren Fahrgewohnheiten pr\u00fcfen wir Ihren Volkswagen nach festen oder flexiblen Serviceintervallen. Dabei kontrollieren wir stets alle sicherheitsrelevanten Komponenten und warten Ihr Fahrzeug fachgerecht, damit Sie jederzeit sicher und zuverl\u00e4ssig unterwegs sind.<\/p>\t\t\t\t\t\t\t\t<\/div>\n\t\t\t\t<\/div>\n\t\t\t\t<\/div>\n\t\t<div class=\"elementor-element elementor-element-4a65d77 e-con-full e-flex elementor-invisible e-con e-child\" data-id=\"4a65d77\" data-element_type=\"container\" data-e-type=\"container\" data-settings=\"{&quot;animation&quot;:&quot;fadeInUp&quot;,&quot;animation_delay&quot;:&quot;200&quot;}\">\n\t\t\t\t<div class=\"elementor-element elementor-element-9999c03 elementor-widget elementor-widget-image\" data-id=\"9999c03\" data-element_type=\"widget\" data-e-type=\"widget\" data-widget_type=\"image.default\">\n\t\t\t\t\t\t\t\t\t\t\t\t\t\t\t<img decoding=\"async\" width=\"800\" height=\"491\" src=\"https:\/\/jenatschgaragen.ch\/city\/wp-content\/uploads\/sites\/3\/2026\/02\/dienstleistungen-aufdorf_maennedorf-service_und_reparatur-03-1024x628.jpg\" class=\"elementor-animation-float attachment-large size-large wp-image-1008\" alt=\"\" srcset=\"https:\/\/jenatschgaragen.ch\/city\/wp-content\/uploads\/sites\/3\/2026\/02\/dienstleistungen-aufdorf_maennedorf-service_und_reparatur-03-1024x628.jpg 1024w, https:\/\/jenatschgaragen.ch\/city\/wp-content\/uploads\/sites\/3\/2026\/02\/dienstleistungen-aufdorf_maennedorf-service_und_reparatur-03-300x184.jpg 300w, https:\/\/jenatschgaragen.ch\/city\/wp-content\/uploads\/sites\/3\/2026\/02\/dienstleistungen-aufdorf_maennedorf-service_und_reparatur-03-768x471.jpg 768w, https:\/\/jenatschgaragen.ch\/city\/wp-content\/uploads\/sites\/3\/2026\/02\/dienstleistungen-aufdorf_maennedorf-service_und_reparatur-03.jpg 1047w\" sizes=\"(max-width: 800px) 100vw, 800px\" \/>\t\t\t\t\t\t\t\t\t\t\t\t\t\t\t<\/div>\n\t\t<div class=\"elementor-element elementor-element-63a3b3d e-con-full e-flex e-con e-child\" data-id=\"63a3b3d\" data-element_type=\"container\" data-e-type=\"container\">\n\t\t\t\t<div class=\"elementor-element elementor-element-ece1c23 elementor-widget elementor-widget-heading\" data-id=\"ece1c23\" data-element_type=\"widget\" data-e-type=\"widget\" data-widget_type=\"heading.default\">\n\t\t\t\t\t<h6 class=\"elementor-heading-title elementor-size-default\">Volkswagen Garantie+<\/h6>\t\t\t\t<\/div>\n\t\t\t\t<div class=\"elementor-element elementor-element-38e9e39 elementor-widget elementor-widget-text-editor\" data-id=\"38e9e39\" data-element_type=\"widget\" data-e-type=\"widget\" data-widget_type=\"text-editor.default\">\n\t\t\t\t\t\t\t\t\t<p class=\"p1\">Eine Garantieverl\u00e4ngerung f\u00fcr Ihren Neuwagen lohnt sich besonders, wenn Sie viel unterwegs sind. Wir bieten Ihnen einen umfassenden Schutz von bis zu f\u00fcnf Jahren ab Kaufdatum. Laufzeit und maximale Gesamtfahrleistung passen wir individuell an Ihre Bed\u00fcrfnisse an, bis zu 150\u2019000 km.<\/p>\t\t\t\t\t\t\t\t<\/div>\n\t\t\t\t<\/div>\n\t\t\t\t<\/div>\n\t\t\t\t<\/div>\n\t\t\t\t<\/div>\n\t\t\t\t\t<\/div>\n\t\t\t\t<\/div>\n\t\t<div class=\"elementor-element elementor-element-bcd9cfb e-flex e-con-boxed e-con e-parent\" data-id=\"bcd9cfb\" data-element_type=\"container\" data-e-type=\"container\" data-settings=\"{&quot;background_background&quot;:&quot;classic&quot;}\">\n\t\t\t\t\t<div class=\"e-con-inner\">\n\t\t<div class=\"elementor-element elementor-element-6e59ad6 e-con-full e-flex e-con e-child\" data-id=\"6e59ad6\" data-element_type=\"container\" data-e-type=\"container\">\n\t\t<div class=\"elementor-element elementor-element-91ec2c4 e-con-full e-flex e-con e-child\" data-id=\"91ec2c4\" data-element_type=\"container\" data-e-type=\"container\">\n\t\t<div class=\"elementor-element elementor-element-75ba0e8 e-con-full e-flex e-con e-child\" data-id=\"75ba0e8\" data-element_type=\"container\" data-e-type=\"container\">\n\t\t\t\t<div class=\"elementor-element elementor-element-317e251 elementor-widget elementor-widget-heading\" data-id=\"317e251\" data-element_type=\"widget\" data-e-type=\"widget\" data-widget_type=\"heading.default\">\n\t\t\t\t\t<h3 class=\"elementor-heading-title elementor-size-default\">Termin vereinbaren<\/h3>\t\t\t\t<\/div>\n\t\t<div class=\"elementor-element elementor-element-cdde0ba e-con-full animated-slow e-flex elementor-invisible e-con e-child\" data-id=\"cdde0ba\" data-element_type=\"container\" data-e-type=\"container\" data-settings=\"{&quot;background_background&quot;:&quot;classic&quot;,&quot;animation&quot;:&quot;fadeIn&quot;}\">\n\t\t\t\t<div class=\"elementor-element elementor-element-7c8d6bb elementor-widget elementor-widget-heading\" data-id=\"7c8d6bb\" data-element_type=\"widget\" data-e-type=\"widget\" data-widget_type=\"heading.default\">\n\t\t\t\t\t<h4 class=\"elementor-heading-title elementor-size-default\">Schnell und einfach<\/h4>\t\t\t\t<\/div>\n\t\t\t\t<div class=\"elementor-element elementor-element-e21353a elementor-align-left elementor-widget elementor-widget-button\" data-id=\"e21353a\" data-element_type=\"widget\" data-e-type=\"widget\" data-widget_type=\"button.default\">\n\t\t\t\t\t\t\t\t\t\t<a class=\"elementor-button elementor-button-link elementor-size-sm\" href=\"https:\/\/jenatschgarage.sopl.ch\/de\/\" target=\"_blank\">\n\t\t\t\t\t\t<span class=\"elementor-button-content-wrapper\">\n\t\t\t\t\t\t<span class=\"elementor-button-icon\">\n\t\t\t\t<svg aria-hidden=\"true\" class=\"e-font-icon-svg e-fas-angle-right\" viewBox=\"0 0 256 512\" xmlns=\"http:\/\/www.w3.org\/2000\/svg\"><path d=\"M224.3 273l-136 136c-9.4 9.4-24.6 9.4-33.9 0l-22.6-22.6c-9.4-9.4-9.4-24.6 0-33.9l96.4-96.4-96.4-96.4c-9.4-9.4-9.4-24.6 0-33.9L54.3 103c9.4-9.4 24.6-9.4 33.9 0l136 136c9.5 9.4 9.5 24.6.1 34z\"><\/path><\/svg>\t\t\t<\/span>\n\t\t\t\t\t\t\t\t\t<span class=\"elementor-button-text\">Online Termin vereinbaren<\/span>\n\t\t\t\t\t<\/span>\n\t\t\t\t\t<\/a>\n\t\t\t\t\t\t\t\t<\/div>\n\t\t\t\t<\/div>\n\t\t\t\t<\/div>\n\t\t<div class=\"elementor-element elementor-element-dc2a4b0 e-con-full animated-fast e-flex elementor-invisible e-con e-child\" data-id=\"dc2a4b0\" data-element_type=\"container\" data-e-type=\"container\" data-settings=\"{&quot;animation&quot;:&quot;fadeInUp&quot;,&quot;animation_delay&quot;:&quot;200&quot;}\">\n\t\t\t\t<div class=\"elementor-element elementor-element-ad1b9a1 elementor-widget elementor-widget-heading\" data-id=\"ad1b9a1\" data-element_type=\"widget\" data-e-type=\"widget\" data-widget_type=\"heading.default\">\n\t\t\t\t\t<h3 class=\"elementor-heading-title elementor-size-default\">Im Herzen von Z\u00fcrich.<\/h3>\t\t\t\t<\/div>\n\t\t\t\t<div class=\"elementor-element elementor-element-fc5a3a5 elementor-widget elementor-widget-image\" data-id=\"fc5a3a5\" data-element_type=\"widget\" data-e-type=\"widget\" data-widget_type=\"image.default\">\n\t\t\t\t\t\t\t\t\t\t\t\t\t\t\t<img loading=\"lazy\" decoding=\"async\" width=\"640\" height=\"400\" src=\"https:\/\/jenatschgaragen.ch\/city\/wp-content\/uploads\/sites\/3\/2026\/03\/Jenatschgarage-Zuerich-City.jpg\" class=\"elementor-animation-float attachment-full size-full wp-image-1491\" alt=\"\" srcset=\"https:\/\/jenatschgaragen.ch\/city\/wp-content\/uploads\/sites\/3\/2026\/03\/Jenatschgarage-Zuerich-City.jpg 640w, https:\/\/jenatschgaragen.ch\/city\/wp-content\/uploads\/sites\/3\/2026\/03\/Jenatschgarage-Zuerich-City-300x188.jpg 300w\" sizes=\"(max-width: 640px) 100vw, 640px\" \/>\t\t\t\t\t\t\t\t\t\t\t\t\t\t\t<\/div>\n\t\t\t\t<div class=\"elementor-element elementor-element-1feece5 elementor-widget elementor-widget-text-editor\" data-id=\"1feece5\" data-element_type=\"widget\" data-e-type=\"widget\" data-widget_type=\"text-editor.default\">\n\t\t\t\t\t\t\t\t\t<p class=\"p1\">Bei der <strong data-start=\"157\" data-end=\"187\">Jenatschgarage Z\u00fcrich-City<\/strong> stehen Verl\u00e4sslichkeit, pers\u00f6nliche N\u00e4he und hohe Fachkompetenz im Zentrum. Als zentral gelegener Garagenbetrieb begleiten wir unsere Kundinnen und Kunden in Z\u00fcrich seit vielen Jahren in allen Fragen rund um ihre Mobilit\u00e4t. Wir setzen auf pr\u00e4zise Arbeit, individuelle Beratung und eine offene, ehrliche Kommunikation. Unsere Begeisterung f\u00fcr die Marke Volkswagen pr\u00e4gt unser t\u00e4gliches Handeln \u2013 konsequent und mit Leidenschaft.<\/p>\t\t\t\t\t\t\t\t<\/div>\n\t\t\t\t<\/div>\n\t\t\t\t<\/div>\n\t\t\t\t<\/div>\n\t\t\t\t\t<\/div>\n\t\t\t\t<\/div>\n\t\t\t\t<\/div>\n\t\t","protected":false},"excerpt":{"rendered":"<p>Service &amp; Reparaturen Ihr Volkswagen. Unser Versprechen. Bei uns ist Ihr Volkswagen in den besten H\u00e4nden. Unsere erfahrenen Experten stellen sicher, dass Sie jederzeit mobil bleiben \u2013 ob im Alltag oder auf neuen Wegen. Sollte Ihr Volkswagen einmal nicht fahrbereit sein, setzen wir alles daran, Sie schnellstm\u00f6glich wieder auf die Strasse zu bringen. Verl\u00e4sslicher Service [&hellip;]<\/p>\n","protected":false},"author":1,"featured_media":0,"parent":0,"menu_order":0,"comment_status":"closed","ping_status":"closed","template":"","meta":{"footnotes":""},"class_list":["post-1000","page","type-page","status-publish","hentry"],"yoast_head":"<!-- This site is optimized with the Yoast SEO plugin v27.2 - https:\/\/yoast.com\/product\/yoast-seo-wordpress\/ -->\n<title>Service und Reparaturen - Jenatschgarage Z\u00fcrich-City<\/title>\n<meta name=\"description\" content=\"Service und Reparaturen bei der Jenatschgarage \u2013 professionelle Wartung, Reparaturen und Unterhalt f\u00fcr VW, Audi, Skoda und alle weiteren Marken.\" \/>\n<meta name=\"robots\" content=\"index, follow, max-snippet:-1, max-image-preview:large, max-video-preview:-1\" \/>\n<link rel=\"canonical\" href=\"https:\/\/jenatschgaragen.ch\/city\/service-und-reparaturen\/\" \/>\n<meta property=\"og:locale\" content=\"de_DE\" \/>\n<meta property=\"og:type\" content=\"article\" \/>\n<meta property=\"og:title\" content=\"Service und Reparaturen - Jenatschgarage Z\u00fcrich-City\" \/>\n<meta property=\"og:description\" content=\"Service und Reparaturen bei der Jenatschgarage \u2013 professionelle Wartung, Reparaturen und Unterhalt f\u00fcr VW, Audi, Skoda und alle weiteren Marken.\" \/>\n<meta property=\"og:url\" content=\"https:\/\/jenatschgaragen.ch\/city\/service-und-reparaturen\/\" \/>\n<meta property=\"og:site_name\" content=\"Jenatschgarage Z\u00fcrich-City\" \/>\n<meta property=\"article:modified_time\" content=\"2026-04-16T06:55:03+00:00\" \/>\n<meta property=\"og:image\" content=\"https:\/\/jenatschgaragen.ch\/city\/wp-content\/uploads\/sites\/3\/2026\/02\/dienstleistungen-aufdorf_maennedorf-service_und_reparatur-01-1024x628.jpg\" \/>\n<meta name=\"twitter:card\" content=\"summary_large_image\" \/>\n<meta name=\"twitter:label1\" content=\"Gesch\u00e4tzte Lesezeit\" \/>\n\t<meta name=\"twitter:data1\" content=\"3\u00a0Minuten\" \/>\n<script type=\"application\/ld+json\" class=\"yoast-schema-graph\">{\"@context\":\"https:\/\/schema.org\",\"@graph\":[{\"@type\":\"WebPage\",\"@id\":\"https:\/\/jenatschgaragen.ch\/city\/service-und-reparaturen\/\",\"url\":\"https:\/\/jenatschgaragen.ch\/city\/service-und-reparaturen\/\",\"name\":\"Service und Reparaturen - Jenatschgarage Z\u00fcrich-City\",\"isPartOf\":{\"@id\":\"https:\/\/jenatschgaragen.ch\/city\/#website\"},\"primaryImageOfPage\":{\"@id\":\"https:\/\/jenatschgaragen.ch\/city\/service-und-reparaturen\/#primaryimage\"},\"image\":{\"@id\":\"https:\/\/jenatschgaragen.ch\/city\/service-und-reparaturen\/#primaryimage\"},\"thumbnailUrl\":\"https:\/\/jenatschgaragen.ch\/city\/wp-content\/uploads\/sites\/3\/2026\/02\/dienstleistungen-aufdorf_maennedorf-service_und_reparatur-01-1024x628.jpg\",\"datePublished\":\"2026-02-02T12:51:11+00:00\",\"dateModified\":\"2026-04-16T06:55:03+00:00\",\"description\":\"Service und Reparaturen bei der Jenatschgarage \u2013 professionelle Wartung, Reparaturen und Unterhalt f\u00fcr VW, Audi, Skoda und alle weiteren Marken.\",\"breadcrumb\":{\"@id\":\"https:\/\/jenatschgaragen.ch\/city\/service-und-reparaturen\/#breadcrumb\"},\"inLanguage\":\"de-CH\",\"potentialAction\":[{\"@type\":\"ReadAction\",\"target\":[\"https:\/\/jenatschgaragen.ch\/city\/service-und-reparaturen\/\"]}]},{\"@type\":\"ImageObject\",\"inLanguage\":\"de-CH\",\"@id\":\"https:\/\/jenatschgaragen.ch\/city\/service-und-reparaturen\/#primaryimage\",\"url\":\"https:\/\/jenatschgaragen.ch\/city\/wp-content\/uploads\/sites\/3\/2026\/02\/dienstleistungen-aufdorf_maennedorf-service_und_reparatur-01.jpg\",\"contentUrl\":\"https:\/\/jenatschgaragen.ch\/city\/wp-content\/uploads\/sites\/3\/2026\/02\/dienstleistungen-aufdorf_maennedorf-service_und_reparatur-01.jpg\",\"width\":1047,\"height\":642},{\"@type\":\"BreadcrumbList\",\"@id\":\"https:\/\/jenatschgaragen.ch\/city\/service-und-reparaturen\/#breadcrumb\",\"itemListElement\":[{\"@type\":\"ListItem\",\"position\":1,\"name\":\"Home\",\"item\":\"https:\/\/jenatschgaragen.ch\/city\/\"},{\"@type\":\"ListItem\",\"position\":2,\"name\":\"Service und Reparaturen\"}]},{\"@type\":\"WebSite\",\"@id\":\"https:\/\/jenatschgaragen.ch\/city\/#website\",\"url\":\"https:\/\/jenatschgaragen.ch\/city\/\",\"name\":\"Jenatschgarage Z\u00fcrich-City\",\"description\":\"Ihre Mobilit\u00e4ts-Experten im Herzen von Z\u00fcrich\",\"publisher\":{\"@id\":\"https:\/\/jenatschgaragen.ch\/city\/#organization\"},\"potentialAction\":[{\"@type\":\"SearchAction\",\"target\":{\"@type\":\"EntryPoint\",\"urlTemplate\":\"https:\/\/jenatschgaragen.ch\/city\/?s={search_term_string}\"},\"query-input\":{\"@type\":\"PropertyValueSpecification\",\"valueRequired\":true,\"valueName\":\"search_term_string\"}}],\"inLanguage\":\"de-CH\"},{\"@type\":\"Organization\",\"@id\":\"https:\/\/jenatschgaragen.ch\/city\/#organization\",\"name\":\"Jenatschgarage Z\u00fcrich-City\",\"url\":\"https:\/\/jenatschgaragen.ch\/city\/\",\"logo\":{\"@type\":\"ImageObject\",\"inLanguage\":\"de-CH\",\"@id\":\"https:\/\/jenatschgaragen.ch\/city\/#\/schema\/logo\/image\/\",\"url\":\"https:\/\/jenatschgaragen.ch\/city\/wp-content\/uploads\/sites\/3\/2026\/01\/logo-Jenatschgarage-Zuerich-City.png\",\"contentUrl\":\"https:\/\/jenatschgaragen.ch\/city\/wp-content\/uploads\/sites\/3\/2026\/01\/logo-Jenatschgarage-Zuerich-City.png\",\"width\":530,\"height\":110,\"caption\":\"Jenatschgarage Z\u00fcrich-City\"},\"image\":{\"@id\":\"https:\/\/jenatschgaragen.ch\/city\/#\/schema\/logo\/image\/\"}}]}<\/script>\n<!-- \/ Yoast SEO plugin. -->","yoast_head_json":{"title":"Service und Reparaturen - Jenatschgarage Z\u00fcrich-City","description":"Service und Reparaturen bei der Jenatschgarage \u2013 professionelle Wartung, Reparaturen und Unterhalt f\u00fcr VW, Audi, Skoda und alle weiteren Marken.","robots":{"index":"index","follow":"follow","max-snippet":"max-snippet:-1","max-image-preview":"max-image-preview:large","max-video-preview":"max-video-preview:-1"},"canonical":"https:\/\/jenatschgaragen.ch\/city\/service-und-reparaturen\/","og_locale":"de_DE","og_type":"article","og_title":"Service und Reparaturen - Jenatschgarage Z\u00fcrich-City","og_description":"Service und Reparaturen bei der Jenatschgarage \u2013 professionelle Wartung, Reparaturen und Unterhalt f\u00fcr VW, Audi, Skoda und alle weiteren Marken.","og_url":"https:\/\/jenatschgaragen.ch\/city\/service-und-reparaturen\/","og_site_name":"Jenatschgarage Z\u00fcrich-City","article_modified_time":"2026-04-16T06:55:03+00:00","og_image":[{"url":"https:\/\/jenatschgaragen.ch\/city\/wp-content\/uploads\/sites\/3\/2026\/02\/dienstleistungen-aufdorf_maennedorf-service_und_reparatur-01-1024x628.jpg","type":"","width":"","height":""}],"twitter_card":"summary_large_image","twitter_misc":{"Gesch\u00e4tzte Lesezeit":"3\u00a0Minuten"},"schema":{"@context":"https:\/\/schema.org","@graph":[{"@type":"WebPage","@id":"https:\/\/jenatschgaragen.ch\/city\/service-und-reparaturen\/","url":"https:\/\/jenatschgaragen.ch\/city\/service-und-reparaturen\/","name":"Service und Reparaturen - Jenatschgarage Z\u00fcrich-City","isPartOf":{"@id":"https:\/\/jenatschgaragen.ch\/city\/#website"},"primaryImageOfPage":{"@id":"https:\/\/jenatschgaragen.ch\/city\/service-und-reparaturen\/#primaryimage"},"image":{"@id":"https:\/\/jenatschgaragen.ch\/city\/service-und-reparaturen\/#primaryimage"},"thumbnailUrl":"https:\/\/jenatschgaragen.ch\/city\/wp-content\/uploads\/sites\/3\/2026\/02\/dienstleistungen-aufdorf_maennedorf-service_und_reparatur-01-1024x628.jpg","datePublished":"2026-02-02T12:51:11+00:00","dateModified":"2026-04-16T06:55:03+00:00","description":"Service und Reparaturen bei der Jenatschgarage \u2013 professionelle Wartung, Reparaturen und Unterhalt f\u00fcr VW, Audi, Skoda und alle weiteren Marken.","breadcrumb":{"@id":"https:\/\/jenatschgaragen.ch\/city\/service-und-reparaturen\/#breadcrumb"},"inLanguage":"de-CH","potentialAction":[{"@type":"ReadAction","target":["https:\/\/jenatschgaragen.ch\/city\/service-und-reparaturen\/"]}]},{"@type":"ImageObject","inLanguage":"de-CH","@id":"https:\/\/jenatschgaragen.ch\/city\/service-und-reparaturen\/#primaryimage","url":"https:\/\/jenatschgaragen.ch\/city\/wp-content\/uploads\/sites\/3\/2026\/02\/dienstleistungen-aufdorf_maennedorf-service_und_reparatur-01.jpg","contentUrl":"https:\/\/jenatschgaragen.ch\/city\/wp-content\/uploads\/sites\/3\/2026\/02\/dienstleistungen-aufdorf_maennedorf-service_und_reparatur-01.jpg","width":1047,"height":642},{"@type":"BreadcrumbList","@id":"https:\/\/jenatschgaragen.ch\/city\/service-und-reparaturen\/#breadcrumb","itemListElement":[{"@type":"ListItem","position":1,"name":"Home","item":"https:\/\/jenatschgaragen.ch\/city\/"},{"@type":"ListItem","position":2,"name":"Service und Reparaturen"}]},{"@type":"WebSite","@id":"https:\/\/jenatschgaragen.ch\/city\/#website","url":"https:\/\/jenatschgaragen.ch\/city\/","name":"Jenatschgarage Z\u00fcrich-City","description":"Ihre Mobilit\u00e4ts-Experten im Herzen von Z\u00fcrich","publisher":{"@id":"https:\/\/jenatschgaragen.ch\/city\/#organization"},"potentialAction":[{"@type":"SearchAction","target":{"@type":"EntryPoint","urlTemplate":"https:\/\/jenatschgaragen.ch\/city\/?s={search_term_string}"},"query-input":{"@type":"PropertyValueSpecification","valueRequired":true,"valueName":"search_term_string"}}],"inLanguage":"de-CH"},{"@type":"Organization","@id":"https:\/\/jenatschgaragen.ch\/city\/#organization","name":"Jenatschgarage Z\u00fcrich-City","url":"https:\/\/jenatschgaragen.ch\/city\/","logo":{"@type":"ImageObject","inLanguage":"de-CH","@id":"https:\/\/jenatschgaragen.ch\/city\/#\/schema\/logo\/image\/","url":"https:\/\/jenatschgaragen.ch\/city\/wp-content\/uploads\/sites\/3\/2026\/01\/logo-Jenatschgarage-Zuerich-City.png","contentUrl":"https:\/\/jenatschgaragen.ch\/city\/wp-content\/uploads\/sites\/3\/2026\/01\/logo-Jenatschgarage-Zuerich-City.png","width":530,"height":110,"caption":"Jenatschgarage Z\u00fcrich-City"},"image":{"@id":"https:\/\/jenatschgaragen.ch\/city\/#\/schema\/logo\/image\/"}}]}},"_links":{"self":[{"href":"https:\/\/jenatschgaragen.ch\/city\/wp-json\/wp\/v2\/pages\/1000","targetHints":{"allow":["GET"]}}],"collection":[{"href":"https:\/\/jenatschgaragen.ch\/city\/wp-json\/wp\/v2\/pages"}],"about":[{"href":"https:\/\/jenatschgaragen.ch\/city\/wp-json\/wp\/v2\/types\/page"}],"author":[{"embeddable":true,"href":"https:\/\/jenatschgaragen.ch\/city\/wp-json\/wp\/v2\/users\/1"}],"replies":[{"embeddable":true,"href":"https:\/\/jenatschgaragen.ch\/city\/wp-json\/wp\/v2\/comments?post=1000"}],"version-history":[{"count":25,"href":"https:\/\/jenatschgaragen.ch\/city\/wp-json\/wp\/v2\/pages\/1000\/revisions"}],"predecessor-version":[{"id":1517,"href":"https:\/\/jenatschgaragen.ch\/city\/wp-json\/wp\/v2\/pages\/1000\/revisions\/1517"}],"wp:attachment":[{"href":"https:\/\/jenatschgaragen.ch\/city\/wp-json\/wp\/v2\/media?parent=1000"}],"curies":[{"name":"wp","href":"https:\/\/api.w.org\/{rel}","templated":true}]}}